{"id":112440,"date":"2025-09-13T22:34:27","date_gmt":"2025-09-13T20:34:27","guid":{"rendered":"https:\/\/dianasilver.hu\/termek\/35-cm-diamant-gravierte-creolen\/"},"modified":"2026-04-01T17:19:27","modified_gmt":"2026-04-01T15:19:27","slug":"35-cm-diamant-gravierte-creolen","status":"publish","type":"product","link":"https:\/\/old.drescherjewellery.com\/de\/termek\/35-cm-diamant-gravierte-creolen\/","title":{"rendered":"3,5 cm Diamant gravierte Creolen"},"content":{"rendered":"<h2 data-start=\"343\" data-end=\"433\"><strong data-start=\"343\" data-end=\"431\">Ohrringe mit Diamantgravur, 3,5 cm &#8211; klassische Eleganz mit modernem Funkeln<\/strong><\/h2>\n<p data-start=\"435\" data-end=\"709\">Diese wundersch\u00f6nen Creolen sind die perfekte Kombination aus klassischer Form und besonderer Oberfl\u00e4chenbehandlung. Das eingravierte Diamantmuster bricht sanft das Licht und l\u00e4sst die Ohrringe aus jedem Winkel funkeln. Der Durchmesser von 3,5 cm ist die ideale Gr\u00f6\u00dfe f\u00fcr einen raffinierten und dennoch auff\u00e4lligen Look.  <\/p>\n<ul data-start=\"711\" data-end=\"960\">\n<li data-start=\"711\" data-end=\"771\">\n<p data-start=\"713\" data-end=\"771\">Material: AG 925 Silber mit Rhodiumbeschichtung f\u00fcr einen lang anhaltenden Glanz.<\/p>\n<\/li>\n<li data-start=\"772\" data-end=\"826\">\n<p data-start=\"774\" data-end=\"826\">Gr\u00f6\u00dfe: 3,5 cm im Durchmesser &#8211; elegant und auffallend.<\/p>\n<\/li>\n<li data-start=\"827\" data-end=\"895\">\n<p data-start=\"829\" data-end=\"895\">Design: Diamantgravierte Oberfl\u00e4che f\u00fcr zus\u00e4tzlichen Glanz.<\/p>\n<\/li>\n<li data-start=\"896\" data-end=\"960\">\n<p data-start=\"898\" data-end=\"960\">Design: bequem, sicherer Verschluss, einfach zu tragen.<\/p>\n<\/li>\n<\/ul>\n<p data-start=\"962\" data-end=\"1076\">Ein klassisches Schmuckst\u00fcck mit modernem Funkeln, perfekt zur Erg\u00e4nzung Ihrer l\u00e4ssigen und legeren Outfits. \u2728<\/p>\n","protected":false},"excerpt":{"rendered":"<p>Stilvolle 3,5 cm gro\u00dfe Ohrringe mit eingravierten Diamanten, die bei jeder Bewegung ein brillantes Funkeln erzeugen \u2728.<\/p>\n","protected":false},"featured_media":108888,"template":"","meta":[],"product_brand":[],"product_cat":[602,573],"product_tag":[527],"class_list":["post-112440","product","type-product","status-publish","has-post-thumbnail","product_cat-silberne-creolen","product_cat-silberne-ohrringe","product_tag-damen","description-off","first","instock","taxable","shipping-taxable","purchasable","product-type-simple"],"yoast_head":"<!-- This site is optimized with the Yoast SEO Premium plugin v26.8 (Yoast SEO v27.9) - https:\/\/yoast.com\/product\/yoast-seo-premium-wordpress\/ -->\n<title>3,5 cm Diamant gravierte Creolen | Drescher Jewellery<\/title>\n<meta name=\"description\" content=\"Fedezd fel a leny\u0171g\u00f6z\u0151 3,5 cm Diamant gravierte Creolen \u00e9kszer\u00fcnket. T\u00f6k\u00e9letes kieg\u00e9sz\u00edt\u0151 mindennapi viselethez \u00e9s k\u00fcl\u00f6nleges alkalmakra egyar\u00e1nt. Rendeld meg most!\" \/>\n<meta name=\"robots\" content=\"index, follow, max-snippet:-1, max-image-preview:large, max-video-preview:-1\" \/>\n<link rel=\"canonical\" href=\"https:\/\/old.drescherjewellery.com\/de\/termek\/35-cm-diamant-gravierte-creolen\/\" \/>\n<meta property=\"og:locale\" content=\"de_DE\" \/>\n<meta property=\"og:type\" content=\"article\" \/>\n<meta property=\"og:title\" content=\"3,5 cm Diamant gravierte Creolen\" \/>\n<meta property=\"og:description\" content=\"Fedezd fel a leny\u0171g\u00f6z\u0151 3,5 cm Diamant gravierte Creolen \u00e9kszer\u00fcnket. T\u00f6k\u00e9letes kieg\u00e9sz\u00edt\u0151 mindennapi viselethez \u00e9s k\u00fcl\u00f6nleges alkalmakra egyar\u00e1nt. Rendeld meg most!\" \/>\n<meta property=\"og:url\" content=\"https:\/\/old.drescherjewellery.com\/de\/termek\/35-cm-diamant-gravierte-creolen\/\" \/>\n<meta property=\"og:site_name\" content=\"Drescher Jewellery\" \/>\n<meta property=\"article:publisher\" content=\"https:\/\/www.facebook.com\/drescherjewellery\" \/>\n<meta property=\"article:modified_time\" content=\"2026-04-01T15:19:27+00:00\" \/>\n<meta property=\"og:image\" content=\"https:\/\/old.drescherjewellery.com\/wp-content\/uploads\/2025\/09\/35-cm-es-gyemant-vesett-karika-fulbevalo_2.jpg\" \/>\n\t<meta property=\"og:image:width\" content=\"1350\" \/>\n\t<meta property=\"og:image:height\" content=\"1800\" \/>\n\t<meta property=\"og:image:type\" content=\"image\/jpeg\" \/>\n<meta name=\"twitter:card\" content=\"summary_large_image\" \/>\n<meta name=\"twitter:label1\" content=\"Gesch\u00e4tzte Lesezeit\" \/>\n\t<meta name=\"twitter:data1\" content=\"1\u00a0Minute\" \/>\n<script type=\"application\/ld+json\" class=\"yoast-schema-graph\">{\"@context\":\"https:\\\/\\\/schema.org\",\"@graph\":[{\"@type\":\"WebPage\",\"@id\":\"https:\\\/\\\/old.drescherjewellery.com\\\/de\\\/termek\\\/35-cm-diamant-gravierte-creolen\\\/\",\"url\":\"https:\\\/\\\/old.drescherjewellery.com\\\/de\\\/termek\\\/35-cm-diamant-gravierte-creolen\\\/\",\"name\":\"3,5 cm Diamant gravierte Creolen | Drescher Jewellery\",\"isPartOf\":{\"@id\":\"https:\\\/\\\/old.drescherjewellery.com\\\/de\\\/#website\"},\"primaryImageOfPage\":{\"@id\":\"https:\\\/\\\/old.drescherjewellery.com\\\/de\\\/termek\\\/35-cm-diamant-gravierte-creolen\\\/#primaryimage\"},\"image\":{\"@id\":\"https:\\\/\\\/old.drescherjewellery.com\\\/de\\\/termek\\\/35-cm-diamant-gravierte-creolen\\\/#primaryimage\"},\"thumbnailUrl\":\"https:\\\/\\\/old.drescherjewellery.com\\\/wp-content\\\/uploads\\\/2025\\\/09\\\/35-cm-es-gyemant-vesett-karika-fulbevalo_2.jpg\",\"datePublished\":\"2025-09-13T20:34:27+00:00\",\"dateModified\":\"2026-04-01T15:19:27+00:00\",\"description\":\"Fedezd fel a leny\u0171g\u00f6z\u0151 3,5 cm Diamant gravierte Creolen \u00e9kszer\u00fcnket. T\u00f6k\u00e9letes kieg\u00e9sz\u00edt\u0151 mindennapi viselethez \u00e9s k\u00fcl\u00f6nleges alkalmakra egyar\u00e1nt. Rendeld meg most!\",\"breadcrumb\":{\"@id\":\"https:\\\/\\\/old.drescherjewellery.com\\\/de\\\/termek\\\/35-cm-diamant-gravierte-creolen\\\/#breadcrumb\"},\"inLanguage\":\"de\",\"potentialAction\":[{\"@type\":\"ReadAction\",\"target\":[\"https:\\\/\\\/old.drescherjewellery.com\\\/de\\\/termek\\\/35-cm-diamant-gravierte-creolen\\\/\"]}]},{\"@type\":\"ImageObject\",\"inLanguage\":\"de\",\"@id\":\"https:\\\/\\\/old.drescherjewellery.com\\\/de\\\/termek\\\/35-cm-diamant-gravierte-creolen\\\/#primaryimage\",\"url\":\"https:\\\/\\\/old.drescherjewellery.com\\\/wp-content\\\/uploads\\\/2025\\\/09\\\/35-cm-es-gyemant-vesett-karika-fulbevalo_2.jpg\",\"contentUrl\":\"https:\\\/\\\/old.drescherjewellery.com\\\/wp-content\\\/uploads\\\/2025\\\/09\\\/35-cm-es-gyemant-vesett-karika-fulbevalo_2.jpg\",\"width\":1350,\"height\":1800},{\"@type\":\"BreadcrumbList\",\"@id\":\"https:\\\/\\\/old.drescherjewellery.com\\\/de\\\/termek\\\/35-cm-diamant-gravierte-creolen\\\/#breadcrumb\",\"itemListElement\":[{\"@type\":\"ListItem\",\"position\":1,\"name\":\"Kezd\u0151lap\",\"item\":\"https:\\\/\\\/old.drescherjewellery.com\\\/de\\\/\"},{\"@type\":\"ListItem\",\"position\":2,\"name\":\"Shop\",\"item\":\"https:\\\/\\\/old.drescherjewellery.com\\\/de\\\/shop\\\/\"},{\"@type\":\"ListItem\",\"position\":3,\"name\":\"3,5 cm Diamant gravierte Creolen\"}]},{\"@type\":\"WebSite\",\"@id\":\"https:\\\/\\\/old.drescherjewellery.com\\\/de\\\/#website\",\"url\":\"https:\\\/\\\/old.drescherjewellery.com\\\/de\\\/\",\"name\":\"Drescher Jewellery\",\"description\":\"Tedd t\u00f6k\u00e9letesebb\u00e9 mindennapjaid a Drescher Jewellery \u00e9kszereivel.\",\"publisher\":{\"@id\":\"https:\\\/\\\/old.drescherjewellery.com\\\/de\\\/#organization\"},\"alternateName\":\"Ez\u00fcst \u00c9kszer Web\u00e1ruh\u00e1z\",\"potentialAction\":[{\"@type\":\"SearchAction\",\"target\":{\"@type\":\"EntryPoint\",\"urlTemplate\":\"https:\\\/\\\/old.drescherjewellery.com\\\/de\\\/?s={search_term_string}\"},\"query-input\":{\"@type\":\"PropertyValueSpecification\",\"valueRequired\":true,\"valueName\":\"search_term_string\"}}],\"inLanguage\":\"de\"},{\"@type\":\"Organization\",\"@id\":\"https:\\\/\\\/old.drescherjewellery.com\\\/de\\\/#organization\",\"name\":\"Drescher Jewellery\",\"url\":\"https:\\\/\\\/old.drescherjewellery.com\\\/de\\\/\",\"logo\":{\"@type\":\"ImageObject\",\"inLanguage\":\"de\",\"@id\":\"https:\\\/\\\/old.drescherjewellery.com\\\/de\\\/#\\\/schema\\\/logo\\\/image\\\/\",\"url\":\"https:\\\/\\\/drescherjewellery.com\\\/wp-content\\\/uploads\\\/2026\\\/01\\\/Drescher-Jewellery-wpml.png\",\"contentUrl\":\"https:\\\/\\\/drescherjewellery.com\\\/wp-content\\\/uploads\\\/2026\\\/01\\\/Drescher-Jewellery-wpml.png\",\"width\":500,\"height\":500,\"caption\":\"Drescher Jewellery\"},\"image\":{\"@id\":\"https:\\\/\\\/old.drescherjewellery.com\\\/de\\\/#\\\/schema\\\/logo\\\/image\\\/\"},\"sameAs\":[\"https:\\\/\\\/www.facebook.com\\\/drescherjewellery\",\"https:\\\/\\\/www.instagram.com\\\/drescherjewellery\",\"https:\\\/\\\/www.tiktok.com\\\/@drescherjewellery\"]}]}<\/script>\n<!-- \/ Yoast SEO Premium plugin. -->","yoast_head_json":{"title":"3,5 cm Diamant gravierte Creolen | Drescher Jewellery","description":"Fedezd fel a leny\u0171g\u00f6z\u0151 3,5 cm Diamant gravierte Creolen \u00e9kszer\u00fcnket. T\u00f6k\u00e9letes kieg\u00e9sz\u00edt\u0151 mindennapi viselethez \u00e9s k\u00fcl\u00f6nleges alkalmakra egyar\u00e1nt. Rendeld meg most!","robots":{"index":"index","follow":"follow","max-snippet":"max-snippet:-1","max-image-preview":"max-image-preview:large","max-video-preview":"max-video-preview:-1"},"canonical":"https:\/\/old.drescherjewellery.com\/de\/termek\/35-cm-diamant-gravierte-creolen\/","og_locale":"de_DE","og_type":"article","og_title":"3,5 cm Diamant gravierte Creolen","og_description":"Fedezd fel a leny\u0171g\u00f6z\u0151 3,5 cm Diamant gravierte Creolen \u00e9kszer\u00fcnket. T\u00f6k\u00e9letes kieg\u00e9sz\u00edt\u0151 mindennapi viselethez \u00e9s k\u00fcl\u00f6nleges alkalmakra egyar\u00e1nt. Rendeld meg most!","og_url":"https:\/\/old.drescherjewellery.com\/de\/termek\/35-cm-diamant-gravierte-creolen\/","og_site_name":"Drescher Jewellery","article_publisher":"https:\/\/www.facebook.com\/drescherjewellery","article_modified_time":"2026-04-01T15:19:27+00:00","og_image":[{"width":1350,"height":1800,"url":"https:\/\/old.drescherjewellery.com\/wp-content\/uploads\/2025\/09\/35-cm-es-gyemant-vesett-karika-fulbevalo_2.jpg","type":"image\/jpeg"}],"twitter_card":"summary_large_image","twitter_misc":{"Gesch\u00e4tzte Lesezeit":"1\u00a0Minute"},"schema":{"@context":"https:\/\/schema.org","@graph":[{"@type":"WebPage","@id":"https:\/\/old.drescherjewellery.com\/de\/termek\/35-cm-diamant-gravierte-creolen\/","url":"https:\/\/old.drescherjewellery.com\/de\/termek\/35-cm-diamant-gravierte-creolen\/","name":"3,5 cm Diamant gravierte Creolen | Drescher Jewellery","isPartOf":{"@id":"https:\/\/old.drescherjewellery.com\/de\/#website"},"primaryImageOfPage":{"@id":"https:\/\/old.drescherjewellery.com\/de\/termek\/35-cm-diamant-gravierte-creolen\/#primaryimage"},"image":{"@id":"https:\/\/old.drescherjewellery.com\/de\/termek\/35-cm-diamant-gravierte-creolen\/#primaryimage"},"thumbnailUrl":"https:\/\/old.drescherjewellery.com\/wp-content\/uploads\/2025\/09\/35-cm-es-gyemant-vesett-karika-fulbevalo_2.jpg","datePublished":"2025-09-13T20:34:27+00:00","dateModified":"2026-04-01T15:19:27+00:00","description":"Fedezd fel a leny\u0171g\u00f6z\u0151 3,5 cm Diamant gravierte Creolen \u00e9kszer\u00fcnket. T\u00f6k\u00e9letes kieg\u00e9sz\u00edt\u0151 mindennapi viselethez \u00e9s k\u00fcl\u00f6nleges alkalmakra egyar\u00e1nt. Rendeld meg most!","breadcrumb":{"@id":"https:\/\/old.drescherjewellery.com\/de\/termek\/35-cm-diamant-gravierte-creolen\/#breadcrumb"},"inLanguage":"de","potentialAction":[{"@type":"ReadAction","target":["https:\/\/old.drescherjewellery.com\/de\/termek\/35-cm-diamant-gravierte-creolen\/"]}]},{"@type":"ImageObject","inLanguage":"de","@id":"https:\/\/old.drescherjewellery.com\/de\/termek\/35-cm-diamant-gravierte-creolen\/#primaryimage","url":"https:\/\/old.drescherjewellery.com\/wp-content\/uploads\/2025\/09\/35-cm-es-gyemant-vesett-karika-fulbevalo_2.jpg","contentUrl":"https:\/\/old.drescherjewellery.com\/wp-content\/uploads\/2025\/09\/35-cm-es-gyemant-vesett-karika-fulbevalo_2.jpg","width":1350,"height":1800},{"@type":"BreadcrumbList","@id":"https:\/\/old.drescherjewellery.com\/de\/termek\/35-cm-diamant-gravierte-creolen\/#breadcrumb","itemListElement":[{"@type":"ListItem","position":1,"name":"Kezd\u0151lap","item":"https:\/\/old.drescherjewellery.com\/de\/"},{"@type":"ListItem","position":2,"name":"Shop","item":"https:\/\/old.drescherjewellery.com\/de\/shop\/"},{"@type":"ListItem","position":3,"name":"3,5 cm Diamant gravierte Creolen"}]},{"@type":"WebSite","@id":"https:\/\/old.drescherjewellery.com\/de\/#website","url":"https:\/\/old.drescherjewellery.com\/de\/","name":"Drescher Jewellery","description":"Tedd t\u00f6k\u00e9letesebb\u00e9 mindennapjaid a Drescher Jewellery \u00e9kszereivel.","publisher":{"@id":"https:\/\/old.drescherjewellery.com\/de\/#organization"},"alternateName":"Ez\u00fcst \u00c9kszer Web\u00e1ruh\u00e1z","potentialAction":[{"@type":"SearchAction","target":{"@type":"EntryPoint","urlTemplate":"https:\/\/old.drescherjewellery.com\/de\/?s={search_term_string}"},"query-input":{"@type":"PropertyValueSpecification","valueRequired":true,"valueName":"search_term_string"}}],"inLanguage":"de"},{"@type":"Organization","@id":"https:\/\/old.drescherjewellery.com\/de\/#organization","name":"Drescher Jewellery","url":"https:\/\/old.drescherjewellery.com\/de\/","logo":{"@type":"ImageObject","inLanguage":"de","@id":"https:\/\/old.drescherjewellery.com\/de\/#\/schema\/logo\/image\/","url":"https:\/\/drescherjewellery.com\/wp-content\/uploads\/2026\/01\/Drescher-Jewellery-wpml.png","contentUrl":"https:\/\/drescherjewellery.com\/wp-content\/uploads\/2026\/01\/Drescher-Jewellery-wpml.png","width":500,"height":500,"caption":"Drescher Jewellery"},"image":{"@id":"https:\/\/old.drescherjewellery.com\/de\/#\/schema\/logo\/image\/"},"sameAs":["https:\/\/www.facebook.com\/drescherjewellery","https:\/\/www.instagram.com\/drescherjewellery","https:\/\/www.tiktok.com\/@drescherjewellery"]}]}},"_links":{"self":[{"href":"https:\/\/old.drescherjewellery.com\/de\/wp-json\/wp\/v2\/product\/112440","targetHints":{"allow":["GET"]}}],"collection":[{"href":"https:\/\/old.drescherjewellery.com\/de\/wp-json\/wp\/v2\/product"}],"about":[{"href":"https:\/\/old.drescherjewellery.com\/de\/wp-json\/wp\/v2\/types\/product"}],"version-history":[{"count":0,"href":"https:\/\/old.drescherjewellery.com\/de\/wp-json\/wp\/v2\/product\/112440\/revisions"}],"wp:featuredmedia":[{"embeddable":true,"href":"https:\/\/old.drescherjewellery.com\/de\/wp-json\/wp\/v2\/media\/108888"}],"wp:attachment":[{"href":"https:\/\/old.drescherjewellery.com\/de\/wp-json\/wp\/v2\/media?parent=112440"}],"wp:term":[{"taxonomy":"product_brand","embeddable":true,"href":"https:\/\/old.drescherjewellery.com\/de\/wp-json\/wp\/v2\/product_brand?post=112440"},{"taxonomy":"product_cat","embeddable":true,"href":"https:\/\/old.drescherjewellery.com\/de\/wp-json\/wp\/v2\/product_cat?post=112440"},{"taxonomy":"product_tag","embeddable":true,"href":"https:\/\/old.drescherjewellery.com\/de\/wp-json\/wp\/v2\/product_tag?post=112440"}],"curies":[{"name":"wp","href":"https:\/\/api.w.org\/{rel}","templated":true}]}}