{"id":112795,"date":"2022-10-21T09:48:56","date_gmt":"2022-10-21T07:48:56","guid":{"rendered":"https:\/\/dianasilver.hu\/termek\/perlenohrstecker-aus-silber-mit-8-9-mm-perlen\/"},"modified":"2026-04-01T17:19:35","modified_gmt":"2026-04-01T15:19:35","slug":"perlenohrstecker-aus-silber-mit-8-9-mm-perlen","status":"publish","type":"product","link":"https:\/\/old.drescherjewellery.com\/de\/termek\/perlenohrstecker-aus-silber-mit-8-9-mm-perlen\/","title":{"rendered":"Perlenohrstecker aus Silber mit 8-9 mm Perlen"},"content":{"rendered":"<p><strong>Perlenbesetzte Ohrstecker aus Silber &#8211; klassische und moderne Eleganz in einem St\u00fcck!<\/strong><br \/>\nDieser wundersch\u00f6n gearbeitete Ohrring kombiniert die nat\u00fcrliche Sch\u00f6nheit der Perle mit dem subtilen Schimmer von Silber. Das stekkerf\u00f6rmige Design sorgt f\u00fcr einen bequemen und stabilen Tragekomfort, so dass er den ganzen Tag lang perfekt sitzt. <\/p>\n<p>\u2728 <strong>Warum sollten Sie diesen Ohrring w\u00e4hlen?<\/strong><\/p>\n<ul>\n<li><strong>Hochwertige Materialien:<\/strong> Das <strong>AG 925 Silber<\/strong> garantiert Langlebigkeit, w\u00e4hrend die <strong>Rhodiumbeschichtung<\/strong> den Schmuck vor Abnutzung und Verf\u00e4rbung sch\u00fctzt.<\/li>\n<li><strong>Raffiniertes Perlendesign:<\/strong> Die Perle verleiht ein klares und elegantes Aussehen.<\/li>\n<li><strong>Stekkeres Design:<\/strong> einfach zu tragen, bequem und sicher zu halten.<\/li>\n<li><strong>Vielseitig tragbar:<\/strong> perfekt f\u00fcr den Alltag und besondere Anl\u00e4sse.<\/li>\n<\/ul>\n<p>\ud83c\udf81 <strong>Auch eine tolle Wahl als Geschenk!<\/strong><br \/>\n\u00dcberraschen Sie Ihre Liebsten oder w\u00e4hlen Sie diesen klassischen und doch modernen Ohrring f\u00fcr sich selbst!<\/p>\n<p><strong>Bestellen Sie jetzt und entdecken Sie die raffinierte Sch\u00f6nheit von Perlen!<\/strong> \u2728<\/p>\n","protected":false},"excerpt":{"rendered":"<p><strong>Perlen-Silber-Ohrstecker &#8211; purer Stil und nat\u00fcrlicher Glanz!<\/strong><br \/>\nDer subtile Glanz der Perle und das raffinierte Funkeln des Silbers machen diese Ohrringe zur perfekten Wahl f\u00fcr jeden Anlass. \u2728<\/p>\n","protected":false},"featured_media":97522,"template":"","meta":[],"product_brand":[],"product_cat":[573,605],"product_tag":[527],"class_list":["post-112795","product","type-product","status-publish","has-post-thumbnail","product_cat-silberne-ohrringe","product_cat-silberne-perlenohrringe","product_tag-damen","description-off","first","instock","taxable","shipping-taxable","purchasable","product-type-simple"],"yoast_head":"<!-- This site is optimized with the Yoast SEO Premium plugin v26.8 (Yoast SEO v27.9) - https:\/\/yoast.com\/product\/yoast-seo-premium-wordpress\/ -->\n<title>Perlenohrstecker aus Silber mit 8-9 mm Perlen | Drescher Jewellery<\/title>\n<meta name=\"description\" content=\"Fedezd fel a leny\u0171g\u00f6z\u0151 Perlenohrstecker aus Silber mit 8-9 mm Perlen \u00e9kszer\u00fcnket. T\u00f6k\u00e9letes kieg\u00e9sz\u00edt\u0151 mindennapi viselethez \u00e9s k\u00fcl\u00f6nleges alkalmakra egyar\u00e1nt. Rendeld meg most!\" \/>\n<meta name=\"robots\" content=\"index, follow, max-snippet:-1, max-image-preview:large, max-video-preview:-1\" \/>\n<link rel=\"canonical\" href=\"https:\/\/old.drescherjewellery.com\/de\/termek\/perlenohrstecker-aus-silber-mit-8-9-mm-perlen\/\" \/>\n<meta property=\"og:locale\" content=\"de_DE\" \/>\n<meta property=\"og:type\" content=\"article\" \/>\n<meta property=\"og:title\" content=\"Perlenohrstecker aus Silber mit 8-9 mm Perlen\" \/>\n<meta property=\"og:description\" content=\"Fedezd fel a leny\u0171g\u00f6z\u0151 Perlenohrstecker aus Silber mit 8-9 mm Perlen \u00e9kszer\u00fcnket. T\u00f6k\u00e9letes kieg\u00e9sz\u00edt\u0151 mindennapi viselethez \u00e9s k\u00fcl\u00f6nleges alkalmakra egyar\u00e1nt. Rendeld meg most!\" \/>\n<meta property=\"og:url\" content=\"https:\/\/old.drescherjewellery.com\/de\/termek\/perlenohrstecker-aus-silber-mit-8-9-mm-perlen\/\" \/>\n<meta property=\"og:site_name\" content=\"Drescher Jewellery\" \/>\n<meta property=\"article:publisher\" content=\"https:\/\/www.facebook.com\/drescherjewellery\" \/>\n<meta property=\"article:modified_time\" content=\"2026-04-01T15:19:35+00:00\" \/>\n<meta property=\"og:image\" content=\"https:\/\/old.drescherjewellery.com\/wp-content\/uploads\/2022\/10\/gyongyos-ezust-stekkeres-fulbevalo-8-9-mm-es-gyonggyel-2983.jpg\" \/>\n\t<meta property=\"og:image:width\" content=\"800\" \/>\n\t<meta property=\"og:image:height\" content=\"800\" \/>\n\t<meta property=\"og:image:type\" content=\"image\/jpeg\" \/>\n<meta name=\"twitter:card\" content=\"summary_large_image\" \/>\n<meta name=\"twitter:label1\" content=\"Gesch\u00e4tzte Lesezeit\" \/>\n\t<meta name=\"twitter:data1\" content=\"1\u00a0Minute\" \/>\n<script type=\"application\/ld+json\" class=\"yoast-schema-graph\">{\"@context\":\"https:\\\/\\\/schema.org\",\"@graph\":[{\"@type\":\"WebPage\",\"@id\":\"https:\\\/\\\/old.drescherjewellery.com\\\/de\\\/termek\\\/perlenohrstecker-aus-silber-mit-8-9-mm-perlen\\\/\",\"url\":\"https:\\\/\\\/old.drescherjewellery.com\\\/de\\\/termek\\\/perlenohrstecker-aus-silber-mit-8-9-mm-perlen\\\/\",\"name\":\"Perlenohrstecker aus Silber mit 8-9 mm Perlen | Drescher Jewellery\",\"isPartOf\":{\"@id\":\"https:\\\/\\\/old.drescherjewellery.com\\\/de\\\/#website\"},\"primaryImageOfPage\":{\"@id\":\"https:\\\/\\\/old.drescherjewellery.com\\\/de\\\/termek\\\/perlenohrstecker-aus-silber-mit-8-9-mm-perlen\\\/#primaryimage\"},\"image\":{\"@id\":\"https:\\\/\\\/old.drescherjewellery.com\\\/de\\\/termek\\\/perlenohrstecker-aus-silber-mit-8-9-mm-perlen\\\/#primaryimage\"},\"thumbnailUrl\":\"https:\\\/\\\/old.drescherjewellery.com\\\/wp-content\\\/uploads\\\/2022\\\/10\\\/gyongyos-ezust-stekkeres-fulbevalo-8-9-mm-es-gyonggyel-2983.jpg\",\"datePublished\":\"2022-10-21T07:48:56+00:00\",\"dateModified\":\"2026-04-01T15:19:35+00:00\",\"description\":\"Fedezd fel a leny\u0171g\u00f6z\u0151 Perlenohrstecker aus Silber mit 8-9 mm Perlen \u00e9kszer\u00fcnket. T\u00f6k\u00e9letes kieg\u00e9sz\u00edt\u0151 mindennapi viselethez \u00e9s k\u00fcl\u00f6nleges alkalmakra egyar\u00e1nt. Rendeld meg most!\",\"breadcrumb\":{\"@id\":\"https:\\\/\\\/old.drescherjewellery.com\\\/de\\\/termek\\\/perlenohrstecker-aus-silber-mit-8-9-mm-perlen\\\/#breadcrumb\"},\"inLanguage\":\"de\",\"potentialAction\":[{\"@type\":\"ReadAction\",\"target\":[\"https:\\\/\\\/old.drescherjewellery.com\\\/de\\\/termek\\\/perlenohrstecker-aus-silber-mit-8-9-mm-perlen\\\/\"]}]},{\"@type\":\"ImageObject\",\"inLanguage\":\"de\",\"@id\":\"https:\\\/\\\/old.drescherjewellery.com\\\/de\\\/termek\\\/perlenohrstecker-aus-silber-mit-8-9-mm-perlen\\\/#primaryimage\",\"url\":\"https:\\\/\\\/old.drescherjewellery.com\\\/wp-content\\\/uploads\\\/2022\\\/10\\\/gyongyos-ezust-stekkeres-fulbevalo-8-9-mm-es-gyonggyel-2983.jpg\",\"contentUrl\":\"https:\\\/\\\/old.drescherjewellery.com\\\/wp-content\\\/uploads\\\/2022\\\/10\\\/gyongyos-ezust-stekkeres-fulbevalo-8-9-mm-es-gyonggyel-2983.jpg\",\"width\":800,\"height\":800},{\"@type\":\"BreadcrumbList\",\"@id\":\"https:\\\/\\\/old.drescherjewellery.com\\\/de\\\/termek\\\/perlenohrstecker-aus-silber-mit-8-9-mm-perlen\\\/#breadcrumb\",\"itemListElement\":[{\"@type\":\"ListItem\",\"position\":1,\"name\":\"Kezd\u0151lap\",\"item\":\"https:\\\/\\\/old.drescherjewellery.com\\\/de\\\/\"},{\"@type\":\"ListItem\",\"position\":2,\"name\":\"Shop\",\"item\":\"https:\\\/\\\/old.drescherjewellery.com\\\/de\\\/shop\\\/\"},{\"@type\":\"ListItem\",\"position\":3,\"name\":\"Perlenohrstecker aus Silber mit 8-9 mm Perlen\"}]},{\"@type\":\"WebSite\",\"@id\":\"https:\\\/\\\/old.drescherjewellery.com\\\/de\\\/#website\",\"url\":\"https:\\\/\\\/old.drescherjewellery.com\\\/de\\\/\",\"name\":\"Drescher Jewellery\",\"description\":\"Tedd t\u00f6k\u00e9letesebb\u00e9 mindennapjaid a Drescher Jewellery \u00e9kszereivel.\",\"publisher\":{\"@id\":\"https:\\\/\\\/old.drescherjewellery.com\\\/de\\\/#organization\"},\"alternateName\":\"Ez\u00fcst \u00c9kszer Web\u00e1ruh\u00e1z\",\"potentialAction\":[{\"@type\":\"SearchAction\",\"target\":{\"@type\":\"EntryPoint\",\"urlTemplate\":\"https:\\\/\\\/old.drescherjewellery.com\\\/de\\\/?s={search_term_string}\"},\"query-input\":{\"@type\":\"PropertyValueSpecification\",\"valueRequired\":true,\"valueName\":\"search_term_string\"}}],\"inLanguage\":\"de\"},{\"@type\":\"Organization\",\"@id\":\"https:\\\/\\\/old.drescherjewellery.com\\\/de\\\/#organization\",\"name\":\"Drescher Jewellery\",\"url\":\"https:\\\/\\\/old.drescherjewellery.com\\\/de\\\/\",\"logo\":{\"@type\":\"ImageObject\",\"inLanguage\":\"de\",\"@id\":\"https:\\\/\\\/old.drescherjewellery.com\\\/de\\\/#\\\/schema\\\/logo\\\/image\\\/\",\"url\":\"https:\\\/\\\/drescherjewellery.com\\\/wp-content\\\/uploads\\\/2026\\\/01\\\/Drescher-Jewellery-wpml.png\",\"contentUrl\":\"https:\\\/\\\/drescherjewellery.com\\\/wp-content\\\/uploads\\\/2026\\\/01\\\/Drescher-Jewellery-wpml.png\",\"width\":500,\"height\":500,\"caption\":\"Drescher Jewellery\"},\"image\":{\"@id\":\"https:\\\/\\\/old.drescherjewellery.com\\\/de\\\/#\\\/schema\\\/logo\\\/image\\\/\"},\"sameAs\":[\"https:\\\/\\\/www.facebook.com\\\/drescherjewellery\",\"https:\\\/\\\/www.instagram.com\\\/drescherjewellery\",\"https:\\\/\\\/www.tiktok.com\\\/@drescherjewellery\"]}]}<\/script>\n<!-- \/ Yoast SEO Premium plugin. -->","yoast_head_json":{"title":"Perlenohrstecker aus Silber mit 8-9 mm Perlen | Drescher Jewellery","description":"Fedezd fel a leny\u0171g\u00f6z\u0151 Perlenohrstecker aus Silber mit 8-9 mm Perlen \u00e9kszer\u00fcnket. T\u00f6k\u00e9letes kieg\u00e9sz\u00edt\u0151 mindennapi viselethez \u00e9s k\u00fcl\u00f6nleges alkalmakra egyar\u00e1nt. Rendeld meg most!","robots":{"index":"index","follow":"follow","max-snippet":"max-snippet:-1","max-image-preview":"max-image-preview:large","max-video-preview":"max-video-preview:-1"},"canonical":"https:\/\/old.drescherjewellery.com\/de\/termek\/perlenohrstecker-aus-silber-mit-8-9-mm-perlen\/","og_locale":"de_DE","og_type":"article","og_title":"Perlenohrstecker aus Silber mit 8-9 mm Perlen","og_description":"Fedezd fel a leny\u0171g\u00f6z\u0151 Perlenohrstecker aus Silber mit 8-9 mm Perlen \u00e9kszer\u00fcnket. T\u00f6k\u00e9letes kieg\u00e9sz\u00edt\u0151 mindennapi viselethez \u00e9s k\u00fcl\u00f6nleges alkalmakra egyar\u00e1nt. Rendeld meg most!","og_url":"https:\/\/old.drescherjewellery.com\/de\/termek\/perlenohrstecker-aus-silber-mit-8-9-mm-perlen\/","og_site_name":"Drescher Jewellery","article_publisher":"https:\/\/www.facebook.com\/drescherjewellery","article_modified_time":"2026-04-01T15:19:35+00:00","og_image":[{"width":800,"height":800,"url":"https:\/\/old.drescherjewellery.com\/wp-content\/uploads\/2022\/10\/gyongyos-ezust-stekkeres-fulbevalo-8-9-mm-es-gyonggyel-2983.jpg","type":"image\/jpeg"}],"twitter_card":"summary_large_image","twitter_misc":{"Gesch\u00e4tzte Lesezeit":"1\u00a0Minute"},"schema":{"@context":"https:\/\/schema.org","@graph":[{"@type":"WebPage","@id":"https:\/\/old.drescherjewellery.com\/de\/termek\/perlenohrstecker-aus-silber-mit-8-9-mm-perlen\/","url":"https:\/\/old.drescherjewellery.com\/de\/termek\/perlenohrstecker-aus-silber-mit-8-9-mm-perlen\/","name":"Perlenohrstecker aus Silber mit 8-9 mm Perlen | Drescher Jewellery","isPartOf":{"@id":"https:\/\/old.drescherjewellery.com\/de\/#website"},"primaryImageOfPage":{"@id":"https:\/\/old.drescherjewellery.com\/de\/termek\/perlenohrstecker-aus-silber-mit-8-9-mm-perlen\/#primaryimage"},"image":{"@id":"https:\/\/old.drescherjewellery.com\/de\/termek\/perlenohrstecker-aus-silber-mit-8-9-mm-perlen\/#primaryimage"},"thumbnailUrl":"https:\/\/old.drescherjewellery.com\/wp-content\/uploads\/2022\/10\/gyongyos-ezust-stekkeres-fulbevalo-8-9-mm-es-gyonggyel-2983.jpg","datePublished":"2022-10-21T07:48:56+00:00","dateModified":"2026-04-01T15:19:35+00:00","description":"Fedezd fel a leny\u0171g\u00f6z\u0151 Perlenohrstecker aus Silber mit 8-9 mm Perlen \u00e9kszer\u00fcnket. T\u00f6k\u00e9letes kieg\u00e9sz\u00edt\u0151 mindennapi viselethez \u00e9s k\u00fcl\u00f6nleges alkalmakra egyar\u00e1nt. Rendeld meg most!","breadcrumb":{"@id":"https:\/\/old.drescherjewellery.com\/de\/termek\/perlenohrstecker-aus-silber-mit-8-9-mm-perlen\/#breadcrumb"},"inLanguage":"de","potentialAction":[{"@type":"ReadAction","target":["https:\/\/old.drescherjewellery.com\/de\/termek\/perlenohrstecker-aus-silber-mit-8-9-mm-perlen\/"]}]},{"@type":"ImageObject","inLanguage":"de","@id":"https:\/\/old.drescherjewellery.com\/de\/termek\/perlenohrstecker-aus-silber-mit-8-9-mm-perlen\/#primaryimage","url":"https:\/\/old.drescherjewellery.com\/wp-content\/uploads\/2022\/10\/gyongyos-ezust-stekkeres-fulbevalo-8-9-mm-es-gyonggyel-2983.jpg","contentUrl":"https:\/\/old.drescherjewellery.com\/wp-content\/uploads\/2022\/10\/gyongyos-ezust-stekkeres-fulbevalo-8-9-mm-es-gyonggyel-2983.jpg","width":800,"height":800},{"@type":"BreadcrumbList","@id":"https:\/\/old.drescherjewellery.com\/de\/termek\/perlenohrstecker-aus-silber-mit-8-9-mm-perlen\/#breadcrumb","itemListElement":[{"@type":"ListItem","position":1,"name":"Kezd\u0151lap","item":"https:\/\/old.drescherjewellery.com\/de\/"},{"@type":"ListItem","position":2,"name":"Shop","item":"https:\/\/old.drescherjewellery.com\/de\/shop\/"},{"@type":"ListItem","position":3,"name":"Perlenohrstecker aus Silber mit 8-9 mm Perlen"}]},{"@type":"WebSite","@id":"https:\/\/old.drescherjewellery.com\/de\/#website","url":"https:\/\/old.drescherjewellery.com\/de\/","name":"Drescher Jewellery","description":"Tedd t\u00f6k\u00e9letesebb\u00e9 mindennapjaid a Drescher Jewellery \u00e9kszereivel.","publisher":{"@id":"https:\/\/old.drescherjewellery.com\/de\/#organization"},"alternateName":"Ez\u00fcst \u00c9kszer Web\u00e1ruh\u00e1z","potentialAction":[{"@type":"SearchAction","target":{"@type":"EntryPoint","urlTemplate":"https:\/\/old.drescherjewellery.com\/de\/?s={search_term_string}"},"query-input":{"@type":"PropertyValueSpecification","valueRequired":true,"valueName":"search_term_string"}}],"inLanguage":"de"},{"@type":"Organization","@id":"https:\/\/old.drescherjewellery.com\/de\/#organization","name":"Drescher Jewellery","url":"https:\/\/old.drescherjewellery.com\/de\/","logo":{"@type":"ImageObject","inLanguage":"de","@id":"https:\/\/old.drescherjewellery.com\/de\/#\/schema\/logo\/image\/","url":"https:\/\/drescherjewellery.com\/wp-content\/uploads\/2026\/01\/Drescher-Jewellery-wpml.png","contentUrl":"https:\/\/drescherjewellery.com\/wp-content\/uploads\/2026\/01\/Drescher-Jewellery-wpml.png","width":500,"height":500,"caption":"Drescher Jewellery"},"image":{"@id":"https:\/\/old.drescherjewellery.com\/de\/#\/schema\/logo\/image\/"},"sameAs":["https:\/\/www.facebook.com\/drescherjewellery","https:\/\/www.instagram.com\/drescherjewellery","https:\/\/www.tiktok.com\/@drescherjewellery"]}]}},"_links":{"self":[{"href":"https:\/\/old.drescherjewellery.com\/de\/wp-json\/wp\/v2\/product\/112795","targetHints":{"allow":["GET"]}}],"collection":[{"href":"https:\/\/old.drescherjewellery.com\/de\/wp-json\/wp\/v2\/product"}],"about":[{"href":"https:\/\/old.drescherjewellery.com\/de\/wp-json\/wp\/v2\/types\/product"}],"version-history":[{"count":0,"href":"https:\/\/old.drescherjewellery.com\/de\/wp-json\/wp\/v2\/product\/112795\/revisions"}],"wp:featuredmedia":[{"embeddable":true,"href":"https:\/\/old.drescherjewellery.com\/de\/wp-json\/wp\/v2\/media\/97522"}],"wp:attachment":[{"href":"https:\/\/old.drescherjewellery.com\/de\/wp-json\/wp\/v2\/media?parent=112795"}],"wp:term":[{"taxonomy":"product_brand","embeddable":true,"href":"https:\/\/old.drescherjewellery.com\/de\/wp-json\/wp\/v2\/product_brand?post=112795"},{"taxonomy":"product_cat","embeddable":true,"href":"https:\/\/old.drescherjewellery.com\/de\/wp-json\/wp\/v2\/product_cat?post=112795"},{"taxonomy":"product_tag","embeddable":true,"href":"https:\/\/old.drescherjewellery.com\/de\/wp-json\/wp\/v2\/product_tag?post=112795"}],"curies":[{"name":"wp","href":"https:\/\/api.w.org\/{rel}","templated":true}]}}