{"id":112948,"date":"2025-05-15T15:37:59","date_gmt":"2025-05-15T13:37:59","guid":{"rendered":"https:\/\/dianasilver.hu\/termek\/silberne-achteckige-hellblaue-stein-ohrringe\/"},"modified":"2026-04-01T17:19:33","modified_gmt":"2026-04-01T15:19:33","slug":"silberne-achteckige-hellblaue-stein-ohrringe","status":"publish","type":"product","link":"https:\/\/old.drescherjewellery.com\/de\/termek\/silberne-achteckige-hellblaue-stein-ohrringe\/","title":{"rendered":"Silberne achteckige hellblaue Stein-Ohrringe"},"content":{"rendered":"<h2 data-start=\"507\" data-end=\"821\"><strong data-start=\"507\" data-end=\"592\">Silberne achteckige Ohrringe mit hellblauem Stein &#8211; pure Eleganz, m\u00fcheloser Stil<\/strong><\/h2>\n<p class=\"\" data-start=\"507\" data-end=\"821\"><br data-start=\"592\" data-end=\"595\">Diese achteckigen Ohrringe aus 925er Sterlingsilber von AG bieten einen frischen, verspielten Look. Die hellblauen Steine erinnern an die Farben des Fr\u00fchlingshimmels und der Ruhe, w\u00e4hrend die geometrische Form den Ohrringen einen modernen Charakter verleiht. <\/p>\n<p class=\"\" data-start=\"823\" data-end=\"954\">Das spangenlose Design macht es einfach und bequem, den ganzen Tag lang zu tragen &#8211; ein schlichtes und doch auff\u00e4lliges Schmuckst\u00fcck.<\/p>\n<p class=\"\" data-start=\"956\" data-end=\"998\">\ud83c\udf2c\ufe0f <strong data-start=\"960\" data-end=\"996\">Was symbolisiert der hellblaue Stein?<\/strong><\/p>\n<ul data-start=\"999\" data-end=\"1100\">\n<li class=\"\" data-start=\"999\" data-end=\"1044\">\n<p class=\"\" data-start=\"1001\" data-end=\"1044\">Klare Kommunikation und Seelenfrieden<\/p>\n<\/li>\n<li class=\"\" data-start=\"1045\" data-end=\"1080\">\n<p class=\"\" data-start=\"1047\" data-end=\"1080\">Leichtigkeit und feminine Zartheit<\/p>\n<\/li>\n<li class=\"\" data-start=\"1081\" data-end=\"1100\">\n<p class=\"\" data-start=\"1083\" data-end=\"1100\">Die innere Harmonie<\/p>\n<\/li>\n<\/ul>\n<p class=\"\" data-start=\"1102\" data-end=\"1141\">\u2728 <strong data-start=\"1104\" data-end=\"1139\">Warum sollten Sie diesen Ohrring w\u00e4hlen?<\/strong><\/p>\n<ul data-start=\"1142\" data-end=\"1312\">\n<li class=\"\" data-start=\"1142\" data-end=\"1187\">\n<p class=\"\" data-start=\"1144\" data-end=\"1187\">AG 925 Silber, mit raffiniert gl\u00e4nzender Oberfl\u00e4che<\/p>\n<\/li>\n<li class=\"\" data-start=\"1188\" data-end=\"1240\">\n<p class=\"\" data-start=\"1190\" data-end=\"1240\">Moderne achteckige Form mit elegantem hellblauem Stein<\/p>\n<\/li>\n<li class=\"\" data-start=\"1241\" data-end=\"1278\">\n<p class=\"\" data-start=\"1243\" data-end=\"1278\">Bequemes, schlossloses Design<\/p>\n<\/li>\n<li class=\"\" data-start=\"1279\" data-end=\"1312\">\n<p class=\"\" data-start=\"1281\" data-end=\"1312\">Hebt die Gesichtsz\u00fcge sanft hervor<\/p>\n<\/li>\n<\/ul>\n<p class=\"\" data-start=\"1314\" data-end=\"1422\">\ud83c\udf81 Ein tolles Geschenk, wenn Sie sich einen frischen, \u00fcppigen Look w\u00fcnschen &#8211; oder um jemanden mit einem kleinen Fr\u00fchlingsglanz zu \u00fcberraschen. \ud83e\ude75<\/p>\n","protected":false},"excerpt":{"rendered":"<p>Silberne achteckige hellblaue Steinohrringe &#8211; leichte Form, sanfter Glanz! \u2728<br data-start=\"348\" data-end=\"351\">Die hellblauen Steine und die geometrische Form verleihen einen frischen, femininen Reiz &#8211; perfekt f\u00fcr einen subtilen, klaren Look.<\/p>\n","protected":false},"featured_media":103403,"template":"","meta":[],"product_brand":[],"product_cat":[573],"product_tag":[527,634,650],"class_list":["post-112948","product","type-product","status-publish","has-post-thumbnail","product_cat-silberne-ohrringe","product_tag-damen","product_tag-farbenfroh","product_tag-kinder-silberschmuck","description-off","first","instock","taxable","shipping-taxable","purchasable","product-type-simple"],"yoast_head":"<!-- This site is optimized with the Yoast SEO Premium plugin v26.8 (Yoast SEO v27.9) - https:\/\/yoast.com\/product\/yoast-seo-premium-wordpress\/ -->\n<title>Silberne achteckige hellblaue Stein-Ohrringe | Drescher Jewellery<\/title>\n<meta name=\"description\" content=\"Fedezd fel a leny\u0171g\u00f6z\u0151 Silberne achteckige hellblaue Stein-Ohrringe \u00e9kszer\u00fcnket. T\u00f6k\u00e9letes kieg\u00e9sz\u00edt\u0151 mindennapi viselethez \u00e9s k\u00fcl\u00f6nleges alkalmakra egyar\u00e1nt. Rendeld meg most!\" \/>\n<meta name=\"robots\" content=\"index, follow, max-snippet:-1, max-image-preview:large, max-video-preview:-1\" \/>\n<link rel=\"canonical\" href=\"https:\/\/old.drescherjewellery.com\/de\/termek\/silberne-achteckige-hellblaue-stein-ohrringe\/\" \/>\n<meta property=\"og:locale\" content=\"de_DE\" \/>\n<meta property=\"og:type\" content=\"article\" \/>\n<meta property=\"og:title\" content=\"Silberne achteckige hellblaue Stein-Ohrringe\" \/>\n<meta property=\"og:description\" content=\"Fedezd fel a leny\u0171g\u00f6z\u0151 Silberne achteckige hellblaue Stein-Ohrringe \u00e9kszer\u00fcnket. T\u00f6k\u00e9letes kieg\u00e9sz\u00edt\u0151 mindennapi viselethez \u00e9s k\u00fcl\u00f6nleges alkalmakra egyar\u00e1nt. Rendeld meg most!\" \/>\n<meta property=\"og:url\" content=\"https:\/\/old.drescherjewellery.com\/de\/termek\/silberne-achteckige-hellblaue-stein-ohrringe\/\" \/>\n<meta property=\"og:site_name\" content=\"Drescher Jewellery\" \/>\n<meta property=\"article:publisher\" content=\"https:\/\/www.facebook.com\/drescherjewellery\" \/>\n<meta property=\"article:modified_time\" content=\"2026-04-01T15:19:33+00:00\" \/>\n<meta property=\"og:image\" content=\"https:\/\/old.drescherjewellery.com\/wp-content\/uploads\/2025\/05\/Ezust-nyolcszogletu-vilagoskek-koves-fulbevalo_1.jpg\" \/>\n\t<meta property=\"og:image:width\" content=\"1350\" \/>\n\t<meta property=\"og:image:height\" content=\"1800\" \/>\n\t<meta property=\"og:image:type\" content=\"image\/jpeg\" \/>\n<meta name=\"twitter:card\" content=\"summary_large_image\" \/>\n<meta name=\"twitter:label1\" content=\"Gesch\u00e4tzte Lesezeit\" \/>\n\t<meta name=\"twitter:data1\" content=\"1\u00a0Minute\" \/>\n<script type=\"application\/ld+json\" class=\"yoast-schema-graph\">{\"@context\":\"https:\\\/\\\/schema.org\",\"@graph\":[{\"@type\":\"WebPage\",\"@id\":\"https:\\\/\\\/old.drescherjewellery.com\\\/de\\\/termek\\\/silberne-achteckige-hellblaue-stein-ohrringe\\\/\",\"url\":\"https:\\\/\\\/old.drescherjewellery.com\\\/de\\\/termek\\\/silberne-achteckige-hellblaue-stein-ohrringe\\\/\",\"name\":\"Silberne achteckige hellblaue Stein-Ohrringe | Drescher Jewellery\",\"isPartOf\":{\"@id\":\"https:\\\/\\\/old.drescherjewellery.com\\\/de\\\/#website\"},\"primaryImageOfPage\":{\"@id\":\"https:\\\/\\\/old.drescherjewellery.com\\\/de\\\/termek\\\/silberne-achteckige-hellblaue-stein-ohrringe\\\/#primaryimage\"},\"image\":{\"@id\":\"https:\\\/\\\/old.drescherjewellery.com\\\/de\\\/termek\\\/silberne-achteckige-hellblaue-stein-ohrringe\\\/#primaryimage\"},\"thumbnailUrl\":\"https:\\\/\\\/old.drescherjewellery.com\\\/wp-content\\\/uploads\\\/2025\\\/05\\\/Ezust-nyolcszogletu-vilagoskek-koves-fulbevalo_1.jpg\",\"datePublished\":\"2025-05-15T13:37:59+00:00\",\"dateModified\":\"2026-04-01T15:19:33+00:00\",\"description\":\"Fedezd fel a leny\u0171g\u00f6z\u0151 Silberne achteckige hellblaue Stein-Ohrringe \u00e9kszer\u00fcnket. T\u00f6k\u00e9letes kieg\u00e9sz\u00edt\u0151 mindennapi viselethez \u00e9s k\u00fcl\u00f6nleges alkalmakra egyar\u00e1nt. Rendeld meg most!\",\"breadcrumb\":{\"@id\":\"https:\\\/\\\/old.drescherjewellery.com\\\/de\\\/termek\\\/silberne-achteckige-hellblaue-stein-ohrringe\\\/#breadcrumb\"},\"inLanguage\":\"de\",\"potentialAction\":[{\"@type\":\"ReadAction\",\"target\":[\"https:\\\/\\\/old.drescherjewellery.com\\\/de\\\/termek\\\/silberne-achteckige-hellblaue-stein-ohrringe\\\/\"]}]},{\"@type\":\"ImageObject\",\"inLanguage\":\"de\",\"@id\":\"https:\\\/\\\/old.drescherjewellery.com\\\/de\\\/termek\\\/silberne-achteckige-hellblaue-stein-ohrringe\\\/#primaryimage\",\"url\":\"https:\\\/\\\/old.drescherjewellery.com\\\/wp-content\\\/uploads\\\/2025\\\/05\\\/Ezust-nyolcszogletu-vilagoskek-koves-fulbevalo_1.jpg\",\"contentUrl\":\"https:\\\/\\\/old.drescherjewellery.com\\\/wp-content\\\/uploads\\\/2025\\\/05\\\/Ezust-nyolcszogletu-vilagoskek-koves-fulbevalo_1.jpg\",\"width\":1350,\"height\":1800},{\"@type\":\"BreadcrumbList\",\"@id\":\"https:\\\/\\\/old.drescherjewellery.com\\\/de\\\/termek\\\/silberne-achteckige-hellblaue-stein-ohrringe\\\/#breadcrumb\",\"itemListElement\":[{\"@type\":\"ListItem\",\"position\":1,\"name\":\"Kezd\u0151lap\",\"item\":\"https:\\\/\\\/old.drescherjewellery.com\\\/de\\\/\"},{\"@type\":\"ListItem\",\"position\":2,\"name\":\"Shop\",\"item\":\"https:\\\/\\\/old.drescherjewellery.com\\\/de\\\/shop\\\/\"},{\"@type\":\"ListItem\",\"position\":3,\"name\":\"Silberne achteckige hellblaue Stein-Ohrringe\"}]},{\"@type\":\"WebSite\",\"@id\":\"https:\\\/\\\/old.drescherjewellery.com\\\/de\\\/#website\",\"url\":\"https:\\\/\\\/old.drescherjewellery.com\\\/de\\\/\",\"name\":\"Drescher Jewellery\",\"description\":\"Tedd t\u00f6k\u00e9letesebb\u00e9 mindennapjaid a Drescher Jewellery \u00e9kszereivel.\",\"publisher\":{\"@id\":\"https:\\\/\\\/old.drescherjewellery.com\\\/de\\\/#organization\"},\"alternateName\":\"Ez\u00fcst \u00c9kszer Web\u00e1ruh\u00e1z\",\"potentialAction\":[{\"@type\":\"SearchAction\",\"target\":{\"@type\":\"EntryPoint\",\"urlTemplate\":\"https:\\\/\\\/old.drescherjewellery.com\\\/de\\\/?s={search_term_string}\"},\"query-input\":{\"@type\":\"PropertyValueSpecification\",\"valueRequired\":true,\"valueName\":\"search_term_string\"}}],\"inLanguage\":\"de\"},{\"@type\":\"Organization\",\"@id\":\"https:\\\/\\\/old.drescherjewellery.com\\\/de\\\/#organization\",\"name\":\"Drescher Jewellery\",\"url\":\"https:\\\/\\\/old.drescherjewellery.com\\\/de\\\/\",\"logo\":{\"@type\":\"ImageObject\",\"inLanguage\":\"de\",\"@id\":\"https:\\\/\\\/old.drescherjewellery.com\\\/de\\\/#\\\/schema\\\/logo\\\/image\\\/\",\"url\":\"https:\\\/\\\/drescherjewellery.com\\\/wp-content\\\/uploads\\\/2026\\\/01\\\/Drescher-Jewellery-wpml.png\",\"contentUrl\":\"https:\\\/\\\/drescherjewellery.com\\\/wp-content\\\/uploads\\\/2026\\\/01\\\/Drescher-Jewellery-wpml.png\",\"width\":500,\"height\":500,\"caption\":\"Drescher Jewellery\"},\"image\":{\"@id\":\"https:\\\/\\\/old.drescherjewellery.com\\\/de\\\/#\\\/schema\\\/logo\\\/image\\\/\"},\"sameAs\":[\"https:\\\/\\\/www.facebook.com\\\/drescherjewellery\",\"https:\\\/\\\/www.instagram.com\\\/drescherjewellery\",\"https:\\\/\\\/www.tiktok.com\\\/@drescherjewellery\"]}]}<\/script>\n<!-- \/ Yoast SEO Premium plugin. -->","yoast_head_json":{"title":"Silberne achteckige hellblaue Stein-Ohrringe | Drescher Jewellery","description":"Fedezd fel a leny\u0171g\u00f6z\u0151 Silberne achteckige hellblaue Stein-Ohrringe \u00e9kszer\u00fcnket. T\u00f6k\u00e9letes kieg\u00e9sz\u00edt\u0151 mindennapi viselethez \u00e9s k\u00fcl\u00f6nleges alkalmakra egyar\u00e1nt. Rendeld meg most!","robots":{"index":"index","follow":"follow","max-snippet":"max-snippet:-1","max-image-preview":"max-image-preview:large","max-video-preview":"max-video-preview:-1"},"canonical":"https:\/\/old.drescherjewellery.com\/de\/termek\/silberne-achteckige-hellblaue-stein-ohrringe\/","og_locale":"de_DE","og_type":"article","og_title":"Silberne achteckige hellblaue Stein-Ohrringe","og_description":"Fedezd fel a leny\u0171g\u00f6z\u0151 Silberne achteckige hellblaue Stein-Ohrringe \u00e9kszer\u00fcnket. T\u00f6k\u00e9letes kieg\u00e9sz\u00edt\u0151 mindennapi viselethez \u00e9s k\u00fcl\u00f6nleges alkalmakra egyar\u00e1nt. Rendeld meg most!","og_url":"https:\/\/old.drescherjewellery.com\/de\/termek\/silberne-achteckige-hellblaue-stein-ohrringe\/","og_site_name":"Drescher Jewellery","article_publisher":"https:\/\/www.facebook.com\/drescherjewellery","article_modified_time":"2026-04-01T15:19:33+00:00","og_image":[{"width":1350,"height":1800,"url":"https:\/\/old.drescherjewellery.com\/wp-content\/uploads\/2025\/05\/Ezust-nyolcszogletu-vilagoskek-koves-fulbevalo_1.jpg","type":"image\/jpeg"}],"twitter_card":"summary_large_image","twitter_misc":{"Gesch\u00e4tzte Lesezeit":"1\u00a0Minute"},"schema":{"@context":"https:\/\/schema.org","@graph":[{"@type":"WebPage","@id":"https:\/\/old.drescherjewellery.com\/de\/termek\/silberne-achteckige-hellblaue-stein-ohrringe\/","url":"https:\/\/old.drescherjewellery.com\/de\/termek\/silberne-achteckige-hellblaue-stein-ohrringe\/","name":"Silberne achteckige hellblaue Stein-Ohrringe | Drescher Jewellery","isPartOf":{"@id":"https:\/\/old.drescherjewellery.com\/de\/#website"},"primaryImageOfPage":{"@id":"https:\/\/old.drescherjewellery.com\/de\/termek\/silberne-achteckige-hellblaue-stein-ohrringe\/#primaryimage"},"image":{"@id":"https:\/\/old.drescherjewellery.com\/de\/termek\/silberne-achteckige-hellblaue-stein-ohrringe\/#primaryimage"},"thumbnailUrl":"https:\/\/old.drescherjewellery.com\/wp-content\/uploads\/2025\/05\/Ezust-nyolcszogletu-vilagoskek-koves-fulbevalo_1.jpg","datePublished":"2025-05-15T13:37:59+00:00","dateModified":"2026-04-01T15:19:33+00:00","description":"Fedezd fel a leny\u0171g\u00f6z\u0151 Silberne achteckige hellblaue Stein-Ohrringe \u00e9kszer\u00fcnket. T\u00f6k\u00e9letes kieg\u00e9sz\u00edt\u0151 mindennapi viselethez \u00e9s k\u00fcl\u00f6nleges alkalmakra egyar\u00e1nt. Rendeld meg most!","breadcrumb":{"@id":"https:\/\/old.drescherjewellery.com\/de\/termek\/silberne-achteckige-hellblaue-stein-ohrringe\/#breadcrumb"},"inLanguage":"de","potentialAction":[{"@type":"ReadAction","target":["https:\/\/old.drescherjewellery.com\/de\/termek\/silberne-achteckige-hellblaue-stein-ohrringe\/"]}]},{"@type":"ImageObject","inLanguage":"de","@id":"https:\/\/old.drescherjewellery.com\/de\/termek\/silberne-achteckige-hellblaue-stein-ohrringe\/#primaryimage","url":"https:\/\/old.drescherjewellery.com\/wp-content\/uploads\/2025\/05\/Ezust-nyolcszogletu-vilagoskek-koves-fulbevalo_1.jpg","contentUrl":"https:\/\/old.drescherjewellery.com\/wp-content\/uploads\/2025\/05\/Ezust-nyolcszogletu-vilagoskek-koves-fulbevalo_1.jpg","width":1350,"height":1800},{"@type":"BreadcrumbList","@id":"https:\/\/old.drescherjewellery.com\/de\/termek\/silberne-achteckige-hellblaue-stein-ohrringe\/#breadcrumb","itemListElement":[{"@type":"ListItem","position":1,"name":"Kezd\u0151lap","item":"https:\/\/old.drescherjewellery.com\/de\/"},{"@type":"ListItem","position":2,"name":"Shop","item":"https:\/\/old.drescherjewellery.com\/de\/shop\/"},{"@type":"ListItem","position":3,"name":"Silberne achteckige hellblaue Stein-Ohrringe"}]},{"@type":"WebSite","@id":"https:\/\/old.drescherjewellery.com\/de\/#website","url":"https:\/\/old.drescherjewellery.com\/de\/","name":"Drescher Jewellery","description":"Tedd t\u00f6k\u00e9letesebb\u00e9 mindennapjaid a Drescher Jewellery \u00e9kszereivel.","publisher":{"@id":"https:\/\/old.drescherjewellery.com\/de\/#organization"},"alternateName":"Ez\u00fcst \u00c9kszer Web\u00e1ruh\u00e1z","potentialAction":[{"@type":"SearchAction","target":{"@type":"EntryPoint","urlTemplate":"https:\/\/old.drescherjewellery.com\/de\/?s={search_term_string}"},"query-input":{"@type":"PropertyValueSpecification","valueRequired":true,"valueName":"search_term_string"}}],"inLanguage":"de"},{"@type":"Organization","@id":"https:\/\/old.drescherjewellery.com\/de\/#organization","name":"Drescher Jewellery","url":"https:\/\/old.drescherjewellery.com\/de\/","logo":{"@type":"ImageObject","inLanguage":"de","@id":"https:\/\/old.drescherjewellery.com\/de\/#\/schema\/logo\/image\/","url":"https:\/\/drescherjewellery.com\/wp-content\/uploads\/2026\/01\/Drescher-Jewellery-wpml.png","contentUrl":"https:\/\/drescherjewellery.com\/wp-content\/uploads\/2026\/01\/Drescher-Jewellery-wpml.png","width":500,"height":500,"caption":"Drescher Jewellery"},"image":{"@id":"https:\/\/old.drescherjewellery.com\/de\/#\/schema\/logo\/image\/"},"sameAs":["https:\/\/www.facebook.com\/drescherjewellery","https:\/\/www.instagram.com\/drescherjewellery","https:\/\/www.tiktok.com\/@drescherjewellery"]}]}},"_links":{"self":[{"href":"https:\/\/old.drescherjewellery.com\/de\/wp-json\/wp\/v2\/product\/112948","targetHints":{"allow":["GET"]}}],"collection":[{"href":"https:\/\/old.drescherjewellery.com\/de\/wp-json\/wp\/v2\/product"}],"about":[{"href":"https:\/\/old.drescherjewellery.com\/de\/wp-json\/wp\/v2\/types\/product"}],"version-history":[{"count":0,"href":"https:\/\/old.drescherjewellery.com\/de\/wp-json\/wp\/v2\/product\/112948\/revisions"}],"wp:featuredmedia":[{"embeddable":true,"href":"https:\/\/old.drescherjewellery.com\/de\/wp-json\/wp\/v2\/media\/103403"}],"wp:attachment":[{"href":"https:\/\/old.drescherjewellery.com\/de\/wp-json\/wp\/v2\/media?parent=112948"}],"wp:term":[{"taxonomy":"product_brand","embeddable":true,"href":"https:\/\/old.drescherjewellery.com\/de\/wp-json\/wp\/v2\/product_brand?post=112948"},{"taxonomy":"product_cat","embeddable":true,"href":"https:\/\/old.drescherjewellery.com\/de\/wp-json\/wp\/v2\/product_cat?post=112948"},{"taxonomy":"product_tag","embeddable":true,"href":"https:\/\/old.drescherjewellery.com\/de\/wp-json\/wp\/v2\/product_tag?post=112948"}],"curies":[{"name":"wp","href":"https:\/\/api.w.org\/{rel}","templated":true}]}}