{"id":113057,"date":"2025-05-26T19:53:30","date_gmt":"2025-05-26T17:53:30","guid":{"rendered":"https:\/\/dianasilver.hu\/termek\/silberne-halskette-mit-kreis-und-mondsichel-anhaenger\/"},"modified":"2025-05-26T19:53:30","modified_gmt":"2025-05-26T17:53:30","slug":"silberne-halskette-mit-kreis-und-mondsichel-anhaenger","status":"publish","type":"product","link":"https:\/\/old.drescherjewellery.com\/de\/termek\/silberne-halskette-mit-kreis-und-mondsichel-anhaenger\/","title":{"rendered":"Silberne Halskette mit Kreis und Mondsichel-Anh\u00e4nger"},"content":{"rendered":"<h2 data-start=\"277\" data-end=\"697\">Silberner Kreis und Mondsichel Anh\u00e4nger Halskette &#8211; himmlische Sch\u00f6nheit an Ihrer Halskette<\/h2>\n<p data-start=\"277\" data-end=\"697\">Diese von Stern und Mond inspirierte Halskette ist aus 925er Sterlingsilber mit einer zarten Rhodiumbeschichtung f\u00fcr lang anhaltenden Glanz gefertigt. Die Form des Kreises und der Mondsichel ist ein Symbol f\u00fcr Unendlichkeit und Zyklizit\u00e4t, das durch die schimmernden Zirkonia und die Perleneinlagen besonders zur Geltung kommt. Die 45+4 cm lange Kette ist verstellbar und passt sich jeder Halsgr\u00f6\u00dfe an.  <\/p>\n<p data-start=\"699\" data-end=\"743\">\ud83c\udf19 Was symbolisieren der Kreis und die Sichelform?<\/p>\n<ul data-start=\"744\" data-end=\"878\">\n<li data-start=\"744\" data-end=\"785\">\n<p data-start=\"746\" data-end=\"785\">Ein Zeichen des ewigen Kreislaufs und der Harmonie.<\/p>\n<\/li>\n<li data-start=\"786\" data-end=\"835\">\n<p data-start=\"788\" data-end=\"835\">Die Magie der Weiblichkeit, des Mondes und der Sterne.<\/p>\n<\/li>\n<li data-start=\"836\" data-end=\"878\">\n<p data-start=\"838\" data-end=\"878\">Akzeptieren Sie Gleichgewicht und Ver\u00e4nderung.<\/p>\n<\/li>\n<\/ul>\n<p data-start=\"880\" data-end=\"915\">\u2728 Warum sollten Sie diese Halskette w\u00e4hlen?<\/p>\n<ul data-start=\"916\" data-end=\"1121\">\n<li data-start=\"916\" data-end=\"961\">\n<p data-start=\"918\" data-end=\"961\">Hochwertiges AG 925 Silber mit Rhodiumbeschichtung.<\/p>\n<\/li>\n<li data-start=\"962\" data-end=\"1020\">\n<p data-start=\"964\" data-end=\"1020\">Mit glitzernden Zirkonia und Perlmuttelementen.<\/p>\n<\/li>\n<li data-start=\"1021\" data-end=\"1069\">\n<p data-start=\"1023\" data-end=\"1069\">45+4 cm L\u00e4nge, verstellbar, bequem zu tragen.<\/p>\n<\/li>\n<li data-start=\"1070\" data-end=\"1121\">\n<p data-start=\"1072\" data-end=\"1121\">Ein einzigartiges Design, das Ihren individuellen Stil unterstreicht.<\/p>\n<\/li>\n<\/ul>\n<p data-start=\"1123\" data-end=\"1208\" data-is-last-node=\"\" data-is-only-node=\"\">\ud83c\udf81 Schenken Sie es sich selbst oder einem geliebten Menschen &#8211; ein Juwel, das gl\u00e4nzt und verzaubert! \ud83c\udf19\u2728 <\/p>\n","protected":false},"excerpt":{"rendered":"<p>Silberne Halskette mit Kreis- und Mondsichel-Anh\u00e4nger &#8211; funkelnde himmlische Inspiration! \u2728<br data-start=\"143\" data-end=\"146\">Die Motive des Kreises und der Mondsichel und die gl\u00e4nzenden Steine sorgen f\u00fcr einen magischen und harmonischen Look.<\/p>\n","protected":false},"featured_media":104101,"template":"","meta":[],"product_brand":[],"product_cat":[679],"product_tag":[527],"class_list":["post-113057","product","type-product","status-publish","has-post-thumbnail","product_cat-silberne-halskette-mit-anhanger","product_tag-damen","description-off","first","instock","taxable","shipping-taxable","purchasable","product-type-simple"],"yoast_head":"<!-- This site is optimized with the Yoast SEO Premium plugin v26.8 (Yoast SEO v27.9) - https:\/\/yoast.com\/product\/yoast-seo-premium-wordpress\/ -->\n<title>Silberne Halskette mit Kreis und Mondsichel-Anh\u00e4nger | Drescher Jewellery<\/title>\n<meta name=\"description\" content=\"Fedezd fel a leny\u0171g\u00f6z\u0151 Silberne Halskette mit Kreis und Mondsichel-Anh\u00e4nger \u00e9kszer\u00fcnket. T\u00f6k\u00e9letes kieg\u00e9sz\u00edt\u0151 mindennapi viselethez \u00e9s k\u00fcl\u00f6nleges alkalmakra egyar\u00e1nt. Rendeld meg most!\" \/>\n<meta name=\"robots\" content=\"index, follow, max-snippet:-1, max-image-preview:large, max-video-preview:-1\" \/>\n<link rel=\"canonical\" href=\"https:\/\/old.drescherjewellery.com\/de\/termek\/silberne-halskette-mit-kreis-und-mondsichel-anhaenger\/\" \/>\n<meta property=\"og:locale\" content=\"de_DE\" \/>\n<meta property=\"og:type\" content=\"article\" \/>\n<meta property=\"og:title\" content=\"Silberne Halskette mit Kreis und Mondsichel-Anh\u00e4nger\" \/>\n<meta property=\"og:description\" content=\"Fedezd fel a leny\u0171g\u00f6z\u0151 Silberne Halskette mit Kreis und Mondsichel-Anh\u00e4nger \u00e9kszer\u00fcnket. T\u00f6k\u00e9letes kieg\u00e9sz\u00edt\u0151 mindennapi viselethez \u00e9s k\u00fcl\u00f6nleges alkalmakra egyar\u00e1nt. Rendeld meg most!\" \/>\n<meta property=\"og:url\" content=\"https:\/\/old.drescherjewellery.com\/de\/termek\/silberne-halskette-mit-kreis-und-mondsichel-anhaenger\/\" \/>\n<meta property=\"og:site_name\" content=\"Drescher Jewellery\" \/>\n<meta property=\"article:publisher\" content=\"https:\/\/www.facebook.com\/drescherjewellery\" \/>\n<meta property=\"og:image\" content=\"https:\/\/old.drescherjewellery.com\/wp-content\/uploads\/2025\/05\/Ezust-kor-es-felhold-medalos-nyaklanc_4.jpg\" \/>\n\t<meta property=\"og:image:width\" content=\"1350\" \/>\n\t<meta property=\"og:image:height\" content=\"1800\" \/>\n\t<meta property=\"og:image:type\" content=\"image\/jpeg\" \/>\n<meta name=\"twitter:card\" content=\"summary_large_image\" \/>\n<meta name=\"twitter:label1\" content=\"Gesch\u00e4tzte Lesezeit\" \/>\n\t<meta name=\"twitter:data1\" content=\"1\u00a0Minute\" \/>\n<script type=\"application\/ld+json\" class=\"yoast-schema-graph\">{\"@context\":\"https:\\\/\\\/schema.org\",\"@graph\":[{\"@type\":\"WebPage\",\"@id\":\"https:\\\/\\\/old.drescherjewellery.com\\\/de\\\/termek\\\/silberne-halskette-mit-kreis-und-mondsichel-anhaenger\\\/\",\"url\":\"https:\\\/\\\/old.drescherjewellery.com\\\/de\\\/termek\\\/silberne-halskette-mit-kreis-und-mondsichel-anhaenger\\\/\",\"name\":\"Silberne Halskette mit Kreis und Mondsichel-Anh\u00e4nger | Drescher Jewellery\",\"isPartOf\":{\"@id\":\"https:\\\/\\\/old.drescherjewellery.com\\\/de\\\/#website\"},\"primaryImageOfPage\":{\"@id\":\"https:\\\/\\\/old.drescherjewellery.com\\\/de\\\/termek\\\/silberne-halskette-mit-kreis-und-mondsichel-anhaenger\\\/#primaryimage\"},\"image\":{\"@id\":\"https:\\\/\\\/old.drescherjewellery.com\\\/de\\\/termek\\\/silberne-halskette-mit-kreis-und-mondsichel-anhaenger\\\/#primaryimage\"},\"thumbnailUrl\":\"https:\\\/\\\/old.drescherjewellery.com\\\/wp-content\\\/uploads\\\/2025\\\/05\\\/Ezust-kor-es-felhold-medalos-nyaklanc_4.jpg\",\"datePublished\":\"2025-05-26T17:53:30+00:00\",\"description\":\"Fedezd fel a leny\u0171g\u00f6z\u0151 Silberne Halskette mit Kreis und Mondsichel-Anh\u00e4nger \u00e9kszer\u00fcnket. T\u00f6k\u00e9letes kieg\u00e9sz\u00edt\u0151 mindennapi viselethez \u00e9s k\u00fcl\u00f6nleges alkalmakra egyar\u00e1nt. Rendeld meg most!\",\"breadcrumb\":{\"@id\":\"https:\\\/\\\/old.drescherjewellery.com\\\/de\\\/termek\\\/silberne-halskette-mit-kreis-und-mondsichel-anhaenger\\\/#breadcrumb\"},\"inLanguage\":\"de\",\"potentialAction\":[{\"@type\":\"ReadAction\",\"target\":[\"https:\\\/\\\/old.drescherjewellery.com\\\/de\\\/termek\\\/silberne-halskette-mit-kreis-und-mondsichel-anhaenger\\\/\"]}]},{\"@type\":\"ImageObject\",\"inLanguage\":\"de\",\"@id\":\"https:\\\/\\\/old.drescherjewellery.com\\\/de\\\/termek\\\/silberne-halskette-mit-kreis-und-mondsichel-anhaenger\\\/#primaryimage\",\"url\":\"https:\\\/\\\/old.drescherjewellery.com\\\/wp-content\\\/uploads\\\/2025\\\/05\\\/Ezust-kor-es-felhold-medalos-nyaklanc_4.jpg\",\"contentUrl\":\"https:\\\/\\\/old.drescherjewellery.com\\\/wp-content\\\/uploads\\\/2025\\\/05\\\/Ezust-kor-es-felhold-medalos-nyaklanc_4.jpg\",\"width\":1350,\"height\":1800},{\"@type\":\"BreadcrumbList\",\"@id\":\"https:\\\/\\\/old.drescherjewellery.com\\\/de\\\/termek\\\/silberne-halskette-mit-kreis-und-mondsichel-anhaenger\\\/#breadcrumb\",\"itemListElement\":[{\"@type\":\"ListItem\",\"position\":1,\"name\":\"Kezd\u0151lap\",\"item\":\"https:\\\/\\\/old.drescherjewellery.com\\\/de\\\/\"},{\"@type\":\"ListItem\",\"position\":2,\"name\":\"Shop\",\"item\":\"https:\\\/\\\/old.drescherjewellery.com\\\/de\\\/shop\\\/\"},{\"@type\":\"ListItem\",\"position\":3,\"name\":\"Silberne Halskette mit Kreis und Mondsichel-Anh\u00e4nger\"}]},{\"@type\":\"WebSite\",\"@id\":\"https:\\\/\\\/old.drescherjewellery.com\\\/de\\\/#website\",\"url\":\"https:\\\/\\\/old.drescherjewellery.com\\\/de\\\/\",\"name\":\"Drescher Jewellery\",\"description\":\"Tedd t\u00f6k\u00e9letesebb\u00e9 mindennapjaid a Drescher Jewellery \u00e9kszereivel.\",\"publisher\":{\"@id\":\"https:\\\/\\\/old.drescherjewellery.com\\\/de\\\/#organization\"},\"alternateName\":\"Ez\u00fcst \u00c9kszer Web\u00e1ruh\u00e1z\",\"potentialAction\":[{\"@type\":\"SearchAction\",\"target\":{\"@type\":\"EntryPoint\",\"urlTemplate\":\"https:\\\/\\\/old.drescherjewellery.com\\\/de\\\/?s={search_term_string}\"},\"query-input\":{\"@type\":\"PropertyValueSpecification\",\"valueRequired\":true,\"valueName\":\"search_term_string\"}}],\"inLanguage\":\"de\"},{\"@type\":\"Organization\",\"@id\":\"https:\\\/\\\/old.drescherjewellery.com\\\/de\\\/#organization\",\"name\":\"Drescher Jewellery\",\"url\":\"https:\\\/\\\/old.drescherjewellery.com\\\/de\\\/\",\"logo\":{\"@type\":\"ImageObject\",\"inLanguage\":\"de\",\"@id\":\"https:\\\/\\\/old.drescherjewellery.com\\\/de\\\/#\\\/schema\\\/logo\\\/image\\\/\",\"url\":\"https:\\\/\\\/drescherjewellery.com\\\/wp-content\\\/uploads\\\/2026\\\/01\\\/Drescher-Jewellery-wpml.png\",\"contentUrl\":\"https:\\\/\\\/drescherjewellery.com\\\/wp-content\\\/uploads\\\/2026\\\/01\\\/Drescher-Jewellery-wpml.png\",\"width\":500,\"height\":500,\"caption\":\"Drescher Jewellery\"},\"image\":{\"@id\":\"https:\\\/\\\/old.drescherjewellery.com\\\/de\\\/#\\\/schema\\\/logo\\\/image\\\/\"},\"sameAs\":[\"https:\\\/\\\/www.facebook.com\\\/drescherjewellery\",\"https:\\\/\\\/www.instagram.com\\\/drescherjewellery\",\"https:\\\/\\\/www.tiktok.com\\\/@drescherjewellery\"]}]}<\/script>\n<!-- \/ Yoast SEO Premium plugin. -->","yoast_head_json":{"title":"Silberne Halskette mit Kreis und Mondsichel-Anh\u00e4nger | Drescher Jewellery","description":"Fedezd fel a leny\u0171g\u00f6z\u0151 Silberne Halskette mit Kreis und Mondsichel-Anh\u00e4nger \u00e9kszer\u00fcnket. T\u00f6k\u00e9letes kieg\u00e9sz\u00edt\u0151 mindennapi viselethez \u00e9s k\u00fcl\u00f6nleges alkalmakra egyar\u00e1nt. Rendeld meg most!","robots":{"index":"index","follow":"follow","max-snippet":"max-snippet:-1","max-image-preview":"max-image-preview:large","max-video-preview":"max-video-preview:-1"},"canonical":"https:\/\/old.drescherjewellery.com\/de\/termek\/silberne-halskette-mit-kreis-und-mondsichel-anhaenger\/","og_locale":"de_DE","og_type":"article","og_title":"Silberne Halskette mit Kreis und Mondsichel-Anh\u00e4nger","og_description":"Fedezd fel a leny\u0171g\u00f6z\u0151 Silberne Halskette mit Kreis und Mondsichel-Anh\u00e4nger \u00e9kszer\u00fcnket. T\u00f6k\u00e9letes kieg\u00e9sz\u00edt\u0151 mindennapi viselethez \u00e9s k\u00fcl\u00f6nleges alkalmakra egyar\u00e1nt. Rendeld meg most!","og_url":"https:\/\/old.drescherjewellery.com\/de\/termek\/silberne-halskette-mit-kreis-und-mondsichel-anhaenger\/","og_site_name":"Drescher Jewellery","article_publisher":"https:\/\/www.facebook.com\/drescherjewellery","og_image":[{"width":1350,"height":1800,"url":"https:\/\/old.drescherjewellery.com\/wp-content\/uploads\/2025\/05\/Ezust-kor-es-felhold-medalos-nyaklanc_4.jpg","type":"image\/jpeg"}],"twitter_card":"summary_large_image","twitter_misc":{"Gesch\u00e4tzte Lesezeit":"1\u00a0Minute"},"schema":{"@context":"https:\/\/schema.org","@graph":[{"@type":"WebPage","@id":"https:\/\/old.drescherjewellery.com\/de\/termek\/silberne-halskette-mit-kreis-und-mondsichel-anhaenger\/","url":"https:\/\/old.drescherjewellery.com\/de\/termek\/silberne-halskette-mit-kreis-und-mondsichel-anhaenger\/","name":"Silberne Halskette mit Kreis und Mondsichel-Anh\u00e4nger | Drescher Jewellery","isPartOf":{"@id":"https:\/\/old.drescherjewellery.com\/de\/#website"},"primaryImageOfPage":{"@id":"https:\/\/old.drescherjewellery.com\/de\/termek\/silberne-halskette-mit-kreis-und-mondsichel-anhaenger\/#primaryimage"},"image":{"@id":"https:\/\/old.drescherjewellery.com\/de\/termek\/silberne-halskette-mit-kreis-und-mondsichel-anhaenger\/#primaryimage"},"thumbnailUrl":"https:\/\/old.drescherjewellery.com\/wp-content\/uploads\/2025\/05\/Ezust-kor-es-felhold-medalos-nyaklanc_4.jpg","datePublished":"2025-05-26T17:53:30+00:00","description":"Fedezd fel a leny\u0171g\u00f6z\u0151 Silberne Halskette mit Kreis und Mondsichel-Anh\u00e4nger \u00e9kszer\u00fcnket. T\u00f6k\u00e9letes kieg\u00e9sz\u00edt\u0151 mindennapi viselethez \u00e9s k\u00fcl\u00f6nleges alkalmakra egyar\u00e1nt. Rendeld meg most!","breadcrumb":{"@id":"https:\/\/old.drescherjewellery.com\/de\/termek\/silberne-halskette-mit-kreis-und-mondsichel-anhaenger\/#breadcrumb"},"inLanguage":"de","potentialAction":[{"@type":"ReadAction","target":["https:\/\/old.drescherjewellery.com\/de\/termek\/silberne-halskette-mit-kreis-und-mondsichel-anhaenger\/"]}]},{"@type":"ImageObject","inLanguage":"de","@id":"https:\/\/old.drescherjewellery.com\/de\/termek\/silberne-halskette-mit-kreis-und-mondsichel-anhaenger\/#primaryimage","url":"https:\/\/old.drescherjewellery.com\/wp-content\/uploads\/2025\/05\/Ezust-kor-es-felhold-medalos-nyaklanc_4.jpg","contentUrl":"https:\/\/old.drescherjewellery.com\/wp-content\/uploads\/2025\/05\/Ezust-kor-es-felhold-medalos-nyaklanc_4.jpg","width":1350,"height":1800},{"@type":"BreadcrumbList","@id":"https:\/\/old.drescherjewellery.com\/de\/termek\/silberne-halskette-mit-kreis-und-mondsichel-anhaenger\/#breadcrumb","itemListElement":[{"@type":"ListItem","position":1,"name":"Kezd\u0151lap","item":"https:\/\/old.drescherjewellery.com\/de\/"},{"@type":"ListItem","position":2,"name":"Shop","item":"https:\/\/old.drescherjewellery.com\/de\/shop\/"},{"@type":"ListItem","position":3,"name":"Silberne Halskette mit Kreis und Mondsichel-Anh\u00e4nger"}]},{"@type":"WebSite","@id":"https:\/\/old.drescherjewellery.com\/de\/#website","url":"https:\/\/old.drescherjewellery.com\/de\/","name":"Drescher Jewellery","description":"Tedd t\u00f6k\u00e9letesebb\u00e9 mindennapjaid a Drescher Jewellery \u00e9kszereivel.","publisher":{"@id":"https:\/\/old.drescherjewellery.com\/de\/#organization"},"alternateName":"Ez\u00fcst \u00c9kszer Web\u00e1ruh\u00e1z","potentialAction":[{"@type":"SearchAction","target":{"@type":"EntryPoint","urlTemplate":"https:\/\/old.drescherjewellery.com\/de\/?s={search_term_string}"},"query-input":{"@type":"PropertyValueSpecification","valueRequired":true,"valueName":"search_term_string"}}],"inLanguage":"de"},{"@type":"Organization","@id":"https:\/\/old.drescherjewellery.com\/de\/#organization","name":"Drescher Jewellery","url":"https:\/\/old.drescherjewellery.com\/de\/","logo":{"@type":"ImageObject","inLanguage":"de","@id":"https:\/\/old.drescherjewellery.com\/de\/#\/schema\/logo\/image\/","url":"https:\/\/drescherjewellery.com\/wp-content\/uploads\/2026\/01\/Drescher-Jewellery-wpml.png","contentUrl":"https:\/\/drescherjewellery.com\/wp-content\/uploads\/2026\/01\/Drescher-Jewellery-wpml.png","width":500,"height":500,"caption":"Drescher Jewellery"},"image":{"@id":"https:\/\/old.drescherjewellery.com\/de\/#\/schema\/logo\/image\/"},"sameAs":["https:\/\/www.facebook.com\/drescherjewellery","https:\/\/www.instagram.com\/drescherjewellery","https:\/\/www.tiktok.com\/@drescherjewellery"]}]}},"_links":{"self":[{"href":"https:\/\/old.drescherjewellery.com\/de\/wp-json\/wp\/v2\/product\/113057","targetHints":{"allow":["GET"]}}],"collection":[{"href":"https:\/\/old.drescherjewellery.com\/de\/wp-json\/wp\/v2\/product"}],"about":[{"href":"https:\/\/old.drescherjewellery.com\/de\/wp-json\/wp\/v2\/types\/product"}],"version-history":[{"count":0,"href":"https:\/\/old.drescherjewellery.com\/de\/wp-json\/wp\/v2\/product\/113057\/revisions"}],"wp:featuredmedia":[{"embeddable":true,"href":"https:\/\/old.drescherjewellery.com\/de\/wp-json\/wp\/v2\/media\/104101"}],"wp:attachment":[{"href":"https:\/\/old.drescherjewellery.com\/de\/wp-json\/wp\/v2\/media?parent=113057"}],"wp:term":[{"taxonomy":"product_brand","embeddable":true,"href":"https:\/\/old.drescherjewellery.com\/de\/wp-json\/wp\/v2\/product_brand?post=113057"},{"taxonomy":"product_cat","embeddable":true,"href":"https:\/\/old.drescherjewellery.com\/de\/wp-json\/wp\/v2\/product_cat?post=113057"},{"taxonomy":"product_tag","embeddable":true,"href":"https:\/\/old.drescherjewellery.com\/de\/wp-json\/wp\/v2\/product_tag?post=113057"}],"curies":[{"name":"wp","href":"https:\/\/api.w.org\/{rel}","templated":true}]}}