{"id":113398,"date":"2022-08-31T13:38:19","date_gmt":"2022-08-31T11:38:19","guid":{"rendered":"https:\/\/dianasilver.hu\/termek\/silberne-apfelkontur-ohrringe-mit-weissem-stein\/"},"modified":"2026-04-01T17:19:42","modified_gmt":"2026-04-01T15:19:42","slug":"silberne-apfelkontur-ohrringe-mit-weissem-stein","status":"publish","type":"product","link":"https:\/\/old.drescherjewellery.com\/de\/termek\/silberne-apfelkontur-ohrringe-mit-weissem-stein\/","title":{"rendered":"Silberne Apfelkontur-Ohrringe mit wei\u00dfem Stein"},"content":{"rendered":"<h2 data-start=\"295\" data-end=\"374\"><span style=\"vertical-align: inherit;\"><span style=\"vertical-align: inherit;\">\ud83d\udc8e <\/span><\/span><strong data-start=\"298\" data-end=\"372\"><span style=\"vertical-align: inherit;\"><span style=\"vertical-align: inherit;\">Silberne Apfelkontur-Ohrringe mit wei\u00dfem Stein &#8211; nat\u00fcrliche Eleganz<\/span><\/span><\/strong><\/h2>\n<p data-start=\"376\" data-end=\"676\"><span style=\"vertical-align: inherit;\"><span style=\"vertical-align: inherit;\">Diese einzigartigen <\/span><\/span><strong data-start=\"389\" data-end=\"421\"><span style=\"vertical-align: inherit;\"><span style=\"vertical-align: inherit;\">Ohrringe in Apfelform <\/span><\/span><\/strong> <strong data-start=\"422\" data-end=\"460\"><span style=\"vertical-align: inherit;\"><span style=\"vertical-align: inherit;\">AG 925 Sterlingsilber mit Rhodiumbeschichtung<\/span><\/span><\/strong><span style=\"vertical-align: inherit;\"><span style=\"vertical-align: inherit;\">  Feine wei\u00dfe Zirkoniasteine verleihen diesem besonderen Schmuckst\u00fcck, das Frische und femininen Charme ausstrahlt, noch mehr Brillanz. <\/span><\/span><\/p>\n<p data-start=\"678\" data-end=\"711\"><span style=\"vertical-align: inherit;\"><span style=\"vertical-align: inherit;\">\ud83c\udf4f <\/span><\/span><strong data-start=\"681\" data-end=\"709\"><span style=\"vertical-align: inherit;\"><span style=\"vertical-align: inherit;\">Was symbolisiert der Apfel?<\/span><\/span><\/strong><\/p>\n<ul data-start=\"712\" data-end=\"963\">\n<li data-start=\"712\" data-end=\"792\"><span style=\"vertical-align: inherit;\"><span style=\"vertical-align: inherit;\">Von <\/span><\/span><strong data-start=\"717\" data-end=\"744\"><span style=\"vertical-align: inherit;\"><span style=\"vertical-align: inherit;\">Symbol f\u00fcr Leben und Wissen<\/span><\/span><\/strong><span style=\"vertical-align: inherit;\"><span style=\"vertical-align: inherit;\"> als Symbol f\u00fcr Weisheit und Verst\u00e4ndnis.<\/span><\/span><\/li>\n<li data-start=\"793\" data-end=\"872\"><span style=\"vertical-align: inherit;\"><span style=\"vertical-align: inherit;\">A <\/span><\/span><strong data-start=\"797\" data-end=\"841\"><span style=\"vertical-align: inherit;\"><span style=\"vertical-align: inherit;\">die Verk\u00f6rperung von Natur und Frische<\/span><\/span><\/strong><span style=\"vertical-align: inherit;\"><span style=\"vertical-align: inherit;\"> die Leichtigkeit ausstrahlt.<\/span><\/span><\/li>\n<li data-start=\"873\" data-end=\"963\"><span style=\"vertical-align: inherit;\"><span style=\"vertical-align: inherit;\">Von <\/span><\/span><strong data-start=\"878\" data-end=\"918\"><span style=\"vertical-align: inherit;\"><span style=\"vertical-align: inherit;\">Symbol des Neuanfangs und der Energie<\/span><\/span><\/strong><span style=\"vertical-align: inherit;\"><span style=\"vertical-align: inherit;\"> die eine positive Wirkung auf den Tr\u00e4ger hat.<\/span><\/span><\/li>\n<\/ul>\n<p data-start=\"965\" data-end=\"1004\"><span style=\"vertical-align: inherit;\"><span style=\"vertical-align: inherit;\">\u2728 <\/span><\/span><strong data-start=\"967\" data-end=\"1002\"><span style=\"vertical-align: inherit;\"><span style=\"vertical-align: inherit;\">Warum sollten Sie diesen Ohrring w\u00e4hlen?<\/span><\/span><\/strong><\/p>\n<ul data-start=\"1005\" data-end=\"1338\">\n<li data-start=\"1005\" data-end=\"1088\"><strong data-start=\"1007\" data-end=\"1027\"><span style=\"vertical-align: inherit;\"><span style=\"vertical-align: inherit;\">Hochwertige Qualit\u00e4t: <\/span><\/span><\/strong> <strong data-start=\"1028\" data-end=\"1063\"><span style=\"vertical-align: inherit;\"><span style=\"vertical-align: inherit;\">AG 925 Silber, rhodiniert<\/span><\/span><\/strong><span style=\"vertical-align: inherit;\"><span style=\"vertical-align: inherit;\"> f\u00fcr einen dauerhaften Glanz.<\/span><\/span><\/li>\n<li data-start=\"1089\" data-end=\"1153\"><strong data-start=\"1091\" data-end=\"1124\"><span style=\"vertical-align: inherit;\"><span style=\"vertical-align: inherit;\">Raffiniertes Apfelkontur-Design:<\/span><\/span><\/strong><span style=\"vertical-align: inherit;\"><span style=\"vertical-align: inherit;\"> Einzigartiger und stilvoller Schmuck.<\/span><\/span><\/li>\n<li data-start=\"1154\" data-end=\"1238\"><strong data-start=\"1156\" data-end=\"1190\"><span style=\"vertical-align: inherit;\"><span style=\"vertical-align: inherit;\">Funkelnde wei\u00dfe Zirkoniasteine:<\/span><\/span><\/strong><span style=\"vertical-align: inherit;\"><span style=\"vertical-align: inherit;\"> Elegante Details f\u00fcr einen raffinierten Look.<\/span><\/span><\/li>\n<li data-start=\"1239\" data-end=\"1338\"><strong data-start=\"1241\" data-end=\"1263\"><span style=\"vertical-align: inherit;\"><span style=\"vertical-align: inherit;\">Bequem zu tragen:<\/span><\/span><\/strong><span style=\"vertical-align: inherit;\"><span style=\"vertical-align: inherit;\"> Leicht und den ganzen Tag \u00fcber tragbar, f\u00fcr Freizeit und Alltag.<\/span><\/span><\/li>\n<\/ul>\n<p data-start=\"1340\" data-end=\"1456\" data-is-last-node=\"\"><span style=\"vertical-align: inherit;\"><span style=\"vertical-align: inherit;\">\ud83c\udf81 <\/span><\/span><strong data-start=\"1343\" data-end=\"1454\"><span style=\"vertical-align: inherit;\"><span style=\"vertical-align: inherit;\">Perfektes Geschenk f\u00fcr Ihre Lieben oder f\u00fcr Sie selbst, wenn Sie auf der Suche nach einem besonderen und bedeutungsvollen Schmuckst\u00fcck sind!<\/span><\/span><\/strong><span style=\"vertical-align: inherit;\"><span style=\"vertical-align: inherit;\"> \u2728<\/span><\/span><\/p>\n","protected":false},"excerpt":{"rendered":"<p><strong data-start=\"36\" data-end=\"78\"><span style=\"vertical-align: inherit;\"><span style=\"vertical-align: inherit;\">Silberne Apfelkontur-Ohrringe mit wei\u00dfem Stein<\/span><\/span><\/strong><span style=\"vertical-align: inherit;\"><span style=\"vertical-align: inherit;\">  &#8211; Frische und Glanz in einem besonderen Schmuckst\u00fcck! \ud83c\udf4f\u2728 Die Harmonie zwischen dem klaren Design und den funkelnden wei\u00dfen Steinen macht ihn zur perfekten Wahl f\u00fcr den Alltag und die Freizeit. <\/span><\/span><\/p>\n","protected":false},"featured_media":101699,"template":"","meta":[],"product_brand":[],"product_cat":[573],"product_tag":[527,650],"class_list":["post-113398","product","type-product","status-publish","has-post-thumbnail","product_cat-silberne-ohrringe","product_tag-damen","product_tag-kinder-silberschmuck","description-off","first","instock","taxable","shipping-taxable","purchasable","product-type-simple"],"yoast_head":"<!-- This site is optimized with the Yoast SEO Premium plugin v26.8 (Yoast SEO v27.9) - https:\/\/yoast.com\/product\/yoast-seo-premium-wordpress\/ -->\n<title>Silberne Apfelkontur-Ohrringe mit wei\u00dfem Stein | Drescher Jewellery<\/title>\n<meta name=\"description\" content=\"Fedezd fel a leny\u0171g\u00f6z\u0151 Silberne Apfelkontur-Ohrringe mit wei\u00dfem Stein \u00e9kszer\u00fcnket. T\u00f6k\u00e9letes kieg\u00e9sz\u00edt\u0151 mindennapi viselethez \u00e9s k\u00fcl\u00f6nleges alkalmakra egyar\u00e1nt. Rendeld meg most!\" \/>\n<meta name=\"robots\" content=\"index, follow, max-snippet:-1, max-image-preview:large, max-video-preview:-1\" \/>\n<link rel=\"canonical\" href=\"https:\/\/old.drescherjewellery.com\/de\/termek\/silberne-apfelkontur-ohrringe-mit-weissem-stein\/\" \/>\n<meta property=\"og:locale\" content=\"de_DE\" \/>\n<meta property=\"og:type\" content=\"article\" \/>\n<meta property=\"og:title\" content=\"Silberne Apfelkontur-Ohrringe mit wei\u00dfem Stein\" \/>\n<meta property=\"og:description\" content=\"Fedezd fel a leny\u0171g\u00f6z\u0151 Silberne Apfelkontur-Ohrringe mit wei\u00dfem Stein \u00e9kszer\u00fcnket. T\u00f6k\u00e9letes kieg\u00e9sz\u00edt\u0151 mindennapi viselethez \u00e9s k\u00fcl\u00f6nleges alkalmakra egyar\u00e1nt. Rendeld meg most!\" \/>\n<meta property=\"og:url\" content=\"https:\/\/old.drescherjewellery.com\/de\/termek\/silberne-apfelkontur-ohrringe-mit-weissem-stein\/\" \/>\n<meta property=\"og:site_name\" content=\"Drescher Jewellery\" \/>\n<meta property=\"article:publisher\" content=\"https:\/\/www.facebook.com\/drescherjewellery\" \/>\n<meta property=\"article:modified_time\" content=\"2026-04-01T15:19:42+00:00\" \/>\n<meta property=\"og:image\" content=\"https:\/\/old.drescherjewellery.com\/wp-content\/uploads\/2022\/08\/ezust-feher-koves-almakontur-fulbevalo-101697.jpg\" \/>\n\t<meta property=\"og:image:width\" content=\"800\" \/>\n\t<meta property=\"og:image:height\" content=\"800\" \/>\n\t<meta property=\"og:image:type\" content=\"image\/jpeg\" \/>\n<meta name=\"twitter:card\" content=\"summary_large_image\" \/>\n<meta name=\"twitter:label1\" content=\"Gesch\u00e4tzte Lesezeit\" \/>\n\t<meta name=\"twitter:data1\" content=\"1\u00a0Minute\" \/>\n<script type=\"application\/ld+json\" class=\"yoast-schema-graph\">{\"@context\":\"https:\\\/\\\/schema.org\",\"@graph\":[{\"@type\":\"WebPage\",\"@id\":\"https:\\\/\\\/old.drescherjewellery.com\\\/de\\\/termek\\\/silberne-apfelkontur-ohrringe-mit-weissem-stein\\\/\",\"url\":\"https:\\\/\\\/old.drescherjewellery.com\\\/de\\\/termek\\\/silberne-apfelkontur-ohrringe-mit-weissem-stein\\\/\",\"name\":\"Silberne Apfelkontur-Ohrringe mit wei\u00dfem Stein | Drescher Jewellery\",\"isPartOf\":{\"@id\":\"https:\\\/\\\/old.drescherjewellery.com\\\/de\\\/#website\"},\"primaryImageOfPage\":{\"@id\":\"https:\\\/\\\/old.drescherjewellery.com\\\/de\\\/termek\\\/silberne-apfelkontur-ohrringe-mit-weissem-stein\\\/#primaryimage\"},\"image\":{\"@id\":\"https:\\\/\\\/old.drescherjewellery.com\\\/de\\\/termek\\\/silberne-apfelkontur-ohrringe-mit-weissem-stein\\\/#primaryimage\"},\"thumbnailUrl\":\"https:\\\/\\\/old.drescherjewellery.com\\\/wp-content\\\/uploads\\\/2022\\\/08\\\/ezust-feher-koves-almakontur-fulbevalo-101697.jpg\",\"datePublished\":\"2022-08-31T11:38:19+00:00\",\"dateModified\":\"2026-04-01T15:19:42+00:00\",\"description\":\"Fedezd fel a leny\u0171g\u00f6z\u0151 Silberne Apfelkontur-Ohrringe mit wei\u00dfem Stein \u00e9kszer\u00fcnket. T\u00f6k\u00e9letes kieg\u00e9sz\u00edt\u0151 mindennapi viselethez \u00e9s k\u00fcl\u00f6nleges alkalmakra egyar\u00e1nt. Rendeld meg most!\",\"breadcrumb\":{\"@id\":\"https:\\\/\\\/old.drescherjewellery.com\\\/de\\\/termek\\\/silberne-apfelkontur-ohrringe-mit-weissem-stein\\\/#breadcrumb\"},\"inLanguage\":\"de\",\"potentialAction\":[{\"@type\":\"ReadAction\",\"target\":[\"https:\\\/\\\/old.drescherjewellery.com\\\/de\\\/termek\\\/silberne-apfelkontur-ohrringe-mit-weissem-stein\\\/\"]}]},{\"@type\":\"ImageObject\",\"inLanguage\":\"de\",\"@id\":\"https:\\\/\\\/old.drescherjewellery.com\\\/de\\\/termek\\\/silberne-apfelkontur-ohrringe-mit-weissem-stein\\\/#primaryimage\",\"url\":\"https:\\\/\\\/old.drescherjewellery.com\\\/wp-content\\\/uploads\\\/2022\\\/08\\\/ezust-feher-koves-almakontur-fulbevalo-101697.jpg\",\"contentUrl\":\"https:\\\/\\\/old.drescherjewellery.com\\\/wp-content\\\/uploads\\\/2022\\\/08\\\/ezust-feher-koves-almakontur-fulbevalo-101697.jpg\",\"width\":800,\"height\":800},{\"@type\":\"BreadcrumbList\",\"@id\":\"https:\\\/\\\/old.drescherjewellery.com\\\/de\\\/termek\\\/silberne-apfelkontur-ohrringe-mit-weissem-stein\\\/#breadcrumb\",\"itemListElement\":[{\"@type\":\"ListItem\",\"position\":1,\"name\":\"Kezd\u0151lap\",\"item\":\"https:\\\/\\\/old.drescherjewellery.com\\\/de\\\/\"},{\"@type\":\"ListItem\",\"position\":2,\"name\":\"Shop\",\"item\":\"https:\\\/\\\/old.drescherjewellery.com\\\/de\\\/shop\\\/\"},{\"@type\":\"ListItem\",\"position\":3,\"name\":\"Silberne Apfelkontur-Ohrringe mit wei\u00dfem Stein\"}]},{\"@type\":\"WebSite\",\"@id\":\"https:\\\/\\\/old.drescherjewellery.com\\\/de\\\/#website\",\"url\":\"https:\\\/\\\/old.drescherjewellery.com\\\/de\\\/\",\"name\":\"Drescher Jewellery\",\"description\":\"Tedd t\u00f6k\u00e9letesebb\u00e9 mindennapjaid a Drescher Jewellery \u00e9kszereivel.\",\"publisher\":{\"@id\":\"https:\\\/\\\/old.drescherjewellery.com\\\/de\\\/#organization\"},\"alternateName\":\"Ez\u00fcst \u00c9kszer Web\u00e1ruh\u00e1z\",\"potentialAction\":[{\"@type\":\"SearchAction\",\"target\":{\"@type\":\"EntryPoint\",\"urlTemplate\":\"https:\\\/\\\/old.drescherjewellery.com\\\/de\\\/?s={search_term_string}\"},\"query-input\":{\"@type\":\"PropertyValueSpecification\",\"valueRequired\":true,\"valueName\":\"search_term_string\"}}],\"inLanguage\":\"de\"},{\"@type\":\"Organization\",\"@id\":\"https:\\\/\\\/old.drescherjewellery.com\\\/de\\\/#organization\",\"name\":\"Drescher Jewellery\",\"url\":\"https:\\\/\\\/old.drescherjewellery.com\\\/de\\\/\",\"logo\":{\"@type\":\"ImageObject\",\"inLanguage\":\"de\",\"@id\":\"https:\\\/\\\/old.drescherjewellery.com\\\/de\\\/#\\\/schema\\\/logo\\\/image\\\/\",\"url\":\"https:\\\/\\\/drescherjewellery.com\\\/wp-content\\\/uploads\\\/2026\\\/01\\\/Drescher-Jewellery-wpml.png\",\"contentUrl\":\"https:\\\/\\\/drescherjewellery.com\\\/wp-content\\\/uploads\\\/2026\\\/01\\\/Drescher-Jewellery-wpml.png\",\"width\":500,\"height\":500,\"caption\":\"Drescher Jewellery\"},\"image\":{\"@id\":\"https:\\\/\\\/old.drescherjewellery.com\\\/de\\\/#\\\/schema\\\/logo\\\/image\\\/\"},\"sameAs\":[\"https:\\\/\\\/www.facebook.com\\\/drescherjewellery\",\"https:\\\/\\\/www.instagram.com\\\/drescherjewellery\",\"https:\\\/\\\/www.tiktok.com\\\/@drescherjewellery\"]}]}<\/script>\n<!-- \/ Yoast SEO Premium plugin. -->","yoast_head_json":{"title":"Silberne Apfelkontur-Ohrringe mit wei\u00dfem Stein | Drescher Jewellery","description":"Fedezd fel a leny\u0171g\u00f6z\u0151 Silberne Apfelkontur-Ohrringe mit wei\u00dfem Stein \u00e9kszer\u00fcnket. T\u00f6k\u00e9letes kieg\u00e9sz\u00edt\u0151 mindennapi viselethez \u00e9s k\u00fcl\u00f6nleges alkalmakra egyar\u00e1nt. Rendeld meg most!","robots":{"index":"index","follow":"follow","max-snippet":"max-snippet:-1","max-image-preview":"max-image-preview:large","max-video-preview":"max-video-preview:-1"},"canonical":"https:\/\/old.drescherjewellery.com\/de\/termek\/silberne-apfelkontur-ohrringe-mit-weissem-stein\/","og_locale":"de_DE","og_type":"article","og_title":"Silberne Apfelkontur-Ohrringe mit wei\u00dfem Stein","og_description":"Fedezd fel a leny\u0171g\u00f6z\u0151 Silberne Apfelkontur-Ohrringe mit wei\u00dfem Stein \u00e9kszer\u00fcnket. T\u00f6k\u00e9letes kieg\u00e9sz\u00edt\u0151 mindennapi viselethez \u00e9s k\u00fcl\u00f6nleges alkalmakra egyar\u00e1nt. Rendeld meg most!","og_url":"https:\/\/old.drescherjewellery.com\/de\/termek\/silberne-apfelkontur-ohrringe-mit-weissem-stein\/","og_site_name":"Drescher Jewellery","article_publisher":"https:\/\/www.facebook.com\/drescherjewellery","article_modified_time":"2026-04-01T15:19:42+00:00","og_image":[{"width":800,"height":800,"url":"https:\/\/old.drescherjewellery.com\/wp-content\/uploads\/2022\/08\/ezust-feher-koves-almakontur-fulbevalo-101697.jpg","type":"image\/jpeg"}],"twitter_card":"summary_large_image","twitter_misc":{"Gesch\u00e4tzte Lesezeit":"1\u00a0Minute"},"schema":{"@context":"https:\/\/schema.org","@graph":[{"@type":"WebPage","@id":"https:\/\/old.drescherjewellery.com\/de\/termek\/silberne-apfelkontur-ohrringe-mit-weissem-stein\/","url":"https:\/\/old.drescherjewellery.com\/de\/termek\/silberne-apfelkontur-ohrringe-mit-weissem-stein\/","name":"Silberne Apfelkontur-Ohrringe mit wei\u00dfem Stein | Drescher Jewellery","isPartOf":{"@id":"https:\/\/old.drescherjewellery.com\/de\/#website"},"primaryImageOfPage":{"@id":"https:\/\/old.drescherjewellery.com\/de\/termek\/silberne-apfelkontur-ohrringe-mit-weissem-stein\/#primaryimage"},"image":{"@id":"https:\/\/old.drescherjewellery.com\/de\/termek\/silberne-apfelkontur-ohrringe-mit-weissem-stein\/#primaryimage"},"thumbnailUrl":"https:\/\/old.drescherjewellery.com\/wp-content\/uploads\/2022\/08\/ezust-feher-koves-almakontur-fulbevalo-101697.jpg","datePublished":"2022-08-31T11:38:19+00:00","dateModified":"2026-04-01T15:19:42+00:00","description":"Fedezd fel a leny\u0171g\u00f6z\u0151 Silberne Apfelkontur-Ohrringe mit wei\u00dfem Stein \u00e9kszer\u00fcnket. T\u00f6k\u00e9letes kieg\u00e9sz\u00edt\u0151 mindennapi viselethez \u00e9s k\u00fcl\u00f6nleges alkalmakra egyar\u00e1nt. Rendeld meg most!","breadcrumb":{"@id":"https:\/\/old.drescherjewellery.com\/de\/termek\/silberne-apfelkontur-ohrringe-mit-weissem-stein\/#breadcrumb"},"inLanguage":"de","potentialAction":[{"@type":"ReadAction","target":["https:\/\/old.drescherjewellery.com\/de\/termek\/silberne-apfelkontur-ohrringe-mit-weissem-stein\/"]}]},{"@type":"ImageObject","inLanguage":"de","@id":"https:\/\/old.drescherjewellery.com\/de\/termek\/silberne-apfelkontur-ohrringe-mit-weissem-stein\/#primaryimage","url":"https:\/\/old.drescherjewellery.com\/wp-content\/uploads\/2022\/08\/ezust-feher-koves-almakontur-fulbevalo-101697.jpg","contentUrl":"https:\/\/old.drescherjewellery.com\/wp-content\/uploads\/2022\/08\/ezust-feher-koves-almakontur-fulbevalo-101697.jpg","width":800,"height":800},{"@type":"BreadcrumbList","@id":"https:\/\/old.drescherjewellery.com\/de\/termek\/silberne-apfelkontur-ohrringe-mit-weissem-stein\/#breadcrumb","itemListElement":[{"@type":"ListItem","position":1,"name":"Kezd\u0151lap","item":"https:\/\/old.drescherjewellery.com\/de\/"},{"@type":"ListItem","position":2,"name":"Shop","item":"https:\/\/old.drescherjewellery.com\/de\/shop\/"},{"@type":"ListItem","position":3,"name":"Silberne Apfelkontur-Ohrringe mit wei\u00dfem Stein"}]},{"@type":"WebSite","@id":"https:\/\/old.drescherjewellery.com\/de\/#website","url":"https:\/\/old.drescherjewellery.com\/de\/","name":"Drescher Jewellery","description":"Tedd t\u00f6k\u00e9letesebb\u00e9 mindennapjaid a Drescher Jewellery \u00e9kszereivel.","publisher":{"@id":"https:\/\/old.drescherjewellery.com\/de\/#organization"},"alternateName":"Ez\u00fcst \u00c9kszer Web\u00e1ruh\u00e1z","potentialAction":[{"@type":"SearchAction","target":{"@type":"EntryPoint","urlTemplate":"https:\/\/old.drescherjewellery.com\/de\/?s={search_term_string}"},"query-input":{"@type":"PropertyValueSpecification","valueRequired":true,"valueName":"search_term_string"}}],"inLanguage":"de"},{"@type":"Organization","@id":"https:\/\/old.drescherjewellery.com\/de\/#organization","name":"Drescher Jewellery","url":"https:\/\/old.drescherjewellery.com\/de\/","logo":{"@type":"ImageObject","inLanguage":"de","@id":"https:\/\/old.drescherjewellery.com\/de\/#\/schema\/logo\/image\/","url":"https:\/\/drescherjewellery.com\/wp-content\/uploads\/2026\/01\/Drescher-Jewellery-wpml.png","contentUrl":"https:\/\/drescherjewellery.com\/wp-content\/uploads\/2026\/01\/Drescher-Jewellery-wpml.png","width":500,"height":500,"caption":"Drescher Jewellery"},"image":{"@id":"https:\/\/old.drescherjewellery.com\/de\/#\/schema\/logo\/image\/"},"sameAs":["https:\/\/www.facebook.com\/drescherjewellery","https:\/\/www.instagram.com\/drescherjewellery","https:\/\/www.tiktok.com\/@drescherjewellery"]}]}},"_links":{"self":[{"href":"https:\/\/old.drescherjewellery.com\/de\/wp-json\/wp\/v2\/product\/113398","targetHints":{"allow":["GET"]}}],"collection":[{"href":"https:\/\/old.drescherjewellery.com\/de\/wp-json\/wp\/v2\/product"}],"about":[{"href":"https:\/\/old.drescherjewellery.com\/de\/wp-json\/wp\/v2\/types\/product"}],"version-history":[{"count":0,"href":"https:\/\/old.drescherjewellery.com\/de\/wp-json\/wp\/v2\/product\/113398\/revisions"}],"wp:featuredmedia":[{"embeddable":true,"href":"https:\/\/old.drescherjewellery.com\/de\/wp-json\/wp\/v2\/media\/101699"}],"wp:attachment":[{"href":"https:\/\/old.drescherjewellery.com\/de\/wp-json\/wp\/v2\/media?parent=113398"}],"wp:term":[{"taxonomy":"product_brand","embeddable":true,"href":"https:\/\/old.drescherjewellery.com\/de\/wp-json\/wp\/v2\/product_brand?post=113398"},{"taxonomy":"product_cat","embeddable":true,"href":"https:\/\/old.drescherjewellery.com\/de\/wp-json\/wp\/v2\/product_cat?post=113398"},{"taxonomy":"product_tag","embeddable":true,"href":"https:\/\/old.drescherjewellery.com\/de\/wp-json\/wp\/v2\/product_tag?post=113398"}],"curies":[{"name":"wp","href":"https:\/\/api.w.org\/{rel}","templated":true}]}}