{"id":102941,"date":"2025-03-13T19:53:27","date_gmt":"2025-03-13T18:53:27","guid":{"rendered":"https:\/\/dianasilver.hu\/?post_type=product&#038;p=102941"},"modified":"2026-02-21T01:46:52","modified_gmt":"2026-02-21T00:46:52","slug":"ezust-feher-koves-logos-ekszer-szett","status":"publish","type":"product","link":"https:\/\/old.drescherjewellery.com\/hu\/termek\/ezust-feher-koves-logos-ekszer-szett\/","title":{"rendered":"Ez\u00fcst feh\u00e9r k\u00f6ves l\u00f3g\u00f3s \u00e9kszer szett"},"content":{"rendered":"<h2 data-start=\"0\" data-end=\"80\"><strong data-start=\"3\" data-end=\"78\">Ez\u00fcst feh\u00e9r k\u00f6ves l\u00f3g\u00f3s \u00e9kszerszett \u2013 kifinomult csillog\u00e1s \u00e9s elegancia<\/strong><\/h2>\n<p data-start=\"82\" data-end=\"556\">Ez az <strong data-start=\"88\" data-end=\"127\">ez\u00fcst feh\u00e9r k\u00f6ves l\u00f3g\u00f3s \u00e9kszerszett<\/strong> t\u00f6k\u00e9letes v\u00e1laszt\u00e1s azok sz\u00e1m\u00e1ra, akik szeretik a letisztult, m\u00e9gis l\u00e1tv\u00e1nyos \u00e9kszereket. <strong data-start=\"218\" data-end=\"264\">AG 925 ez\u00fcstb\u0151l k\u00e9sz\u00fclt, r\u00f3dium bevonattal<\/strong>, amely biztos\u00edtja a hosszan tart\u00f3 f\u00e9nyt \u00e9s v\u00e9delmet ny\u00fajt az elsz\u00ednez\u0151d\u00e9s ellen. A <strong data-start=\"348\" data-end=\"412\">l\u00f3g\u00f3s f\u00fclbeval\u00f3 \u00e9s a ragyog\u00f3 med\u00e1l t\u00f6k\u00e9letes \u00f6sszhangban van<\/strong>, \u00edgy ez a szett eleg\u00e1nsan eg\u00e9sz\u00edti ki b\u00e1rmilyen \u00f6lt\u00f6z\u00e9ket. A feh\u00e9r k\u00f6vek finom csillog\u00e1sa kiemeli visel\u0151je n\u0151iess\u00e9g\u00e9t \u00e9s kifinomult st\u00edlus\u00e1t.<\/p>\n<h3 data-start=\"558\" data-end=\"605\">\u2728 <strong data-start=\"564\" data-end=\"603\">Mit\u0151l k\u00fcl\u00f6nleges ez az \u00e9kszerszett?<\/strong><\/h3>\n<ul data-start=\"606\" data-end=\"877\">\n<li data-start=\"606\" data-end=\"694\">Letisztult \u00e9s id\u0151t\u00e1ll\u00f3 diz\u00e1jn \u2013 Klasszikus elegancia, amely minden alkalomhoz illik.<\/li>\n<li data-start=\"695\" data-end=\"793\">Feh\u00e9r k\u00f6vek csillog\u00e1sa \u2013 Finom, m\u00e9gis felt\u0171n\u0151 r\u00e9szletek, amelyek kiemelik az \u00e9kszer sz\u00e9ps\u00e9g\u00e9t.<\/li>\n<li data-start=\"794\" data-end=\"877\">L\u00f3g\u00f3s f\u00fclbeval\u00f3 \u00e9s med\u00e1l kombin\u00e1ci\u00f3ja \u2013 T\u00f6k\u00e9letes harm\u00f3ni\u00e1ban \u00e1llnak egym\u00e1ssal.<\/li>\n<\/ul>\n<h3 data-start=\"879\" data-end=\"927\">\ud83d\udc96 <strong data-start=\"886\" data-end=\"925\">Mi\u00e9rt v\u00e1laszd ezt az \u00e9kszerszettet?<\/strong><\/h3>\n<ul data-start=\"928\" data-end=\"1259\">\n<li data-start=\"928\" data-end=\"1020\">Pr\u00e9mium min\u0151s\u00e9g \u2013 <strong data-start=\"948\" data-end=\"983\">AG 925 ez\u00fcst, r\u00f3dium bevonattal<\/strong>, amely tart\u00f3s csillog\u00e1st biztos\u00edt.<\/li>\n<li data-start=\"1021\" data-end=\"1080\">Kifinomult feh\u00e9r k\u00f6vek \u2013 Eleg\u00e1ns \u00e9s ragyog\u00f3 megjelen\u00e9s.<\/li>\n<li data-start=\"1081\" data-end=\"1168\">L\u00f3g\u00f3s f\u00fclbeval\u00f3 \u2013 Kiemeli az arc sz\u00e9ps\u00e9g\u00e9t \u00e9s finom mozg\u00e1s\u00e1val eleg\u00e1ns hat\u00e1st kelt.<\/li>\n<li data-start=\"1169\" data-end=\"1259\">T\u00f6k\u00e9letes aj\u00e1nd\u00e9k \u2013 Egy csod\u00e1s szett, amely minden alkalomra ide\u00e1lis meglepet\u00e9s lehet.<\/li>\n<\/ul>\n<p data-start=\"1261\" data-end=\"1431\">\ud83c\udf81 <strong data-start=\"1264\" data-end=\"1298\">Aj\u00e1nd\u00e9knak is remek v\u00e1laszt\u00e1s!<\/strong><br data-start=\"1298\" data-end=\"1301\" \/>Ez az <strong data-start=\"1307\" data-end=\"1346\">ez\u00fcst feh\u00e9r k\u00f6ves l\u00f3g\u00f3s \u00e9kszerszett<\/strong> id\u0151tlen darab, amely k\u00fcl\u00f6nleges kieg\u00e9sz\u00edt\u0151je lehet minden n\u0151 \u00e9kszergy\u0171jtem\u00e9ny\u00e9nek.<\/p>\n<p data-start=\"1433\" data-end=\"1505\">\ud83d\udcab <strong data-start=\"1436\" data-end=\"1501\">Viseld ezt a ragyog\u00f3 szettet, \u00e9s t\u00fcnd\u00f6k\u00f6lj minden alkalommal!<\/strong> \u2728<\/p>\n","protected":false},"excerpt":{"rendered":"<p>\ud83d\udc8e <strong data-start=\"1556\" data-end=\"1595\">Ez\u00fcst feh\u00e9r k\u00f6ves l\u00f3g\u00f3s \u00e9kszerszett<\/strong> \u2013 Kifinomult csillog\u00e1s \u00e9s letisztult elegancia, amely t\u00f6k\u00e9letes kieg\u00e9sz\u00edt\u0151je minden alkalomnak! \u2728<\/p>\n","protected":false},"featured_media":102946,"template":"","meta":[],"product_brand":[],"product_cat":[29],"product_tag":[513],"class_list":["post-102941","product","type-product","status-publish","has-post-thumbnail","product_cat-ezust-ekszer-szett","product_tag-noi-ezust-ekszerek","description-off","first","instock","taxable","shipping-taxable","purchasable","product-type-simple"],"yoast_head":"<!-- This site is optimized with the Yoast SEO Premium plugin v26.8 (Yoast SEO v27.9) - https:\/\/yoast.com\/product\/yoast-seo-premium-wordpress\/ -->\n<title>Ez\u00fcst feh\u00e9r k\u00f6ves l\u00f3g\u00f3s \u00e9kszer szett | Drescher Jewellery<\/title>\n<meta name=\"description\" content=\"Fedezd fel a leny\u0171g\u00f6z\u0151 Ez\u00fcst feh\u00e9r k\u00f6ves l\u00f3g\u00f3s \u00e9kszer szett \u00e9kszer\u00fcnket. T\u00f6k\u00e9letes kieg\u00e9sz\u00edt\u0151 mindennapi viselethez \u00e9s k\u00fcl\u00f6nleges alkalmakra egyar\u00e1nt. Rendeld meg most!\" \/>\n<meta name=\"robots\" content=\"index, follow, max-snippet:-1, max-image-preview:large, max-video-preview:-1\" \/>\n<link rel=\"canonical\" href=\"https:\/\/old.drescherjewellery.com\/hu\/termek\/ezust-feher-koves-logos-ekszer-szett\/\" \/>\n<meta property=\"og:locale\" content=\"hu_HU\" \/>\n<meta property=\"og:type\" content=\"article\" \/>\n<meta property=\"og:title\" content=\"Ez\u00fcst feh\u00e9r k\u00f6ves l\u00f3g\u00f3s \u00e9kszer szett\" \/>\n<meta property=\"og:description\" content=\"Fedezd fel a leny\u0171g\u00f6z\u0151 Ez\u00fcst feh\u00e9r k\u00f6ves l\u00f3g\u00f3s \u00e9kszer szett \u00e9kszer\u00fcnket. T\u00f6k\u00e9letes kieg\u00e9sz\u00edt\u0151 mindennapi viselethez \u00e9s k\u00fcl\u00f6nleges alkalmakra egyar\u00e1nt. Rendeld meg most!\" \/>\n<meta property=\"og:url\" content=\"https:\/\/old.drescherjewellery.com\/hu\/termek\/ezust-feher-koves-logos-ekszer-szett\/\" \/>\n<meta property=\"og:site_name\" content=\"Drescher Jewellery\" \/>\n<meta property=\"article:publisher\" content=\"https:\/\/www.facebook.com\/drescherjewellery\" \/>\n<meta property=\"article:modified_time\" content=\"2026-02-21T00:46:52+00:00\" \/>\n<meta property=\"og:image\" content=\"https:\/\/old.drescherjewellery.com\/wp-content\/uploads\/2025\/03\/ezust-feher-koves-logos-ekszer-szett-102946.jpg\" \/>\n\t<meta property=\"og:image:width\" content=\"800\" \/>\n\t<meta property=\"og:image:height\" content=\"800\" \/>\n\t<meta property=\"og:image:type\" content=\"image\/jpeg\" \/>\n<meta name=\"twitter:card\" content=\"summary_large_image\" \/>\n<meta name=\"twitter:label1\" content=\"Becs\u00fclt olvas\u00e1si id\u0151\" \/>\n\t<meta name=\"twitter:data1\" content=\"2 perc\" \/>\n<script type=\"application\/ld+json\" class=\"yoast-schema-graph\">{\"@context\":\"https:\\\/\\\/schema.org\",\"@graph\":[{\"@type\":\"WebPage\",\"@id\":\"https:\\\/\\\/old.drescherjewellery.com\\\/hu\\\/termek\\\/ezust-feher-koves-logos-ekszer-szett\\\/\",\"url\":\"https:\\\/\\\/old.drescherjewellery.com\\\/hu\\\/termek\\\/ezust-feher-koves-logos-ekszer-szett\\\/\",\"name\":\"Ez\u00fcst feh\u00e9r k\u00f6ves l\u00f3g\u00f3s \u00e9kszer szett | Drescher Jewellery\",\"isPartOf\":{\"@id\":\"https:\\\/\\\/old.drescherjewellery.com\\\/hu\\\/#website\"},\"primaryImageOfPage\":{\"@id\":\"https:\\\/\\\/old.drescherjewellery.com\\\/hu\\\/termek\\\/ezust-feher-koves-logos-ekszer-szett\\\/#primaryimage\"},\"image\":{\"@id\":\"https:\\\/\\\/old.drescherjewellery.com\\\/hu\\\/termek\\\/ezust-feher-koves-logos-ekszer-szett\\\/#primaryimage\"},\"thumbnailUrl\":\"https:\\\/\\\/old.drescherjewellery.com\\\/wp-content\\\/uploads\\\/2025\\\/03\\\/ezust-feher-koves-logos-ekszer-szett-102946.jpg\",\"datePublished\":\"2025-03-13T18:53:27+00:00\",\"dateModified\":\"2026-02-21T00:46:52+00:00\",\"description\":\"Fedezd fel a leny\u0171g\u00f6z\u0151 Ez\u00fcst feh\u00e9r k\u00f6ves l\u00f3g\u00f3s \u00e9kszer szett \u00e9kszer\u00fcnket. T\u00f6k\u00e9letes kieg\u00e9sz\u00edt\u0151 mindennapi viselethez \u00e9s k\u00fcl\u00f6nleges alkalmakra egyar\u00e1nt. Rendeld meg most!\",\"breadcrumb\":{\"@id\":\"https:\\\/\\\/old.drescherjewellery.com\\\/hu\\\/termek\\\/ezust-feher-koves-logos-ekszer-szett\\\/#breadcrumb\"},\"inLanguage\":\"hu\",\"potentialAction\":[{\"@type\":\"ReadAction\",\"target\":[\"https:\\\/\\\/old.drescherjewellery.com\\\/hu\\\/termek\\\/ezust-feher-koves-logos-ekszer-szett\\\/\"]}]},{\"@type\":\"ImageObject\",\"inLanguage\":\"hu\",\"@id\":\"https:\\\/\\\/old.drescherjewellery.com\\\/hu\\\/termek\\\/ezust-feher-koves-logos-ekszer-szett\\\/#primaryimage\",\"url\":\"https:\\\/\\\/old.drescherjewellery.com\\\/wp-content\\\/uploads\\\/2025\\\/03\\\/ezust-feher-koves-logos-ekszer-szett-102946.jpg\",\"contentUrl\":\"https:\\\/\\\/old.drescherjewellery.com\\\/wp-content\\\/uploads\\\/2025\\\/03\\\/ezust-feher-koves-logos-ekszer-szett-102946.jpg\",\"width\":800,\"height\":800},{\"@type\":\"BreadcrumbList\",\"@id\":\"https:\\\/\\\/old.drescherjewellery.com\\\/hu\\\/termek\\\/ezust-feher-koves-logos-ekszer-szett\\\/#breadcrumb\",\"itemListElement\":[{\"@type\":\"ListItem\",\"position\":1,\"name\":\"Kezd\u0151lap\",\"item\":\"https:\\\/\\\/old.drescherjewellery.com\\\/hu\\\/\"},{\"@type\":\"ListItem\",\"position\":2,\"name\":\"Shop\",\"item\":\"https:\\\/\\\/old.drescherjewellery.com\\\/hu\\\/shop\\\/\"},{\"@type\":\"ListItem\",\"position\":3,\"name\":\"Ez\u00fcst feh\u00e9r k\u00f6ves l\u00f3g\u00f3s \u00e9kszer szett\"}]},{\"@type\":\"WebSite\",\"@id\":\"https:\\\/\\\/old.drescherjewellery.com\\\/hu\\\/#website\",\"url\":\"https:\\\/\\\/old.drescherjewellery.com\\\/hu\\\/\",\"name\":\"Drescher Jewellery\",\"description\":\"Tedd t\u00f6k\u00e9letesebb\u00e9 mindennapjaid a Drescher Jewellery \u00e9kszereivel.\",\"publisher\":{\"@id\":\"https:\\\/\\\/old.drescherjewellery.com\\\/hu\\\/#organization\"},\"alternateName\":\"Ez\u00fcst \u00c9kszer Web\u00e1ruh\u00e1z\",\"potentialAction\":[{\"@type\":\"SearchAction\",\"target\":{\"@type\":\"EntryPoint\",\"urlTemplate\":\"https:\\\/\\\/old.drescherjewellery.com\\\/hu\\\/?s={search_term_string}\"},\"query-input\":{\"@type\":\"PropertyValueSpecification\",\"valueRequired\":true,\"valueName\":\"search_term_string\"}}],\"inLanguage\":\"hu\"},{\"@type\":\"Organization\",\"@id\":\"https:\\\/\\\/old.drescherjewellery.com\\\/hu\\\/#organization\",\"name\":\"Drescher Jewellery\",\"url\":\"https:\\\/\\\/old.drescherjewellery.com\\\/hu\\\/\",\"logo\":{\"@type\":\"ImageObject\",\"inLanguage\":\"hu\",\"@id\":\"https:\\\/\\\/old.drescherjewellery.com\\\/hu\\\/#\\\/schema\\\/logo\\\/image\\\/\",\"url\":\"https:\\\/\\\/drescherjewellery.com\\\/wp-content\\\/uploads\\\/2026\\\/01\\\/Drescher-Jewellery-wpml.png\",\"contentUrl\":\"https:\\\/\\\/drescherjewellery.com\\\/wp-content\\\/uploads\\\/2026\\\/01\\\/Drescher-Jewellery-wpml.png\",\"width\":500,\"height\":500,\"caption\":\"Drescher Jewellery\"},\"image\":{\"@id\":\"https:\\\/\\\/old.drescherjewellery.com\\\/hu\\\/#\\\/schema\\\/logo\\\/image\\\/\"},\"sameAs\":[\"https:\\\/\\\/www.facebook.com\\\/drescherjewellery\",\"https:\\\/\\\/www.instagram.com\\\/drescherjewellery\",\"https:\\\/\\\/www.tiktok.com\\\/@drescherjewellery\"]}]}<\/script>\n<!-- \/ Yoast SEO Premium plugin. -->","yoast_head_json":{"title":"Ez\u00fcst feh\u00e9r k\u00f6ves l\u00f3g\u00f3s \u00e9kszer szett | Drescher Jewellery","description":"Fedezd fel a leny\u0171g\u00f6z\u0151 Ez\u00fcst feh\u00e9r k\u00f6ves l\u00f3g\u00f3s \u00e9kszer szett \u00e9kszer\u00fcnket. T\u00f6k\u00e9letes kieg\u00e9sz\u00edt\u0151 mindennapi viselethez \u00e9s k\u00fcl\u00f6nleges alkalmakra egyar\u00e1nt. Rendeld meg most!","robots":{"index":"index","follow":"follow","max-snippet":"max-snippet:-1","max-image-preview":"max-image-preview:large","max-video-preview":"max-video-preview:-1"},"canonical":"https:\/\/old.drescherjewellery.com\/hu\/termek\/ezust-feher-koves-logos-ekszer-szett\/","og_locale":"hu_HU","og_type":"article","og_title":"Ez\u00fcst feh\u00e9r k\u00f6ves l\u00f3g\u00f3s \u00e9kszer szett","og_description":"Fedezd fel a leny\u0171g\u00f6z\u0151 Ez\u00fcst feh\u00e9r k\u00f6ves l\u00f3g\u00f3s \u00e9kszer szett \u00e9kszer\u00fcnket. T\u00f6k\u00e9letes kieg\u00e9sz\u00edt\u0151 mindennapi viselethez \u00e9s k\u00fcl\u00f6nleges alkalmakra egyar\u00e1nt. Rendeld meg most!","og_url":"https:\/\/old.drescherjewellery.com\/hu\/termek\/ezust-feher-koves-logos-ekszer-szett\/","og_site_name":"Drescher Jewellery","article_publisher":"https:\/\/www.facebook.com\/drescherjewellery","article_modified_time":"2026-02-21T00:46:52+00:00","og_image":[{"width":800,"height":800,"url":"https:\/\/old.drescherjewellery.com\/wp-content\/uploads\/2025\/03\/ezust-feher-koves-logos-ekszer-szett-102946.jpg","type":"image\/jpeg"}],"twitter_card":"summary_large_image","twitter_misc":{"Becs\u00fclt olvas\u00e1si id\u0151":"2 perc"},"schema":{"@context":"https:\/\/schema.org","@graph":[{"@type":"WebPage","@id":"https:\/\/old.drescherjewellery.com\/hu\/termek\/ezust-feher-koves-logos-ekszer-szett\/","url":"https:\/\/old.drescherjewellery.com\/hu\/termek\/ezust-feher-koves-logos-ekszer-szett\/","name":"Ez\u00fcst feh\u00e9r k\u00f6ves l\u00f3g\u00f3s \u00e9kszer szett | Drescher Jewellery","isPartOf":{"@id":"https:\/\/old.drescherjewellery.com\/hu\/#website"},"primaryImageOfPage":{"@id":"https:\/\/old.drescherjewellery.com\/hu\/termek\/ezust-feher-koves-logos-ekszer-szett\/#primaryimage"},"image":{"@id":"https:\/\/old.drescherjewellery.com\/hu\/termek\/ezust-feher-koves-logos-ekszer-szett\/#primaryimage"},"thumbnailUrl":"https:\/\/old.drescherjewellery.com\/wp-content\/uploads\/2025\/03\/ezust-feher-koves-logos-ekszer-szett-102946.jpg","datePublished":"2025-03-13T18:53:27+00:00","dateModified":"2026-02-21T00:46:52+00:00","description":"Fedezd fel a leny\u0171g\u00f6z\u0151 Ez\u00fcst feh\u00e9r k\u00f6ves l\u00f3g\u00f3s \u00e9kszer szett \u00e9kszer\u00fcnket. T\u00f6k\u00e9letes kieg\u00e9sz\u00edt\u0151 mindennapi viselethez \u00e9s k\u00fcl\u00f6nleges alkalmakra egyar\u00e1nt. Rendeld meg most!","breadcrumb":{"@id":"https:\/\/old.drescherjewellery.com\/hu\/termek\/ezust-feher-koves-logos-ekszer-szett\/#breadcrumb"},"inLanguage":"hu","potentialAction":[{"@type":"ReadAction","target":["https:\/\/old.drescherjewellery.com\/hu\/termek\/ezust-feher-koves-logos-ekszer-szett\/"]}]},{"@type":"ImageObject","inLanguage":"hu","@id":"https:\/\/old.drescherjewellery.com\/hu\/termek\/ezust-feher-koves-logos-ekszer-szett\/#primaryimage","url":"https:\/\/old.drescherjewellery.com\/wp-content\/uploads\/2025\/03\/ezust-feher-koves-logos-ekszer-szett-102946.jpg","contentUrl":"https:\/\/old.drescherjewellery.com\/wp-content\/uploads\/2025\/03\/ezust-feher-koves-logos-ekszer-szett-102946.jpg","width":800,"height":800},{"@type":"BreadcrumbList","@id":"https:\/\/old.drescherjewellery.com\/hu\/termek\/ezust-feher-koves-logos-ekszer-szett\/#breadcrumb","itemListElement":[{"@type":"ListItem","position":1,"name":"Kezd\u0151lap","item":"https:\/\/old.drescherjewellery.com\/hu\/"},{"@type":"ListItem","position":2,"name":"Shop","item":"https:\/\/old.drescherjewellery.com\/hu\/shop\/"},{"@type":"ListItem","position":3,"name":"Ez\u00fcst feh\u00e9r k\u00f6ves l\u00f3g\u00f3s \u00e9kszer szett"}]},{"@type":"WebSite","@id":"https:\/\/old.drescherjewellery.com\/hu\/#website","url":"https:\/\/old.drescherjewellery.com\/hu\/","name":"Drescher Jewellery","description":"Tedd t\u00f6k\u00e9letesebb\u00e9 mindennapjaid a Drescher Jewellery \u00e9kszereivel.","publisher":{"@id":"https:\/\/old.drescherjewellery.com\/hu\/#organization"},"alternateName":"Ez\u00fcst \u00c9kszer Web\u00e1ruh\u00e1z","potentialAction":[{"@type":"SearchAction","target":{"@type":"EntryPoint","urlTemplate":"https:\/\/old.drescherjewellery.com\/hu\/?s={search_term_string}"},"query-input":{"@type":"PropertyValueSpecification","valueRequired":true,"valueName":"search_term_string"}}],"inLanguage":"hu"},{"@type":"Organization","@id":"https:\/\/old.drescherjewellery.com\/hu\/#organization","name":"Drescher Jewellery","url":"https:\/\/old.drescherjewellery.com\/hu\/","logo":{"@type":"ImageObject","inLanguage":"hu","@id":"https:\/\/old.drescherjewellery.com\/hu\/#\/schema\/logo\/image\/","url":"https:\/\/drescherjewellery.com\/wp-content\/uploads\/2026\/01\/Drescher-Jewellery-wpml.png","contentUrl":"https:\/\/drescherjewellery.com\/wp-content\/uploads\/2026\/01\/Drescher-Jewellery-wpml.png","width":500,"height":500,"caption":"Drescher Jewellery"},"image":{"@id":"https:\/\/old.drescherjewellery.com\/hu\/#\/schema\/logo\/image\/"},"sameAs":["https:\/\/www.facebook.com\/drescherjewellery","https:\/\/www.instagram.com\/drescherjewellery","https:\/\/www.tiktok.com\/@drescherjewellery"]}]}},"_links":{"self":[{"href":"https:\/\/old.drescherjewellery.com\/hu\/wp-json\/wp\/v2\/product\/102941","targetHints":{"allow":["GET"]}}],"collection":[{"href":"https:\/\/old.drescherjewellery.com\/hu\/wp-json\/wp\/v2\/product"}],"about":[{"href":"https:\/\/old.drescherjewellery.com\/hu\/wp-json\/wp\/v2\/types\/product"}],"version-history":[{"count":1,"href":"https:\/\/old.drescherjewellery.com\/hu\/wp-json\/wp\/v2\/product\/102941\/revisions"}],"predecessor-version":[{"id":119226,"href":"https:\/\/old.drescherjewellery.com\/hu\/wp-json\/wp\/v2\/product\/102941\/revisions\/119226"}],"wp:featuredmedia":[{"embeddable":true,"href":"https:\/\/old.drescherjewellery.com\/hu\/wp-json\/wp\/v2\/media\/102946"}],"wp:attachment":[{"href":"https:\/\/old.drescherjewellery.com\/hu\/wp-json\/wp\/v2\/media?parent=102941"}],"wp:term":[{"taxonomy":"product_brand","embeddable":true,"href":"https:\/\/old.drescherjewellery.com\/hu\/wp-json\/wp\/v2\/product_brand?post=102941"},{"taxonomy":"product_cat","embeddable":true,"href":"https:\/\/old.drescherjewellery.com\/hu\/wp-json\/wp\/v2\/product_cat?post=102941"},{"taxonomy":"product_tag","embeddable":true,"href":"https:\/\/old.drescherjewellery.com\/hu\/wp-json\/wp\/v2\/product_tag?post=102941"}],"curies":[{"name":"wp","href":"https:\/\/api.w.org\/{rel}","templated":true}]}}