{"id":103529,"date":"2025-05-21T15:36:05","date_gmt":"2025-05-21T13:36:05","guid":{"rendered":"https:\/\/dianasilver.hu\/?post_type=product&#038;p=103529"},"modified":"2026-06-09T20:52:49","modified_gmt":"2026-06-09T18:52:49","slug":"ezust-vilagoskek-sziv-alaku-koves-stekkeres-fulbevalo-feher-cirkoniaval","status":"publish","type":"product","link":"https:\/\/old.drescherjewellery.com\/hu\/termek\/ezust-vilagoskek-sziv-alaku-koves-stekkeres-fulbevalo-feher-cirkoniaval\/","title":{"rendered":"Ez\u00fcst vil\u00e1gosk\u00e9k sz\u00edv alak\u00fa k\u00f6ves stekkeres f\u00fclbeval\u00f3 feh\u00e9r cirk\u00f3ni\u00e1val"},"content":{"rendered":"<h2 data-start=\"1681\" data-end=\"1769\">Ez\u00fcst vil\u00e1gosk\u00e9k sz\u00edv alak\u00fa k\u00f6ves stekkeres f\u00fclbeval\u00f3 \u2013 \u00fcde sz\u00ednvil\u00e1g, j\u00e1t\u00e9kos b\u00e1j<\/h2>\n<p class=\"\" data-start=\"1771\" data-end=\"1983\">Ez a <strong data-start=\"1776\" data-end=\"1801\">vil\u00e1gosk\u00e9k sz\u00edv alak\u00fa<\/strong> k\u0151vel \u00e9s feh\u00e9r cirk\u00f3ni\u00e1val d\u00edsz\u00edtett f\u00fclbeval\u00f3 friss, l\u00e9gies st\u00edlust k\u00e9pvisel. A <strong data-start=\"1883\" data-end=\"1902\">AG 925 ez\u00fcstb\u0151l<\/strong> k\u00e9sz\u00fclt \u00e9kszer k\u00f6nnyed\u00e9n viselhet\u0151 a mindennapokban vagy egy eleg\u00e1ns alkalmon.<\/p>\n<p class=\"\" data-start=\"1985\" data-end=\"2034\">\ud83d\udc99 <strong data-start=\"1988\" data-end=\"2032\">Mit szimboliz\u00e1l a vil\u00e1gosk\u00e9k sz\u00edv forma?<\/strong><\/p>\n<ul data-start=\"2035\" data-end=\"2194\">\n<li class=\"\" data-start=\"2035\" data-end=\"2089\">\n<p class=\"\" data-start=\"2037\" data-end=\"2089\">A b\u00e9kess\u00e9g, nyugalom \u00e9s tiszta gondolatok jelk\u00e9pe.<\/p>\n<\/li>\n<li class=\"\" data-start=\"2090\" data-end=\"2135\">\n<p class=\"\" data-start=\"2092\" data-end=\"2135\">A vil\u00e1gosk\u00e9k a leveg\u0151 \u00e9s szabads\u00e1g sz\u00edne.<\/p>\n<\/li>\n<li class=\"\" data-start=\"2136\" data-end=\"2194\">\n<p class=\"\" data-start=\"2138\" data-end=\"2194\">A sz\u00edv alak a szeretet \u00e9s \u00e9rz\u00e9kenys\u00e9g megnyilv\u00e1nul\u00e1sa.<\/p>\n<\/li>\n<\/ul>\n<p class=\"\" data-start=\"2196\" data-end=\"2235\">\u2728 <strong data-start=\"2198\" data-end=\"2233\">Mi\u00e9rt v\u00e1laszd ezt a f\u00fclbeval\u00f3t?<\/strong><\/p>\n<ul data-start=\"2236\" data-end=\"2443\">\n<li class=\"\" data-start=\"2236\" data-end=\"2292\">\n<p class=\"\" data-start=\"2238\" data-end=\"2292\"><strong data-start=\"2238\" data-end=\"2263\">Min\u0151s\u00e9gi AG 925 ez\u00fcst<\/strong>, f\u00e9nyes r\u00f3dium bevonattal.<\/p>\n<\/li>\n<li class=\"\" data-start=\"2293\" data-end=\"2343\">\n<p class=\"\" data-start=\"2295\" data-end=\"2343\"><strong data-start=\"2295\" data-end=\"2312\">Vil\u00e1gosk\u00e9k k\u0151<\/strong>, csillog\u00f3 cirk\u00f3nia keretben.<\/p>\n<\/li>\n<li class=\"\" data-start=\"2344\" data-end=\"2395\">\n<p class=\"\" data-start=\"2346\" data-end=\"2395\"><strong data-start=\"2346\" data-end=\"2370\">Stekkeres kialak\u00edt\u00e1s<\/strong>, k\u00e9nyelmes viselethez.<\/p>\n<\/li>\n<li class=\"\" data-start=\"2396\" data-end=\"2443\">\n<p class=\"\" data-start=\"2398\" data-end=\"2443\"><strong data-start=\"2398\" data-end=\"2418\">Friss megjelen\u00e9s<\/strong>, amit k\u00f6nny\u0171 kombin\u00e1lni.<\/p>\n<\/li>\n<\/ul>\n<p class=\"\" data-start=\"2445\" data-end=\"2548\">\ud83c\udf81 Sz\u00e9p\u00edtsd meg vele saj\u00e1t st\u00edlusodat, vagy lepj meg vele valakit, aki szereti a l\u00e1gy \u00e1rnyalatokat! \ud83d\udc99\u2728<\/p>\n","protected":false},"excerpt":{"rendered":"<p>Ez\u00fcst vil\u00e1gosk\u00e9k sz\u00edv k\u00f6ves f\u00fclbeval\u00f3 \u2013 k\u00f6nnyeds\u00e9g \u00e9s frissess\u00e9g n\u0151ies megjelen\u00e9sben! \u2728<br data-start=\"1568\" data-end=\"1571\" \/>A vil\u00e1gosk\u00e9k k\u0151 \u00e9s a ragyog\u00f3 feh\u00e9r cirk\u00f3nia keret eleg\u00e1nsan kiemeli az arc von\u00e1sait.<\/p>\n","protected":false},"featured_media":103542,"template":"","meta":[],"product_brand":[],"product_cat":[28],"product_tag":[514,513,533,531],"class_list":["post-103529","product","type-product","status-publish","has-post-thumbnail","product_cat-ezust-fulbevalo","product_tag-gyermek-ezust-ekszer","product_tag-noi-ezust-ekszerek","product_tag-szines","product_tag-szivecskes","description-off","first","instock","taxable","shipping-taxable","purchasable","product-type-simple"],"yoast_head":"<!-- This site is optimized with the Yoast SEO Premium plugin v26.8 (Yoast SEO v27.9) - https:\/\/yoast.com\/product\/yoast-seo-premium-wordpress\/ -->\n<title>Ez\u00fcst vil\u00e1gosk\u00e9k sz\u00edv alak\u00fa k\u00f6ves stekkeres f\u00fclbeval\u00f3 feh\u00e9r cirk\u00f3ni\u00e1val | Drescher Jewellery<\/title>\n<meta name=\"description\" content=\"Fedezd fel a leny\u0171g\u00f6z\u0151 Ez\u00fcst vil\u00e1gosk\u00e9k sz\u00edv alak\u00fa k\u00f6ves stekkeres f\u00fclbeval\u00f3 feh\u00e9r cirk\u00f3ni\u00e1val \u00e9kszer\u00fcnket. T\u00f6k\u00e9letes kieg\u00e9sz\u00edt\u0151 mindennapi viselethez \u00e9s k\u00fcl\u00f6nleges alkalmakra egyar\u00e1nt. Rendeld meg most!\" \/>\n<meta name=\"robots\" content=\"index, follow, max-snippet:-1, max-image-preview:large, max-video-preview:-1\" \/>\n<link rel=\"canonical\" href=\"https:\/\/old.drescherjewellery.com\/hu\/termek\/ezust-vilagoskek-sziv-alaku-koves-stekkeres-fulbevalo-feher-cirkoniaval\/\" \/>\n<meta property=\"og:locale\" content=\"hu_HU\" \/>\n<meta property=\"og:type\" content=\"article\" \/>\n<meta property=\"og:title\" content=\"Ez\u00fcst vil\u00e1gosk\u00e9k sz\u00edv alak\u00fa k\u00f6ves stekkeres f\u00fclbeval\u00f3 feh\u00e9r cirk\u00f3ni\u00e1val\" \/>\n<meta property=\"og:description\" content=\"Fedezd fel a leny\u0171g\u00f6z\u0151 Ez\u00fcst vil\u00e1gosk\u00e9k sz\u00edv alak\u00fa k\u00f6ves stekkeres f\u00fclbeval\u00f3 feh\u00e9r cirk\u00f3ni\u00e1val \u00e9kszer\u00fcnket. T\u00f6k\u00e9letes kieg\u00e9sz\u00edt\u0151 mindennapi viselethez \u00e9s k\u00fcl\u00f6nleges alkalmakra egyar\u00e1nt. Rendeld meg most!\" \/>\n<meta property=\"og:url\" content=\"https:\/\/old.drescherjewellery.com\/hu\/termek\/ezust-vilagoskek-sziv-alaku-koves-stekkeres-fulbevalo-feher-cirkoniaval\/\" \/>\n<meta property=\"og:site_name\" content=\"Drescher Jewellery\" \/>\n<meta property=\"article:publisher\" content=\"https:\/\/www.facebook.com\/drescherjewellery\" \/>\n<meta property=\"article:modified_time\" content=\"2026-06-09T18:52:49+00:00\" \/>\n<meta property=\"og:image\" content=\"https:\/\/old.drescherjewellery.com\/wp-content\/uploads\/2025\/05\/Ezust-vilagoskek-sziv-alaku-koves-stekkeres-fulbevalo-feher-cirkoniaval_1.jpg\" \/>\n\t<meta property=\"og:image:width\" content=\"1350\" \/>\n\t<meta property=\"og:image:height\" content=\"1800\" \/>\n\t<meta property=\"og:image:type\" content=\"image\/jpeg\" \/>\n<meta name=\"twitter:card\" content=\"summary_large_image\" \/>\n<meta name=\"twitter:label1\" content=\"Becs\u00fclt olvas\u00e1si id\u0151\" \/>\n\t<meta name=\"twitter:data1\" content=\"1 perc\" \/>\n<script type=\"application\/ld+json\" class=\"yoast-schema-graph\">{\"@context\":\"https:\\\/\\\/schema.org\",\"@graph\":[{\"@type\":\"WebPage\",\"@id\":\"https:\\\/\\\/old.drescherjewellery.com\\\/hu\\\/termek\\\/ezust-vilagoskek-sziv-alaku-koves-stekkeres-fulbevalo-feher-cirkoniaval\\\/\",\"url\":\"https:\\\/\\\/old.drescherjewellery.com\\\/hu\\\/termek\\\/ezust-vilagoskek-sziv-alaku-koves-stekkeres-fulbevalo-feher-cirkoniaval\\\/\",\"name\":\"Ez\u00fcst vil\u00e1gosk\u00e9k sz\u00edv alak\u00fa k\u00f6ves stekkeres f\u00fclbeval\u00f3 feh\u00e9r cirk\u00f3ni\u00e1val | Drescher Jewellery\",\"isPartOf\":{\"@id\":\"https:\\\/\\\/old.drescherjewellery.com\\\/hu\\\/#website\"},\"primaryImageOfPage\":{\"@id\":\"https:\\\/\\\/old.drescherjewellery.com\\\/hu\\\/termek\\\/ezust-vilagoskek-sziv-alaku-koves-stekkeres-fulbevalo-feher-cirkoniaval\\\/#primaryimage\"},\"image\":{\"@id\":\"https:\\\/\\\/old.drescherjewellery.com\\\/hu\\\/termek\\\/ezust-vilagoskek-sziv-alaku-koves-stekkeres-fulbevalo-feher-cirkoniaval\\\/#primaryimage\"},\"thumbnailUrl\":\"https:\\\/\\\/old.drescherjewellery.com\\\/wp-content\\\/uploads\\\/2025\\\/05\\\/Ezust-vilagoskek-sziv-alaku-koves-stekkeres-fulbevalo-feher-cirkoniaval_1.jpg\",\"datePublished\":\"2025-05-21T13:36:05+00:00\",\"dateModified\":\"2026-06-09T18:52:49+00:00\",\"description\":\"Fedezd fel a leny\u0171g\u00f6z\u0151 Ez\u00fcst vil\u00e1gosk\u00e9k sz\u00edv alak\u00fa k\u00f6ves stekkeres f\u00fclbeval\u00f3 feh\u00e9r cirk\u00f3ni\u00e1val \u00e9kszer\u00fcnket. T\u00f6k\u00e9letes kieg\u00e9sz\u00edt\u0151 mindennapi viselethez \u00e9s k\u00fcl\u00f6nleges alkalmakra egyar\u00e1nt. Rendeld meg most!\",\"breadcrumb\":{\"@id\":\"https:\\\/\\\/old.drescherjewellery.com\\\/hu\\\/termek\\\/ezust-vilagoskek-sziv-alaku-koves-stekkeres-fulbevalo-feher-cirkoniaval\\\/#breadcrumb\"},\"inLanguage\":\"hu\",\"potentialAction\":[{\"@type\":\"ReadAction\",\"target\":[\"https:\\\/\\\/old.drescherjewellery.com\\\/hu\\\/termek\\\/ezust-vilagoskek-sziv-alaku-koves-stekkeres-fulbevalo-feher-cirkoniaval\\\/\"]}]},{\"@type\":\"ImageObject\",\"inLanguage\":\"hu\",\"@id\":\"https:\\\/\\\/old.drescherjewellery.com\\\/hu\\\/termek\\\/ezust-vilagoskek-sziv-alaku-koves-stekkeres-fulbevalo-feher-cirkoniaval\\\/#primaryimage\",\"url\":\"https:\\\/\\\/old.drescherjewellery.com\\\/wp-content\\\/uploads\\\/2025\\\/05\\\/Ezust-vilagoskek-sziv-alaku-koves-stekkeres-fulbevalo-feher-cirkoniaval_1.jpg\",\"contentUrl\":\"https:\\\/\\\/old.drescherjewellery.com\\\/wp-content\\\/uploads\\\/2025\\\/05\\\/Ezust-vilagoskek-sziv-alaku-koves-stekkeres-fulbevalo-feher-cirkoniaval_1.jpg\",\"width\":1350,\"height\":1800},{\"@type\":\"BreadcrumbList\",\"@id\":\"https:\\\/\\\/old.drescherjewellery.com\\\/hu\\\/termek\\\/ezust-vilagoskek-sziv-alaku-koves-stekkeres-fulbevalo-feher-cirkoniaval\\\/#breadcrumb\",\"itemListElement\":[{\"@type\":\"ListItem\",\"position\":1,\"name\":\"Kezd\u0151lap\",\"item\":\"https:\\\/\\\/old.drescherjewellery.com\\\/hu\\\/\"},{\"@type\":\"ListItem\",\"position\":2,\"name\":\"Shop\",\"item\":\"https:\\\/\\\/old.drescherjewellery.com\\\/hu\\\/shop\\\/\"},{\"@type\":\"ListItem\",\"position\":3,\"name\":\"Ez\u00fcst vil\u00e1gosk\u00e9k sz\u00edv alak\u00fa k\u00f6ves stekkeres f\u00fclbeval\u00f3 feh\u00e9r cirk\u00f3ni\u00e1val\"}]},{\"@type\":\"WebSite\",\"@id\":\"https:\\\/\\\/old.drescherjewellery.com\\\/hu\\\/#website\",\"url\":\"https:\\\/\\\/old.drescherjewellery.com\\\/hu\\\/\",\"name\":\"Drescher Jewellery\",\"description\":\"Tedd t\u00f6k\u00e9letesebb\u00e9 mindennapjaid a Drescher Jewellery \u00e9kszereivel.\",\"publisher\":{\"@id\":\"https:\\\/\\\/old.drescherjewellery.com\\\/hu\\\/#organization\"},\"alternateName\":\"Ez\u00fcst \u00c9kszer Web\u00e1ruh\u00e1z\",\"potentialAction\":[{\"@type\":\"SearchAction\",\"target\":{\"@type\":\"EntryPoint\",\"urlTemplate\":\"https:\\\/\\\/old.drescherjewellery.com\\\/hu\\\/?s={search_term_string}\"},\"query-input\":{\"@type\":\"PropertyValueSpecification\",\"valueRequired\":true,\"valueName\":\"search_term_string\"}}],\"inLanguage\":\"hu\"},{\"@type\":\"Organization\",\"@id\":\"https:\\\/\\\/old.drescherjewellery.com\\\/hu\\\/#organization\",\"name\":\"Drescher Jewellery\",\"url\":\"https:\\\/\\\/old.drescherjewellery.com\\\/hu\\\/\",\"logo\":{\"@type\":\"ImageObject\",\"inLanguage\":\"hu\",\"@id\":\"https:\\\/\\\/old.drescherjewellery.com\\\/hu\\\/#\\\/schema\\\/logo\\\/image\\\/\",\"url\":\"https:\\\/\\\/drescherjewellery.com\\\/wp-content\\\/uploads\\\/2026\\\/01\\\/Drescher-Jewellery-wpml.png\",\"contentUrl\":\"https:\\\/\\\/drescherjewellery.com\\\/wp-content\\\/uploads\\\/2026\\\/01\\\/Drescher-Jewellery-wpml.png\",\"width\":500,\"height\":500,\"caption\":\"Drescher Jewellery\"},\"image\":{\"@id\":\"https:\\\/\\\/old.drescherjewellery.com\\\/hu\\\/#\\\/schema\\\/logo\\\/image\\\/\"},\"sameAs\":[\"https:\\\/\\\/www.facebook.com\\\/drescherjewellery\",\"https:\\\/\\\/www.instagram.com\\\/drescherjewellery\",\"https:\\\/\\\/www.tiktok.com\\\/@drescherjewellery\"]}]}<\/script>\n<!-- \/ Yoast SEO Premium plugin. -->","yoast_head_json":{"title":"Ez\u00fcst vil\u00e1gosk\u00e9k sz\u00edv alak\u00fa k\u00f6ves stekkeres f\u00fclbeval\u00f3 feh\u00e9r cirk\u00f3ni\u00e1val | Drescher Jewellery","description":"Fedezd fel a leny\u0171g\u00f6z\u0151 Ez\u00fcst vil\u00e1gosk\u00e9k sz\u00edv alak\u00fa k\u00f6ves stekkeres f\u00fclbeval\u00f3 feh\u00e9r cirk\u00f3ni\u00e1val \u00e9kszer\u00fcnket. T\u00f6k\u00e9letes kieg\u00e9sz\u00edt\u0151 mindennapi viselethez \u00e9s k\u00fcl\u00f6nleges alkalmakra egyar\u00e1nt. Rendeld meg most!","robots":{"index":"index","follow":"follow","max-snippet":"max-snippet:-1","max-image-preview":"max-image-preview:large","max-video-preview":"max-video-preview:-1"},"canonical":"https:\/\/old.drescherjewellery.com\/hu\/termek\/ezust-vilagoskek-sziv-alaku-koves-stekkeres-fulbevalo-feher-cirkoniaval\/","og_locale":"hu_HU","og_type":"article","og_title":"Ez\u00fcst vil\u00e1gosk\u00e9k sz\u00edv alak\u00fa k\u00f6ves stekkeres f\u00fclbeval\u00f3 feh\u00e9r cirk\u00f3ni\u00e1val","og_description":"Fedezd fel a leny\u0171g\u00f6z\u0151 Ez\u00fcst vil\u00e1gosk\u00e9k sz\u00edv alak\u00fa k\u00f6ves stekkeres f\u00fclbeval\u00f3 feh\u00e9r cirk\u00f3ni\u00e1val \u00e9kszer\u00fcnket. T\u00f6k\u00e9letes kieg\u00e9sz\u00edt\u0151 mindennapi viselethez \u00e9s k\u00fcl\u00f6nleges alkalmakra egyar\u00e1nt. Rendeld meg most!","og_url":"https:\/\/old.drescherjewellery.com\/hu\/termek\/ezust-vilagoskek-sziv-alaku-koves-stekkeres-fulbevalo-feher-cirkoniaval\/","og_site_name":"Drescher Jewellery","article_publisher":"https:\/\/www.facebook.com\/drescherjewellery","article_modified_time":"2026-06-09T18:52:49+00:00","og_image":[{"width":1350,"height":1800,"url":"https:\/\/old.drescherjewellery.com\/wp-content\/uploads\/2025\/05\/Ezust-vilagoskek-sziv-alaku-koves-stekkeres-fulbevalo-feher-cirkoniaval_1.jpg","type":"image\/jpeg"}],"twitter_card":"summary_large_image","twitter_misc":{"Becs\u00fclt olvas\u00e1si id\u0151":"1 perc"},"schema":{"@context":"https:\/\/schema.org","@graph":[{"@type":"WebPage","@id":"https:\/\/old.drescherjewellery.com\/hu\/termek\/ezust-vilagoskek-sziv-alaku-koves-stekkeres-fulbevalo-feher-cirkoniaval\/","url":"https:\/\/old.drescherjewellery.com\/hu\/termek\/ezust-vilagoskek-sziv-alaku-koves-stekkeres-fulbevalo-feher-cirkoniaval\/","name":"Ez\u00fcst vil\u00e1gosk\u00e9k sz\u00edv alak\u00fa k\u00f6ves stekkeres f\u00fclbeval\u00f3 feh\u00e9r cirk\u00f3ni\u00e1val | Drescher Jewellery","isPartOf":{"@id":"https:\/\/old.drescherjewellery.com\/hu\/#website"},"primaryImageOfPage":{"@id":"https:\/\/old.drescherjewellery.com\/hu\/termek\/ezust-vilagoskek-sziv-alaku-koves-stekkeres-fulbevalo-feher-cirkoniaval\/#primaryimage"},"image":{"@id":"https:\/\/old.drescherjewellery.com\/hu\/termek\/ezust-vilagoskek-sziv-alaku-koves-stekkeres-fulbevalo-feher-cirkoniaval\/#primaryimage"},"thumbnailUrl":"https:\/\/old.drescherjewellery.com\/wp-content\/uploads\/2025\/05\/Ezust-vilagoskek-sziv-alaku-koves-stekkeres-fulbevalo-feher-cirkoniaval_1.jpg","datePublished":"2025-05-21T13:36:05+00:00","dateModified":"2026-06-09T18:52:49+00:00","description":"Fedezd fel a leny\u0171g\u00f6z\u0151 Ez\u00fcst vil\u00e1gosk\u00e9k sz\u00edv alak\u00fa k\u00f6ves stekkeres f\u00fclbeval\u00f3 feh\u00e9r cirk\u00f3ni\u00e1val \u00e9kszer\u00fcnket. T\u00f6k\u00e9letes kieg\u00e9sz\u00edt\u0151 mindennapi viselethez \u00e9s k\u00fcl\u00f6nleges alkalmakra egyar\u00e1nt. Rendeld meg most!","breadcrumb":{"@id":"https:\/\/old.drescherjewellery.com\/hu\/termek\/ezust-vilagoskek-sziv-alaku-koves-stekkeres-fulbevalo-feher-cirkoniaval\/#breadcrumb"},"inLanguage":"hu","potentialAction":[{"@type":"ReadAction","target":["https:\/\/old.drescherjewellery.com\/hu\/termek\/ezust-vilagoskek-sziv-alaku-koves-stekkeres-fulbevalo-feher-cirkoniaval\/"]}]},{"@type":"ImageObject","inLanguage":"hu","@id":"https:\/\/old.drescherjewellery.com\/hu\/termek\/ezust-vilagoskek-sziv-alaku-koves-stekkeres-fulbevalo-feher-cirkoniaval\/#primaryimage","url":"https:\/\/old.drescherjewellery.com\/wp-content\/uploads\/2025\/05\/Ezust-vilagoskek-sziv-alaku-koves-stekkeres-fulbevalo-feher-cirkoniaval_1.jpg","contentUrl":"https:\/\/old.drescherjewellery.com\/wp-content\/uploads\/2025\/05\/Ezust-vilagoskek-sziv-alaku-koves-stekkeres-fulbevalo-feher-cirkoniaval_1.jpg","width":1350,"height":1800},{"@type":"BreadcrumbList","@id":"https:\/\/old.drescherjewellery.com\/hu\/termek\/ezust-vilagoskek-sziv-alaku-koves-stekkeres-fulbevalo-feher-cirkoniaval\/#breadcrumb","itemListElement":[{"@type":"ListItem","position":1,"name":"Kezd\u0151lap","item":"https:\/\/old.drescherjewellery.com\/hu\/"},{"@type":"ListItem","position":2,"name":"Shop","item":"https:\/\/old.drescherjewellery.com\/hu\/shop\/"},{"@type":"ListItem","position":3,"name":"Ez\u00fcst vil\u00e1gosk\u00e9k sz\u00edv alak\u00fa k\u00f6ves stekkeres f\u00fclbeval\u00f3 feh\u00e9r cirk\u00f3ni\u00e1val"}]},{"@type":"WebSite","@id":"https:\/\/old.drescherjewellery.com\/hu\/#website","url":"https:\/\/old.drescherjewellery.com\/hu\/","name":"Drescher Jewellery","description":"Tedd t\u00f6k\u00e9letesebb\u00e9 mindennapjaid a Drescher Jewellery \u00e9kszereivel.","publisher":{"@id":"https:\/\/old.drescherjewellery.com\/hu\/#organization"},"alternateName":"Ez\u00fcst \u00c9kszer Web\u00e1ruh\u00e1z","potentialAction":[{"@type":"SearchAction","target":{"@type":"EntryPoint","urlTemplate":"https:\/\/old.drescherjewellery.com\/hu\/?s={search_term_string}"},"query-input":{"@type":"PropertyValueSpecification","valueRequired":true,"valueName":"search_term_string"}}],"inLanguage":"hu"},{"@type":"Organization","@id":"https:\/\/old.drescherjewellery.com\/hu\/#organization","name":"Drescher Jewellery","url":"https:\/\/old.drescherjewellery.com\/hu\/","logo":{"@type":"ImageObject","inLanguage":"hu","@id":"https:\/\/old.drescherjewellery.com\/hu\/#\/schema\/logo\/image\/","url":"https:\/\/drescherjewellery.com\/wp-content\/uploads\/2026\/01\/Drescher-Jewellery-wpml.png","contentUrl":"https:\/\/drescherjewellery.com\/wp-content\/uploads\/2026\/01\/Drescher-Jewellery-wpml.png","width":500,"height":500,"caption":"Drescher Jewellery"},"image":{"@id":"https:\/\/old.drescherjewellery.com\/hu\/#\/schema\/logo\/image\/"},"sameAs":["https:\/\/www.facebook.com\/drescherjewellery","https:\/\/www.instagram.com\/drescherjewellery","https:\/\/www.tiktok.com\/@drescherjewellery"]}]}},"_links":{"self":[{"href":"https:\/\/old.drescherjewellery.com\/hu\/wp-json\/wp\/v2\/product\/103529","targetHints":{"allow":["GET"]}}],"collection":[{"href":"https:\/\/old.drescherjewellery.com\/hu\/wp-json\/wp\/v2\/product"}],"about":[{"href":"https:\/\/old.drescherjewellery.com\/hu\/wp-json\/wp\/v2\/types\/product"}],"version-history":[{"count":1,"href":"https:\/\/old.drescherjewellery.com\/hu\/wp-json\/wp\/v2\/product\/103529\/revisions"}],"predecessor-version":[{"id":119245,"href":"https:\/\/old.drescherjewellery.com\/hu\/wp-json\/wp\/v2\/product\/103529\/revisions\/119245"}],"wp:featuredmedia":[{"embeddable":true,"href":"https:\/\/old.drescherjewellery.com\/hu\/wp-json\/wp\/v2\/media\/103542"}],"wp:attachment":[{"href":"https:\/\/old.drescherjewellery.com\/hu\/wp-json\/wp\/v2\/media?parent=103529"}],"wp:term":[{"taxonomy":"product_brand","embeddable":true,"href":"https:\/\/old.drescherjewellery.com\/hu\/wp-json\/wp\/v2\/product_brand?post=103529"},{"taxonomy":"product_cat","embeddable":true,"href":"https:\/\/old.drescherjewellery.com\/hu\/wp-json\/wp\/v2\/product_cat?post=103529"},{"taxonomy":"product_tag","embeddable":true,"href":"https:\/\/old.drescherjewellery.com\/hu\/wp-json\/wp\/v2\/product_tag?post=103529"}],"curies":[{"name":"wp","href":"https:\/\/api.w.org\/{rel}","templated":true}]}}