{"id":103686,"date":"2025-05-22T17:45:22","date_gmt":"2025-05-22T15:45:22","guid":{"rendered":"https:\/\/dianasilver.hu\/?post_type=product&#038;p=103686"},"modified":"2026-09-03T15:08:17","modified_gmt":"2026-09-03T13:08:17","slug":"mancs-a-szivemben-ezust-medal","status":"publish","type":"product","link":"https:\/\/old.drescherjewellery.com\/hu\/termek\/mancs-a-szivemben-ezust-medal\/","title":{"rendered":"Mancs a sz\u00edvemben ez\u00fcst med\u00e1l"},"content":{"rendered":"<h2 data-start=\"550\" data-end=\"875\"><strong data-start=\"550\" data-end=\"736\">Ez a k\u00fcl\u00f6nleges, sz\u00edv form\u00e1j\u00fa med\u00e1l apr\u00f3, cirk\u00f3ni\u00e1val d\u00edsz\u00edtett mancsnyomot rejt mag\u00e1ban \u2013 szimboliz\u00e1lva azt a m\u00e9ly, felt\u00e9tel n\u00e9lk\u00fcli szeretetet, amit csak egy h\u00e1zi kedvenc tud adni.<\/strong><\/h2>\n<p data-start=\"550\" data-end=\"875\">Finoman \u00edvelt form\u00e1ja \u00e9s ragyog\u00f3 r\u00e9szletei minden tekintetet mag\u00e1ra vonzanak \u2013 legyen sz\u00f3 napi viseletr\u0151l vagy sz\u00edvhez sz\u00f3l\u00f3 aj\u00e1nd\u00e9kr\u00f3l.<\/p>\n<p data-start=\"877\" data-end=\"1030\">\ud83d\udc3e <strong data-start=\"880\" data-end=\"904\">Mit \u00fczen ez a med\u00e1l?<\/strong><br data-start=\"904\" data-end=\"907\" \/>\u2013 A h\u0171s\u00e9get \u00e9s ragaszkod\u00e1st<br data-start=\"934\" data-end=\"937\" \/>\u2013 Az \u00e1llatszeretet csendes nyelv\u00e9t<br data-start=\"971\" data-end=\"974\" \/>\u2013 Egy apr\u00f3 mancs nyom\u00e1t, amit \u00f6r\u00f6kre \u0151rz\u00f6l a sz\u00edvedben<\/p>\n<p data-start=\"1032\" data-end=\"1379\">\ud83d\udc96 <strong data-start=\"1035\" data-end=\"1056\">Mi\u00e9rt k\u00fcl\u00f6nleges?<\/strong><br data-start=\"1056\" data-end=\"1059\" \/>\u2013 <strong data-start=\"1061\" data-end=\"1094\">Val\u00f3di AG925 ez\u00fcstb\u0151l k\u00e9sz\u00fclt<\/strong> \u2013 eleg\u00e1ns, id\u0151t\u00e1ll\u00f3 csillog\u00e1s<br data-start=\"1124\" data-end=\"1127\" \/>\u2013 <strong data-start=\"1129\" data-end=\"1156\">Cirk\u00f3niak\u00f6ves mancsd\u00edsz<\/strong> \u2013 j\u00e1t\u00e9kos, m\u00e9gis sz\u00edvhez sz\u00f3l\u00f3 r\u00e9szlet<br data-start=\"1195\" data-end=\"1198\" \/>\u2013 <strong data-start=\"1200\" data-end=\"1230\">Hipoallerg\u00e9n r\u00f3diumbevonat<\/strong> \u2013 v\u00e9di a b\u0151rt az irrit\u00e1ci\u00f3t\u00f3l, meg\u00f3vja az \u00e9kszert az elsz\u00ednez\u0151d\u00e9st\u0151l \u00e9s oxid\u00e1ci\u00f3t\u00f3l<br data-start=\"1314\" data-end=\"1317\" \/>\u2013 <strong data-start=\"1319\" data-end=\"1340\">T\u00f6k\u00e9letes aj\u00e1nd\u00e9k<\/strong> \u2013 minden \u00e1llatbar\u00e1t sz\u00edv\u00e9t meg\u00e9rinti<\/p>\n<p data-start=\"1381\" data-end=\"1530\">\ud83c\udf81 <strong data-start=\"1384\" data-end=\"1523\">Lehet egy kedves eml\u00e9kmed\u00e1l vagy egy finom, mindennap viselhet\u0151 darab \u2013 a Mancs a sz\u00edvemben med\u00e1lban egy \u00e9letre sz\u00f3l\u00f3 kapcsolat rejlik.<\/strong> \ud83d\udc36\ud83d\udc31\ud83d\udc96<\/p>\n","protected":false},"excerpt":{"rendered":"<p>Egy szeretettel teli sz\u00edv&#8230; \u00e9s benne egy apr\u00f3 mancs. \ud83d\udc3e Ez a gy\u00f6ny\u00f6r\u0171 ez\u00fcst med\u00e1l azoknak k\u00e9sz\u00fclt, akik sz\u00edv\u00fckben \u00f6r\u00f6kre helyet adtak egy n\u00e9gyl\u00e1b\u00fa bar\u00e1tnak. \ud83d\udc96<\/p>\n","protected":false},"featured_media":103702,"template":"","meta":[],"product_brand":[],"product_cat":[30],"product_tag":[529,514,513,531],"class_list":["post-103686","product","type-product","status-publish","has-post-thumbnail","product_cat-ezust-medal","product_tag-allatos","product_tag-gyermek-ezust-ekszer","product_tag-noi-ezust-ekszerek","product_tag-szivecskes","description-off","first","instock","taxable","shipping-taxable","purchasable","product-type-simple"],"yoast_head":"<!-- This site is optimized with the Yoast SEO Premium plugin v26.8 (Yoast SEO v27.9) - https:\/\/yoast.com\/product\/yoast-seo-premium-wordpress\/ -->\n<title>Mancs a sz\u00edvemben ez\u00fcst med\u00e1l | Drescher Jewellery<\/title>\n<meta name=\"description\" content=\"Fedezd fel a leny\u0171g\u00f6z\u0151 Mancs a sz\u00edvemben ez\u00fcst med\u00e1l \u00e9kszer\u00fcnket. T\u00f6k\u00e9letes kieg\u00e9sz\u00edt\u0151 mindennapi viselethez \u00e9s k\u00fcl\u00f6nleges alkalmakra egyar\u00e1nt. Rendeld meg most!\" \/>\n<meta name=\"robots\" content=\"index, follow, max-snippet:-1, max-image-preview:large, max-video-preview:-1\" \/>\n<link rel=\"canonical\" href=\"https:\/\/old.drescherjewellery.com\/hu\/termek\/mancs-a-szivemben-ezust-medal\/\" \/>\n<meta property=\"og:locale\" content=\"hu_HU\" \/>\n<meta property=\"og:type\" content=\"article\" \/>\n<meta property=\"og:title\" content=\"Mancs a sz\u00edvemben ez\u00fcst med\u00e1l\" \/>\n<meta property=\"og:description\" content=\"Fedezd fel a leny\u0171g\u00f6z\u0151 Mancs a sz\u00edvemben ez\u00fcst med\u00e1l \u00e9kszer\u00fcnket. T\u00f6k\u00e9letes kieg\u00e9sz\u00edt\u0151 mindennapi viselethez \u00e9s k\u00fcl\u00f6nleges alkalmakra egyar\u00e1nt. Rendeld meg most!\" \/>\n<meta property=\"og:url\" content=\"https:\/\/old.drescherjewellery.com\/hu\/termek\/mancs-a-szivemben-ezust-medal\/\" \/>\n<meta property=\"og:site_name\" content=\"Drescher Jewellery\" \/>\n<meta property=\"article:publisher\" content=\"https:\/\/www.facebook.com\/drescherjewellery\" \/>\n<meta property=\"article:modified_time\" content=\"2026-09-03T13:08:17+00:00\" \/>\n<meta property=\"og:image\" content=\"https:\/\/old.drescherjewellery.com\/wp-content\/uploads\/2025\/05\/Mancs-a-szivemben-ezust-medal_1.jpg\" \/>\n\t<meta property=\"og:image:width\" content=\"1321\" \/>\n\t<meta property=\"og:image:height\" content=\"1112\" \/>\n\t<meta property=\"og:image:type\" content=\"image\/jpeg\" \/>\n<meta name=\"twitter:card\" content=\"summary_large_image\" \/>\n<meta name=\"twitter:label1\" content=\"Becs\u00fclt olvas\u00e1si id\u0151\" \/>\n\t<meta name=\"twitter:data1\" content=\"1 perc\" \/>\n<script type=\"application\/ld+json\" class=\"yoast-schema-graph\">{\"@context\":\"https:\\\/\\\/schema.org\",\"@graph\":[{\"@type\":\"WebPage\",\"@id\":\"https:\\\/\\\/old.drescherjewellery.com\\\/hu\\\/termek\\\/mancs-a-szivemben-ezust-medal\\\/\",\"url\":\"https:\\\/\\\/old.drescherjewellery.com\\\/hu\\\/termek\\\/mancs-a-szivemben-ezust-medal\\\/\",\"name\":\"Mancs a sz\u00edvemben ez\u00fcst med\u00e1l | Drescher Jewellery\",\"isPartOf\":{\"@id\":\"https:\\\/\\\/old.drescherjewellery.com\\\/hu\\\/#website\"},\"primaryImageOfPage\":{\"@id\":\"https:\\\/\\\/old.drescherjewellery.com\\\/hu\\\/termek\\\/mancs-a-szivemben-ezust-medal\\\/#primaryimage\"},\"image\":{\"@id\":\"https:\\\/\\\/old.drescherjewellery.com\\\/hu\\\/termek\\\/mancs-a-szivemben-ezust-medal\\\/#primaryimage\"},\"thumbnailUrl\":\"https:\\\/\\\/old.drescherjewellery.com\\\/wp-content\\\/uploads\\\/2025\\\/05\\\/Mancs-a-szivemben-ezust-medal_1.jpg\",\"datePublished\":\"2025-05-22T15:45:22+00:00\",\"dateModified\":\"2026-09-03T13:08:17+00:00\",\"description\":\"Fedezd fel a leny\u0171g\u00f6z\u0151 Mancs a sz\u00edvemben ez\u00fcst med\u00e1l \u00e9kszer\u00fcnket. T\u00f6k\u00e9letes kieg\u00e9sz\u00edt\u0151 mindennapi viselethez \u00e9s k\u00fcl\u00f6nleges alkalmakra egyar\u00e1nt. Rendeld meg most!\",\"breadcrumb\":{\"@id\":\"https:\\\/\\\/old.drescherjewellery.com\\\/hu\\\/termek\\\/mancs-a-szivemben-ezust-medal\\\/#breadcrumb\"},\"inLanguage\":\"hu\",\"potentialAction\":[{\"@type\":\"ReadAction\",\"target\":[\"https:\\\/\\\/old.drescherjewellery.com\\\/hu\\\/termek\\\/mancs-a-szivemben-ezust-medal\\\/\"]}]},{\"@type\":\"ImageObject\",\"inLanguage\":\"hu\",\"@id\":\"https:\\\/\\\/old.drescherjewellery.com\\\/hu\\\/termek\\\/mancs-a-szivemben-ezust-medal\\\/#primaryimage\",\"url\":\"https:\\\/\\\/old.drescherjewellery.com\\\/wp-content\\\/uploads\\\/2025\\\/05\\\/Mancs-a-szivemben-ezust-medal_1.jpg\",\"contentUrl\":\"https:\\\/\\\/old.drescherjewellery.com\\\/wp-content\\\/uploads\\\/2025\\\/05\\\/Mancs-a-szivemben-ezust-medal_1.jpg\",\"width\":1321,\"height\":1112},{\"@type\":\"BreadcrumbList\",\"@id\":\"https:\\\/\\\/old.drescherjewellery.com\\\/hu\\\/termek\\\/mancs-a-szivemben-ezust-medal\\\/#breadcrumb\",\"itemListElement\":[{\"@type\":\"ListItem\",\"position\":1,\"name\":\"Kezd\u0151lap\",\"item\":\"https:\\\/\\\/old.drescherjewellery.com\\\/hu\\\/\"},{\"@type\":\"ListItem\",\"position\":2,\"name\":\"Shop\",\"item\":\"https:\\\/\\\/old.drescherjewellery.com\\\/hu\\\/shop\\\/\"},{\"@type\":\"ListItem\",\"position\":3,\"name\":\"Mancs a sz\u00edvemben ez\u00fcst med\u00e1l\"}]},{\"@type\":\"WebSite\",\"@id\":\"https:\\\/\\\/old.drescherjewellery.com\\\/hu\\\/#website\",\"url\":\"https:\\\/\\\/old.drescherjewellery.com\\\/hu\\\/\",\"name\":\"Drescher Jewellery\",\"description\":\"Tedd t\u00f6k\u00e9letesebb\u00e9 mindennapjaid a Drescher Jewellery \u00e9kszereivel.\",\"publisher\":{\"@id\":\"https:\\\/\\\/old.drescherjewellery.com\\\/hu\\\/#organization\"},\"alternateName\":\"Ez\u00fcst \u00c9kszer Web\u00e1ruh\u00e1z\",\"potentialAction\":[{\"@type\":\"SearchAction\",\"target\":{\"@type\":\"EntryPoint\",\"urlTemplate\":\"https:\\\/\\\/old.drescherjewellery.com\\\/hu\\\/?s={search_term_string}\"},\"query-input\":{\"@type\":\"PropertyValueSpecification\",\"valueRequired\":true,\"valueName\":\"search_term_string\"}}],\"inLanguage\":\"hu\"},{\"@type\":\"Organization\",\"@id\":\"https:\\\/\\\/old.drescherjewellery.com\\\/hu\\\/#organization\",\"name\":\"Drescher Jewellery\",\"url\":\"https:\\\/\\\/old.drescherjewellery.com\\\/hu\\\/\",\"logo\":{\"@type\":\"ImageObject\",\"inLanguage\":\"hu\",\"@id\":\"https:\\\/\\\/old.drescherjewellery.com\\\/hu\\\/#\\\/schema\\\/logo\\\/image\\\/\",\"url\":\"https:\\\/\\\/drescherjewellery.com\\\/wp-content\\\/uploads\\\/2026\\\/01\\\/Drescher-Jewellery-wpml.png\",\"contentUrl\":\"https:\\\/\\\/drescherjewellery.com\\\/wp-content\\\/uploads\\\/2026\\\/01\\\/Drescher-Jewellery-wpml.png\",\"width\":500,\"height\":500,\"caption\":\"Drescher Jewellery\"},\"image\":{\"@id\":\"https:\\\/\\\/old.drescherjewellery.com\\\/hu\\\/#\\\/schema\\\/logo\\\/image\\\/\"},\"sameAs\":[\"https:\\\/\\\/www.facebook.com\\\/drescherjewellery\",\"https:\\\/\\\/www.instagram.com\\\/drescherjewellery\",\"https:\\\/\\\/www.tiktok.com\\\/@drescherjewellery\"]}]}<\/script>\n<!-- \/ Yoast SEO Premium plugin. -->","yoast_head_json":{"title":"Mancs a sz\u00edvemben ez\u00fcst med\u00e1l | Drescher Jewellery","description":"Fedezd fel a leny\u0171g\u00f6z\u0151 Mancs a sz\u00edvemben ez\u00fcst med\u00e1l \u00e9kszer\u00fcnket. T\u00f6k\u00e9letes kieg\u00e9sz\u00edt\u0151 mindennapi viselethez \u00e9s k\u00fcl\u00f6nleges alkalmakra egyar\u00e1nt. Rendeld meg most!","robots":{"index":"index","follow":"follow","max-snippet":"max-snippet:-1","max-image-preview":"max-image-preview:large","max-video-preview":"max-video-preview:-1"},"canonical":"https:\/\/old.drescherjewellery.com\/hu\/termek\/mancs-a-szivemben-ezust-medal\/","og_locale":"hu_HU","og_type":"article","og_title":"Mancs a sz\u00edvemben ez\u00fcst med\u00e1l","og_description":"Fedezd fel a leny\u0171g\u00f6z\u0151 Mancs a sz\u00edvemben ez\u00fcst med\u00e1l \u00e9kszer\u00fcnket. T\u00f6k\u00e9letes kieg\u00e9sz\u00edt\u0151 mindennapi viselethez \u00e9s k\u00fcl\u00f6nleges alkalmakra egyar\u00e1nt. Rendeld meg most!","og_url":"https:\/\/old.drescherjewellery.com\/hu\/termek\/mancs-a-szivemben-ezust-medal\/","og_site_name":"Drescher Jewellery","article_publisher":"https:\/\/www.facebook.com\/drescherjewellery","article_modified_time":"2026-09-03T13:08:17+00:00","og_image":[{"width":1321,"height":1112,"url":"https:\/\/old.drescherjewellery.com\/wp-content\/uploads\/2025\/05\/Mancs-a-szivemben-ezust-medal_1.jpg","type":"image\/jpeg"}],"twitter_card":"summary_large_image","twitter_misc":{"Becs\u00fclt olvas\u00e1si id\u0151":"1 perc"},"schema":{"@context":"https:\/\/schema.org","@graph":[{"@type":"WebPage","@id":"https:\/\/old.drescherjewellery.com\/hu\/termek\/mancs-a-szivemben-ezust-medal\/","url":"https:\/\/old.drescherjewellery.com\/hu\/termek\/mancs-a-szivemben-ezust-medal\/","name":"Mancs a sz\u00edvemben ez\u00fcst med\u00e1l | Drescher Jewellery","isPartOf":{"@id":"https:\/\/old.drescherjewellery.com\/hu\/#website"},"primaryImageOfPage":{"@id":"https:\/\/old.drescherjewellery.com\/hu\/termek\/mancs-a-szivemben-ezust-medal\/#primaryimage"},"image":{"@id":"https:\/\/old.drescherjewellery.com\/hu\/termek\/mancs-a-szivemben-ezust-medal\/#primaryimage"},"thumbnailUrl":"https:\/\/old.drescherjewellery.com\/wp-content\/uploads\/2025\/05\/Mancs-a-szivemben-ezust-medal_1.jpg","datePublished":"2025-05-22T15:45:22+00:00","dateModified":"2026-09-03T13:08:17+00:00","description":"Fedezd fel a leny\u0171g\u00f6z\u0151 Mancs a sz\u00edvemben ez\u00fcst med\u00e1l \u00e9kszer\u00fcnket. T\u00f6k\u00e9letes kieg\u00e9sz\u00edt\u0151 mindennapi viselethez \u00e9s k\u00fcl\u00f6nleges alkalmakra egyar\u00e1nt. Rendeld meg most!","breadcrumb":{"@id":"https:\/\/old.drescherjewellery.com\/hu\/termek\/mancs-a-szivemben-ezust-medal\/#breadcrumb"},"inLanguage":"hu","potentialAction":[{"@type":"ReadAction","target":["https:\/\/old.drescherjewellery.com\/hu\/termek\/mancs-a-szivemben-ezust-medal\/"]}]},{"@type":"ImageObject","inLanguage":"hu","@id":"https:\/\/old.drescherjewellery.com\/hu\/termek\/mancs-a-szivemben-ezust-medal\/#primaryimage","url":"https:\/\/old.drescherjewellery.com\/wp-content\/uploads\/2025\/05\/Mancs-a-szivemben-ezust-medal_1.jpg","contentUrl":"https:\/\/old.drescherjewellery.com\/wp-content\/uploads\/2025\/05\/Mancs-a-szivemben-ezust-medal_1.jpg","width":1321,"height":1112},{"@type":"BreadcrumbList","@id":"https:\/\/old.drescherjewellery.com\/hu\/termek\/mancs-a-szivemben-ezust-medal\/#breadcrumb","itemListElement":[{"@type":"ListItem","position":1,"name":"Kezd\u0151lap","item":"https:\/\/old.drescherjewellery.com\/hu\/"},{"@type":"ListItem","position":2,"name":"Shop","item":"https:\/\/old.drescherjewellery.com\/hu\/shop\/"},{"@type":"ListItem","position":3,"name":"Mancs a sz\u00edvemben ez\u00fcst med\u00e1l"}]},{"@type":"WebSite","@id":"https:\/\/old.drescherjewellery.com\/hu\/#website","url":"https:\/\/old.drescherjewellery.com\/hu\/","name":"Drescher Jewellery","description":"Tedd t\u00f6k\u00e9letesebb\u00e9 mindennapjaid a Drescher Jewellery \u00e9kszereivel.","publisher":{"@id":"https:\/\/old.drescherjewellery.com\/hu\/#organization"},"alternateName":"Ez\u00fcst \u00c9kszer Web\u00e1ruh\u00e1z","potentialAction":[{"@type":"SearchAction","target":{"@type":"EntryPoint","urlTemplate":"https:\/\/old.drescherjewellery.com\/hu\/?s={search_term_string}"},"query-input":{"@type":"PropertyValueSpecification","valueRequired":true,"valueName":"search_term_string"}}],"inLanguage":"hu"},{"@type":"Organization","@id":"https:\/\/old.drescherjewellery.com\/hu\/#organization","name":"Drescher Jewellery","url":"https:\/\/old.drescherjewellery.com\/hu\/","logo":{"@type":"ImageObject","inLanguage":"hu","@id":"https:\/\/old.drescherjewellery.com\/hu\/#\/schema\/logo\/image\/","url":"https:\/\/drescherjewellery.com\/wp-content\/uploads\/2026\/01\/Drescher-Jewellery-wpml.png","contentUrl":"https:\/\/drescherjewellery.com\/wp-content\/uploads\/2026\/01\/Drescher-Jewellery-wpml.png","width":500,"height":500,"caption":"Drescher Jewellery"},"image":{"@id":"https:\/\/old.drescherjewellery.com\/hu\/#\/schema\/logo\/image\/"},"sameAs":["https:\/\/www.facebook.com\/drescherjewellery","https:\/\/www.instagram.com\/drescherjewellery","https:\/\/www.tiktok.com\/@drescherjewellery"]}]}},"_links":{"self":[{"href":"https:\/\/old.drescherjewellery.com\/hu\/wp-json\/wp\/v2\/product\/103686","targetHints":{"allow":["GET"]}}],"collection":[{"href":"https:\/\/old.drescherjewellery.com\/hu\/wp-json\/wp\/v2\/product"}],"about":[{"href":"https:\/\/old.drescherjewellery.com\/hu\/wp-json\/wp\/v2\/types\/product"}],"version-history":[{"count":1,"href":"https:\/\/old.drescherjewellery.com\/hu\/wp-json\/wp\/v2\/product\/103686\/revisions"}],"predecessor-version":[{"id":119249,"href":"https:\/\/old.drescherjewellery.com\/hu\/wp-json\/wp\/v2\/product\/103686\/revisions\/119249"}],"wp:featuredmedia":[{"embeddable":true,"href":"https:\/\/old.drescherjewellery.com\/hu\/wp-json\/wp\/v2\/media\/103702"}],"wp:attachment":[{"href":"https:\/\/old.drescherjewellery.com\/hu\/wp-json\/wp\/v2\/media?parent=103686"}],"wp:term":[{"taxonomy":"product_brand","embeddable":true,"href":"https:\/\/old.drescherjewellery.com\/hu\/wp-json\/wp\/v2\/product_brand?post=103686"},{"taxonomy":"product_cat","embeddable":true,"href":"https:\/\/old.drescherjewellery.com\/hu\/wp-json\/wp\/v2\/product_cat?post=103686"},{"taxonomy":"product_tag","embeddable":true,"href":"https:\/\/old.drescherjewellery.com\/hu\/wp-json\/wp\/v2\/product_tag?post=103686"}],"curies":[{"name":"wp","href":"https:\/\/api.w.org\/{rel}","templated":true}]}}