{"id":105539,"date":"2025-06-03T15:34:31","date_gmt":"2025-06-03T13:34:31","guid":{"rendered":"https:\/\/dianasilver.hu\/?post_type=product&#038;p=105539"},"modified":"2026-05-27T17:08:12","modified_gmt":"2026-05-27T15:08:12","slug":"ezust-eljegyzesi-szoliter-gyuru-feher-cirkonia-kovel","status":"publish","type":"product","link":"https:\/\/old.drescherjewellery.com\/hu\/termek\/ezust-eljegyzesi-szoliter-gyuru-feher-cirkonia-kovel\/","title":{"rendered":"Ez\u00fcst eljegyz\u00e9si szoliter gy\u0171r\u0171 feh\u00e9r cirk\u00f3nia k\u0151vel"},"content":{"rendered":"<h2  data-start=\"411\" data-end=\"496\"><strong data-start=\"411\" data-end=\"494\">Ez\u00fcst eljegyz\u00e9si szoliter gy\u0171r\u0171 feh\u00e9r cirk\u00f3nia k\u0151vel \u2013 a t\u00f6k\u00e9letes pillanat \u00e9ke<\/strong><\/h2>\n<ul data-start=\"498\" data-end=\"1105\">\n<li  data-start=\"498\" data-end=\"763\">\n<p  data-start=\"500\" data-end=\"538\"><strong data-start=\"500\" data-end=\"536\">Mit szimboliz\u00e1l a forma \u00e9s sz\u00edn?<\/strong><\/p>\n<ul data-start=\"541\" data-end=\"763\">\n<li  data-start=\"541\" data-end=\"613\">\n<p  data-start=\"543\" data-end=\"613\">A klasszikus szoliter diz\u00e1jn a tiszta, \u00f6r\u00f6k szerelmet szimboliz\u00e1lja.<\/p>\n<\/li>\n<li  data-start=\"616\" data-end=\"686\">\n<p  data-start=\"618\" data-end=\"686\">Az ez\u00fcst sz\u00edn a h\u0171s\u00e9get, tisztas\u00e1got \u00e9s id\u0151t\u00e1ll\u00f3 \u00e9rt\u00e9ket hordozza.<\/p>\n<\/li>\n<li  data-start=\"689\" data-end=\"763\">\n<p  data-start=\"691\" data-end=\"763\">A feh\u00e9r cirk\u00f3nia k\u0151 ragyog\u00e1sa a sz\u00edv m\u00e9ly\u00e9r\u0151l j\u00f6v\u0151 \u00e9rzelmeket t\u00fckr\u00f6zi.<\/p>\n<\/li>\n<\/ul>\n<\/li>\n<li  data-start=\"765\" data-end=\"1105\">\n<p  data-start=\"767\" data-end=\"787\"><strong data-start=\"767\" data-end=\"785\">Mi\u00e9rt v\u00e1laszd?<\/strong><\/p>\n<ul data-start=\"790\" data-end=\"1105\">\n<li  data-start=\"790\" data-end=\"851\">\n<p  data-start=\"792\" data-end=\"851\">Kiv\u00e1l\u00f3 min\u0151s\u00e9g\u0171 ez\u00fcst, 925-\u00f6s finoms\u00e1g\u00fa anyagb\u00f3l k\u00e9sz\u00fclt.<\/p>\n<\/li>\n<li  data-start=\"854\" data-end=\"923\">\n<p  data-start=\"856\" data-end=\"923\">Feh\u00e9r cirk\u00f3nia k\u0151: a gy\u00e9m\u00e1nt ragyog\u00e1s\u00e1t id\u00e9zi, megfizethet\u0151 \u00e1ron.<\/p>\n<\/li>\n<li  data-start=\"926\" data-end=\"981\">\n<p  data-start=\"928\" data-end=\"981\">Eleg\u00e1ns, letisztult diz\u00e1jn: minden st\u00edlushoz illik.<\/p>\n<\/li>\n<li  data-start=\"984\" data-end=\"1057\">\n<p  data-start=\"986\" data-end=\"1057\">T\u00f6k\u00e9letes v\u00e1laszt\u00e1s eljegyz\u00e9shez, \u00e9vfordul\u00f3ra, k\u00fcl\u00f6nleges alkalmakra.<\/p>\n<\/li>\n<li  data-start=\"1060\" data-end=\"1105\">\n<p  data-start=\"1062\" data-end=\"1105\">K\u00e9nyelmes viselet, mindennapos elegancia.<\/p>\n<\/li>\n<\/ul>\n<\/li>\n<\/ul>\n<p  data-start=\"1107\" data-end=\"1265\">\ud83c\udf38 Egy k\u00fcl\u00f6nleges pillanat, amikor a sz\u00edv dobban\u00e1sa tal\u00e1lkozik a csillog\u00f3 k\u00f6vekkel \u2013 ezzel a gy\u0171r\u0171vel felejthetetlenn\u00e9 var\u00e1zsolhatod a nagy pillanatot! \ud83d\ude0a\ud83d\udc8d<\/p>\n","protected":false},"excerpt":{"rendered":"<p>Az elegancia egyszer\u0171 ragyog\u00e1sa: ez az ez\u00fcst szoliter gy\u0171r\u0171 feh\u00e9r cirk\u00f3nia k\u0151vel b\u0171v\u00f6li el visel\u0151j\u00e9t. T\u00f6k\u00e9letes v\u00e1laszt\u00e1s eljegyz\u00e9shez vagy aj\u00e1nd\u00e9knak, amely minden pillanatban eml\u00e9kezetes marad. \u2728\ud83d\udc96<\/p>\n","protected":false},"featured_media":105549,"template":"","meta":[],"product_brand":[],"product_cat":[25],"product_tag":[513],"class_list":["post-105539","product","type-product","status-publish","has-post-thumbnail","product_cat-ezust-gyuru","product_tag-noi-ezust-ekszerek","description-off","first","instock","taxable","shipping-taxable","purchasable","product-type-variable"],"yoast_head":"<!-- This site is optimized with the Yoast SEO Premium plugin v26.8 (Yoast SEO v27.9) - https:\/\/yoast.com\/product\/yoast-seo-premium-wordpress\/ -->\n<title>Ez\u00fcst eljegyz\u00e9si szoliter gy\u0171r\u0171 feh\u00e9r cirk\u00f3nia k\u0151vel | Drescher Jewellery<\/title>\n<meta name=\"description\" content=\"Fedezd fel a leny\u0171g\u00f6z\u0151 Ez\u00fcst eljegyz\u00e9si szoliter gy\u0171r\u0171 feh\u00e9r cirk\u00f3nia k\u0151vel \u00e9kszer\u00fcnket. T\u00f6k\u00e9letes kieg\u00e9sz\u00edt\u0151 mindennapi viselethez \u00e9s k\u00fcl\u00f6nleges alkalmakra egyar\u00e1nt. Rendeld meg most!\" \/>\n<meta name=\"robots\" content=\"index, follow, max-snippet:-1, max-image-preview:large, max-video-preview:-1\" \/>\n<link rel=\"canonical\" href=\"https:\/\/old.drescherjewellery.com\/hu\/termek\/ezust-eljegyzesi-szoliter-gyuru-feher-cirkonia-kovel\/\" \/>\n<meta property=\"og:locale\" content=\"hu_HU\" \/>\n<meta property=\"og:type\" content=\"article\" \/>\n<meta property=\"og:title\" content=\"Ez\u00fcst eljegyz\u00e9si szoliter gy\u0171r\u0171 feh\u00e9r cirk\u00f3nia k\u0151vel\" \/>\n<meta property=\"og:description\" content=\"Fedezd fel a leny\u0171g\u00f6z\u0151 Ez\u00fcst eljegyz\u00e9si szoliter gy\u0171r\u0171 feh\u00e9r cirk\u00f3nia k\u0151vel \u00e9kszer\u00fcnket. T\u00f6k\u00e9letes kieg\u00e9sz\u00edt\u0151 mindennapi viselethez \u00e9s k\u00fcl\u00f6nleges alkalmakra egyar\u00e1nt. Rendeld meg most!\" \/>\n<meta property=\"og:url\" content=\"https:\/\/old.drescherjewellery.com\/hu\/termek\/ezust-eljegyzesi-szoliter-gyuru-feher-cirkonia-kovel\/\" \/>\n<meta property=\"og:site_name\" content=\"Drescher Jewellery\" \/>\n<meta property=\"article:publisher\" content=\"https:\/\/www.facebook.com\/drescherjewellery\" \/>\n<meta property=\"article:modified_time\" content=\"2026-05-27T15:08:12+00:00\" \/>\n<meta property=\"og:image\" content=\"https:\/\/old.drescherjewellery.com\/wp-content\/uploads\/2025\/06\/Ezust-eljegyzesi-szoliter-gyuru-feher-cirkonia-kovel_4.jpg\" \/>\n\t<meta property=\"og:image:width\" content=\"1350\" \/>\n\t<meta property=\"og:image:height\" content=\"1800\" \/>\n\t<meta property=\"og:image:type\" content=\"image\/jpeg\" \/>\n<meta name=\"twitter:card\" content=\"summary_large_image\" \/>\n<meta name=\"twitter:label1\" content=\"Becs\u00fclt olvas\u00e1si id\u0151\" \/>\n\t<meta name=\"twitter:data1\" content=\"1 perc\" \/>\n<script type=\"application\/ld+json\" class=\"yoast-schema-graph\">{\"@context\":\"https:\\\/\\\/schema.org\",\"@graph\":[{\"@type\":\"WebPage\",\"@id\":\"https:\\\/\\\/old.drescherjewellery.com\\\/hu\\\/termek\\\/ezust-eljegyzesi-szoliter-gyuru-feher-cirkonia-kovel\\\/\",\"url\":\"https:\\\/\\\/old.drescherjewellery.com\\\/hu\\\/termek\\\/ezust-eljegyzesi-szoliter-gyuru-feher-cirkonia-kovel\\\/\",\"name\":\"Ez\u00fcst eljegyz\u00e9si szoliter gy\u0171r\u0171 feh\u00e9r cirk\u00f3nia k\u0151vel | Drescher Jewellery\",\"isPartOf\":{\"@id\":\"https:\\\/\\\/old.drescherjewellery.com\\\/hu\\\/#website\"},\"primaryImageOfPage\":{\"@id\":\"https:\\\/\\\/old.drescherjewellery.com\\\/hu\\\/termek\\\/ezust-eljegyzesi-szoliter-gyuru-feher-cirkonia-kovel\\\/#primaryimage\"},\"image\":{\"@id\":\"https:\\\/\\\/old.drescherjewellery.com\\\/hu\\\/termek\\\/ezust-eljegyzesi-szoliter-gyuru-feher-cirkonia-kovel\\\/#primaryimage\"},\"thumbnailUrl\":\"https:\\\/\\\/old.drescherjewellery.com\\\/wp-content\\\/uploads\\\/2025\\\/06\\\/Ezust-eljegyzesi-szoliter-gyuru-feher-cirkonia-kovel_4.jpg\",\"datePublished\":\"2025-06-03T13:34:31+00:00\",\"dateModified\":\"2026-05-27T15:08:12+00:00\",\"description\":\"Fedezd fel a leny\u0171g\u00f6z\u0151 Ez\u00fcst eljegyz\u00e9si szoliter gy\u0171r\u0171 feh\u00e9r cirk\u00f3nia k\u0151vel \u00e9kszer\u00fcnket. T\u00f6k\u00e9letes kieg\u00e9sz\u00edt\u0151 mindennapi viselethez \u00e9s k\u00fcl\u00f6nleges alkalmakra egyar\u00e1nt. Rendeld meg most!\",\"breadcrumb\":{\"@id\":\"https:\\\/\\\/old.drescherjewellery.com\\\/hu\\\/termek\\\/ezust-eljegyzesi-szoliter-gyuru-feher-cirkonia-kovel\\\/#breadcrumb\"},\"inLanguage\":\"hu\",\"potentialAction\":[{\"@type\":\"ReadAction\",\"target\":[\"https:\\\/\\\/old.drescherjewellery.com\\\/hu\\\/termek\\\/ezust-eljegyzesi-szoliter-gyuru-feher-cirkonia-kovel\\\/\"]}]},{\"@type\":\"ImageObject\",\"inLanguage\":\"hu\",\"@id\":\"https:\\\/\\\/old.drescherjewellery.com\\\/hu\\\/termek\\\/ezust-eljegyzesi-szoliter-gyuru-feher-cirkonia-kovel\\\/#primaryimage\",\"url\":\"https:\\\/\\\/old.drescherjewellery.com\\\/wp-content\\\/uploads\\\/2025\\\/06\\\/Ezust-eljegyzesi-szoliter-gyuru-feher-cirkonia-kovel_4.jpg\",\"contentUrl\":\"https:\\\/\\\/old.drescherjewellery.com\\\/wp-content\\\/uploads\\\/2025\\\/06\\\/Ezust-eljegyzesi-szoliter-gyuru-feher-cirkonia-kovel_4.jpg\",\"width\":1350,\"height\":1800},{\"@type\":\"BreadcrumbList\",\"@id\":\"https:\\\/\\\/old.drescherjewellery.com\\\/hu\\\/termek\\\/ezust-eljegyzesi-szoliter-gyuru-feher-cirkonia-kovel\\\/#breadcrumb\",\"itemListElement\":[{\"@type\":\"ListItem\",\"position\":1,\"name\":\"Kezd\u0151lap\",\"item\":\"https:\\\/\\\/old.drescherjewellery.com\\\/hu\\\/\"},{\"@type\":\"ListItem\",\"position\":2,\"name\":\"Shop\",\"item\":\"https:\\\/\\\/old.drescherjewellery.com\\\/hu\\\/shop\\\/\"},{\"@type\":\"ListItem\",\"position\":3,\"name\":\"Ez\u00fcst eljegyz\u00e9si szoliter gy\u0171r\u0171 feh\u00e9r cirk\u00f3nia k\u0151vel\"}]},{\"@type\":\"WebSite\",\"@id\":\"https:\\\/\\\/old.drescherjewellery.com\\\/hu\\\/#website\",\"url\":\"https:\\\/\\\/old.drescherjewellery.com\\\/hu\\\/\",\"name\":\"Drescher Jewellery\",\"description\":\"Tedd t\u00f6k\u00e9letesebb\u00e9 mindennapjaid a Drescher Jewellery \u00e9kszereivel.\",\"publisher\":{\"@id\":\"https:\\\/\\\/old.drescherjewellery.com\\\/hu\\\/#organization\"},\"alternateName\":\"Ez\u00fcst \u00c9kszer Web\u00e1ruh\u00e1z\",\"potentialAction\":[{\"@type\":\"SearchAction\",\"target\":{\"@type\":\"EntryPoint\",\"urlTemplate\":\"https:\\\/\\\/old.drescherjewellery.com\\\/hu\\\/?s={search_term_string}\"},\"query-input\":{\"@type\":\"PropertyValueSpecification\",\"valueRequired\":true,\"valueName\":\"search_term_string\"}}],\"inLanguage\":\"hu\"},{\"@type\":\"Organization\",\"@id\":\"https:\\\/\\\/old.drescherjewellery.com\\\/hu\\\/#organization\",\"name\":\"Drescher Jewellery\",\"url\":\"https:\\\/\\\/old.drescherjewellery.com\\\/hu\\\/\",\"logo\":{\"@type\":\"ImageObject\",\"inLanguage\":\"hu\",\"@id\":\"https:\\\/\\\/old.drescherjewellery.com\\\/hu\\\/#\\\/schema\\\/logo\\\/image\\\/\",\"url\":\"https:\\\/\\\/drescherjewellery.com\\\/wp-content\\\/uploads\\\/2026\\\/01\\\/Drescher-Jewellery-wpml.png\",\"contentUrl\":\"https:\\\/\\\/drescherjewellery.com\\\/wp-content\\\/uploads\\\/2026\\\/01\\\/Drescher-Jewellery-wpml.png\",\"width\":500,\"height\":500,\"caption\":\"Drescher Jewellery\"},\"image\":{\"@id\":\"https:\\\/\\\/old.drescherjewellery.com\\\/hu\\\/#\\\/schema\\\/logo\\\/image\\\/\"},\"sameAs\":[\"https:\\\/\\\/www.facebook.com\\\/drescherjewellery\",\"https:\\\/\\\/www.instagram.com\\\/drescherjewellery\",\"https:\\\/\\\/www.tiktok.com\\\/@drescherjewellery\"]}]}<\/script>\n<!-- \/ Yoast SEO Premium plugin. -->","yoast_head_json":{"title":"Ez\u00fcst eljegyz\u00e9si szoliter gy\u0171r\u0171 feh\u00e9r cirk\u00f3nia k\u0151vel | Drescher Jewellery","description":"Fedezd fel a leny\u0171g\u00f6z\u0151 Ez\u00fcst eljegyz\u00e9si szoliter gy\u0171r\u0171 feh\u00e9r cirk\u00f3nia k\u0151vel \u00e9kszer\u00fcnket. T\u00f6k\u00e9letes kieg\u00e9sz\u00edt\u0151 mindennapi viselethez \u00e9s k\u00fcl\u00f6nleges alkalmakra egyar\u00e1nt. Rendeld meg most!","robots":{"index":"index","follow":"follow","max-snippet":"max-snippet:-1","max-image-preview":"max-image-preview:large","max-video-preview":"max-video-preview:-1"},"canonical":"https:\/\/old.drescherjewellery.com\/hu\/termek\/ezust-eljegyzesi-szoliter-gyuru-feher-cirkonia-kovel\/","og_locale":"hu_HU","og_type":"article","og_title":"Ez\u00fcst eljegyz\u00e9si szoliter gy\u0171r\u0171 feh\u00e9r cirk\u00f3nia k\u0151vel","og_description":"Fedezd fel a leny\u0171g\u00f6z\u0151 Ez\u00fcst eljegyz\u00e9si szoliter gy\u0171r\u0171 feh\u00e9r cirk\u00f3nia k\u0151vel \u00e9kszer\u00fcnket. T\u00f6k\u00e9letes kieg\u00e9sz\u00edt\u0151 mindennapi viselethez \u00e9s k\u00fcl\u00f6nleges alkalmakra egyar\u00e1nt. Rendeld meg most!","og_url":"https:\/\/old.drescherjewellery.com\/hu\/termek\/ezust-eljegyzesi-szoliter-gyuru-feher-cirkonia-kovel\/","og_site_name":"Drescher Jewellery","article_publisher":"https:\/\/www.facebook.com\/drescherjewellery","article_modified_time":"2026-05-27T15:08:12+00:00","og_image":[{"width":1350,"height":1800,"url":"https:\/\/old.drescherjewellery.com\/wp-content\/uploads\/2025\/06\/Ezust-eljegyzesi-szoliter-gyuru-feher-cirkonia-kovel_4.jpg","type":"image\/jpeg"}],"twitter_card":"summary_large_image","twitter_misc":{"Becs\u00fclt olvas\u00e1si id\u0151":"1 perc"},"schema":{"@context":"https:\/\/schema.org","@graph":[{"@type":"WebPage","@id":"https:\/\/old.drescherjewellery.com\/hu\/termek\/ezust-eljegyzesi-szoliter-gyuru-feher-cirkonia-kovel\/","url":"https:\/\/old.drescherjewellery.com\/hu\/termek\/ezust-eljegyzesi-szoliter-gyuru-feher-cirkonia-kovel\/","name":"Ez\u00fcst eljegyz\u00e9si szoliter gy\u0171r\u0171 feh\u00e9r cirk\u00f3nia k\u0151vel | Drescher Jewellery","isPartOf":{"@id":"https:\/\/old.drescherjewellery.com\/hu\/#website"},"primaryImageOfPage":{"@id":"https:\/\/old.drescherjewellery.com\/hu\/termek\/ezust-eljegyzesi-szoliter-gyuru-feher-cirkonia-kovel\/#primaryimage"},"image":{"@id":"https:\/\/old.drescherjewellery.com\/hu\/termek\/ezust-eljegyzesi-szoliter-gyuru-feher-cirkonia-kovel\/#primaryimage"},"thumbnailUrl":"https:\/\/old.drescherjewellery.com\/wp-content\/uploads\/2025\/06\/Ezust-eljegyzesi-szoliter-gyuru-feher-cirkonia-kovel_4.jpg","datePublished":"2025-06-03T13:34:31+00:00","dateModified":"2026-05-27T15:08:12+00:00","description":"Fedezd fel a leny\u0171g\u00f6z\u0151 Ez\u00fcst eljegyz\u00e9si szoliter gy\u0171r\u0171 feh\u00e9r cirk\u00f3nia k\u0151vel \u00e9kszer\u00fcnket. T\u00f6k\u00e9letes kieg\u00e9sz\u00edt\u0151 mindennapi viselethez \u00e9s k\u00fcl\u00f6nleges alkalmakra egyar\u00e1nt. Rendeld meg most!","breadcrumb":{"@id":"https:\/\/old.drescherjewellery.com\/hu\/termek\/ezust-eljegyzesi-szoliter-gyuru-feher-cirkonia-kovel\/#breadcrumb"},"inLanguage":"hu","potentialAction":[{"@type":"ReadAction","target":["https:\/\/old.drescherjewellery.com\/hu\/termek\/ezust-eljegyzesi-szoliter-gyuru-feher-cirkonia-kovel\/"]}]},{"@type":"ImageObject","inLanguage":"hu","@id":"https:\/\/old.drescherjewellery.com\/hu\/termek\/ezust-eljegyzesi-szoliter-gyuru-feher-cirkonia-kovel\/#primaryimage","url":"https:\/\/old.drescherjewellery.com\/wp-content\/uploads\/2025\/06\/Ezust-eljegyzesi-szoliter-gyuru-feher-cirkonia-kovel_4.jpg","contentUrl":"https:\/\/old.drescherjewellery.com\/wp-content\/uploads\/2025\/06\/Ezust-eljegyzesi-szoliter-gyuru-feher-cirkonia-kovel_4.jpg","width":1350,"height":1800},{"@type":"BreadcrumbList","@id":"https:\/\/old.drescherjewellery.com\/hu\/termek\/ezust-eljegyzesi-szoliter-gyuru-feher-cirkonia-kovel\/#breadcrumb","itemListElement":[{"@type":"ListItem","position":1,"name":"Kezd\u0151lap","item":"https:\/\/old.drescherjewellery.com\/hu\/"},{"@type":"ListItem","position":2,"name":"Shop","item":"https:\/\/old.drescherjewellery.com\/hu\/shop\/"},{"@type":"ListItem","position":3,"name":"Ez\u00fcst eljegyz\u00e9si szoliter gy\u0171r\u0171 feh\u00e9r cirk\u00f3nia k\u0151vel"}]},{"@type":"WebSite","@id":"https:\/\/old.drescherjewellery.com\/hu\/#website","url":"https:\/\/old.drescherjewellery.com\/hu\/","name":"Drescher Jewellery","description":"Tedd t\u00f6k\u00e9letesebb\u00e9 mindennapjaid a Drescher Jewellery \u00e9kszereivel.","publisher":{"@id":"https:\/\/old.drescherjewellery.com\/hu\/#organization"},"alternateName":"Ez\u00fcst \u00c9kszer Web\u00e1ruh\u00e1z","potentialAction":[{"@type":"SearchAction","target":{"@type":"EntryPoint","urlTemplate":"https:\/\/old.drescherjewellery.com\/hu\/?s={search_term_string}"},"query-input":{"@type":"PropertyValueSpecification","valueRequired":true,"valueName":"search_term_string"}}],"inLanguage":"hu"},{"@type":"Organization","@id":"https:\/\/old.drescherjewellery.com\/hu\/#organization","name":"Drescher Jewellery","url":"https:\/\/old.drescherjewellery.com\/hu\/","logo":{"@type":"ImageObject","inLanguage":"hu","@id":"https:\/\/old.drescherjewellery.com\/hu\/#\/schema\/logo\/image\/","url":"https:\/\/drescherjewellery.com\/wp-content\/uploads\/2026\/01\/Drescher-Jewellery-wpml.png","contentUrl":"https:\/\/drescherjewellery.com\/wp-content\/uploads\/2026\/01\/Drescher-Jewellery-wpml.png","width":500,"height":500,"caption":"Drescher Jewellery"},"image":{"@id":"https:\/\/old.drescherjewellery.com\/hu\/#\/schema\/logo\/image\/"},"sameAs":["https:\/\/www.facebook.com\/drescherjewellery","https:\/\/www.instagram.com\/drescherjewellery","https:\/\/www.tiktok.com\/@drescherjewellery"]}]}},"_links":{"self":[{"href":"https:\/\/old.drescherjewellery.com\/hu\/wp-json\/wp\/v2\/product\/105539","targetHints":{"allow":["GET"]}}],"collection":[{"href":"https:\/\/old.drescherjewellery.com\/hu\/wp-json\/wp\/v2\/product"}],"about":[{"href":"https:\/\/old.drescherjewellery.com\/hu\/wp-json\/wp\/v2\/types\/product"}],"version-history":[{"count":1,"href":"https:\/\/old.drescherjewellery.com\/hu\/wp-json\/wp\/v2\/product\/105539\/revisions"}],"predecessor-version":[{"id":119293,"href":"https:\/\/old.drescherjewellery.com\/hu\/wp-json\/wp\/v2\/product\/105539\/revisions\/119293"}],"wp:featuredmedia":[{"embeddable":true,"href":"https:\/\/old.drescherjewellery.com\/hu\/wp-json\/wp\/v2\/media\/105549"}],"wp:attachment":[{"href":"https:\/\/old.drescherjewellery.com\/hu\/wp-json\/wp\/v2\/media?parent=105539"}],"wp:term":[{"taxonomy":"product_brand","embeddable":true,"href":"https:\/\/old.drescherjewellery.com\/hu\/wp-json\/wp\/v2\/product_brand?post=105539"},{"taxonomy":"product_cat","embeddable":true,"href":"https:\/\/old.drescherjewellery.com\/hu\/wp-json\/wp\/v2\/product_cat?post=105539"},{"taxonomy":"product_tag","embeddable":true,"href":"https:\/\/old.drescherjewellery.com\/hu\/wp-json\/wp\/v2\/product_tag?post=105539"}],"curies":[{"name":"wp","href":"https:\/\/api.w.org\/{rel}","templated":true}]}}