{"id":108419,"date":"2025-09-08T23:32:49","date_gmt":"2025-09-08T21:32:49","guid":{"rendered":"https:\/\/dianasilver.hu\/?post_type=product&#038;p=108419"},"modified":"2026-06-09T20:52:49","modified_gmt":"2026-06-09T18:52:49","slug":"sziv-alaku-cirkonia-koves-gyermek-fulbevalo","status":"publish","type":"product","link":"https:\/\/old.drescherjewellery.com\/hu\/termek\/sziv-alaku-cirkonia-koves-gyermek-fulbevalo\/","title":{"rendered":"Sz\u00edv alak\u00fa cirk\u00f3nia k\u00f6ves gyermek f\u00fclbeval\u00f3"},"content":{"rendered":"<h2 data-start=\"401\" data-end=\"668\">Ez a gy\u00f6ny\u00f6r\u0171 <strong data-start=\"439\" data-end=\"471\">sz\u00edv alak\u00fa gyermek f\u00fclbeval\u00f3<\/strong> igazi kedvenc lesz a kisl\u00e1nyok \u00e9kszergy\u0171jtem\u00e9ny\u00e9ben.<\/h2>\n<p data-start=\"401\" data-end=\"668\">A szikr\u00e1z\u00f3 <strong data-start=\"536\" data-end=\"551\">cirk\u00f3nia k\u0151<\/strong> vid\u00e1m ragyog\u00e1st k\u00f6lcs\u00f6n\u00f6z, a sz\u00edv forma pedig a szeretet \u00e9s a kedvess\u00e9g szimb\u00f3luma, amely minden kisl\u00e1nyhoz illik.<\/p>\n<p data-start=\"670\" data-end=\"923\">A <strong data-start=\"672\" data-end=\"696\">patentz\u00e1ras megold\u00e1s<\/strong> k\u00fcl\u00f6n\u00f6sen praktikus gyerekekn\u00e9l, hiszen k\u00e9nyelmes \u00e9s biztons\u00e1gos viseletet ny\u00fajt j\u00e1t\u00e9k \u00e9s mozg\u00e1s k\u00f6zben is. Az <strong data-start=\"808\" data-end=\"842\">AG 925 ez\u00fcst r\u00f3dium bevonattal<\/strong> gondoskodik arr\u00f3l, hogy a f\u00fclbeval\u00f3 hossz\u00fa ideig f\u00e9nyesen meg\u0151rizze sz\u00e9ps\u00e9g\u00e9t.<\/p>\n<p data-start=\"925\" data-end=\"1277\"><strong data-start=\"925\" data-end=\"956\">Mi\u00e9rt ide\u00e1lis gyermekeknek?<\/strong><br data-start=\"956\" data-end=\"959\" \/>\u2022 Biztons\u00e1gos <strong data-start=\"973\" data-end=\"986\">patentz\u00e1r<\/strong> \u2013 nem esik ki a f\u00fclb\u0151l.<br data-start=\"1010\" data-end=\"1013\" \/>\u2022 K\u00f6nny\u0171, k\u00e9nyelmes viselet mindennapokra is.<br data-start=\"1058\" data-end=\"1061\" \/>\u2022 <strong data-start=\"1063\" data-end=\"1089\">Sz\u00edv alak\u00fa cirk\u00f3nia k\u0151<\/strong> \u2013 j\u00e1t\u00e9kos \u00e9s b\u00e1jos megjelen\u00e9s.<br data-start=\"1120\" data-end=\"1123\" \/>\u2022 Min\u0151s\u00e9gi <strong data-start=\"1134\" data-end=\"1150\">AG 925 ez\u00fcst<\/strong>, r\u00f3dium bevonattal a tart\u00f3ss\u00e1g\u00e9rt.<br data-start=\"1185\" data-end=\"1188\" \/>\u2022 Aj\u00e1nd\u00e9knak is t\u00f6k\u00e9letes sz\u00fclet\u00e9snapra, keresztel\u0151re vagy m\u00e1s k\u00fcl\u00f6nleges alkalomra. \ud83c\udf81<\/p>\n<p data-start=\"1279\" data-end=\"1363\">\u2728 Egy szeretetteljes \u00e9s csillog\u00f3 \u00e9kszer, amely kiemeli minden kisl\u00e1ny mosoly\u00e1t. \ud83c\udf38<\/p>\n","protected":false},"excerpt":{"rendered":"<p>B\u00e1jos \u00e9s biztons\u00e1gos v\u00e1laszt\u00e1s kisl\u00e1nyok sz\u00e1m\u00e1ra: sz\u00edv alak\u00fa cirk\u00f3nia k\u00f6ves <strong data-start=\"327\" data-end=\"360\">gyermek patentz\u00e1ras f\u00fclbeval\u00f3<\/strong> ez\u00fcstb\u0151l, r\u00f3dium bevonattal. \ud83c\udf80<\/p>\n","protected":false},"featured_media":108423,"template":"","meta":[],"product_brand":[],"product_cat":[28],"product_tag":[514,531],"class_list":["post-108419","product","type-product","status-publish","has-post-thumbnail","product_cat-ezust-fulbevalo","product_tag-gyermek-ezust-ekszer","product_tag-szivecskes","description-off","first","instock","taxable","shipping-taxable","purchasable","product-type-simple"],"yoast_head":"<!-- This site is optimized with the Yoast SEO Premium plugin v26.8 (Yoast SEO v27.9) - https:\/\/yoast.com\/product\/yoast-seo-premium-wordpress\/ -->\n<title>Sz\u00edv alak\u00fa cirk\u00f3nia k\u00f6ves gyermek f\u00fclbeval\u00f3 | Drescher Jewellery<\/title>\n<meta name=\"description\" content=\"Fedezd fel a leny\u0171g\u00f6z\u0151 Sz\u00edv alak\u00fa cirk\u00f3nia k\u00f6ves gyermek f\u00fclbeval\u00f3 \u00e9kszer\u00fcnket. T\u00f6k\u00e9letes kieg\u00e9sz\u00edt\u0151 mindennapi viselethez \u00e9s k\u00fcl\u00f6nleges alkalmakra egyar\u00e1nt. Rendeld meg most!\" \/>\n<meta name=\"robots\" content=\"index, follow, max-snippet:-1, max-image-preview:large, max-video-preview:-1\" \/>\n<link rel=\"canonical\" href=\"https:\/\/old.drescherjewellery.com\/hu\/termek\/sziv-alaku-cirkonia-koves-gyermek-fulbevalo\/\" \/>\n<meta property=\"og:locale\" content=\"hu_HU\" \/>\n<meta property=\"og:type\" content=\"article\" \/>\n<meta property=\"og:title\" content=\"Sz\u00edv alak\u00fa cirk\u00f3nia k\u00f6ves gyermek f\u00fclbeval\u00f3\" \/>\n<meta property=\"og:description\" content=\"Fedezd fel a leny\u0171g\u00f6z\u0151 Sz\u00edv alak\u00fa cirk\u00f3nia k\u00f6ves gyermek f\u00fclbeval\u00f3 \u00e9kszer\u00fcnket. T\u00f6k\u00e9letes kieg\u00e9sz\u00edt\u0151 mindennapi viselethez \u00e9s k\u00fcl\u00f6nleges alkalmakra egyar\u00e1nt. Rendeld meg most!\" \/>\n<meta property=\"og:url\" content=\"https:\/\/old.drescherjewellery.com\/hu\/termek\/sziv-alaku-cirkonia-koves-gyermek-fulbevalo\/\" \/>\n<meta property=\"og:site_name\" content=\"Drescher Jewellery\" \/>\n<meta property=\"article:publisher\" content=\"https:\/\/www.facebook.com\/drescherjewellery\" \/>\n<meta property=\"article:modified_time\" content=\"2026-06-09T18:52:49+00:00\" \/>\n<meta property=\"og:image\" content=\"https:\/\/old.drescherjewellery.com\/wp-content\/uploads\/2025\/09\/Sziv-alaku-cirkonia-koves-patentzaras-fulbevalo_2.jpg\" \/>\n\t<meta property=\"og:image:width\" content=\"1350\" \/>\n\t<meta property=\"og:image:height\" content=\"1800\" \/>\n\t<meta property=\"og:image:type\" content=\"image\/jpeg\" \/>\n<meta name=\"twitter:card\" content=\"summary_large_image\" \/>\n<meta name=\"twitter:label1\" content=\"Becs\u00fclt olvas\u00e1si id\u0151\" \/>\n\t<meta name=\"twitter:data1\" content=\"1 perc\" \/>\n<script type=\"application\/ld+json\" class=\"yoast-schema-graph\">{\"@context\":\"https:\\\/\\\/schema.org\",\"@graph\":[{\"@type\":\"WebPage\",\"@id\":\"https:\\\/\\\/old.drescherjewellery.com\\\/hu\\\/termek\\\/sziv-alaku-cirkonia-koves-gyermek-fulbevalo\\\/\",\"url\":\"https:\\\/\\\/old.drescherjewellery.com\\\/hu\\\/termek\\\/sziv-alaku-cirkonia-koves-gyermek-fulbevalo\\\/\",\"name\":\"Sz\u00edv alak\u00fa cirk\u00f3nia k\u00f6ves gyermek f\u00fclbeval\u00f3 | Drescher Jewellery\",\"isPartOf\":{\"@id\":\"https:\\\/\\\/old.drescherjewellery.com\\\/hu\\\/#website\"},\"primaryImageOfPage\":{\"@id\":\"https:\\\/\\\/old.drescherjewellery.com\\\/hu\\\/termek\\\/sziv-alaku-cirkonia-koves-gyermek-fulbevalo\\\/#primaryimage\"},\"image\":{\"@id\":\"https:\\\/\\\/old.drescherjewellery.com\\\/hu\\\/termek\\\/sziv-alaku-cirkonia-koves-gyermek-fulbevalo\\\/#primaryimage\"},\"thumbnailUrl\":\"https:\\\/\\\/old.drescherjewellery.com\\\/wp-content\\\/uploads\\\/2025\\\/09\\\/Sziv-alaku-cirkonia-koves-patentzaras-fulbevalo_2.jpg\",\"datePublished\":\"2025-09-08T21:32:49+00:00\",\"dateModified\":\"2026-06-09T18:52:49+00:00\",\"description\":\"Fedezd fel a leny\u0171g\u00f6z\u0151 Sz\u00edv alak\u00fa cirk\u00f3nia k\u00f6ves gyermek f\u00fclbeval\u00f3 \u00e9kszer\u00fcnket. T\u00f6k\u00e9letes kieg\u00e9sz\u00edt\u0151 mindennapi viselethez \u00e9s k\u00fcl\u00f6nleges alkalmakra egyar\u00e1nt. Rendeld meg most!\",\"breadcrumb\":{\"@id\":\"https:\\\/\\\/old.drescherjewellery.com\\\/hu\\\/termek\\\/sziv-alaku-cirkonia-koves-gyermek-fulbevalo\\\/#breadcrumb\"},\"inLanguage\":\"hu\",\"potentialAction\":[{\"@type\":\"ReadAction\",\"target\":[\"https:\\\/\\\/old.drescherjewellery.com\\\/hu\\\/termek\\\/sziv-alaku-cirkonia-koves-gyermek-fulbevalo\\\/\"]}]},{\"@type\":\"ImageObject\",\"inLanguage\":\"hu\",\"@id\":\"https:\\\/\\\/old.drescherjewellery.com\\\/hu\\\/termek\\\/sziv-alaku-cirkonia-koves-gyermek-fulbevalo\\\/#primaryimage\",\"url\":\"https:\\\/\\\/old.drescherjewellery.com\\\/wp-content\\\/uploads\\\/2025\\\/09\\\/Sziv-alaku-cirkonia-koves-patentzaras-fulbevalo_2.jpg\",\"contentUrl\":\"https:\\\/\\\/old.drescherjewellery.com\\\/wp-content\\\/uploads\\\/2025\\\/09\\\/Sziv-alaku-cirkonia-koves-patentzaras-fulbevalo_2.jpg\",\"width\":1350,\"height\":1800},{\"@type\":\"BreadcrumbList\",\"@id\":\"https:\\\/\\\/old.drescherjewellery.com\\\/hu\\\/termek\\\/sziv-alaku-cirkonia-koves-gyermek-fulbevalo\\\/#breadcrumb\",\"itemListElement\":[{\"@type\":\"ListItem\",\"position\":1,\"name\":\"Kezd\u0151lap\",\"item\":\"https:\\\/\\\/old.drescherjewellery.com\\\/hu\\\/\"},{\"@type\":\"ListItem\",\"position\":2,\"name\":\"Shop\",\"item\":\"https:\\\/\\\/old.drescherjewellery.com\\\/hu\\\/shop\\\/\"},{\"@type\":\"ListItem\",\"position\":3,\"name\":\"Sz\u00edv alak\u00fa cirk\u00f3nia k\u00f6ves gyermek f\u00fclbeval\u00f3\"}]},{\"@type\":\"WebSite\",\"@id\":\"https:\\\/\\\/old.drescherjewellery.com\\\/hu\\\/#website\",\"url\":\"https:\\\/\\\/old.drescherjewellery.com\\\/hu\\\/\",\"name\":\"Drescher Jewellery\",\"description\":\"Tedd t\u00f6k\u00e9letesebb\u00e9 mindennapjaid a Drescher Jewellery \u00e9kszereivel.\",\"publisher\":{\"@id\":\"https:\\\/\\\/old.drescherjewellery.com\\\/hu\\\/#organization\"},\"alternateName\":\"Ez\u00fcst \u00c9kszer Web\u00e1ruh\u00e1z\",\"potentialAction\":[{\"@type\":\"SearchAction\",\"target\":{\"@type\":\"EntryPoint\",\"urlTemplate\":\"https:\\\/\\\/old.drescherjewellery.com\\\/hu\\\/?s={search_term_string}\"},\"query-input\":{\"@type\":\"PropertyValueSpecification\",\"valueRequired\":true,\"valueName\":\"search_term_string\"}}],\"inLanguage\":\"hu\"},{\"@type\":\"Organization\",\"@id\":\"https:\\\/\\\/old.drescherjewellery.com\\\/hu\\\/#organization\",\"name\":\"Drescher Jewellery\",\"url\":\"https:\\\/\\\/old.drescherjewellery.com\\\/hu\\\/\",\"logo\":{\"@type\":\"ImageObject\",\"inLanguage\":\"hu\",\"@id\":\"https:\\\/\\\/old.drescherjewellery.com\\\/hu\\\/#\\\/schema\\\/logo\\\/image\\\/\",\"url\":\"https:\\\/\\\/drescherjewellery.com\\\/wp-content\\\/uploads\\\/2026\\\/01\\\/Drescher-Jewellery-wpml.png\",\"contentUrl\":\"https:\\\/\\\/drescherjewellery.com\\\/wp-content\\\/uploads\\\/2026\\\/01\\\/Drescher-Jewellery-wpml.png\",\"width\":500,\"height\":500,\"caption\":\"Drescher Jewellery\"},\"image\":{\"@id\":\"https:\\\/\\\/old.drescherjewellery.com\\\/hu\\\/#\\\/schema\\\/logo\\\/image\\\/\"},\"sameAs\":[\"https:\\\/\\\/www.facebook.com\\\/drescherjewellery\",\"https:\\\/\\\/www.instagram.com\\\/drescherjewellery\",\"https:\\\/\\\/www.tiktok.com\\\/@drescherjewellery\"]}]}<\/script>\n<!-- \/ Yoast SEO Premium plugin. -->","yoast_head_json":{"title":"Sz\u00edv alak\u00fa cirk\u00f3nia k\u00f6ves gyermek f\u00fclbeval\u00f3 | Drescher Jewellery","description":"Fedezd fel a leny\u0171g\u00f6z\u0151 Sz\u00edv alak\u00fa cirk\u00f3nia k\u00f6ves gyermek f\u00fclbeval\u00f3 \u00e9kszer\u00fcnket. T\u00f6k\u00e9letes kieg\u00e9sz\u00edt\u0151 mindennapi viselethez \u00e9s k\u00fcl\u00f6nleges alkalmakra egyar\u00e1nt. Rendeld meg most!","robots":{"index":"index","follow":"follow","max-snippet":"max-snippet:-1","max-image-preview":"max-image-preview:large","max-video-preview":"max-video-preview:-1"},"canonical":"https:\/\/old.drescherjewellery.com\/hu\/termek\/sziv-alaku-cirkonia-koves-gyermek-fulbevalo\/","og_locale":"hu_HU","og_type":"article","og_title":"Sz\u00edv alak\u00fa cirk\u00f3nia k\u00f6ves gyermek f\u00fclbeval\u00f3","og_description":"Fedezd fel a leny\u0171g\u00f6z\u0151 Sz\u00edv alak\u00fa cirk\u00f3nia k\u00f6ves gyermek f\u00fclbeval\u00f3 \u00e9kszer\u00fcnket. T\u00f6k\u00e9letes kieg\u00e9sz\u00edt\u0151 mindennapi viselethez \u00e9s k\u00fcl\u00f6nleges alkalmakra egyar\u00e1nt. Rendeld meg most!","og_url":"https:\/\/old.drescherjewellery.com\/hu\/termek\/sziv-alaku-cirkonia-koves-gyermek-fulbevalo\/","og_site_name":"Drescher Jewellery","article_publisher":"https:\/\/www.facebook.com\/drescherjewellery","article_modified_time":"2026-06-09T18:52:49+00:00","og_image":[{"width":1350,"height":1800,"url":"https:\/\/old.drescherjewellery.com\/wp-content\/uploads\/2025\/09\/Sziv-alaku-cirkonia-koves-patentzaras-fulbevalo_2.jpg","type":"image\/jpeg"}],"twitter_card":"summary_large_image","twitter_misc":{"Becs\u00fclt olvas\u00e1si id\u0151":"1 perc"},"schema":{"@context":"https:\/\/schema.org","@graph":[{"@type":"WebPage","@id":"https:\/\/old.drescherjewellery.com\/hu\/termek\/sziv-alaku-cirkonia-koves-gyermek-fulbevalo\/","url":"https:\/\/old.drescherjewellery.com\/hu\/termek\/sziv-alaku-cirkonia-koves-gyermek-fulbevalo\/","name":"Sz\u00edv alak\u00fa cirk\u00f3nia k\u00f6ves gyermek f\u00fclbeval\u00f3 | Drescher Jewellery","isPartOf":{"@id":"https:\/\/old.drescherjewellery.com\/hu\/#website"},"primaryImageOfPage":{"@id":"https:\/\/old.drescherjewellery.com\/hu\/termek\/sziv-alaku-cirkonia-koves-gyermek-fulbevalo\/#primaryimage"},"image":{"@id":"https:\/\/old.drescherjewellery.com\/hu\/termek\/sziv-alaku-cirkonia-koves-gyermek-fulbevalo\/#primaryimage"},"thumbnailUrl":"https:\/\/old.drescherjewellery.com\/wp-content\/uploads\/2025\/09\/Sziv-alaku-cirkonia-koves-patentzaras-fulbevalo_2.jpg","datePublished":"2025-09-08T21:32:49+00:00","dateModified":"2026-06-09T18:52:49+00:00","description":"Fedezd fel a leny\u0171g\u00f6z\u0151 Sz\u00edv alak\u00fa cirk\u00f3nia k\u00f6ves gyermek f\u00fclbeval\u00f3 \u00e9kszer\u00fcnket. T\u00f6k\u00e9letes kieg\u00e9sz\u00edt\u0151 mindennapi viselethez \u00e9s k\u00fcl\u00f6nleges alkalmakra egyar\u00e1nt. Rendeld meg most!","breadcrumb":{"@id":"https:\/\/old.drescherjewellery.com\/hu\/termek\/sziv-alaku-cirkonia-koves-gyermek-fulbevalo\/#breadcrumb"},"inLanguage":"hu","potentialAction":[{"@type":"ReadAction","target":["https:\/\/old.drescherjewellery.com\/hu\/termek\/sziv-alaku-cirkonia-koves-gyermek-fulbevalo\/"]}]},{"@type":"ImageObject","inLanguage":"hu","@id":"https:\/\/old.drescherjewellery.com\/hu\/termek\/sziv-alaku-cirkonia-koves-gyermek-fulbevalo\/#primaryimage","url":"https:\/\/old.drescherjewellery.com\/wp-content\/uploads\/2025\/09\/Sziv-alaku-cirkonia-koves-patentzaras-fulbevalo_2.jpg","contentUrl":"https:\/\/old.drescherjewellery.com\/wp-content\/uploads\/2025\/09\/Sziv-alaku-cirkonia-koves-patentzaras-fulbevalo_2.jpg","width":1350,"height":1800},{"@type":"BreadcrumbList","@id":"https:\/\/old.drescherjewellery.com\/hu\/termek\/sziv-alaku-cirkonia-koves-gyermek-fulbevalo\/#breadcrumb","itemListElement":[{"@type":"ListItem","position":1,"name":"Kezd\u0151lap","item":"https:\/\/old.drescherjewellery.com\/hu\/"},{"@type":"ListItem","position":2,"name":"Shop","item":"https:\/\/old.drescherjewellery.com\/hu\/shop\/"},{"@type":"ListItem","position":3,"name":"Sz\u00edv alak\u00fa cirk\u00f3nia k\u00f6ves gyermek f\u00fclbeval\u00f3"}]},{"@type":"WebSite","@id":"https:\/\/old.drescherjewellery.com\/hu\/#website","url":"https:\/\/old.drescherjewellery.com\/hu\/","name":"Drescher Jewellery","description":"Tedd t\u00f6k\u00e9letesebb\u00e9 mindennapjaid a Drescher Jewellery \u00e9kszereivel.","publisher":{"@id":"https:\/\/old.drescherjewellery.com\/hu\/#organization"},"alternateName":"Ez\u00fcst \u00c9kszer Web\u00e1ruh\u00e1z","potentialAction":[{"@type":"SearchAction","target":{"@type":"EntryPoint","urlTemplate":"https:\/\/old.drescherjewellery.com\/hu\/?s={search_term_string}"},"query-input":{"@type":"PropertyValueSpecification","valueRequired":true,"valueName":"search_term_string"}}],"inLanguage":"hu"},{"@type":"Organization","@id":"https:\/\/old.drescherjewellery.com\/hu\/#organization","name":"Drescher Jewellery","url":"https:\/\/old.drescherjewellery.com\/hu\/","logo":{"@type":"ImageObject","inLanguage":"hu","@id":"https:\/\/old.drescherjewellery.com\/hu\/#\/schema\/logo\/image\/","url":"https:\/\/drescherjewellery.com\/wp-content\/uploads\/2026\/01\/Drescher-Jewellery-wpml.png","contentUrl":"https:\/\/drescherjewellery.com\/wp-content\/uploads\/2026\/01\/Drescher-Jewellery-wpml.png","width":500,"height":500,"caption":"Drescher Jewellery"},"image":{"@id":"https:\/\/old.drescherjewellery.com\/hu\/#\/schema\/logo\/image\/"},"sameAs":["https:\/\/www.facebook.com\/drescherjewellery","https:\/\/www.instagram.com\/drescherjewellery","https:\/\/www.tiktok.com\/@drescherjewellery"]}]}},"_links":{"self":[{"href":"https:\/\/old.drescherjewellery.com\/hu\/wp-json\/wp\/v2\/product\/108419","targetHints":{"allow":["GET"]}}],"collection":[{"href":"https:\/\/old.drescherjewellery.com\/hu\/wp-json\/wp\/v2\/product"}],"about":[{"href":"https:\/\/old.drescherjewellery.com\/hu\/wp-json\/wp\/v2\/types\/product"}],"version-history":[{"count":1,"href":"https:\/\/old.drescherjewellery.com\/hu\/wp-json\/wp\/v2\/product\/108419\/revisions"}],"predecessor-version":[{"id":119383,"href":"https:\/\/old.drescherjewellery.com\/hu\/wp-json\/wp\/v2\/product\/108419\/revisions\/119383"}],"wp:featuredmedia":[{"embeddable":true,"href":"https:\/\/old.drescherjewellery.com\/hu\/wp-json\/wp\/v2\/media\/108423"}],"wp:attachment":[{"href":"https:\/\/old.drescherjewellery.com\/hu\/wp-json\/wp\/v2\/media?parent=108419"}],"wp:term":[{"taxonomy":"product_brand","embeddable":true,"href":"https:\/\/old.drescherjewellery.com\/hu\/wp-json\/wp\/v2\/product_brand?post=108419"},{"taxonomy":"product_cat","embeddable":true,"href":"https:\/\/old.drescherjewellery.com\/hu\/wp-json\/wp\/v2\/product_cat?post=108419"},{"taxonomy":"product_tag","embeddable":true,"href":"https:\/\/old.drescherjewellery.com\/hu\/wp-json\/wp\/v2\/product_tag?post=108419"}],"curies":[{"name":"wp","href":"https:\/\/api.w.org\/{rel}","templated":true}]}}