{"id":108856,"date":"2025-09-11T23:07:44","date_gmt":"2025-09-11T21:07:44","guid":{"rendered":"https:\/\/dianasilver.hu\/?post_type=product&#038;p=108856"},"modified":"2026-04-01T17:19:27","modified_gmt":"2026-04-01T15:19:27","slug":"nagy-meretu-ko-nelkuli-karika-fulbevalo","status":"publish","type":"product","link":"https:\/\/old.drescherjewellery.com\/hu\/termek\/nagy-meretu-ko-nelkuli-karika-fulbevalo\/","title":{"rendered":"Nagy m\u00e9ret\u0171 k\u0151 n\u00e9lk\u00fcli karika f\u00fclbeval\u00f3"},"content":{"rendered":"<h2 data-start=\"239\" data-end=\"321\"><strong data-start=\"239\" data-end=\"319\">Nagy m\u00e9ret\u0171 k\u0151 n\u00e9lk\u00fcli karika f\u00fclbeval\u00f3 \u2013 klasszikus st\u00edlus modern k\u00f6nt\u00f6sben<\/strong><\/h2>\n<p data-start=\"323\" data-end=\"579\">Ez a nagy m\u00e9ret\u0171 karika f\u00fclbeval\u00f3 a letisztult vonalair\u00f3l \u00e9s eleg\u00e1ns egyszer\u0171s\u00e9g\u00e9r\u0151l ismert. K\u0151 n\u00e9lk\u00fcli kialak\u00edt\u00e1sa id\u0151tlen st\u00edlust k\u00e9pvisel, amely b\u00e1rmilyen alkalomhoz t\u00f6k\u00e9letesen illik \u2013 legyen sz\u00f3 mindennapi viseletr\u0151l vagy eleg\u00e1ns esti megjelen\u00e9sr\u0151l.<\/p>\n<ul data-start=\"581\" data-end=\"859\">\n<li data-start=\"581\" data-end=\"663\">\n<p data-start=\"583\" data-end=\"663\">Anyag: magas min\u0151s\u00e9g\u0171 AG 925 ez\u00fcst, r\u00f3dium bevonattal a hosszan tart\u00f3 f\u00e9ny\u00e9rt.<\/p>\n<\/li>\n<li data-start=\"664\" data-end=\"712\">\n<p data-start=\"666\" data-end=\"712\">Design: klasszikus, nagym\u00e9ret\u0171 karika forma.<\/p>\n<\/li>\n<li data-start=\"713\" data-end=\"768\">\n<p data-start=\"715\" data-end=\"768\">Kialak\u00edt\u00e1s: k\u00f6nnyed \u00e9s k\u00e9nyelmes viselet eg\u00e9sz nap.<\/p>\n<\/li>\n<li data-start=\"769\" data-end=\"859\">\n<p data-start=\"771\" data-end=\"859\">St\u00edlus: modern, letisztult \u00e9s eleg\u00e1ns \u2013 egy igazi alapdarab minden n\u0151 \u00e9kszerdoboz\u00e1ban.<\/p>\n<\/li>\n<\/ul>\n<p data-start=\"861\" data-end=\"943\">Ez a f\u00fclbeval\u00f3 egyszer\u0171s\u00e9g\u00e9vel var\u00e1zsol el, mik\u00f6zben kiemeli n\u0151ies st\u00edlusodat. \u2728<\/p>\n","protected":false},"excerpt":{"rendered":"<p>Letisztult \u00e9s eleg\u00e1ns nagy m\u00e9ret\u0171 karika f\u00fclbeval\u00f3, amely minden szettedhez modern \u00e9s kifinomult megjelen\u00e9st k\u00f6lcs\u00f6n\u00f6z. \u2728<\/p>\n","protected":false},"featured_media":108860,"template":"","meta":[],"product_brand":[],"product_cat":[28,552],"product_tag":[513],"class_list":["post-108856","product","type-product","status-publish","has-post-thumbnail","product_cat-ezust-fulbevalo","product_cat-ezust-karika-fulbevalo","product_tag-noi-ezust-ekszerek","description-off","first","instock","taxable","shipping-taxable","purchasable","product-type-simple"],"yoast_head":"<!-- This site is optimized with the Yoast SEO Premium plugin v26.8 (Yoast SEO v27.9) - https:\/\/yoast.com\/product\/yoast-seo-premium-wordpress\/ -->\n<title>Nagy m\u00e9ret\u0171 k\u0151 n\u00e9lk\u00fcli karika f\u00fclbeval\u00f3 | Drescher Jewellery<\/title>\n<meta name=\"description\" content=\"Fedezd fel a leny\u0171g\u00f6z\u0151 Nagy m\u00e9ret\u0171 k\u0151 n\u00e9lk\u00fcli karika f\u00fclbeval\u00f3 \u00e9kszer\u00fcnket. T\u00f6k\u00e9letes kieg\u00e9sz\u00edt\u0151 mindennapi viselethez \u00e9s k\u00fcl\u00f6nleges alkalmakra egyar\u00e1nt. Rendeld meg most!\" \/>\n<meta name=\"robots\" content=\"index, follow, max-snippet:-1, max-image-preview:large, max-video-preview:-1\" \/>\n<link rel=\"canonical\" href=\"https:\/\/old.drescherjewellery.com\/hu\/termek\/nagy-meretu-ko-nelkuli-karika-fulbevalo\/\" \/>\n<meta property=\"og:locale\" content=\"hu_HU\" \/>\n<meta property=\"og:type\" content=\"article\" \/>\n<meta property=\"og:title\" content=\"Nagy m\u00e9ret\u0171 k\u0151 n\u00e9lk\u00fcli karika f\u00fclbeval\u00f3\" \/>\n<meta property=\"og:description\" content=\"Fedezd fel a leny\u0171g\u00f6z\u0151 Nagy m\u00e9ret\u0171 k\u0151 n\u00e9lk\u00fcli karika f\u00fclbeval\u00f3 \u00e9kszer\u00fcnket. T\u00f6k\u00e9letes kieg\u00e9sz\u00edt\u0151 mindennapi viselethez \u00e9s k\u00fcl\u00f6nleges alkalmakra egyar\u00e1nt. Rendeld meg most!\" \/>\n<meta property=\"og:url\" content=\"https:\/\/old.drescherjewellery.com\/hu\/termek\/nagy-meretu-ko-nelkuli-karika-fulbevalo\/\" \/>\n<meta property=\"og:site_name\" content=\"Drescher Jewellery\" \/>\n<meta property=\"article:publisher\" content=\"https:\/\/www.facebook.com\/drescherjewellery\" \/>\n<meta property=\"article:modified_time\" content=\"2026-04-01T15:19:27+00:00\" \/>\n<meta property=\"og:image\" content=\"https:\/\/old.drescherjewellery.com\/wp-content\/uploads\/2025\/09\/Nagy-meretu-ko-nelkuli-karika-fulbevalo_2.jpg\" \/>\n\t<meta property=\"og:image:width\" content=\"1350\" \/>\n\t<meta property=\"og:image:height\" content=\"1800\" \/>\n\t<meta property=\"og:image:type\" content=\"image\/jpeg\" \/>\n<meta name=\"twitter:card\" content=\"summary_large_image\" \/>\n<meta name=\"twitter:label1\" content=\"Becs\u00fclt olvas\u00e1si id\u0151\" \/>\n\t<meta name=\"twitter:data1\" content=\"1 perc\" \/>\n<script type=\"application\/ld+json\" class=\"yoast-schema-graph\">{\"@context\":\"https:\\\/\\\/schema.org\",\"@graph\":[{\"@type\":\"WebPage\",\"@id\":\"https:\\\/\\\/old.drescherjewellery.com\\\/hu\\\/termek\\\/nagy-meretu-ko-nelkuli-karika-fulbevalo\\\/\",\"url\":\"https:\\\/\\\/old.drescherjewellery.com\\\/hu\\\/termek\\\/nagy-meretu-ko-nelkuli-karika-fulbevalo\\\/\",\"name\":\"Nagy m\u00e9ret\u0171 k\u0151 n\u00e9lk\u00fcli karika f\u00fclbeval\u00f3 | Drescher Jewellery\",\"isPartOf\":{\"@id\":\"https:\\\/\\\/old.drescherjewellery.com\\\/hu\\\/#website\"},\"primaryImageOfPage\":{\"@id\":\"https:\\\/\\\/old.drescherjewellery.com\\\/hu\\\/termek\\\/nagy-meretu-ko-nelkuli-karika-fulbevalo\\\/#primaryimage\"},\"image\":{\"@id\":\"https:\\\/\\\/old.drescherjewellery.com\\\/hu\\\/termek\\\/nagy-meretu-ko-nelkuli-karika-fulbevalo\\\/#primaryimage\"},\"thumbnailUrl\":\"https:\\\/\\\/old.drescherjewellery.com\\\/wp-content\\\/uploads\\\/2025\\\/09\\\/Nagy-meretu-ko-nelkuli-karika-fulbevalo_2.jpg\",\"datePublished\":\"2025-09-11T21:07:44+00:00\",\"dateModified\":\"2026-04-01T15:19:27+00:00\",\"description\":\"Fedezd fel a leny\u0171g\u00f6z\u0151 Nagy m\u00e9ret\u0171 k\u0151 n\u00e9lk\u00fcli karika f\u00fclbeval\u00f3 \u00e9kszer\u00fcnket. T\u00f6k\u00e9letes kieg\u00e9sz\u00edt\u0151 mindennapi viselethez \u00e9s k\u00fcl\u00f6nleges alkalmakra egyar\u00e1nt. Rendeld meg most!\",\"breadcrumb\":{\"@id\":\"https:\\\/\\\/old.drescherjewellery.com\\\/hu\\\/termek\\\/nagy-meretu-ko-nelkuli-karika-fulbevalo\\\/#breadcrumb\"},\"inLanguage\":\"hu\",\"potentialAction\":[{\"@type\":\"ReadAction\",\"target\":[\"https:\\\/\\\/old.drescherjewellery.com\\\/hu\\\/termek\\\/nagy-meretu-ko-nelkuli-karika-fulbevalo\\\/\"]}]},{\"@type\":\"ImageObject\",\"inLanguage\":\"hu\",\"@id\":\"https:\\\/\\\/old.drescherjewellery.com\\\/hu\\\/termek\\\/nagy-meretu-ko-nelkuli-karika-fulbevalo\\\/#primaryimage\",\"url\":\"https:\\\/\\\/old.drescherjewellery.com\\\/wp-content\\\/uploads\\\/2025\\\/09\\\/Nagy-meretu-ko-nelkuli-karika-fulbevalo_2.jpg\",\"contentUrl\":\"https:\\\/\\\/old.drescherjewellery.com\\\/wp-content\\\/uploads\\\/2025\\\/09\\\/Nagy-meretu-ko-nelkuli-karika-fulbevalo_2.jpg\",\"width\":1350,\"height\":1800},{\"@type\":\"BreadcrumbList\",\"@id\":\"https:\\\/\\\/old.drescherjewellery.com\\\/hu\\\/termek\\\/nagy-meretu-ko-nelkuli-karika-fulbevalo\\\/#breadcrumb\",\"itemListElement\":[{\"@type\":\"ListItem\",\"position\":1,\"name\":\"Kezd\u0151lap\",\"item\":\"https:\\\/\\\/old.drescherjewellery.com\\\/hu\\\/\"},{\"@type\":\"ListItem\",\"position\":2,\"name\":\"Shop\",\"item\":\"https:\\\/\\\/old.drescherjewellery.com\\\/hu\\\/shop\\\/\"},{\"@type\":\"ListItem\",\"position\":3,\"name\":\"Nagy m\u00e9ret\u0171 k\u0151 n\u00e9lk\u00fcli karika f\u00fclbeval\u00f3\"}]},{\"@type\":\"WebSite\",\"@id\":\"https:\\\/\\\/old.drescherjewellery.com\\\/hu\\\/#website\",\"url\":\"https:\\\/\\\/old.drescherjewellery.com\\\/hu\\\/\",\"name\":\"Drescher Jewellery\",\"description\":\"Tedd t\u00f6k\u00e9letesebb\u00e9 mindennapjaid a Drescher Jewellery \u00e9kszereivel.\",\"publisher\":{\"@id\":\"https:\\\/\\\/old.drescherjewellery.com\\\/hu\\\/#organization\"},\"alternateName\":\"Ez\u00fcst \u00c9kszer Web\u00e1ruh\u00e1z\",\"potentialAction\":[{\"@type\":\"SearchAction\",\"target\":{\"@type\":\"EntryPoint\",\"urlTemplate\":\"https:\\\/\\\/old.drescherjewellery.com\\\/hu\\\/?s={search_term_string}\"},\"query-input\":{\"@type\":\"PropertyValueSpecification\",\"valueRequired\":true,\"valueName\":\"search_term_string\"}}],\"inLanguage\":\"hu\"},{\"@type\":\"Organization\",\"@id\":\"https:\\\/\\\/old.drescherjewellery.com\\\/hu\\\/#organization\",\"name\":\"Drescher Jewellery\",\"url\":\"https:\\\/\\\/old.drescherjewellery.com\\\/hu\\\/\",\"logo\":{\"@type\":\"ImageObject\",\"inLanguage\":\"hu\",\"@id\":\"https:\\\/\\\/old.drescherjewellery.com\\\/hu\\\/#\\\/schema\\\/logo\\\/image\\\/\",\"url\":\"https:\\\/\\\/drescherjewellery.com\\\/wp-content\\\/uploads\\\/2026\\\/01\\\/Drescher-Jewellery-wpml.png\",\"contentUrl\":\"https:\\\/\\\/drescherjewellery.com\\\/wp-content\\\/uploads\\\/2026\\\/01\\\/Drescher-Jewellery-wpml.png\",\"width\":500,\"height\":500,\"caption\":\"Drescher Jewellery\"},\"image\":{\"@id\":\"https:\\\/\\\/old.drescherjewellery.com\\\/hu\\\/#\\\/schema\\\/logo\\\/image\\\/\"},\"sameAs\":[\"https:\\\/\\\/www.facebook.com\\\/drescherjewellery\",\"https:\\\/\\\/www.instagram.com\\\/drescherjewellery\",\"https:\\\/\\\/www.tiktok.com\\\/@drescherjewellery\"]}]}<\/script>\n<!-- \/ Yoast SEO Premium plugin. -->","yoast_head_json":{"title":"Nagy m\u00e9ret\u0171 k\u0151 n\u00e9lk\u00fcli karika f\u00fclbeval\u00f3 | Drescher Jewellery","description":"Fedezd fel a leny\u0171g\u00f6z\u0151 Nagy m\u00e9ret\u0171 k\u0151 n\u00e9lk\u00fcli karika f\u00fclbeval\u00f3 \u00e9kszer\u00fcnket. T\u00f6k\u00e9letes kieg\u00e9sz\u00edt\u0151 mindennapi viselethez \u00e9s k\u00fcl\u00f6nleges alkalmakra egyar\u00e1nt. Rendeld meg most!","robots":{"index":"index","follow":"follow","max-snippet":"max-snippet:-1","max-image-preview":"max-image-preview:large","max-video-preview":"max-video-preview:-1"},"canonical":"https:\/\/old.drescherjewellery.com\/hu\/termek\/nagy-meretu-ko-nelkuli-karika-fulbevalo\/","og_locale":"hu_HU","og_type":"article","og_title":"Nagy m\u00e9ret\u0171 k\u0151 n\u00e9lk\u00fcli karika f\u00fclbeval\u00f3","og_description":"Fedezd fel a leny\u0171g\u00f6z\u0151 Nagy m\u00e9ret\u0171 k\u0151 n\u00e9lk\u00fcli karika f\u00fclbeval\u00f3 \u00e9kszer\u00fcnket. T\u00f6k\u00e9letes kieg\u00e9sz\u00edt\u0151 mindennapi viselethez \u00e9s k\u00fcl\u00f6nleges alkalmakra egyar\u00e1nt. Rendeld meg most!","og_url":"https:\/\/old.drescherjewellery.com\/hu\/termek\/nagy-meretu-ko-nelkuli-karika-fulbevalo\/","og_site_name":"Drescher Jewellery","article_publisher":"https:\/\/www.facebook.com\/drescherjewellery","article_modified_time":"2026-04-01T15:19:27+00:00","og_image":[{"width":1350,"height":1800,"url":"https:\/\/old.drescherjewellery.com\/wp-content\/uploads\/2025\/09\/Nagy-meretu-ko-nelkuli-karika-fulbevalo_2.jpg","type":"image\/jpeg"}],"twitter_card":"summary_large_image","twitter_misc":{"Becs\u00fclt olvas\u00e1si id\u0151":"1 perc"},"schema":{"@context":"https:\/\/schema.org","@graph":[{"@type":"WebPage","@id":"https:\/\/old.drescherjewellery.com\/hu\/termek\/nagy-meretu-ko-nelkuli-karika-fulbevalo\/","url":"https:\/\/old.drescherjewellery.com\/hu\/termek\/nagy-meretu-ko-nelkuli-karika-fulbevalo\/","name":"Nagy m\u00e9ret\u0171 k\u0151 n\u00e9lk\u00fcli karika f\u00fclbeval\u00f3 | Drescher Jewellery","isPartOf":{"@id":"https:\/\/old.drescherjewellery.com\/hu\/#website"},"primaryImageOfPage":{"@id":"https:\/\/old.drescherjewellery.com\/hu\/termek\/nagy-meretu-ko-nelkuli-karika-fulbevalo\/#primaryimage"},"image":{"@id":"https:\/\/old.drescherjewellery.com\/hu\/termek\/nagy-meretu-ko-nelkuli-karika-fulbevalo\/#primaryimage"},"thumbnailUrl":"https:\/\/old.drescherjewellery.com\/wp-content\/uploads\/2025\/09\/Nagy-meretu-ko-nelkuli-karika-fulbevalo_2.jpg","datePublished":"2025-09-11T21:07:44+00:00","dateModified":"2026-04-01T15:19:27+00:00","description":"Fedezd fel a leny\u0171g\u00f6z\u0151 Nagy m\u00e9ret\u0171 k\u0151 n\u00e9lk\u00fcli karika f\u00fclbeval\u00f3 \u00e9kszer\u00fcnket. T\u00f6k\u00e9letes kieg\u00e9sz\u00edt\u0151 mindennapi viselethez \u00e9s k\u00fcl\u00f6nleges alkalmakra egyar\u00e1nt. Rendeld meg most!","breadcrumb":{"@id":"https:\/\/old.drescherjewellery.com\/hu\/termek\/nagy-meretu-ko-nelkuli-karika-fulbevalo\/#breadcrumb"},"inLanguage":"hu","potentialAction":[{"@type":"ReadAction","target":["https:\/\/old.drescherjewellery.com\/hu\/termek\/nagy-meretu-ko-nelkuli-karika-fulbevalo\/"]}]},{"@type":"ImageObject","inLanguage":"hu","@id":"https:\/\/old.drescherjewellery.com\/hu\/termek\/nagy-meretu-ko-nelkuli-karika-fulbevalo\/#primaryimage","url":"https:\/\/old.drescherjewellery.com\/wp-content\/uploads\/2025\/09\/Nagy-meretu-ko-nelkuli-karika-fulbevalo_2.jpg","contentUrl":"https:\/\/old.drescherjewellery.com\/wp-content\/uploads\/2025\/09\/Nagy-meretu-ko-nelkuli-karika-fulbevalo_2.jpg","width":1350,"height":1800},{"@type":"BreadcrumbList","@id":"https:\/\/old.drescherjewellery.com\/hu\/termek\/nagy-meretu-ko-nelkuli-karika-fulbevalo\/#breadcrumb","itemListElement":[{"@type":"ListItem","position":1,"name":"Kezd\u0151lap","item":"https:\/\/old.drescherjewellery.com\/hu\/"},{"@type":"ListItem","position":2,"name":"Shop","item":"https:\/\/old.drescherjewellery.com\/hu\/shop\/"},{"@type":"ListItem","position":3,"name":"Nagy m\u00e9ret\u0171 k\u0151 n\u00e9lk\u00fcli karika f\u00fclbeval\u00f3"}]},{"@type":"WebSite","@id":"https:\/\/old.drescherjewellery.com\/hu\/#website","url":"https:\/\/old.drescherjewellery.com\/hu\/","name":"Drescher Jewellery","description":"Tedd t\u00f6k\u00e9letesebb\u00e9 mindennapjaid a Drescher Jewellery \u00e9kszereivel.","publisher":{"@id":"https:\/\/old.drescherjewellery.com\/hu\/#organization"},"alternateName":"Ez\u00fcst \u00c9kszer Web\u00e1ruh\u00e1z","potentialAction":[{"@type":"SearchAction","target":{"@type":"EntryPoint","urlTemplate":"https:\/\/old.drescherjewellery.com\/hu\/?s={search_term_string}"},"query-input":{"@type":"PropertyValueSpecification","valueRequired":true,"valueName":"search_term_string"}}],"inLanguage":"hu"},{"@type":"Organization","@id":"https:\/\/old.drescherjewellery.com\/hu\/#organization","name":"Drescher Jewellery","url":"https:\/\/old.drescherjewellery.com\/hu\/","logo":{"@type":"ImageObject","inLanguage":"hu","@id":"https:\/\/old.drescherjewellery.com\/hu\/#\/schema\/logo\/image\/","url":"https:\/\/drescherjewellery.com\/wp-content\/uploads\/2026\/01\/Drescher-Jewellery-wpml.png","contentUrl":"https:\/\/drescherjewellery.com\/wp-content\/uploads\/2026\/01\/Drescher-Jewellery-wpml.png","width":500,"height":500,"caption":"Drescher Jewellery"},"image":{"@id":"https:\/\/old.drescherjewellery.com\/hu\/#\/schema\/logo\/image\/"},"sameAs":["https:\/\/www.facebook.com\/drescherjewellery","https:\/\/www.instagram.com\/drescherjewellery","https:\/\/www.tiktok.com\/@drescherjewellery"]}]}},"_links":{"self":[{"href":"https:\/\/old.drescherjewellery.com\/hu\/wp-json\/wp\/v2\/product\/108856","targetHints":{"allow":["GET"]}}],"collection":[{"href":"https:\/\/old.drescherjewellery.com\/hu\/wp-json\/wp\/v2\/product"}],"about":[{"href":"https:\/\/old.drescherjewellery.com\/hu\/wp-json\/wp\/v2\/types\/product"}],"version-history":[{"count":1,"href":"https:\/\/old.drescherjewellery.com\/hu\/wp-json\/wp\/v2\/product\/108856\/revisions"}],"predecessor-version":[{"id":119399,"href":"https:\/\/old.drescherjewellery.com\/hu\/wp-json\/wp\/v2\/product\/108856\/revisions\/119399"}],"wp:featuredmedia":[{"embeddable":true,"href":"https:\/\/old.drescherjewellery.com\/hu\/wp-json\/wp\/v2\/media\/108860"}],"wp:attachment":[{"href":"https:\/\/old.drescherjewellery.com\/hu\/wp-json\/wp\/v2\/media?parent=108856"}],"wp:term":[{"taxonomy":"product_brand","embeddable":true,"href":"https:\/\/old.drescherjewellery.com\/hu\/wp-json\/wp\/v2\/product_brand?post=108856"},{"taxonomy":"product_cat","embeddable":true,"href":"https:\/\/old.drescherjewellery.com\/hu\/wp-json\/wp\/v2\/product_cat?post=108856"},{"taxonomy":"product_tag","embeddable":true,"href":"https:\/\/old.drescherjewellery.com\/hu\/wp-json\/wp\/v2\/product_tag?post=108856"}],"curies":[{"name":"wp","href":"https:\/\/api.w.org\/{rel}","templated":true}]}}