{"id":109555,"date":"2025-09-21T00:02:31","date_gmt":"2025-09-20T22:02:31","guid":{"rendered":"https:\/\/dianasilver.hu\/?post_type=product&#038;p=109555"},"modified":"2026-05-27T17:06:55","modified_gmt":"2026-05-27T15:06:55","slug":"ezust-mikro-szettinges-design-gyuru-feher-cirkonia-kovekkel","status":"publish","type":"product","link":"https:\/\/old.drescherjewellery.com\/hu\/termek\/ezust-mikro-szettinges-design-gyuru-feher-cirkonia-kovekkel\/","title":{"rendered":"Ez\u00fcst mikro szettinges design gy\u0171r\u0171 feh\u00e9r cirk\u00f3nia k\u00f6vekkel"},"content":{"rendered":"<h3 data-start=\"241\" data-end=\"324\">Ez\u00fcst mikro szettinges design gy\u0171r\u0171 feh\u00e9r cirk\u00f3nia k\u00f6vekkel<\/h3>\n<ul data-start=\"325\" data-end=\"547\">\n<li data-start=\"325\" data-end=\"400\">\n<p data-start=\"327\" data-end=\"400\">Keresztbe fut\u00f3 vonalvezet\u00e9s, amely k\u00fcl\u00f6nleges dinamizmust ad a gy\u0171r\u0171nek<\/p>\n<\/li>\n<li data-start=\"401\" data-end=\"485\">\n<p data-start=\"403\" data-end=\"485\">Ragyog\u00f3 feh\u00e9r cirk\u00f3nia k\u00f6vekkel d\u00edsz\u00edtve, amelyek f\u00e9nyt \u00e9s eleganci\u00e1t sug\u00e1roznak<\/p>\n<\/li>\n<li data-start=\"486\" data-end=\"547\">\n<p data-start=\"488\" data-end=\"547\">A finom \u00edvek n\u0151ies \u00e9s kifinomult megjelen\u00e9st k\u00f6lcs\u00f6n\u00f6znek<\/p>\n<\/li>\n<\/ul>\n<p data-start=\"549\" data-end=\"569\"><strong data-start=\"549\" data-end=\"567\">Mi\u00e9rt v\u00e1laszd?<\/strong><\/p>\n<ul data-start=\"570\" data-end=\"806\">\n<li data-start=\"570\" data-end=\"638\">\n<p data-start=\"572\" data-end=\"638\">AG 925 sterling ez\u00fcst, r\u00f3dium bevonattal a hosszan tart\u00f3 f\u00e9ny\u00e9rt<\/p>\n<\/li>\n<li data-start=\"639\" data-end=\"688\">\n<p data-start=\"641\" data-end=\"688\">Strasszk\u00f6ves d\u00edsz\u00edt\u00e9s a l\u00e1tv\u00e1nyos ragyog\u00e1s\u00e9rt<\/p>\n<\/li>\n<li data-start=\"689\" data-end=\"752\">\n<p data-start=\"691\" data-end=\"752\">K\u00e9nyelmes viselet, mindennapokra \u00e9s alkalmakra is t\u00f6k\u00e9letes<\/p>\n<\/li>\n<li data-start=\"753\" data-end=\"806\">\n<p data-start=\"755\" data-end=\"806\">Aj\u00e1nd\u00e9knak is ide\u00e1lis, hogy kifejezd szeretetedet<\/p>\n<\/li>\n<\/ul>\n<p data-start=\"808\" data-end=\"912\">Ez a gy\u0171r\u0171 a n\u0151iess\u00e9g \u00e9s az elegancia szimb\u00f3luma, amely minden pillanatban kiemeli egyedis\u00e9gedet. \ud83d\udc96\ud83d\udc8d<\/p>\n","protected":false},"excerpt":{"rendered":"<p>Modern \u00e9s eleg\u00e1ns \u00e9kszer, amely a ragyog\u00e1s \u00e9s a kifinomults\u00e1g t\u00f6k\u00e9letes harm\u00f3ni\u00e1j\u00e1t ny\u00fajtja. \u2728<\/p>\n","protected":false},"featured_media":109566,"template":"","meta":[],"product_brand":[],"product_cat":[25],"product_tag":[513],"class_list":["post-109555","product","type-product","status-publish","has-post-thumbnail","product_cat-ezust-gyuru","product_tag-noi-ezust-ekszerek","description-off","first","instock","taxable","shipping-taxable","purchasable","product-type-variable"],"yoast_head":"<!-- This site is optimized with the Yoast SEO Premium plugin v26.8 (Yoast SEO v27.9) - https:\/\/yoast.com\/product\/yoast-seo-premium-wordpress\/ -->\n<title>Ez\u00fcst mikro szettinges design gy\u0171r\u0171 feh\u00e9r cirk\u00f3nia k\u00f6vekkel | Drescher Jewellery<\/title>\n<meta name=\"description\" content=\"Fedezd fel a leny\u0171g\u00f6z\u0151 Ez\u00fcst mikro szettinges design gy\u0171r\u0171 feh\u00e9r cirk\u00f3nia k\u00f6vekkel \u00e9kszer\u00fcnket. T\u00f6k\u00e9letes kieg\u00e9sz\u00edt\u0151 mindennapi viselethez \u00e9s k\u00fcl\u00f6nleges alkalmakra egyar\u00e1nt. Rendeld meg most!\" \/>\n<meta name=\"robots\" content=\"index, follow, max-snippet:-1, max-image-preview:large, max-video-preview:-1\" \/>\n<link rel=\"canonical\" href=\"https:\/\/old.drescherjewellery.com\/hu\/termek\/ezust-mikro-szettinges-design-gyuru-feher-cirkonia-kovekkel\/\" \/>\n<meta property=\"og:locale\" content=\"hu_HU\" \/>\n<meta property=\"og:type\" content=\"article\" \/>\n<meta property=\"og:title\" content=\"Ez\u00fcst mikro szettinges design gy\u0171r\u0171 feh\u00e9r cirk\u00f3nia k\u00f6vekkel\" \/>\n<meta property=\"og:description\" content=\"Fedezd fel a leny\u0171g\u00f6z\u0151 Ez\u00fcst mikro szettinges design gy\u0171r\u0171 feh\u00e9r cirk\u00f3nia k\u00f6vekkel \u00e9kszer\u00fcnket. T\u00f6k\u00e9letes kieg\u00e9sz\u00edt\u0151 mindennapi viselethez \u00e9s k\u00fcl\u00f6nleges alkalmakra egyar\u00e1nt. Rendeld meg most!\" \/>\n<meta property=\"og:url\" content=\"https:\/\/old.drescherjewellery.com\/hu\/termek\/ezust-mikro-szettinges-design-gyuru-feher-cirkonia-kovekkel\/\" \/>\n<meta property=\"og:site_name\" content=\"Drescher Jewellery\" \/>\n<meta property=\"article:publisher\" content=\"https:\/\/www.facebook.com\/drescherjewellery\" \/>\n<meta property=\"article:modified_time\" content=\"2026-05-27T15:06:55+00:00\" \/>\n<meta property=\"og:image\" content=\"https:\/\/old.drescherjewellery.com\/wp-content\/uploads\/2025\/09\/Ezust-mikro-szettinges-design-gyuru-feher-cirkonia-kovekkel_2.jpg\" \/>\n\t<meta property=\"og:image:width\" content=\"1340\" \/>\n\t<meta property=\"og:image:height\" content=\"1785\" \/>\n\t<meta property=\"og:image:type\" content=\"image\/jpeg\" \/>\n<meta name=\"twitter:card\" content=\"summary_large_image\" \/>\n<meta name=\"twitter:label1\" content=\"Becs\u00fclt olvas\u00e1si id\u0151\" \/>\n\t<meta name=\"twitter:data1\" content=\"1 perc\" \/>\n<script type=\"application\/ld+json\" class=\"yoast-schema-graph\">{\"@context\":\"https:\\\/\\\/schema.org\",\"@graph\":[{\"@type\":\"WebPage\",\"@id\":\"https:\\\/\\\/old.drescherjewellery.com\\\/hu\\\/termek\\\/ezust-mikro-szettinges-design-gyuru-feher-cirkonia-kovekkel\\\/\",\"url\":\"https:\\\/\\\/old.drescherjewellery.com\\\/hu\\\/termek\\\/ezust-mikro-szettinges-design-gyuru-feher-cirkonia-kovekkel\\\/\",\"name\":\"Ez\u00fcst mikro szettinges design gy\u0171r\u0171 feh\u00e9r cirk\u00f3nia k\u00f6vekkel | Drescher Jewellery\",\"isPartOf\":{\"@id\":\"https:\\\/\\\/old.drescherjewellery.com\\\/hu\\\/#website\"},\"primaryImageOfPage\":{\"@id\":\"https:\\\/\\\/old.drescherjewellery.com\\\/hu\\\/termek\\\/ezust-mikro-szettinges-design-gyuru-feher-cirkonia-kovekkel\\\/#primaryimage\"},\"image\":{\"@id\":\"https:\\\/\\\/old.drescherjewellery.com\\\/hu\\\/termek\\\/ezust-mikro-szettinges-design-gyuru-feher-cirkonia-kovekkel\\\/#primaryimage\"},\"thumbnailUrl\":\"https:\\\/\\\/old.drescherjewellery.com\\\/wp-content\\\/uploads\\\/2025\\\/09\\\/Ezust-mikro-szettinges-design-gyuru-feher-cirkonia-kovekkel_2.jpg\",\"datePublished\":\"2025-09-20T22:02:31+00:00\",\"dateModified\":\"2026-05-27T15:06:55+00:00\",\"description\":\"Fedezd fel a leny\u0171g\u00f6z\u0151 Ez\u00fcst mikro szettinges design gy\u0171r\u0171 feh\u00e9r cirk\u00f3nia k\u00f6vekkel \u00e9kszer\u00fcnket. T\u00f6k\u00e9letes kieg\u00e9sz\u00edt\u0151 mindennapi viselethez \u00e9s k\u00fcl\u00f6nleges alkalmakra egyar\u00e1nt. Rendeld meg most!\",\"breadcrumb\":{\"@id\":\"https:\\\/\\\/old.drescherjewellery.com\\\/hu\\\/termek\\\/ezust-mikro-szettinges-design-gyuru-feher-cirkonia-kovekkel\\\/#breadcrumb\"},\"inLanguage\":\"hu\",\"potentialAction\":[{\"@type\":\"ReadAction\",\"target\":[\"https:\\\/\\\/old.drescherjewellery.com\\\/hu\\\/termek\\\/ezust-mikro-szettinges-design-gyuru-feher-cirkonia-kovekkel\\\/\"]}]},{\"@type\":\"ImageObject\",\"inLanguage\":\"hu\",\"@id\":\"https:\\\/\\\/old.drescherjewellery.com\\\/hu\\\/termek\\\/ezust-mikro-szettinges-design-gyuru-feher-cirkonia-kovekkel\\\/#primaryimage\",\"url\":\"https:\\\/\\\/old.drescherjewellery.com\\\/wp-content\\\/uploads\\\/2025\\\/09\\\/Ezust-mikro-szettinges-design-gyuru-feher-cirkonia-kovekkel_2.jpg\",\"contentUrl\":\"https:\\\/\\\/old.drescherjewellery.com\\\/wp-content\\\/uploads\\\/2025\\\/09\\\/Ezust-mikro-szettinges-design-gyuru-feher-cirkonia-kovekkel_2.jpg\",\"width\":1340,\"height\":1785},{\"@type\":\"BreadcrumbList\",\"@id\":\"https:\\\/\\\/old.drescherjewellery.com\\\/hu\\\/termek\\\/ezust-mikro-szettinges-design-gyuru-feher-cirkonia-kovekkel\\\/#breadcrumb\",\"itemListElement\":[{\"@type\":\"ListItem\",\"position\":1,\"name\":\"Kezd\u0151lap\",\"item\":\"https:\\\/\\\/old.drescherjewellery.com\\\/hu\\\/\"},{\"@type\":\"ListItem\",\"position\":2,\"name\":\"Shop\",\"item\":\"https:\\\/\\\/old.drescherjewellery.com\\\/hu\\\/shop\\\/\"},{\"@type\":\"ListItem\",\"position\":3,\"name\":\"Ez\u00fcst mikro szettinges design gy\u0171r\u0171 feh\u00e9r cirk\u00f3nia k\u00f6vekkel\"}]},{\"@type\":\"WebSite\",\"@id\":\"https:\\\/\\\/old.drescherjewellery.com\\\/hu\\\/#website\",\"url\":\"https:\\\/\\\/old.drescherjewellery.com\\\/hu\\\/\",\"name\":\"Drescher Jewellery\",\"description\":\"Tedd t\u00f6k\u00e9letesebb\u00e9 mindennapjaid a Drescher Jewellery \u00e9kszereivel.\",\"publisher\":{\"@id\":\"https:\\\/\\\/old.drescherjewellery.com\\\/hu\\\/#organization\"},\"alternateName\":\"Ez\u00fcst \u00c9kszer Web\u00e1ruh\u00e1z\",\"potentialAction\":[{\"@type\":\"SearchAction\",\"target\":{\"@type\":\"EntryPoint\",\"urlTemplate\":\"https:\\\/\\\/old.drescherjewellery.com\\\/hu\\\/?s={search_term_string}\"},\"query-input\":{\"@type\":\"PropertyValueSpecification\",\"valueRequired\":true,\"valueName\":\"search_term_string\"}}],\"inLanguage\":\"hu\"},{\"@type\":\"Organization\",\"@id\":\"https:\\\/\\\/old.drescherjewellery.com\\\/hu\\\/#organization\",\"name\":\"Drescher Jewellery\",\"url\":\"https:\\\/\\\/old.drescherjewellery.com\\\/hu\\\/\",\"logo\":{\"@type\":\"ImageObject\",\"inLanguage\":\"hu\",\"@id\":\"https:\\\/\\\/old.drescherjewellery.com\\\/hu\\\/#\\\/schema\\\/logo\\\/image\\\/\",\"url\":\"https:\\\/\\\/drescherjewellery.com\\\/wp-content\\\/uploads\\\/2026\\\/01\\\/Drescher-Jewellery-wpml.png\",\"contentUrl\":\"https:\\\/\\\/drescherjewellery.com\\\/wp-content\\\/uploads\\\/2026\\\/01\\\/Drescher-Jewellery-wpml.png\",\"width\":500,\"height\":500,\"caption\":\"Drescher Jewellery\"},\"image\":{\"@id\":\"https:\\\/\\\/old.drescherjewellery.com\\\/hu\\\/#\\\/schema\\\/logo\\\/image\\\/\"},\"sameAs\":[\"https:\\\/\\\/www.facebook.com\\\/drescherjewellery\",\"https:\\\/\\\/www.instagram.com\\\/drescherjewellery\",\"https:\\\/\\\/www.tiktok.com\\\/@drescherjewellery\"]}]}<\/script>\n<!-- \/ Yoast SEO Premium plugin. -->","yoast_head_json":{"title":"Ez\u00fcst mikro szettinges design gy\u0171r\u0171 feh\u00e9r cirk\u00f3nia k\u00f6vekkel | Drescher Jewellery","description":"Fedezd fel a leny\u0171g\u00f6z\u0151 Ez\u00fcst mikro szettinges design gy\u0171r\u0171 feh\u00e9r cirk\u00f3nia k\u00f6vekkel \u00e9kszer\u00fcnket. T\u00f6k\u00e9letes kieg\u00e9sz\u00edt\u0151 mindennapi viselethez \u00e9s k\u00fcl\u00f6nleges alkalmakra egyar\u00e1nt. Rendeld meg most!","robots":{"index":"index","follow":"follow","max-snippet":"max-snippet:-1","max-image-preview":"max-image-preview:large","max-video-preview":"max-video-preview:-1"},"canonical":"https:\/\/old.drescherjewellery.com\/hu\/termek\/ezust-mikro-szettinges-design-gyuru-feher-cirkonia-kovekkel\/","og_locale":"hu_HU","og_type":"article","og_title":"Ez\u00fcst mikro szettinges design gy\u0171r\u0171 feh\u00e9r cirk\u00f3nia k\u00f6vekkel","og_description":"Fedezd fel a leny\u0171g\u00f6z\u0151 Ez\u00fcst mikro szettinges design gy\u0171r\u0171 feh\u00e9r cirk\u00f3nia k\u00f6vekkel \u00e9kszer\u00fcnket. T\u00f6k\u00e9letes kieg\u00e9sz\u00edt\u0151 mindennapi viselethez \u00e9s k\u00fcl\u00f6nleges alkalmakra egyar\u00e1nt. Rendeld meg most!","og_url":"https:\/\/old.drescherjewellery.com\/hu\/termek\/ezust-mikro-szettinges-design-gyuru-feher-cirkonia-kovekkel\/","og_site_name":"Drescher Jewellery","article_publisher":"https:\/\/www.facebook.com\/drescherjewellery","article_modified_time":"2026-05-27T15:06:55+00:00","og_image":[{"width":1340,"height":1785,"url":"https:\/\/old.drescherjewellery.com\/wp-content\/uploads\/2025\/09\/Ezust-mikro-szettinges-design-gyuru-feher-cirkonia-kovekkel_2.jpg","type":"image\/jpeg"}],"twitter_card":"summary_large_image","twitter_misc":{"Becs\u00fclt olvas\u00e1si id\u0151":"1 perc"},"schema":{"@context":"https:\/\/schema.org","@graph":[{"@type":"WebPage","@id":"https:\/\/old.drescherjewellery.com\/hu\/termek\/ezust-mikro-szettinges-design-gyuru-feher-cirkonia-kovekkel\/","url":"https:\/\/old.drescherjewellery.com\/hu\/termek\/ezust-mikro-szettinges-design-gyuru-feher-cirkonia-kovekkel\/","name":"Ez\u00fcst mikro szettinges design gy\u0171r\u0171 feh\u00e9r cirk\u00f3nia k\u00f6vekkel | Drescher Jewellery","isPartOf":{"@id":"https:\/\/old.drescherjewellery.com\/hu\/#website"},"primaryImageOfPage":{"@id":"https:\/\/old.drescherjewellery.com\/hu\/termek\/ezust-mikro-szettinges-design-gyuru-feher-cirkonia-kovekkel\/#primaryimage"},"image":{"@id":"https:\/\/old.drescherjewellery.com\/hu\/termek\/ezust-mikro-szettinges-design-gyuru-feher-cirkonia-kovekkel\/#primaryimage"},"thumbnailUrl":"https:\/\/old.drescherjewellery.com\/wp-content\/uploads\/2025\/09\/Ezust-mikro-szettinges-design-gyuru-feher-cirkonia-kovekkel_2.jpg","datePublished":"2025-09-20T22:02:31+00:00","dateModified":"2026-05-27T15:06:55+00:00","description":"Fedezd fel a leny\u0171g\u00f6z\u0151 Ez\u00fcst mikro szettinges design gy\u0171r\u0171 feh\u00e9r cirk\u00f3nia k\u00f6vekkel \u00e9kszer\u00fcnket. T\u00f6k\u00e9letes kieg\u00e9sz\u00edt\u0151 mindennapi viselethez \u00e9s k\u00fcl\u00f6nleges alkalmakra egyar\u00e1nt. Rendeld meg most!","breadcrumb":{"@id":"https:\/\/old.drescherjewellery.com\/hu\/termek\/ezust-mikro-szettinges-design-gyuru-feher-cirkonia-kovekkel\/#breadcrumb"},"inLanguage":"hu","potentialAction":[{"@type":"ReadAction","target":["https:\/\/old.drescherjewellery.com\/hu\/termek\/ezust-mikro-szettinges-design-gyuru-feher-cirkonia-kovekkel\/"]}]},{"@type":"ImageObject","inLanguage":"hu","@id":"https:\/\/old.drescherjewellery.com\/hu\/termek\/ezust-mikro-szettinges-design-gyuru-feher-cirkonia-kovekkel\/#primaryimage","url":"https:\/\/old.drescherjewellery.com\/wp-content\/uploads\/2025\/09\/Ezust-mikro-szettinges-design-gyuru-feher-cirkonia-kovekkel_2.jpg","contentUrl":"https:\/\/old.drescherjewellery.com\/wp-content\/uploads\/2025\/09\/Ezust-mikro-szettinges-design-gyuru-feher-cirkonia-kovekkel_2.jpg","width":1340,"height":1785},{"@type":"BreadcrumbList","@id":"https:\/\/old.drescherjewellery.com\/hu\/termek\/ezust-mikro-szettinges-design-gyuru-feher-cirkonia-kovekkel\/#breadcrumb","itemListElement":[{"@type":"ListItem","position":1,"name":"Kezd\u0151lap","item":"https:\/\/old.drescherjewellery.com\/hu\/"},{"@type":"ListItem","position":2,"name":"Shop","item":"https:\/\/old.drescherjewellery.com\/hu\/shop\/"},{"@type":"ListItem","position":3,"name":"Ez\u00fcst mikro szettinges design gy\u0171r\u0171 feh\u00e9r cirk\u00f3nia k\u00f6vekkel"}]},{"@type":"WebSite","@id":"https:\/\/old.drescherjewellery.com\/hu\/#website","url":"https:\/\/old.drescherjewellery.com\/hu\/","name":"Drescher Jewellery","description":"Tedd t\u00f6k\u00e9letesebb\u00e9 mindennapjaid a Drescher Jewellery \u00e9kszereivel.","publisher":{"@id":"https:\/\/old.drescherjewellery.com\/hu\/#organization"},"alternateName":"Ez\u00fcst \u00c9kszer Web\u00e1ruh\u00e1z","potentialAction":[{"@type":"SearchAction","target":{"@type":"EntryPoint","urlTemplate":"https:\/\/old.drescherjewellery.com\/hu\/?s={search_term_string}"},"query-input":{"@type":"PropertyValueSpecification","valueRequired":true,"valueName":"search_term_string"}}],"inLanguage":"hu"},{"@type":"Organization","@id":"https:\/\/old.drescherjewellery.com\/hu\/#organization","name":"Drescher Jewellery","url":"https:\/\/old.drescherjewellery.com\/hu\/","logo":{"@type":"ImageObject","inLanguage":"hu","@id":"https:\/\/old.drescherjewellery.com\/hu\/#\/schema\/logo\/image\/","url":"https:\/\/drescherjewellery.com\/wp-content\/uploads\/2026\/01\/Drescher-Jewellery-wpml.png","contentUrl":"https:\/\/drescherjewellery.com\/wp-content\/uploads\/2026\/01\/Drescher-Jewellery-wpml.png","width":500,"height":500,"caption":"Drescher Jewellery"},"image":{"@id":"https:\/\/old.drescherjewellery.com\/hu\/#\/schema\/logo\/image\/"},"sameAs":["https:\/\/www.facebook.com\/drescherjewellery","https:\/\/www.instagram.com\/drescherjewellery","https:\/\/www.tiktok.com\/@drescherjewellery"]}]}},"_links":{"self":[{"href":"https:\/\/old.drescherjewellery.com\/hu\/wp-json\/wp\/v2\/product\/109555","targetHints":{"allow":["GET"]}}],"collection":[{"href":"https:\/\/old.drescherjewellery.com\/hu\/wp-json\/wp\/v2\/product"}],"about":[{"href":"https:\/\/old.drescherjewellery.com\/hu\/wp-json\/wp\/v2\/types\/product"}],"version-history":[{"count":1,"href":"https:\/\/old.drescherjewellery.com\/hu\/wp-json\/wp\/v2\/product\/109555\/revisions"}],"predecessor-version":[{"id":119434,"href":"https:\/\/old.drescherjewellery.com\/hu\/wp-json\/wp\/v2\/product\/109555\/revisions\/119434"}],"wp:featuredmedia":[{"embeddable":true,"href":"https:\/\/old.drescherjewellery.com\/hu\/wp-json\/wp\/v2\/media\/109566"}],"wp:attachment":[{"href":"https:\/\/old.drescherjewellery.com\/hu\/wp-json\/wp\/v2\/media?parent=109555"}],"wp:term":[{"taxonomy":"product_brand","embeddable":true,"href":"https:\/\/old.drescherjewellery.com\/hu\/wp-json\/wp\/v2\/product_brand?post=109555"},{"taxonomy":"product_cat","embeddable":true,"href":"https:\/\/old.drescherjewellery.com\/hu\/wp-json\/wp\/v2\/product_cat?post=109555"},{"taxonomy":"product_tag","embeddable":true,"href":"https:\/\/old.drescherjewellery.com\/hu\/wp-json\/wp\/v2\/product_tag?post=109555"}],"curies":[{"name":"wp","href":"https:\/\/api.w.org\/{rel}","templated":true}]}}