{"id":110173,"date":"2025-10-25T11:42:18","date_gmt":"2025-10-25T09:42:18","guid":{"rendered":"https:\/\/dianasilver.hu\/?post_type=product&#038;p=110173"},"modified":"2026-09-02T14:38:14","modified_gmt":"2026-09-02T12:38:14","slug":"ezust-gyermek-karkoto-malackas-figuraval-134-cm","status":"publish","type":"product","link":"https:\/\/old.drescherjewellery.com\/hu\/termek\/ezust-gyermek-karkoto-malackas-figuraval-134-cm\/","title":{"rendered":"Ez\u00fcst gyermek kark\u00f6t\u0151 malack\u00e1s figur\u00e1val (13+4 cm)"},"content":{"rendered":"<h2 data-start=\"514\" data-end=\"601\"><strong data-start=\"514\" data-end=\"599\">Ez\u00fcst gyermek kark\u00f6t\u0151 malack\u00e1s mot\u00edvummal \u2013 j\u00e1t\u00e9kos elegancia \u00e9s szem\u00e9lyes var\u00e1zs<\/strong><\/h2>\n<ul data-start=\"603\" data-end=\"1173\">\n<li data-start=\"603\" data-end=\"724\">\n<p data-start=\"605\" data-end=\"724\">K\u00e9sz\u00fclt <strong data-start=\"613\" data-end=\"632\">AG 925 ez\u00fcstb\u0151l<\/strong>, <strong data-start=\"634\" data-end=\"655\">r\u00f3dium bevonattal<\/strong>, hogy hossz\u00fa ideig meg\u0151rizze ragyog\u00e1s\u00e1t \u00e9s ellen\u00e1lljon a kop\u00e1snak.<\/p>\n<\/li>\n<li data-start=\"725\" data-end=\"856\">\n<p data-start=\"727\" data-end=\"856\">A kark\u00f6t\u0151 elej\u00e9n egy <strong data-start=\"748\" data-end=\"770\">grav\u00edrozhat\u00f3 t\u00e1bla<\/strong> kapott helyet, \u00edgy ak\u00e1r nevet, d\u00e1tumot vagy kedves \u00fczenetet is elhelyezhetsz rajta.<\/p>\n<\/li>\n<li data-start=\"857\" data-end=\"949\">\n<p data-start=\"859\" data-end=\"949\">A <strong data-start=\"861\" data-end=\"902\">r\u00f3zsasz\u00edn zom\u00e1ncozott malack\u00e1s figura<\/strong> kedvess\u00e9get \u00e9s j\u00e1t\u00e9koss\u00e1got visz a diz\u00e1jnba.<\/p>\n<\/li>\n<li data-start=\"950\" data-end=\"1018\">\n<p data-start=\"952\" data-end=\"1018\"><strong data-start=\"952\" data-end=\"972\">Uniszex kivitel:<\/strong> kisfi\u00fakra \u00e9s kisl\u00e1nyokra is egyar\u00e1nt illik.<\/p>\n<\/li>\n<li data-start=\"1019\" data-end=\"1112\">\n<p data-start=\"1021\" data-end=\"1112\"><strong data-start=\"1021\" data-end=\"1050\">\u00c1ll\u00edthat\u00f3 m\u00e9ret (13+4 cm)<\/strong>, \u00edgy k\u00e9nyelmesen illeszkedik, \u00e9s egy\u00fctt n\u0151het a gyermekkel.<\/p>\n<\/li>\n<li data-start=\"1113\" data-end=\"1173\">\n<p data-start=\"1115\" data-end=\"1173\">Biztons\u00e1gos z\u00e1r\u00f3d\u00e1s \u00e9s kellemes viselet a mindennapokra.<\/p>\n<\/li>\n<\/ul>\n<p data-start=\"1175\" data-end=\"1310\">Keresztel\u0151re, sz\u00fclet\u00e9snapra vagy b\u00e1rmilyen k\u00fcl\u00f6nleges alkalomra sz\u00edvb\u0151l j\u00f6v\u0151 aj\u00e1nd\u00e9k \u2013 egy kis \u00e9kszer, amely \u00f6r\u00f6k eml\u00e9kk\u00e9 v\u00e1lhat. \ud83c\udf81\u2728<\/p>\n","protected":false},"excerpt":{"rendered":"<p>B\u00e1jos \u00e9s vid\u00e1m ez\u00fcst kark\u00f6t\u0151 a legkisebbeknek, amelyet egy kedves malack\u00e1s mot\u00edvum d\u00edsz\u00edt. Kisfi\u00faknak \u00e9s kisl\u00e1nyoknak egyar\u00e1nt t\u00f6k\u00e9letes aj\u00e1nd\u00e9k, amelyet grav\u00edroz\u00e1ssal m\u00e9g szem\u00e9lyesebb\u00e9 tehetsz. \ud83d\udc37\ud83d\udc96<\/p>\n","protected":false},"featured_media":110177,"template":"","meta":[],"product_brand":[],"product_cat":[32],"product_tag":[529,514,533],"class_list":["post-110173","product","type-product","status-publish","has-post-thumbnail","product_cat-ezust-karkoto","product_tag-allatos","product_tag-gyermek-ezust-ekszer","product_tag-szines","description-off","first","instock","taxable","shipping-taxable","purchasable","product-type-simple"],"yoast_head":"<!-- This site is optimized with the Yoast SEO Premium plugin v26.8 (Yoast SEO v27.9) - https:\/\/yoast.com\/product\/yoast-seo-premium-wordpress\/ -->\n<title>Ez\u00fcst gyermek kark\u00f6t\u0151 malack\u00e1s figur\u00e1val (13+4 cm) | Drescher Jewellery<\/title>\n<meta name=\"description\" content=\"Fedezd fel a leny\u0171g\u00f6z\u0151 Ez\u00fcst gyermek kark\u00f6t\u0151 malack\u00e1s figur\u00e1val (13+4 cm) \u00e9kszer\u00fcnket. T\u00f6k\u00e9letes kieg\u00e9sz\u00edt\u0151 mindennapi viselethez \u00e9s k\u00fcl\u00f6nleges alkalmakra egyar\u00e1nt. Rendeld meg most!\" \/>\n<meta name=\"robots\" content=\"index, follow, max-snippet:-1, max-image-preview:large, max-video-preview:-1\" \/>\n<link rel=\"canonical\" href=\"https:\/\/old.drescherjewellery.com\/hu\/termek\/ezust-gyermek-karkoto-malackas-figuraval-134-cm\/\" \/>\n<meta property=\"og:locale\" content=\"hu_HU\" \/>\n<meta property=\"og:type\" content=\"article\" \/>\n<meta property=\"og:title\" content=\"Ez\u00fcst gyermek kark\u00f6t\u0151 malack\u00e1s figur\u00e1val (13+4 cm)\" \/>\n<meta property=\"og:description\" content=\"Fedezd fel a leny\u0171g\u00f6z\u0151 Ez\u00fcst gyermek kark\u00f6t\u0151 malack\u00e1s figur\u00e1val (13+4 cm) \u00e9kszer\u00fcnket. T\u00f6k\u00e9letes kieg\u00e9sz\u00edt\u0151 mindennapi viselethez \u00e9s k\u00fcl\u00f6nleges alkalmakra egyar\u00e1nt. Rendeld meg most!\" \/>\n<meta property=\"og:url\" content=\"https:\/\/old.drescherjewellery.com\/hu\/termek\/ezust-gyermek-karkoto-malackas-figuraval-134-cm\/\" \/>\n<meta property=\"og:site_name\" content=\"Drescher Jewellery\" \/>\n<meta property=\"article:publisher\" content=\"https:\/\/www.facebook.com\/drescherjewellery\" \/>\n<meta property=\"article:modified_time\" content=\"2026-09-02T12:38:14+00:00\" \/>\n<meta property=\"og:image\" content=\"https:\/\/old.drescherjewellery.com\/wp-content\/uploads\/2025\/10\/Ezust-gyermek-karkoto-malackas-figuraval-134-cm_1.jpg\" \/>\n\t<meta property=\"og:image:width\" content=\"1340\" \/>\n\t<meta property=\"og:image:height\" content=\"1785\" \/>\n\t<meta property=\"og:image:type\" content=\"image\/jpeg\" \/>\n<meta name=\"twitter:card\" content=\"summary_large_image\" \/>\n<meta name=\"twitter:label1\" content=\"Becs\u00fclt olvas\u00e1si id\u0151\" \/>\n\t<meta name=\"twitter:data1\" content=\"1 perc\" \/>\n<script type=\"application\/ld+json\" class=\"yoast-schema-graph\">{\"@context\":\"https:\\\/\\\/schema.org\",\"@graph\":[{\"@type\":\"WebPage\",\"@id\":\"https:\\\/\\\/old.drescherjewellery.com\\\/hu\\\/termek\\\/ezust-gyermek-karkoto-malackas-figuraval-134-cm\\\/\",\"url\":\"https:\\\/\\\/old.drescherjewellery.com\\\/hu\\\/termek\\\/ezust-gyermek-karkoto-malackas-figuraval-134-cm\\\/\",\"name\":\"Ez\u00fcst gyermek kark\u00f6t\u0151 malack\u00e1s figur\u00e1val (13+4 cm) | Drescher Jewellery\",\"isPartOf\":{\"@id\":\"https:\\\/\\\/old.drescherjewellery.com\\\/hu\\\/#website\"},\"primaryImageOfPage\":{\"@id\":\"https:\\\/\\\/old.drescherjewellery.com\\\/hu\\\/termek\\\/ezust-gyermek-karkoto-malackas-figuraval-134-cm\\\/#primaryimage\"},\"image\":{\"@id\":\"https:\\\/\\\/old.drescherjewellery.com\\\/hu\\\/termek\\\/ezust-gyermek-karkoto-malackas-figuraval-134-cm\\\/#primaryimage\"},\"thumbnailUrl\":\"https:\\\/\\\/old.drescherjewellery.com\\\/wp-content\\\/uploads\\\/2025\\\/10\\\/Ezust-gyermek-karkoto-malackas-figuraval-134-cm_1.jpg\",\"datePublished\":\"2025-10-25T09:42:18+00:00\",\"dateModified\":\"2026-09-02T12:38:14+00:00\",\"description\":\"Fedezd fel a leny\u0171g\u00f6z\u0151 Ez\u00fcst gyermek kark\u00f6t\u0151 malack\u00e1s figur\u00e1val (13+4 cm) \u00e9kszer\u00fcnket. T\u00f6k\u00e9letes kieg\u00e9sz\u00edt\u0151 mindennapi viselethez \u00e9s k\u00fcl\u00f6nleges alkalmakra egyar\u00e1nt. Rendeld meg most!\",\"breadcrumb\":{\"@id\":\"https:\\\/\\\/old.drescherjewellery.com\\\/hu\\\/termek\\\/ezust-gyermek-karkoto-malackas-figuraval-134-cm\\\/#breadcrumb\"},\"inLanguage\":\"hu\",\"potentialAction\":[{\"@type\":\"ReadAction\",\"target\":[\"https:\\\/\\\/old.drescherjewellery.com\\\/hu\\\/termek\\\/ezust-gyermek-karkoto-malackas-figuraval-134-cm\\\/\"]}]},{\"@type\":\"ImageObject\",\"inLanguage\":\"hu\",\"@id\":\"https:\\\/\\\/old.drescherjewellery.com\\\/hu\\\/termek\\\/ezust-gyermek-karkoto-malackas-figuraval-134-cm\\\/#primaryimage\",\"url\":\"https:\\\/\\\/old.drescherjewellery.com\\\/wp-content\\\/uploads\\\/2025\\\/10\\\/Ezust-gyermek-karkoto-malackas-figuraval-134-cm_1.jpg\",\"contentUrl\":\"https:\\\/\\\/old.drescherjewellery.com\\\/wp-content\\\/uploads\\\/2025\\\/10\\\/Ezust-gyermek-karkoto-malackas-figuraval-134-cm_1.jpg\",\"width\":1340,\"height\":1785},{\"@type\":\"BreadcrumbList\",\"@id\":\"https:\\\/\\\/old.drescherjewellery.com\\\/hu\\\/termek\\\/ezust-gyermek-karkoto-malackas-figuraval-134-cm\\\/#breadcrumb\",\"itemListElement\":[{\"@type\":\"ListItem\",\"position\":1,\"name\":\"Kezd\u0151lap\",\"item\":\"https:\\\/\\\/old.drescherjewellery.com\\\/hu\\\/\"},{\"@type\":\"ListItem\",\"position\":2,\"name\":\"Shop\",\"item\":\"https:\\\/\\\/old.drescherjewellery.com\\\/hu\\\/shop\\\/\"},{\"@type\":\"ListItem\",\"position\":3,\"name\":\"Ez\u00fcst gyermek kark\u00f6t\u0151 malack\u00e1s figur\u00e1val (13+4 cm)\"}]},{\"@type\":\"WebSite\",\"@id\":\"https:\\\/\\\/old.drescherjewellery.com\\\/hu\\\/#website\",\"url\":\"https:\\\/\\\/old.drescherjewellery.com\\\/hu\\\/\",\"name\":\"Drescher Jewellery\",\"description\":\"Tedd t\u00f6k\u00e9letesebb\u00e9 mindennapjaid a Drescher Jewellery \u00e9kszereivel.\",\"publisher\":{\"@id\":\"https:\\\/\\\/old.drescherjewellery.com\\\/hu\\\/#organization\"},\"alternateName\":\"Ez\u00fcst \u00c9kszer Web\u00e1ruh\u00e1z\",\"potentialAction\":[{\"@type\":\"SearchAction\",\"target\":{\"@type\":\"EntryPoint\",\"urlTemplate\":\"https:\\\/\\\/old.drescherjewellery.com\\\/hu\\\/?s={search_term_string}\"},\"query-input\":{\"@type\":\"PropertyValueSpecification\",\"valueRequired\":true,\"valueName\":\"search_term_string\"}}],\"inLanguage\":\"hu\"},{\"@type\":\"Organization\",\"@id\":\"https:\\\/\\\/old.drescherjewellery.com\\\/hu\\\/#organization\",\"name\":\"Drescher Jewellery\",\"url\":\"https:\\\/\\\/old.drescherjewellery.com\\\/hu\\\/\",\"logo\":{\"@type\":\"ImageObject\",\"inLanguage\":\"hu\",\"@id\":\"https:\\\/\\\/old.drescherjewellery.com\\\/hu\\\/#\\\/schema\\\/logo\\\/image\\\/\",\"url\":\"https:\\\/\\\/drescherjewellery.com\\\/wp-content\\\/uploads\\\/2026\\\/01\\\/Drescher-Jewellery-wpml.png\",\"contentUrl\":\"https:\\\/\\\/drescherjewellery.com\\\/wp-content\\\/uploads\\\/2026\\\/01\\\/Drescher-Jewellery-wpml.png\",\"width\":500,\"height\":500,\"caption\":\"Drescher Jewellery\"},\"image\":{\"@id\":\"https:\\\/\\\/old.drescherjewellery.com\\\/hu\\\/#\\\/schema\\\/logo\\\/image\\\/\"},\"sameAs\":[\"https:\\\/\\\/www.facebook.com\\\/drescherjewellery\",\"https:\\\/\\\/www.instagram.com\\\/drescherjewellery\",\"https:\\\/\\\/www.tiktok.com\\\/@drescherjewellery\"]}]}<\/script>\n<!-- \/ Yoast SEO Premium plugin. -->","yoast_head_json":{"title":"Ez\u00fcst gyermek kark\u00f6t\u0151 malack\u00e1s figur\u00e1val (13+4 cm) | Drescher Jewellery","description":"Fedezd fel a leny\u0171g\u00f6z\u0151 Ez\u00fcst gyermek kark\u00f6t\u0151 malack\u00e1s figur\u00e1val (13+4 cm) \u00e9kszer\u00fcnket. T\u00f6k\u00e9letes kieg\u00e9sz\u00edt\u0151 mindennapi viselethez \u00e9s k\u00fcl\u00f6nleges alkalmakra egyar\u00e1nt. Rendeld meg most!","robots":{"index":"index","follow":"follow","max-snippet":"max-snippet:-1","max-image-preview":"max-image-preview:large","max-video-preview":"max-video-preview:-1"},"canonical":"https:\/\/old.drescherjewellery.com\/hu\/termek\/ezust-gyermek-karkoto-malackas-figuraval-134-cm\/","og_locale":"hu_HU","og_type":"article","og_title":"Ez\u00fcst gyermek kark\u00f6t\u0151 malack\u00e1s figur\u00e1val (13+4 cm)","og_description":"Fedezd fel a leny\u0171g\u00f6z\u0151 Ez\u00fcst gyermek kark\u00f6t\u0151 malack\u00e1s figur\u00e1val (13+4 cm) \u00e9kszer\u00fcnket. T\u00f6k\u00e9letes kieg\u00e9sz\u00edt\u0151 mindennapi viselethez \u00e9s k\u00fcl\u00f6nleges alkalmakra egyar\u00e1nt. Rendeld meg most!","og_url":"https:\/\/old.drescherjewellery.com\/hu\/termek\/ezust-gyermek-karkoto-malackas-figuraval-134-cm\/","og_site_name":"Drescher Jewellery","article_publisher":"https:\/\/www.facebook.com\/drescherjewellery","article_modified_time":"2026-09-02T12:38:14+00:00","og_image":[{"width":1340,"height":1785,"url":"https:\/\/old.drescherjewellery.com\/wp-content\/uploads\/2025\/10\/Ezust-gyermek-karkoto-malackas-figuraval-134-cm_1.jpg","type":"image\/jpeg"}],"twitter_card":"summary_large_image","twitter_misc":{"Becs\u00fclt olvas\u00e1si id\u0151":"1 perc"},"schema":{"@context":"https:\/\/schema.org","@graph":[{"@type":"WebPage","@id":"https:\/\/old.drescherjewellery.com\/hu\/termek\/ezust-gyermek-karkoto-malackas-figuraval-134-cm\/","url":"https:\/\/old.drescherjewellery.com\/hu\/termek\/ezust-gyermek-karkoto-malackas-figuraval-134-cm\/","name":"Ez\u00fcst gyermek kark\u00f6t\u0151 malack\u00e1s figur\u00e1val (13+4 cm) | Drescher Jewellery","isPartOf":{"@id":"https:\/\/old.drescherjewellery.com\/hu\/#website"},"primaryImageOfPage":{"@id":"https:\/\/old.drescherjewellery.com\/hu\/termek\/ezust-gyermek-karkoto-malackas-figuraval-134-cm\/#primaryimage"},"image":{"@id":"https:\/\/old.drescherjewellery.com\/hu\/termek\/ezust-gyermek-karkoto-malackas-figuraval-134-cm\/#primaryimage"},"thumbnailUrl":"https:\/\/old.drescherjewellery.com\/wp-content\/uploads\/2025\/10\/Ezust-gyermek-karkoto-malackas-figuraval-134-cm_1.jpg","datePublished":"2025-10-25T09:42:18+00:00","dateModified":"2026-09-02T12:38:14+00:00","description":"Fedezd fel a leny\u0171g\u00f6z\u0151 Ez\u00fcst gyermek kark\u00f6t\u0151 malack\u00e1s figur\u00e1val (13+4 cm) \u00e9kszer\u00fcnket. T\u00f6k\u00e9letes kieg\u00e9sz\u00edt\u0151 mindennapi viselethez \u00e9s k\u00fcl\u00f6nleges alkalmakra egyar\u00e1nt. Rendeld meg most!","breadcrumb":{"@id":"https:\/\/old.drescherjewellery.com\/hu\/termek\/ezust-gyermek-karkoto-malackas-figuraval-134-cm\/#breadcrumb"},"inLanguage":"hu","potentialAction":[{"@type":"ReadAction","target":["https:\/\/old.drescherjewellery.com\/hu\/termek\/ezust-gyermek-karkoto-malackas-figuraval-134-cm\/"]}]},{"@type":"ImageObject","inLanguage":"hu","@id":"https:\/\/old.drescherjewellery.com\/hu\/termek\/ezust-gyermek-karkoto-malackas-figuraval-134-cm\/#primaryimage","url":"https:\/\/old.drescherjewellery.com\/wp-content\/uploads\/2025\/10\/Ezust-gyermek-karkoto-malackas-figuraval-134-cm_1.jpg","contentUrl":"https:\/\/old.drescherjewellery.com\/wp-content\/uploads\/2025\/10\/Ezust-gyermek-karkoto-malackas-figuraval-134-cm_1.jpg","width":1340,"height":1785},{"@type":"BreadcrumbList","@id":"https:\/\/old.drescherjewellery.com\/hu\/termek\/ezust-gyermek-karkoto-malackas-figuraval-134-cm\/#breadcrumb","itemListElement":[{"@type":"ListItem","position":1,"name":"Kezd\u0151lap","item":"https:\/\/old.drescherjewellery.com\/hu\/"},{"@type":"ListItem","position":2,"name":"Shop","item":"https:\/\/old.drescherjewellery.com\/hu\/shop\/"},{"@type":"ListItem","position":3,"name":"Ez\u00fcst gyermek kark\u00f6t\u0151 malack\u00e1s figur\u00e1val (13+4 cm)"}]},{"@type":"WebSite","@id":"https:\/\/old.drescherjewellery.com\/hu\/#website","url":"https:\/\/old.drescherjewellery.com\/hu\/","name":"Drescher Jewellery","description":"Tedd t\u00f6k\u00e9letesebb\u00e9 mindennapjaid a Drescher Jewellery \u00e9kszereivel.","publisher":{"@id":"https:\/\/old.drescherjewellery.com\/hu\/#organization"},"alternateName":"Ez\u00fcst \u00c9kszer Web\u00e1ruh\u00e1z","potentialAction":[{"@type":"SearchAction","target":{"@type":"EntryPoint","urlTemplate":"https:\/\/old.drescherjewellery.com\/hu\/?s={search_term_string}"},"query-input":{"@type":"PropertyValueSpecification","valueRequired":true,"valueName":"search_term_string"}}],"inLanguage":"hu"},{"@type":"Organization","@id":"https:\/\/old.drescherjewellery.com\/hu\/#organization","name":"Drescher Jewellery","url":"https:\/\/old.drescherjewellery.com\/hu\/","logo":{"@type":"ImageObject","inLanguage":"hu","@id":"https:\/\/old.drescherjewellery.com\/hu\/#\/schema\/logo\/image\/","url":"https:\/\/drescherjewellery.com\/wp-content\/uploads\/2026\/01\/Drescher-Jewellery-wpml.png","contentUrl":"https:\/\/drescherjewellery.com\/wp-content\/uploads\/2026\/01\/Drescher-Jewellery-wpml.png","width":500,"height":500,"caption":"Drescher Jewellery"},"image":{"@id":"https:\/\/old.drescherjewellery.com\/hu\/#\/schema\/logo\/image\/"},"sameAs":["https:\/\/www.facebook.com\/drescherjewellery","https:\/\/www.instagram.com\/drescherjewellery","https:\/\/www.tiktok.com\/@drescherjewellery"]}]}},"_links":{"self":[{"href":"https:\/\/old.drescherjewellery.com\/hu\/wp-json\/wp\/v2\/product\/110173","targetHints":{"allow":["GET"]}}],"collection":[{"href":"https:\/\/old.drescherjewellery.com\/hu\/wp-json\/wp\/v2\/product"}],"about":[{"href":"https:\/\/old.drescherjewellery.com\/hu\/wp-json\/wp\/v2\/types\/product"}],"version-history":[{"count":1,"href":"https:\/\/old.drescherjewellery.com\/hu\/wp-json\/wp\/v2\/product\/110173\/revisions"}],"predecessor-version":[{"id":119446,"href":"https:\/\/old.drescherjewellery.com\/hu\/wp-json\/wp\/v2\/product\/110173\/revisions\/119446"}],"wp:featuredmedia":[{"embeddable":true,"href":"https:\/\/old.drescherjewellery.com\/hu\/wp-json\/wp\/v2\/media\/110177"}],"wp:attachment":[{"href":"https:\/\/old.drescherjewellery.com\/hu\/wp-json\/wp\/v2\/media?parent=110173"}],"wp:term":[{"taxonomy":"product_brand","embeddable":true,"href":"https:\/\/old.drescherjewellery.com\/hu\/wp-json\/wp\/v2\/product_brand?post=110173"},{"taxonomy":"product_cat","embeddable":true,"href":"https:\/\/old.drescherjewellery.com\/hu\/wp-json\/wp\/v2\/product_cat?post=110173"},{"taxonomy":"product_tag","embeddable":true,"href":"https:\/\/old.drescherjewellery.com\/hu\/wp-json\/wp\/v2\/product_tag?post=110173"}],"curies":[{"name":"wp","href":"https:\/\/api.w.org\/{rel}","templated":true}]}}