{"id":110339,"date":"2025-10-25T16:43:46","date_gmt":"2025-10-25T14:43:46","guid":{"rendered":"https:\/\/dianasilver.hu\/?post_type=product&#038;p=110339"},"modified":"2026-09-03T15:08:15","modified_gmt":"2026-09-03T13:08:15","slug":"feher-shell-kagylo-gyongysor-ezust-zarral-454-cm","status":"publish","type":"product","link":"https:\/\/old.drescherjewellery.com\/hu\/termek\/feher-shell-kagylo-gyongysor-ezust-zarral-454-cm\/","title":{"rendered":"Feh\u00e9r shell kagyl\u00f3 gy\u00f6ngysor ez\u00fcst z\u00e1rral (45+4 cm)"},"content":{"rendered":"<h2 data-start=\"435\" data-end=\"528\"><strong data-start=\"435\" data-end=\"526\">Feh\u00e9r shell kagyl\u00f3 gy\u00f6ngysor ez\u00fcst z\u00e1rral \u2013 a t\u00f6k\u00e9letes harm\u00f3nia \u00e9s n\u0151i b\u00e1j megtestes\u00edt\u0151je<\/strong><\/h2>\n<ul data-start=\"530\" data-end=\"1232\">\n<li data-start=\"530\" data-end=\"765\">\n<p data-start=\"532\" data-end=\"765\">A nyakl\u00e1nc\u00a0<strong data-start=\"543\" data-end=\"570\">shell pearl gy\u00f6ngy\u00f6kb\u0151l<\/strong>\u00a0k\u00e9sz\u00fclt, melyek term\u00e9szetes kagyl\u00f3h\u00e9j-magb\u00f3l form\u00e1lt, gy\u00f6ngyh\u00e1zr\u00e9teggel bevont gy\u00f6ngy\u00f6k. Ezek a luxus min\u0151s\u00e9g\u0171 gy\u00f6ngy\u00f6k a term\u00e9szetes \u00e9s a mesters\u00e9ges sz\u00e9ps\u00e9g t\u00f6k\u00e9letes egyens\u00faly\u00e1t k\u00e9pviselik.<\/p>\n<\/li>\n<li data-start=\"766\" data-end=\"882\">\n<p data-start=\"768\" data-end=\"882\">Finom,\u00a0<strong data-start=\"775\" data-end=\"796\">kifinomult f\u00e9ny\u00fck<\/strong>\u00a0minden mozdulatn\u00e1l gy\u00f6ny\u00f6r\u0171en t\u00fckr\u00f6zi a f\u00e9nyt, eleganci\u00e1t \u00e9s tisztas\u00e1got sug\u00e1rozva.<\/p>\n<\/li>\n<li data-start=\"883\" data-end=\"1039\">\n<p data-start=\"885\" data-end=\"1039\">Klasszikus kialak\u00edt\u00e1sa miatt ide\u00e1lis v\u00e1laszt\u00e1s\u00a0<strong data-start=\"932\" data-end=\"988\">alkalmi ruh\u00e1khoz, esk\u00fcv\u0151kre vagy eleg\u00e1ns esem\u00e9nyekre<\/strong>, de h\u00e9tk\u00f6znapokon is n\u0151ies megjelen\u00e9st biztos\u00edt.<\/p>\n<\/li>\n<li data-start=\"1040\" data-end=\"1145\">\n<p data-start=\"1042\" data-end=\"1145\">A\u00a0<strong data-start=\"1044\" data-end=\"1065\">k\u00e9nyelmes z\u00e1r\u00f3d\u00e1s<\/strong>\u00a0stabil viseletet garant\u00e1l, \u00edgy a gy\u00f6ngy\u00f6k mindig sz\u00e9pen rendez\u0151dnek a nyakon.<\/p>\n<\/li>\n<li data-start=\"1146\" data-end=\"1232\">\n<p data-start=\"1148\" data-end=\"1232\">A gy\u00f6ngy\u00f6k egyenletes m\u00e9rete \u00e9s prec\u00edz f\u0171z\u00e9se pr\u00e9mium min\u0151s\u00e9g\u0171 kidolgoz\u00e1st t\u00fckr\u00f6z.<\/p>\n<\/li>\n<\/ul>\n<p data-start=\"1234\" data-end=\"1354\" data-is-last-node=\"\" data-is-only-node=\"\">T\u00f6k\u00e9letes aj\u00e1nd\u00e9k minden n\u0151 sz\u00e1m\u00e1ra, aki szereti a klasszikus, letisztult sz\u00e9ps\u00e9get \u00e9s a gy\u00f6ngy\u00f6k \u00f6r\u00f6k eleganci\u00e1j\u00e1t. \ud83e\udd0d\u2728<\/p>\n","protected":false},"excerpt":{"rendered":"<p>A n\u0151iess\u00e9g \u00e9s a kifinomults\u00e1g szimb\u00f3luma ez a gy\u00f6ny\u00f6r\u0171 nyakl\u00e1nc, amely feh\u00e9r\u00a0<strong data-start=\"264\" data-end=\"291\">shell pearl gy\u00f6ngy\u00f6kkel<\/strong>\u00a0d\u00edsz\u00edtett. \ud83e\udd0d Finom ragyog\u00e1sa minden alkalomhoz illik, legyen sz\u00f3 h\u00e9tk\u00f6znapi eleganci\u00e1r\u00f3l vagy k\u00fcl\u00f6nleges esem\u00e9nyr\u0151l.<\/p>\n","protected":false},"featured_media":110334,"template":"","meta":[],"product_brand":[],"product_cat":[509,63],"product_tag":[513],"class_list":["post-110339","product","type-product","status-publish","has-post-thumbnail","product_cat-ezust-gyongyos-nyaklanc","product_cat-ezust-nyaklanc","product_tag-noi-ezust-ekszerek","description-off","first","instock","taxable","shipping-taxable","purchasable","product-type-simple"],"yoast_head":"<!-- This site is optimized with the Yoast SEO Premium plugin v26.8 (Yoast SEO v27.9) - https:\/\/yoast.com\/product\/yoast-seo-premium-wordpress\/ -->\n<title>Feh\u00e9r shell kagyl\u00f3 gy\u00f6ngysor ez\u00fcst z\u00e1rral (45+4 cm) | Drescher Jewellery<\/title>\n<meta name=\"description\" content=\"Fedezd fel a leny\u0171g\u00f6z\u0151 Feh\u00e9r shell kagyl\u00f3 gy\u00f6ngysor ez\u00fcst z\u00e1rral (45+4 cm) \u00e9kszer\u00fcnket. T\u00f6k\u00e9letes kieg\u00e9sz\u00edt\u0151 mindennapi viselethez \u00e9s k\u00fcl\u00f6nleges alkalmakra egyar\u00e1nt. Rendeld meg most!\" \/>\n<meta name=\"robots\" content=\"index, follow, max-snippet:-1, max-image-preview:large, max-video-preview:-1\" \/>\n<link rel=\"canonical\" href=\"https:\/\/old.drescherjewellery.com\/hu\/termek\/feher-shell-kagylo-gyongysor-ezust-zarral-454-cm\/\" \/>\n<meta property=\"og:locale\" content=\"hu_HU\" \/>\n<meta property=\"og:type\" content=\"article\" \/>\n<meta property=\"og:title\" content=\"Feh\u00e9r shell kagyl\u00f3 gy\u00f6ngysor ez\u00fcst z\u00e1rral (45+4 cm)\" \/>\n<meta property=\"og:description\" content=\"Fedezd fel a leny\u0171g\u00f6z\u0151 Feh\u00e9r shell kagyl\u00f3 gy\u00f6ngysor ez\u00fcst z\u00e1rral (45+4 cm) \u00e9kszer\u00fcnket. T\u00f6k\u00e9letes kieg\u00e9sz\u00edt\u0151 mindennapi viselethez \u00e9s k\u00fcl\u00f6nleges alkalmakra egyar\u00e1nt. Rendeld meg most!\" \/>\n<meta property=\"og:url\" content=\"https:\/\/old.drescherjewellery.com\/hu\/termek\/feher-shell-kagylo-gyongysor-ezust-zarral-454-cm\/\" \/>\n<meta property=\"og:site_name\" content=\"Drescher Jewellery\" \/>\n<meta property=\"article:publisher\" content=\"https:\/\/www.facebook.com\/drescherjewellery\" \/>\n<meta property=\"article:modified_time\" content=\"2026-09-03T13:08:15+00:00\" \/>\n<meta property=\"og:image\" content=\"https:\/\/old.drescherjewellery.com\/wp-content\/uploads\/2025\/10\/Feher-shell-kagylo-gyongysor-ezust-zarral-_3.png\" \/>\n\t<meta property=\"og:image:width\" content=\"1350\" \/>\n\t<meta property=\"og:image:height\" content=\"1800\" \/>\n\t<meta property=\"og:image:type\" content=\"image\/png\" \/>\n<meta name=\"twitter:card\" content=\"summary_large_image\" \/>\n<meta name=\"twitter:label1\" content=\"Becs\u00fclt olvas\u00e1si id\u0151\" \/>\n\t<meta name=\"twitter:data1\" content=\"1 perc\" \/>\n<script type=\"application\/ld+json\" class=\"yoast-schema-graph\">{\"@context\":\"https:\\\/\\\/schema.org\",\"@graph\":[{\"@type\":\"WebPage\",\"@id\":\"https:\\\/\\\/old.drescherjewellery.com\\\/hu\\\/termek\\\/feher-shell-kagylo-gyongysor-ezust-zarral-454-cm\\\/\",\"url\":\"https:\\\/\\\/old.drescherjewellery.com\\\/hu\\\/termek\\\/feher-shell-kagylo-gyongysor-ezust-zarral-454-cm\\\/\",\"name\":\"Feh\u00e9r shell kagyl\u00f3 gy\u00f6ngysor ez\u00fcst z\u00e1rral (45+4 cm) | Drescher Jewellery\",\"isPartOf\":{\"@id\":\"https:\\\/\\\/old.drescherjewellery.com\\\/hu\\\/#website\"},\"primaryImageOfPage\":{\"@id\":\"https:\\\/\\\/old.drescherjewellery.com\\\/hu\\\/termek\\\/feher-shell-kagylo-gyongysor-ezust-zarral-454-cm\\\/#primaryimage\"},\"image\":{\"@id\":\"https:\\\/\\\/old.drescherjewellery.com\\\/hu\\\/termek\\\/feher-shell-kagylo-gyongysor-ezust-zarral-454-cm\\\/#primaryimage\"},\"thumbnailUrl\":\"https:\\\/\\\/old.drescherjewellery.com\\\/wp-content\\\/uploads\\\/2025\\\/10\\\/Feher-shell-kagylo-gyongysor-ezust-zarral-_3.png\",\"datePublished\":\"2025-10-25T14:43:46+00:00\",\"dateModified\":\"2026-09-03T13:08:15+00:00\",\"description\":\"Fedezd fel a leny\u0171g\u00f6z\u0151 Feh\u00e9r shell kagyl\u00f3 gy\u00f6ngysor ez\u00fcst z\u00e1rral (45+4 cm) \u00e9kszer\u00fcnket. T\u00f6k\u00e9letes kieg\u00e9sz\u00edt\u0151 mindennapi viselethez \u00e9s k\u00fcl\u00f6nleges alkalmakra egyar\u00e1nt. Rendeld meg most!\",\"breadcrumb\":{\"@id\":\"https:\\\/\\\/old.drescherjewellery.com\\\/hu\\\/termek\\\/feher-shell-kagylo-gyongysor-ezust-zarral-454-cm\\\/#breadcrumb\"},\"inLanguage\":\"hu\",\"potentialAction\":[{\"@type\":\"ReadAction\",\"target\":[\"https:\\\/\\\/old.drescherjewellery.com\\\/hu\\\/termek\\\/feher-shell-kagylo-gyongysor-ezust-zarral-454-cm\\\/\"]}]},{\"@type\":\"ImageObject\",\"inLanguage\":\"hu\",\"@id\":\"https:\\\/\\\/old.drescherjewellery.com\\\/hu\\\/termek\\\/feher-shell-kagylo-gyongysor-ezust-zarral-454-cm\\\/#primaryimage\",\"url\":\"https:\\\/\\\/old.drescherjewellery.com\\\/wp-content\\\/uploads\\\/2025\\\/10\\\/Feher-shell-kagylo-gyongysor-ezust-zarral-_3.png\",\"contentUrl\":\"https:\\\/\\\/old.drescherjewellery.com\\\/wp-content\\\/uploads\\\/2025\\\/10\\\/Feher-shell-kagylo-gyongysor-ezust-zarral-_3.png\",\"width\":1350,\"height\":1800},{\"@type\":\"BreadcrumbList\",\"@id\":\"https:\\\/\\\/old.drescherjewellery.com\\\/hu\\\/termek\\\/feher-shell-kagylo-gyongysor-ezust-zarral-454-cm\\\/#breadcrumb\",\"itemListElement\":[{\"@type\":\"ListItem\",\"position\":1,\"name\":\"Kezd\u0151lap\",\"item\":\"https:\\\/\\\/old.drescherjewellery.com\\\/hu\\\/\"},{\"@type\":\"ListItem\",\"position\":2,\"name\":\"Shop\",\"item\":\"https:\\\/\\\/old.drescherjewellery.com\\\/hu\\\/shop\\\/\"},{\"@type\":\"ListItem\",\"position\":3,\"name\":\"Feh\u00e9r shell kagyl\u00f3 gy\u00f6ngysor ez\u00fcst z\u00e1rral (45+4 cm)\"}]},{\"@type\":\"WebSite\",\"@id\":\"https:\\\/\\\/old.drescherjewellery.com\\\/hu\\\/#website\",\"url\":\"https:\\\/\\\/old.drescherjewellery.com\\\/hu\\\/\",\"name\":\"Drescher Jewellery\",\"description\":\"Tedd t\u00f6k\u00e9letesebb\u00e9 mindennapjaid a Drescher Jewellery \u00e9kszereivel.\",\"publisher\":{\"@id\":\"https:\\\/\\\/old.drescherjewellery.com\\\/hu\\\/#organization\"},\"alternateName\":\"Ez\u00fcst \u00c9kszer Web\u00e1ruh\u00e1z\",\"potentialAction\":[{\"@type\":\"SearchAction\",\"target\":{\"@type\":\"EntryPoint\",\"urlTemplate\":\"https:\\\/\\\/old.drescherjewellery.com\\\/hu\\\/?s={search_term_string}\"},\"query-input\":{\"@type\":\"PropertyValueSpecification\",\"valueRequired\":true,\"valueName\":\"search_term_string\"}}],\"inLanguage\":\"hu\"},{\"@type\":\"Organization\",\"@id\":\"https:\\\/\\\/old.drescherjewellery.com\\\/hu\\\/#organization\",\"name\":\"Drescher Jewellery\",\"url\":\"https:\\\/\\\/old.drescherjewellery.com\\\/hu\\\/\",\"logo\":{\"@type\":\"ImageObject\",\"inLanguage\":\"hu\",\"@id\":\"https:\\\/\\\/old.drescherjewellery.com\\\/hu\\\/#\\\/schema\\\/logo\\\/image\\\/\",\"url\":\"https:\\\/\\\/drescherjewellery.com\\\/wp-content\\\/uploads\\\/2026\\\/01\\\/Drescher-Jewellery-wpml.png\",\"contentUrl\":\"https:\\\/\\\/drescherjewellery.com\\\/wp-content\\\/uploads\\\/2026\\\/01\\\/Drescher-Jewellery-wpml.png\",\"width\":500,\"height\":500,\"caption\":\"Drescher Jewellery\"},\"image\":{\"@id\":\"https:\\\/\\\/old.drescherjewellery.com\\\/hu\\\/#\\\/schema\\\/logo\\\/image\\\/\"},\"sameAs\":[\"https:\\\/\\\/www.facebook.com\\\/drescherjewellery\",\"https:\\\/\\\/www.instagram.com\\\/drescherjewellery\",\"https:\\\/\\\/www.tiktok.com\\\/@drescherjewellery\"]}]}<\/script>\n<!-- \/ Yoast SEO Premium plugin. -->","yoast_head_json":{"title":"Feh\u00e9r shell kagyl\u00f3 gy\u00f6ngysor ez\u00fcst z\u00e1rral (45+4 cm) | Drescher Jewellery","description":"Fedezd fel a leny\u0171g\u00f6z\u0151 Feh\u00e9r shell kagyl\u00f3 gy\u00f6ngysor ez\u00fcst z\u00e1rral (45+4 cm) \u00e9kszer\u00fcnket. T\u00f6k\u00e9letes kieg\u00e9sz\u00edt\u0151 mindennapi viselethez \u00e9s k\u00fcl\u00f6nleges alkalmakra egyar\u00e1nt. Rendeld meg most!","robots":{"index":"index","follow":"follow","max-snippet":"max-snippet:-1","max-image-preview":"max-image-preview:large","max-video-preview":"max-video-preview:-1"},"canonical":"https:\/\/old.drescherjewellery.com\/hu\/termek\/feher-shell-kagylo-gyongysor-ezust-zarral-454-cm\/","og_locale":"hu_HU","og_type":"article","og_title":"Feh\u00e9r shell kagyl\u00f3 gy\u00f6ngysor ez\u00fcst z\u00e1rral (45+4 cm)","og_description":"Fedezd fel a leny\u0171g\u00f6z\u0151 Feh\u00e9r shell kagyl\u00f3 gy\u00f6ngysor ez\u00fcst z\u00e1rral (45+4 cm) \u00e9kszer\u00fcnket. T\u00f6k\u00e9letes kieg\u00e9sz\u00edt\u0151 mindennapi viselethez \u00e9s k\u00fcl\u00f6nleges alkalmakra egyar\u00e1nt. Rendeld meg most!","og_url":"https:\/\/old.drescherjewellery.com\/hu\/termek\/feher-shell-kagylo-gyongysor-ezust-zarral-454-cm\/","og_site_name":"Drescher Jewellery","article_publisher":"https:\/\/www.facebook.com\/drescherjewellery","article_modified_time":"2026-09-03T13:08:15+00:00","og_image":[{"width":1350,"height":1800,"url":"https:\/\/old.drescherjewellery.com\/wp-content\/uploads\/2025\/10\/Feher-shell-kagylo-gyongysor-ezust-zarral-_3.png","type":"image\/png"}],"twitter_card":"summary_large_image","twitter_misc":{"Becs\u00fclt olvas\u00e1si id\u0151":"1 perc"},"schema":{"@context":"https:\/\/schema.org","@graph":[{"@type":"WebPage","@id":"https:\/\/old.drescherjewellery.com\/hu\/termek\/feher-shell-kagylo-gyongysor-ezust-zarral-454-cm\/","url":"https:\/\/old.drescherjewellery.com\/hu\/termek\/feher-shell-kagylo-gyongysor-ezust-zarral-454-cm\/","name":"Feh\u00e9r shell kagyl\u00f3 gy\u00f6ngysor ez\u00fcst z\u00e1rral (45+4 cm) | Drescher Jewellery","isPartOf":{"@id":"https:\/\/old.drescherjewellery.com\/hu\/#website"},"primaryImageOfPage":{"@id":"https:\/\/old.drescherjewellery.com\/hu\/termek\/feher-shell-kagylo-gyongysor-ezust-zarral-454-cm\/#primaryimage"},"image":{"@id":"https:\/\/old.drescherjewellery.com\/hu\/termek\/feher-shell-kagylo-gyongysor-ezust-zarral-454-cm\/#primaryimage"},"thumbnailUrl":"https:\/\/old.drescherjewellery.com\/wp-content\/uploads\/2025\/10\/Feher-shell-kagylo-gyongysor-ezust-zarral-_3.png","datePublished":"2025-10-25T14:43:46+00:00","dateModified":"2026-09-03T13:08:15+00:00","description":"Fedezd fel a leny\u0171g\u00f6z\u0151 Feh\u00e9r shell kagyl\u00f3 gy\u00f6ngysor ez\u00fcst z\u00e1rral (45+4 cm) \u00e9kszer\u00fcnket. T\u00f6k\u00e9letes kieg\u00e9sz\u00edt\u0151 mindennapi viselethez \u00e9s k\u00fcl\u00f6nleges alkalmakra egyar\u00e1nt. Rendeld meg most!","breadcrumb":{"@id":"https:\/\/old.drescherjewellery.com\/hu\/termek\/feher-shell-kagylo-gyongysor-ezust-zarral-454-cm\/#breadcrumb"},"inLanguage":"hu","potentialAction":[{"@type":"ReadAction","target":["https:\/\/old.drescherjewellery.com\/hu\/termek\/feher-shell-kagylo-gyongysor-ezust-zarral-454-cm\/"]}]},{"@type":"ImageObject","inLanguage":"hu","@id":"https:\/\/old.drescherjewellery.com\/hu\/termek\/feher-shell-kagylo-gyongysor-ezust-zarral-454-cm\/#primaryimage","url":"https:\/\/old.drescherjewellery.com\/wp-content\/uploads\/2025\/10\/Feher-shell-kagylo-gyongysor-ezust-zarral-_3.png","contentUrl":"https:\/\/old.drescherjewellery.com\/wp-content\/uploads\/2025\/10\/Feher-shell-kagylo-gyongysor-ezust-zarral-_3.png","width":1350,"height":1800},{"@type":"BreadcrumbList","@id":"https:\/\/old.drescherjewellery.com\/hu\/termek\/feher-shell-kagylo-gyongysor-ezust-zarral-454-cm\/#breadcrumb","itemListElement":[{"@type":"ListItem","position":1,"name":"Kezd\u0151lap","item":"https:\/\/old.drescherjewellery.com\/hu\/"},{"@type":"ListItem","position":2,"name":"Shop","item":"https:\/\/old.drescherjewellery.com\/hu\/shop\/"},{"@type":"ListItem","position":3,"name":"Feh\u00e9r shell kagyl\u00f3 gy\u00f6ngysor ez\u00fcst z\u00e1rral (45+4 cm)"}]},{"@type":"WebSite","@id":"https:\/\/old.drescherjewellery.com\/hu\/#website","url":"https:\/\/old.drescherjewellery.com\/hu\/","name":"Drescher Jewellery","description":"Tedd t\u00f6k\u00e9letesebb\u00e9 mindennapjaid a Drescher Jewellery \u00e9kszereivel.","publisher":{"@id":"https:\/\/old.drescherjewellery.com\/hu\/#organization"},"alternateName":"Ez\u00fcst \u00c9kszer Web\u00e1ruh\u00e1z","potentialAction":[{"@type":"SearchAction","target":{"@type":"EntryPoint","urlTemplate":"https:\/\/old.drescherjewellery.com\/hu\/?s={search_term_string}"},"query-input":{"@type":"PropertyValueSpecification","valueRequired":true,"valueName":"search_term_string"}}],"inLanguage":"hu"},{"@type":"Organization","@id":"https:\/\/old.drescherjewellery.com\/hu\/#organization","name":"Drescher Jewellery","url":"https:\/\/old.drescherjewellery.com\/hu\/","logo":{"@type":"ImageObject","inLanguage":"hu","@id":"https:\/\/old.drescherjewellery.com\/hu\/#\/schema\/logo\/image\/","url":"https:\/\/drescherjewellery.com\/wp-content\/uploads\/2026\/01\/Drescher-Jewellery-wpml.png","contentUrl":"https:\/\/drescherjewellery.com\/wp-content\/uploads\/2026\/01\/Drescher-Jewellery-wpml.png","width":500,"height":500,"caption":"Drescher Jewellery"},"image":{"@id":"https:\/\/old.drescherjewellery.com\/hu\/#\/schema\/logo\/image\/"},"sameAs":["https:\/\/www.facebook.com\/drescherjewellery","https:\/\/www.instagram.com\/drescherjewellery","https:\/\/www.tiktok.com\/@drescherjewellery"]}]}},"_links":{"self":[{"href":"https:\/\/old.drescherjewellery.com\/hu\/wp-json\/wp\/v2\/product\/110339","targetHints":{"allow":["GET"]}}],"collection":[{"href":"https:\/\/old.drescherjewellery.com\/hu\/wp-json\/wp\/v2\/product"}],"about":[{"href":"https:\/\/old.drescherjewellery.com\/hu\/wp-json\/wp\/v2\/types\/product"}],"version-history":[{"count":1,"href":"https:\/\/old.drescherjewellery.com\/hu\/wp-json\/wp\/v2\/product\/110339\/revisions"}],"predecessor-version":[{"id":119456,"href":"https:\/\/old.drescherjewellery.com\/hu\/wp-json\/wp\/v2\/product\/110339\/revisions\/119456"}],"wp:featuredmedia":[{"embeddable":true,"href":"https:\/\/old.drescherjewellery.com\/hu\/wp-json\/wp\/v2\/media\/110334"}],"wp:attachment":[{"href":"https:\/\/old.drescherjewellery.com\/hu\/wp-json\/wp\/v2\/media?parent=110339"}],"wp:term":[{"taxonomy":"product_brand","embeddable":true,"href":"https:\/\/old.drescherjewellery.com\/hu\/wp-json\/wp\/v2\/product_brand?post=110339"},{"taxonomy":"product_cat","embeddable":true,"href":"https:\/\/old.drescherjewellery.com\/hu\/wp-json\/wp\/v2\/product_cat?post=110339"},{"taxonomy":"product_tag","embeddable":true,"href":"https:\/\/old.drescherjewellery.com\/hu\/wp-json\/wp\/v2\/product_tag?post=110339"}],"curies":[{"name":"wp","href":"https:\/\/api.w.org\/{rel}","templated":true}]}}