{"id":117452,"date":"2026-01-11T19:36:22","date_gmt":"2026-01-11T18:36:22","guid":{"rendered":"https:\/\/drescherjewellery.com\/?post_type=product&#038;p=117452"},"modified":"2026-02-21T02:06:23","modified_gmt":"2026-02-21T01:06:23","slug":"gyongy-ekszerszett-cirkoniaval-ag-925-ezust-rodium-bevonattal-lanc-nelkul","status":"publish","type":"product","link":"https:\/\/old.drescherjewellery.com\/hu\/termek\/gyongy-ekszerszett-cirkoniaval-ag-925-ezust-rodium-bevonattal-lanc-nelkul\/","title":{"rendered":"Gy\u00f6ngy \u00e9kszerszett cirk\u00f3ni\u00e1val \u2013 AG 925 ez\u00fcst, r\u00f3dium bevonattal (l\u00e1nc n\u00e9lk\u00fcl)"},"content":{"rendered":"<h2 data-start=\"325\" data-end=\"405\"><strong data-start=\"328\" data-end=\"405\">Gy\u00f6ngy \u00e9kszerszett cirk\u00f3ni\u00e1val \u2013 klasszikus, n\u0151ies ragyog\u00e1s (l\u00e1nc n\u00e9lk\u00fcl)<\/strong><\/h2>\n<h3 data-start=\"407\" data-end=\"436\">Mit szimboliz\u00e1l a gy\u00f6ngy?<\/h3>\n<ul data-start=\"437\" data-end=\"647\">\n<li data-start=\"437\" data-end=\"490\">\n<p data-start=\"439\" data-end=\"490\">A <strong data-start=\"441\" data-end=\"472\">n\u0151iess\u00e9g \u00e9s a kifinomults\u00e1g<\/strong> megtestes\u00edt\u0151je.<\/p>\n<\/li>\n<li data-start=\"491\" data-end=\"571\">\n<p data-start=\"493\" data-end=\"571\">A gy\u00f6ngy tiszta f\u00e9nye a <strong data-start=\"517\" data-end=\"558\">harm\u00f3ni\u00e1t \u00e9s a term\u00e9szetes eleganci\u00e1t<\/strong> jelk\u00e9pezi.<\/p>\n<\/li>\n<li data-start=\"572\" data-end=\"647\">\n<p data-start=\"574\" data-end=\"647\">A cirk\u00f3nia ragyog\u00e1sa a <strong data-start=\"597\" data-end=\"636\">finom csillog\u00e1st \u00e9s az \u00fcnnepi f\u00e9nyt<\/strong> id\u00e9zi meg.<\/p>\n<\/li>\n<\/ul>\n<h3 data-start=\"649\" data-end=\"667\">Mi\u00e9rt v\u00e1laszd?<\/h3>\n<ul data-start=\"668\" data-end=\"1090\">\n<li data-start=\"668\" data-end=\"748\">\n<p data-start=\"670\" data-end=\"748\"><strong data-start=\"670\" data-end=\"686\">AG 925 ez\u00fcst<\/strong>, r\u00f3dium bevonattal a tart\u00f3s f\u00e9ny \u00e9s kop\u00e1s\u00e1ll\u00f3s\u00e1g \u00e9rdek\u00e9ben.<\/p>\n<\/li>\n<li data-start=\"749\" data-end=\"817\">\n<p data-start=\"751\" data-end=\"817\">H\u00f3feh\u00e9r, sima fel\u00fclet\u0171 gy\u00f6ngy \u2013 letisztult, n\u0151ies megjelen\u00e9ssel.<\/p>\n<\/li>\n<li data-start=\"818\" data-end=\"914\">\n<p data-start=\"820\" data-end=\"914\">A gy\u00f6ngy f\u00f6l\u00f6tt elhelyezett <strong data-start=\"848\" data-end=\"869\">feh\u00e9r cirk\u00f3nia k\u0151<\/strong> t\u00f6k\u00e9letesen kiemeli az \u00e9kszer csillog\u00e1s\u00e1t.<\/p>\n<\/li>\n<li data-start=\"915\" data-end=\"993\">\n<p data-start=\"917\" data-end=\"993\"><strong data-start=\"917\" data-end=\"939\">Stekeres f\u00fclbeval\u00f3<\/strong>, biztons\u00e1gos \u00e9s k\u00e9nyelmes viselet a mindennapokban.<\/p>\n<\/li>\n<li data-start=\"994\" data-end=\"1090\">\n<p data-start=\"996\" data-end=\"1090\">Klasszikus, id\u0151t\u00e1ll\u00f3 formavil\u00e1g modern ragyog\u00e1ssal \u2013 b\u00e1rmilyen alkalomhoz t\u00f6k\u00e9letes v\u00e1laszt\u00e1s.<\/p>\n<\/li>\n<\/ul>\n<p data-start=\"1092\" data-end=\"1194\" data-is-last-node=\"\" data-is-only-node=\"\">Ez a gy\u00f6ngy szett finom eleganci\u00e1t k\u00f6lcs\u00f6n\u00f6z, \u00e9s minden n\u0151i megjelen\u00e9st gy\u00f6ny\u00f6r\u0171en ragyog\u00f3v\u00e1 tesz. \ud83e\udd0d\u2728<\/p>\n","protected":false},"excerpt":{"rendered":"<p>\ud83e\udd0d Finoman eleg\u00e1ns gy\u00f6ngy \u00e9kszerszett, amelyet a h\u00f3feh\u00e9r gy\u00f6ngy l\u00e1gy ragyog\u00e1sa \u00e9s a f\u00f6l\u00f6tte elhelyezett csillog\u00f3 cirk\u00f3nia tesz k\u00fcl\u00f6nlegess\u00e9. A klasszikus forma modern tisztas\u00e1got sug\u00e1roz, \u00e9s minden alkalomhoz gy\u00f6ny\u00f6r\u0171en illeszkedik. \u2728<\/p>\n","protected":false},"featured_media":117466,"template":"","meta":[],"product_brand":[],"product_cat":[29],"product_tag":[513],"class_list":["post-117452","product","type-product","status-publish","has-post-thumbnail","product_cat-ezust-ekszer-szett","product_tag-noi-ezust-ekszerek","description-off","first","instock","taxable","shipping-taxable","purchasable","product-type-simple"],"yoast_head":"<!-- This site is optimized with the Yoast SEO Premium plugin v26.8 (Yoast SEO v27.9) - https:\/\/yoast.com\/product\/yoast-seo-premium-wordpress\/ -->\n<title>Gy\u00f6ngy \u00e9kszerszett cirk\u00f3ni\u00e1val \u2013 AG 925 ez\u00fcst, r\u00f3dium bevonattal (l\u00e1nc n\u00e9lk\u00fcl) | Drescher Jewellery<\/title>\n<meta name=\"description\" content=\"Fedezd fel a leny\u0171g\u00f6z\u0151 Gy\u00f6ngy \u00e9kszerszett cirk\u00f3ni\u00e1val \u2013 AG 925 ez\u00fcst, r\u00f3dium bevonattal (l\u00e1nc n\u00e9lk\u00fcl) \u00e9kszer\u00fcnket. T\u00f6k\u00e9letes kieg\u00e9sz\u00edt\u0151 mindennapi viselethez \u00e9s k\u00fcl\u00f6nleges alkalmakra egyar\u00e1nt. Rendeld meg most!\" \/>\n<meta name=\"robots\" content=\"index, follow, max-snippet:-1, max-image-preview:large, max-video-preview:-1\" \/>\n<link rel=\"canonical\" href=\"https:\/\/old.drescherjewellery.com\/hu\/termek\/gyongy-ekszerszett-cirkoniaval-ag-925-ezust-rodium-bevonattal-lanc-nelkul\/\" \/>\n<meta property=\"og:locale\" content=\"hu_HU\" \/>\n<meta property=\"og:type\" content=\"article\" \/>\n<meta property=\"og:title\" content=\"Gy\u00f6ngy \u00e9kszerszett cirk\u00f3ni\u00e1val \u2013 AG 925 ez\u00fcst, r\u00f3dium bevonattal (l\u00e1nc n\u00e9lk\u00fcl)\" \/>\n<meta property=\"og:description\" content=\"Fedezd fel a leny\u0171g\u00f6z\u0151 Gy\u00f6ngy \u00e9kszerszett cirk\u00f3ni\u00e1val \u2013 AG 925 ez\u00fcst, r\u00f3dium bevonattal (l\u00e1nc n\u00e9lk\u00fcl) \u00e9kszer\u00fcnket. T\u00f6k\u00e9letes kieg\u00e9sz\u00edt\u0151 mindennapi viselethez \u00e9s k\u00fcl\u00f6nleges alkalmakra egyar\u00e1nt. Rendeld meg most!\" \/>\n<meta property=\"og:url\" content=\"https:\/\/old.drescherjewellery.com\/hu\/termek\/gyongy-ekszerszett-cirkoniaval-ag-925-ezust-rodium-bevonattal-lanc-nelkul\/\" \/>\n<meta property=\"og:site_name\" content=\"Drescher Jewellery\" \/>\n<meta property=\"article:publisher\" content=\"https:\/\/www.facebook.com\/drescherjewellery\" \/>\n<meta property=\"article:modified_time\" content=\"2026-02-21T01:06:23+00:00\" \/>\n<meta property=\"og:image\" content=\"https:\/\/old.drescherjewellery.com\/wp-content\/uploads\/2026\/01\/Gyongy-ekszerszett-cirkoniaval_1.jpg\" \/>\n\t<meta property=\"og:image:width\" content=\"1340\" \/>\n\t<meta property=\"og:image:height\" content=\"1785\" \/>\n\t<meta property=\"og:image:type\" content=\"image\/jpeg\" \/>\n<meta name=\"twitter:card\" content=\"summary_large_image\" \/>\n<meta name=\"twitter:label1\" content=\"Becs\u00fclt olvas\u00e1si id\u0151\" \/>\n\t<meta name=\"twitter:data1\" content=\"1 perc\" \/>\n<script type=\"application\/ld+json\" class=\"yoast-schema-graph\">{\"@context\":\"https:\\\/\\\/schema.org\",\"@graph\":[{\"@type\":\"WebPage\",\"@id\":\"https:\\\/\\\/old.drescherjewellery.com\\\/hu\\\/termek\\\/gyongy-ekszerszett-cirkoniaval-ag-925-ezust-rodium-bevonattal-lanc-nelkul\\\/\",\"url\":\"https:\\\/\\\/old.drescherjewellery.com\\\/hu\\\/termek\\\/gyongy-ekszerszett-cirkoniaval-ag-925-ezust-rodium-bevonattal-lanc-nelkul\\\/\",\"name\":\"Gy\u00f6ngy \u00e9kszerszett cirk\u00f3ni\u00e1val \u2013 AG 925 ez\u00fcst, r\u00f3dium bevonattal (l\u00e1nc n\u00e9lk\u00fcl) | Drescher Jewellery\",\"isPartOf\":{\"@id\":\"https:\\\/\\\/old.drescherjewellery.com\\\/hu\\\/#website\"},\"primaryImageOfPage\":{\"@id\":\"https:\\\/\\\/old.drescherjewellery.com\\\/hu\\\/termek\\\/gyongy-ekszerszett-cirkoniaval-ag-925-ezust-rodium-bevonattal-lanc-nelkul\\\/#primaryimage\"},\"image\":{\"@id\":\"https:\\\/\\\/old.drescherjewellery.com\\\/hu\\\/termek\\\/gyongy-ekszerszett-cirkoniaval-ag-925-ezust-rodium-bevonattal-lanc-nelkul\\\/#primaryimage\"},\"thumbnailUrl\":\"https:\\\/\\\/old.drescherjewellery.com\\\/wp-content\\\/uploads\\\/2026\\\/01\\\/Gyongy-ekszerszett-cirkoniaval_1.jpg\",\"datePublished\":\"2026-01-11T18:36:22+00:00\",\"dateModified\":\"2026-02-21T01:06:23+00:00\",\"description\":\"Fedezd fel a leny\u0171g\u00f6z\u0151 Gy\u00f6ngy \u00e9kszerszett cirk\u00f3ni\u00e1val \u2013 AG 925 ez\u00fcst, r\u00f3dium bevonattal (l\u00e1nc n\u00e9lk\u00fcl) \u00e9kszer\u00fcnket. T\u00f6k\u00e9letes kieg\u00e9sz\u00edt\u0151 mindennapi viselethez \u00e9s k\u00fcl\u00f6nleges alkalmakra egyar\u00e1nt. Rendeld meg most!\",\"breadcrumb\":{\"@id\":\"https:\\\/\\\/old.drescherjewellery.com\\\/hu\\\/termek\\\/gyongy-ekszerszett-cirkoniaval-ag-925-ezust-rodium-bevonattal-lanc-nelkul\\\/#breadcrumb\"},\"inLanguage\":\"hu\",\"potentialAction\":[{\"@type\":\"ReadAction\",\"target\":[\"https:\\\/\\\/old.drescherjewellery.com\\\/hu\\\/termek\\\/gyongy-ekszerszett-cirkoniaval-ag-925-ezust-rodium-bevonattal-lanc-nelkul\\\/\"]}]},{\"@type\":\"ImageObject\",\"inLanguage\":\"hu\",\"@id\":\"https:\\\/\\\/old.drescherjewellery.com\\\/hu\\\/termek\\\/gyongy-ekszerszett-cirkoniaval-ag-925-ezust-rodium-bevonattal-lanc-nelkul\\\/#primaryimage\",\"url\":\"https:\\\/\\\/old.drescherjewellery.com\\\/wp-content\\\/uploads\\\/2026\\\/01\\\/Gyongy-ekszerszett-cirkoniaval_1.jpg\",\"contentUrl\":\"https:\\\/\\\/old.drescherjewellery.com\\\/wp-content\\\/uploads\\\/2026\\\/01\\\/Gyongy-ekszerszett-cirkoniaval_1.jpg\",\"width\":1340,\"height\":1785},{\"@type\":\"BreadcrumbList\",\"@id\":\"https:\\\/\\\/old.drescherjewellery.com\\\/hu\\\/termek\\\/gyongy-ekszerszett-cirkoniaval-ag-925-ezust-rodium-bevonattal-lanc-nelkul\\\/#breadcrumb\",\"itemListElement\":[{\"@type\":\"ListItem\",\"position\":1,\"name\":\"Kezd\u0151lap\",\"item\":\"https:\\\/\\\/old.drescherjewellery.com\\\/hu\\\/\"},{\"@type\":\"ListItem\",\"position\":2,\"name\":\"Shop\",\"item\":\"https:\\\/\\\/old.drescherjewellery.com\\\/hu\\\/shop\\\/\"},{\"@type\":\"ListItem\",\"position\":3,\"name\":\"Gy\u00f6ngy \u00e9kszerszett cirk\u00f3ni\u00e1val \u2013 AG 925 ez\u00fcst, r\u00f3dium bevonattal (l\u00e1nc n\u00e9lk\u00fcl)\"}]},{\"@type\":\"WebSite\",\"@id\":\"https:\\\/\\\/old.drescherjewellery.com\\\/hu\\\/#website\",\"url\":\"https:\\\/\\\/old.drescherjewellery.com\\\/hu\\\/\",\"name\":\"Drescher Jewellery\",\"description\":\"Tedd t\u00f6k\u00e9letesebb\u00e9 mindennapjaid a Drescher Jewellery \u00e9kszereivel.\",\"publisher\":{\"@id\":\"https:\\\/\\\/old.drescherjewellery.com\\\/hu\\\/#organization\"},\"alternateName\":\"Ez\u00fcst \u00c9kszer Web\u00e1ruh\u00e1z\",\"potentialAction\":[{\"@type\":\"SearchAction\",\"target\":{\"@type\":\"EntryPoint\",\"urlTemplate\":\"https:\\\/\\\/old.drescherjewellery.com\\\/hu\\\/?s={search_term_string}\"},\"query-input\":{\"@type\":\"PropertyValueSpecification\",\"valueRequired\":true,\"valueName\":\"search_term_string\"}}],\"inLanguage\":\"hu\"},{\"@type\":\"Organization\",\"@id\":\"https:\\\/\\\/old.drescherjewellery.com\\\/hu\\\/#organization\",\"name\":\"Drescher Jewellery\",\"url\":\"https:\\\/\\\/old.drescherjewellery.com\\\/hu\\\/\",\"logo\":{\"@type\":\"ImageObject\",\"inLanguage\":\"hu\",\"@id\":\"https:\\\/\\\/old.drescherjewellery.com\\\/hu\\\/#\\\/schema\\\/logo\\\/image\\\/\",\"url\":\"https:\\\/\\\/drescherjewellery.com\\\/wp-content\\\/uploads\\\/2026\\\/01\\\/Drescher-Jewellery-wpml.png\",\"contentUrl\":\"https:\\\/\\\/drescherjewellery.com\\\/wp-content\\\/uploads\\\/2026\\\/01\\\/Drescher-Jewellery-wpml.png\",\"width\":500,\"height\":500,\"caption\":\"Drescher Jewellery\"},\"image\":{\"@id\":\"https:\\\/\\\/old.drescherjewellery.com\\\/hu\\\/#\\\/schema\\\/logo\\\/image\\\/\"},\"sameAs\":[\"https:\\\/\\\/www.facebook.com\\\/drescherjewellery\",\"https:\\\/\\\/www.instagram.com\\\/drescherjewellery\",\"https:\\\/\\\/www.tiktok.com\\\/@drescherjewellery\"]}]}<\/script>\n<!-- \/ Yoast SEO Premium plugin. -->","yoast_head_json":{"title":"Gy\u00f6ngy \u00e9kszerszett cirk\u00f3ni\u00e1val \u2013 AG 925 ez\u00fcst, r\u00f3dium bevonattal (l\u00e1nc n\u00e9lk\u00fcl) | Drescher Jewellery","description":"Fedezd fel a leny\u0171g\u00f6z\u0151 Gy\u00f6ngy \u00e9kszerszett cirk\u00f3ni\u00e1val \u2013 AG 925 ez\u00fcst, r\u00f3dium bevonattal (l\u00e1nc n\u00e9lk\u00fcl) \u00e9kszer\u00fcnket. T\u00f6k\u00e9letes kieg\u00e9sz\u00edt\u0151 mindennapi viselethez \u00e9s k\u00fcl\u00f6nleges alkalmakra egyar\u00e1nt. Rendeld meg most!","robots":{"index":"index","follow":"follow","max-snippet":"max-snippet:-1","max-image-preview":"max-image-preview:large","max-video-preview":"max-video-preview:-1"},"canonical":"https:\/\/old.drescherjewellery.com\/hu\/termek\/gyongy-ekszerszett-cirkoniaval-ag-925-ezust-rodium-bevonattal-lanc-nelkul\/","og_locale":"hu_HU","og_type":"article","og_title":"Gy\u00f6ngy \u00e9kszerszett cirk\u00f3ni\u00e1val \u2013 AG 925 ez\u00fcst, r\u00f3dium bevonattal (l\u00e1nc n\u00e9lk\u00fcl)","og_description":"Fedezd fel a leny\u0171g\u00f6z\u0151 Gy\u00f6ngy \u00e9kszerszett cirk\u00f3ni\u00e1val \u2013 AG 925 ez\u00fcst, r\u00f3dium bevonattal (l\u00e1nc n\u00e9lk\u00fcl) \u00e9kszer\u00fcnket. T\u00f6k\u00e9letes kieg\u00e9sz\u00edt\u0151 mindennapi viselethez \u00e9s k\u00fcl\u00f6nleges alkalmakra egyar\u00e1nt. Rendeld meg most!","og_url":"https:\/\/old.drescherjewellery.com\/hu\/termek\/gyongy-ekszerszett-cirkoniaval-ag-925-ezust-rodium-bevonattal-lanc-nelkul\/","og_site_name":"Drescher Jewellery","article_publisher":"https:\/\/www.facebook.com\/drescherjewellery","article_modified_time":"2026-02-21T01:06:23+00:00","og_image":[{"width":1340,"height":1785,"url":"https:\/\/old.drescherjewellery.com\/wp-content\/uploads\/2026\/01\/Gyongy-ekszerszett-cirkoniaval_1.jpg","type":"image\/jpeg"}],"twitter_card":"summary_large_image","twitter_misc":{"Becs\u00fclt olvas\u00e1si id\u0151":"1 perc"},"schema":{"@context":"https:\/\/schema.org","@graph":[{"@type":"WebPage","@id":"https:\/\/old.drescherjewellery.com\/hu\/termek\/gyongy-ekszerszett-cirkoniaval-ag-925-ezust-rodium-bevonattal-lanc-nelkul\/","url":"https:\/\/old.drescherjewellery.com\/hu\/termek\/gyongy-ekszerszett-cirkoniaval-ag-925-ezust-rodium-bevonattal-lanc-nelkul\/","name":"Gy\u00f6ngy \u00e9kszerszett cirk\u00f3ni\u00e1val \u2013 AG 925 ez\u00fcst, r\u00f3dium bevonattal (l\u00e1nc n\u00e9lk\u00fcl) | Drescher Jewellery","isPartOf":{"@id":"https:\/\/old.drescherjewellery.com\/hu\/#website"},"primaryImageOfPage":{"@id":"https:\/\/old.drescherjewellery.com\/hu\/termek\/gyongy-ekszerszett-cirkoniaval-ag-925-ezust-rodium-bevonattal-lanc-nelkul\/#primaryimage"},"image":{"@id":"https:\/\/old.drescherjewellery.com\/hu\/termek\/gyongy-ekszerszett-cirkoniaval-ag-925-ezust-rodium-bevonattal-lanc-nelkul\/#primaryimage"},"thumbnailUrl":"https:\/\/old.drescherjewellery.com\/wp-content\/uploads\/2026\/01\/Gyongy-ekszerszett-cirkoniaval_1.jpg","datePublished":"2026-01-11T18:36:22+00:00","dateModified":"2026-02-21T01:06:23+00:00","description":"Fedezd fel a leny\u0171g\u00f6z\u0151 Gy\u00f6ngy \u00e9kszerszett cirk\u00f3ni\u00e1val \u2013 AG 925 ez\u00fcst, r\u00f3dium bevonattal (l\u00e1nc n\u00e9lk\u00fcl) \u00e9kszer\u00fcnket. T\u00f6k\u00e9letes kieg\u00e9sz\u00edt\u0151 mindennapi viselethez \u00e9s k\u00fcl\u00f6nleges alkalmakra egyar\u00e1nt. Rendeld meg most!","breadcrumb":{"@id":"https:\/\/old.drescherjewellery.com\/hu\/termek\/gyongy-ekszerszett-cirkoniaval-ag-925-ezust-rodium-bevonattal-lanc-nelkul\/#breadcrumb"},"inLanguage":"hu","potentialAction":[{"@type":"ReadAction","target":["https:\/\/old.drescherjewellery.com\/hu\/termek\/gyongy-ekszerszett-cirkoniaval-ag-925-ezust-rodium-bevonattal-lanc-nelkul\/"]}]},{"@type":"ImageObject","inLanguage":"hu","@id":"https:\/\/old.drescherjewellery.com\/hu\/termek\/gyongy-ekszerszett-cirkoniaval-ag-925-ezust-rodium-bevonattal-lanc-nelkul\/#primaryimage","url":"https:\/\/old.drescherjewellery.com\/wp-content\/uploads\/2026\/01\/Gyongy-ekszerszett-cirkoniaval_1.jpg","contentUrl":"https:\/\/old.drescherjewellery.com\/wp-content\/uploads\/2026\/01\/Gyongy-ekszerszett-cirkoniaval_1.jpg","width":1340,"height":1785},{"@type":"BreadcrumbList","@id":"https:\/\/old.drescherjewellery.com\/hu\/termek\/gyongy-ekszerszett-cirkoniaval-ag-925-ezust-rodium-bevonattal-lanc-nelkul\/#breadcrumb","itemListElement":[{"@type":"ListItem","position":1,"name":"Kezd\u0151lap","item":"https:\/\/old.drescherjewellery.com\/hu\/"},{"@type":"ListItem","position":2,"name":"Shop","item":"https:\/\/old.drescherjewellery.com\/hu\/shop\/"},{"@type":"ListItem","position":3,"name":"Gy\u00f6ngy \u00e9kszerszett cirk\u00f3ni\u00e1val \u2013 AG 925 ez\u00fcst, r\u00f3dium bevonattal (l\u00e1nc n\u00e9lk\u00fcl)"}]},{"@type":"WebSite","@id":"https:\/\/old.drescherjewellery.com\/hu\/#website","url":"https:\/\/old.drescherjewellery.com\/hu\/","name":"Drescher Jewellery","description":"Tedd t\u00f6k\u00e9letesebb\u00e9 mindennapjaid a Drescher Jewellery \u00e9kszereivel.","publisher":{"@id":"https:\/\/old.drescherjewellery.com\/hu\/#organization"},"alternateName":"Ez\u00fcst \u00c9kszer Web\u00e1ruh\u00e1z","potentialAction":[{"@type":"SearchAction","target":{"@type":"EntryPoint","urlTemplate":"https:\/\/old.drescherjewellery.com\/hu\/?s={search_term_string}"},"query-input":{"@type":"PropertyValueSpecification","valueRequired":true,"valueName":"search_term_string"}}],"inLanguage":"hu"},{"@type":"Organization","@id":"https:\/\/old.drescherjewellery.com\/hu\/#organization","name":"Drescher Jewellery","url":"https:\/\/old.drescherjewellery.com\/hu\/","logo":{"@type":"ImageObject","inLanguage":"hu","@id":"https:\/\/old.drescherjewellery.com\/hu\/#\/schema\/logo\/image\/","url":"https:\/\/drescherjewellery.com\/wp-content\/uploads\/2026\/01\/Drescher-Jewellery-wpml.png","contentUrl":"https:\/\/drescherjewellery.com\/wp-content\/uploads\/2026\/01\/Drescher-Jewellery-wpml.png","width":500,"height":500,"caption":"Drescher Jewellery"},"image":{"@id":"https:\/\/old.drescherjewellery.com\/hu\/#\/schema\/logo\/image\/"},"sameAs":["https:\/\/www.facebook.com\/drescherjewellery","https:\/\/www.instagram.com\/drescherjewellery","https:\/\/www.tiktok.com\/@drescherjewellery"]}]}},"_links":{"self":[{"href":"https:\/\/old.drescherjewellery.com\/hu\/wp-json\/wp\/v2\/product\/117452","targetHints":{"allow":["GET"]}}],"collection":[{"href":"https:\/\/old.drescherjewellery.com\/hu\/wp-json\/wp\/v2\/product"}],"about":[{"href":"https:\/\/old.drescherjewellery.com\/hu\/wp-json\/wp\/v2\/types\/product"}],"version-history":[{"count":1,"href":"https:\/\/old.drescherjewellery.com\/hu\/wp-json\/wp\/v2\/product\/117452\/revisions"}],"predecessor-version":[{"id":118927,"href":"https:\/\/old.drescherjewellery.com\/hu\/wp-json\/wp\/v2\/product\/117452\/revisions\/118927"}],"wp:featuredmedia":[{"embeddable":true,"href":"https:\/\/old.drescherjewellery.com\/hu\/wp-json\/wp\/v2\/media\/117466"}],"wp:attachment":[{"href":"https:\/\/old.drescherjewellery.com\/hu\/wp-json\/wp\/v2\/media?parent=117452"}],"wp:term":[{"taxonomy":"product_brand","embeddable":true,"href":"https:\/\/old.drescherjewellery.com\/hu\/wp-json\/wp\/v2\/product_brand?post=117452"},{"taxonomy":"product_cat","embeddable":true,"href":"https:\/\/old.drescherjewellery.com\/hu\/wp-json\/wp\/v2\/product_cat?post=117452"},{"taxonomy":"product_tag","embeddable":true,"href":"https:\/\/old.drescherjewellery.com\/hu\/wp-json\/wp\/v2\/product_tag?post=117452"}],"curies":[{"name":"wp","href":"https:\/\/api.w.org\/{rel}","templated":true}]}}