{"id":1767,"date":"2022-09-30T11:22:54","date_gmt":"2022-09-30T11:22:54","guid":{"rendered":"https:\/\/dianasilver.hu\/?post_type=product&#038;p=1767"},"modified":"2026-06-09T20:52:50","modified_gmt":"2026-06-09T18:52:50","slug":"feher-koves-szives-ezust-bedugos-fulbevalo-medallal-3","status":"publish","type":"product","link":"https:\/\/old.drescherjewellery.com\/hu\/termek\/feher-koves-szives-ezust-bedugos-fulbevalo-medallal-3\/","title":{"rendered":"Feh\u00e9r k\u00f6ves sz\u00edves ez\u00fcst bedug\u00f3s f\u00fclbeval\u00f3 med\u00e1llal"},"content":{"rendered":"<h2>\ud83d\udc8e <strong>Feh\u00e9r k\u00f6ves sz\u00edves ez\u00fcst bedug\u00f3s f\u00fclbeval\u00f3 med\u00e1llal \u2013 a romantika \u00e9s elegancia megtestes\u00edt\u0151je<\/strong><\/h2>\n<p>Ez a <strong>925 ez\u00fcstb\u0151l k\u00e9sz\u00fclt f\u00fclbeval\u00f3 \u00e9s med\u00e1l szett<\/strong> a <strong>sz\u00edv szimb\u00f3lum\u00e1nak id\u0151tlen sz\u00e9ps\u00e9g\u00e9t<\/strong> hozza el, amely az <strong>\u00f6r\u00f6k szeretet \u00e9s a tiszta \u00e9rzelmek jelk\u00e9pe<\/strong>. A <strong>prec\u00edzen kidolgozott sz\u00edv mot\u00edvum<\/strong>, amelyet csillog\u00f3 feh\u00e9r k\u00f6vek bor\u00edtanak, romantikus \u00e9s kifinomult \u00e9kszert eredm\u00e9nyez. A <strong>r\u00f3dium bevonat<\/strong> biztos\u00edtja a tart\u00f3s f\u00e9nyt \u00e9s v\u00e9di az \u00e9kszert a kop\u00e1s ellen.<\/p>\n<p>\ud83d\udc96 <strong>A sz\u00edv jelent\u00e9se<\/strong><br \/>\nA sz\u00edv az <strong>\u00e9rzelmek, az \u00f6sszetartoz\u00e1s \u00e9s az igaz szerelem szimb\u00f3luma<\/strong>. Ez az eleg\u00e1ns \u00e9kszerszett t\u00f6k\u00e9letes aj\u00e1nd\u00e9k lehet, hogy kifejezd a szeretetedet vagy egy k\u00fcl\u00f6nleges pillanatot \u00f6r\u00f6k\u00edts meg vele.<\/p>\n<p>\u2728 <strong>Mi\u00e9rt v\u00e1laszd ezt az \u00e9kszerszettet?<\/strong><\/p>\n<ul>\n<li><strong>Pr\u00e9mium min\u0151s\u00e9g:<\/strong> <strong>AG 925 ez\u00fcst<\/strong>, <strong>r\u00f3dium bevonattal<\/strong> a tart\u00f3s csillog\u00e1s\u00e9rt.<\/li>\n<li><strong>Romantikus \u00e9s kifinomult diz\u00e1jn:<\/strong> Sz\u00edv mot\u00edvum feh\u00e9r k\u00f6vekkel d\u00edsz\u00edtve.<\/li>\n<li><strong>Szettben t\u00f6k\u00e9letes harm\u00f3nia:<\/strong> A f\u00fclbeval\u00f3 \u00e9s a med\u00e1l egy\u00fctt alkot eleg\u00e1ns \u00f6sszhat\u00e1st.<\/li>\n<li><strong>Sokoldal\u00fa \u00e9s eleg\u00e1ns kieg\u00e9sz\u00edt\u0151:<\/strong> T\u00f6k\u00e9letes v\u00e1laszt\u00e1s mindennapokra \u00e9s k\u00fcl\u00f6nleges alkalmakra is.<\/li>\n<\/ul>\n<p>\ud83c\udf81 <strong>Aj\u00e1nd\u00e9knak is kiv\u00e1l\u00f3 v\u00e1laszt\u00e1s!<\/strong><br \/>\nHa egy <strong>szerelem \u00e9s elegancia \u00e1ltal inspir\u00e1lt \u00e9kszerszettet<\/strong> keresel, amely <strong>sz\u00fclet\u00e9snapra, \u00e9vfordul\u00f3ra vagy Valentin-napra<\/strong> is ide\u00e1lis aj\u00e1nd\u00e9k, akkor ezzel garant\u00e1ltan \u00f6r\u00f6met szerzel.<\/p>\n<p>\ud83d\udcab <strong>Rendeld meg most, \u00e9s viseld a szeretet \u00e9s csillog\u00e1s t\u00f6k\u00e9letes szimb\u00f3lum\u00e1t!<\/strong> \ud83d\udc96\u2728<\/p>\n","protected":false},"excerpt":{"rendered":"<p><strong>Feh\u00e9r k\u00f6ves sz\u00edves ez\u00fcst bedug\u00f3s f\u00fclbeval\u00f3 med\u00e1llal \u2013 a szeretet \u00e9s csillog\u00e1s t\u00f6k\u00e9letes \u00f6tv\u00f6zete!<\/strong> \ud83d\udc96\u2728<br \/>\nEz az eleg\u00e1ns \u00e9kszerszett finoman kidolgozott sz\u00edv mot\u00edvummal \u00e9s ragyog\u00f3 feh\u00e9r k\u00f6vekkel h\u00f3d\u00edt \u2013 t\u00f6k\u00e9letes v\u00e1laszt\u00e1s, ha \u00e9rzelmeket \u00e9s kifinomults\u00e1got szeretn\u00e9l kifejezni.<\/p>\n","protected":false},"featured_media":1768,"template":"","meta":[],"product_brand":[],"product_cat":[29],"product_tag":[514,513,531],"class_list":["post-1767","product","type-product","status-publish","has-post-thumbnail","product_cat-ezust-ekszer-szett","product_tag-gyermek-ezust-ekszer","product_tag-noi-ezust-ekszerek","product_tag-szivecskes","description-off","first","instock","taxable","shipping-taxable","purchasable","product-type-simple"],"yoast_head":"<!-- This site is optimized with the Yoast SEO Premium plugin v26.8 (Yoast SEO v27.9) - https:\/\/yoast.com\/product\/yoast-seo-premium-wordpress\/ -->\n<title>Feh\u00e9r k\u00f6ves sz\u00edves ez\u00fcst bedug\u00f3s f\u00fclbeval\u00f3 med\u00e1llal | Drescher Jewellery<\/title>\n<meta name=\"description\" content=\"Fedezd fel a leny\u0171g\u00f6z\u0151 Feh\u00e9r k\u00f6ves sz\u00edves ez\u00fcst bedug\u00f3s f\u00fclbeval\u00f3 med\u00e1llal \u00e9kszer\u00fcnket. T\u00f6k\u00e9letes kieg\u00e9sz\u00edt\u0151 mindennapi viselethez \u00e9s k\u00fcl\u00f6nleges alkalmakra egyar\u00e1nt. Rendeld meg most!\" \/>\n<meta name=\"robots\" content=\"index, follow, max-snippet:-1, max-image-preview:large, max-video-preview:-1\" \/>\n<link rel=\"canonical\" href=\"https:\/\/old.drescherjewellery.com\/hu\/termek\/feher-koves-szives-ezust-bedugos-fulbevalo-medallal-3\/\" \/>\n<meta property=\"og:locale\" content=\"hu_HU\" \/>\n<meta property=\"og:type\" content=\"article\" \/>\n<meta property=\"og:title\" content=\"Feh\u00e9r k\u00f6ves sz\u00edves ez\u00fcst bedug\u00f3s f\u00fclbeval\u00f3 med\u00e1llal\" \/>\n<meta property=\"og:description\" content=\"Fedezd fel a leny\u0171g\u00f6z\u0151 Feh\u00e9r k\u00f6ves sz\u00edves ez\u00fcst bedug\u00f3s f\u00fclbeval\u00f3 med\u00e1llal \u00e9kszer\u00fcnket. T\u00f6k\u00e9letes kieg\u00e9sz\u00edt\u0151 mindennapi viselethez \u00e9s k\u00fcl\u00f6nleges alkalmakra egyar\u00e1nt. Rendeld meg most!\" \/>\n<meta property=\"og:url\" content=\"https:\/\/old.drescherjewellery.com\/hu\/termek\/feher-koves-szives-ezust-bedugos-fulbevalo-medallal-3\/\" \/>\n<meta property=\"og:site_name\" content=\"Drescher Jewellery\" \/>\n<meta property=\"article:publisher\" content=\"https:\/\/www.facebook.com\/drescherjewellery\" \/>\n<meta property=\"article:modified_time\" content=\"2026-06-09T18:52:50+00:00\" \/>\n<meta property=\"og:image\" content=\"https:\/\/old.drescherjewellery.com\/wp-content\/uploads\/2022\/09\/1-6-compress-scaled.jpg\" \/>\n\t<meta property=\"og:image:width\" content=\"800\" \/>\n\t<meta property=\"og:image:height\" content=\"800\" \/>\n\t<meta property=\"og:image:type\" content=\"image\/jpeg\" \/>\n<meta name=\"twitter:card\" content=\"summary_large_image\" \/>\n<meta name=\"twitter:label1\" content=\"Becs\u00fclt olvas\u00e1si id\u0151\" \/>\n\t<meta name=\"twitter:data1\" content=\"2 perc\" \/>\n<script type=\"application\/ld+json\" class=\"yoast-schema-graph\">{\"@context\":\"https:\\\/\\\/schema.org\",\"@graph\":[{\"@type\":\"WebPage\",\"@id\":\"https:\\\/\\\/old.drescherjewellery.com\\\/hu\\\/termek\\\/feher-koves-szives-ezust-bedugos-fulbevalo-medallal-3\\\/\",\"url\":\"https:\\\/\\\/old.drescherjewellery.com\\\/hu\\\/termek\\\/feher-koves-szives-ezust-bedugos-fulbevalo-medallal-3\\\/\",\"name\":\"Feh\u00e9r k\u00f6ves sz\u00edves ez\u00fcst bedug\u00f3s f\u00fclbeval\u00f3 med\u00e1llal | Drescher Jewellery\",\"isPartOf\":{\"@id\":\"https:\\\/\\\/old.drescherjewellery.com\\\/hu\\\/#website\"},\"primaryImageOfPage\":{\"@id\":\"https:\\\/\\\/old.drescherjewellery.com\\\/hu\\\/termek\\\/feher-koves-szives-ezust-bedugos-fulbevalo-medallal-3\\\/#primaryimage\"},\"image\":{\"@id\":\"https:\\\/\\\/old.drescherjewellery.com\\\/hu\\\/termek\\\/feher-koves-szives-ezust-bedugos-fulbevalo-medallal-3\\\/#primaryimage\"},\"thumbnailUrl\":\"https:\\\/\\\/old.drescherjewellery.com\\\/wp-content\\\/uploads\\\/2022\\\/09\\\/1-6-compress-scaled.jpg\",\"datePublished\":\"2022-09-30T11:22:54+00:00\",\"dateModified\":\"2026-06-09T18:52:50+00:00\",\"description\":\"Fedezd fel a leny\u0171g\u00f6z\u0151 Feh\u00e9r k\u00f6ves sz\u00edves ez\u00fcst bedug\u00f3s f\u00fclbeval\u00f3 med\u00e1llal \u00e9kszer\u00fcnket. T\u00f6k\u00e9letes kieg\u00e9sz\u00edt\u0151 mindennapi viselethez \u00e9s k\u00fcl\u00f6nleges alkalmakra egyar\u00e1nt. Rendeld meg most!\",\"breadcrumb\":{\"@id\":\"https:\\\/\\\/old.drescherjewellery.com\\\/hu\\\/termek\\\/feher-koves-szives-ezust-bedugos-fulbevalo-medallal-3\\\/#breadcrumb\"},\"inLanguage\":\"hu\",\"potentialAction\":[{\"@type\":\"ReadAction\",\"target\":[\"https:\\\/\\\/old.drescherjewellery.com\\\/hu\\\/termek\\\/feher-koves-szives-ezust-bedugos-fulbevalo-medallal-3\\\/\"]}]},{\"@type\":\"ImageObject\",\"inLanguage\":\"hu\",\"@id\":\"https:\\\/\\\/old.drescherjewellery.com\\\/hu\\\/termek\\\/feher-koves-szives-ezust-bedugos-fulbevalo-medallal-3\\\/#primaryimage\",\"url\":\"https:\\\/\\\/old.drescherjewellery.com\\\/wp-content\\\/uploads\\\/2022\\\/09\\\/1-6-compress-scaled.jpg\",\"contentUrl\":\"https:\\\/\\\/old.drescherjewellery.com\\\/wp-content\\\/uploads\\\/2022\\\/09\\\/1-6-compress-scaled.jpg\",\"width\":800,\"height\":800},{\"@type\":\"BreadcrumbList\",\"@id\":\"https:\\\/\\\/old.drescherjewellery.com\\\/hu\\\/termek\\\/feher-koves-szives-ezust-bedugos-fulbevalo-medallal-3\\\/#breadcrumb\",\"itemListElement\":[{\"@type\":\"ListItem\",\"position\":1,\"name\":\"Kezd\u0151lap\",\"item\":\"https:\\\/\\\/old.drescherjewellery.com\\\/hu\\\/\"},{\"@type\":\"ListItem\",\"position\":2,\"name\":\"Shop\",\"item\":\"https:\\\/\\\/old.drescherjewellery.com\\\/hu\\\/shop\\\/\"},{\"@type\":\"ListItem\",\"position\":3,\"name\":\"Feh\u00e9r k\u00f6ves sz\u00edves ez\u00fcst bedug\u00f3s f\u00fclbeval\u00f3 med\u00e1llal\"}]},{\"@type\":\"WebSite\",\"@id\":\"https:\\\/\\\/old.drescherjewellery.com\\\/hu\\\/#website\",\"url\":\"https:\\\/\\\/old.drescherjewellery.com\\\/hu\\\/\",\"name\":\"Drescher Jewellery\",\"description\":\"Tedd t\u00f6k\u00e9letesebb\u00e9 mindennapjaid a Drescher Jewellery \u00e9kszereivel.\",\"publisher\":{\"@id\":\"https:\\\/\\\/old.drescherjewellery.com\\\/hu\\\/#organization\"},\"alternateName\":\"Ez\u00fcst \u00c9kszer Web\u00e1ruh\u00e1z\",\"potentialAction\":[{\"@type\":\"SearchAction\",\"target\":{\"@type\":\"EntryPoint\",\"urlTemplate\":\"https:\\\/\\\/old.drescherjewellery.com\\\/hu\\\/?s={search_term_string}\"},\"query-input\":{\"@type\":\"PropertyValueSpecification\",\"valueRequired\":true,\"valueName\":\"search_term_string\"}}],\"inLanguage\":\"hu\"},{\"@type\":\"Organization\",\"@id\":\"https:\\\/\\\/old.drescherjewellery.com\\\/hu\\\/#organization\",\"name\":\"Drescher Jewellery\",\"url\":\"https:\\\/\\\/old.drescherjewellery.com\\\/hu\\\/\",\"logo\":{\"@type\":\"ImageObject\",\"inLanguage\":\"hu\",\"@id\":\"https:\\\/\\\/old.drescherjewellery.com\\\/hu\\\/#\\\/schema\\\/logo\\\/image\\\/\",\"url\":\"https:\\\/\\\/drescherjewellery.com\\\/wp-content\\\/uploads\\\/2026\\\/01\\\/Drescher-Jewellery-wpml.png\",\"contentUrl\":\"https:\\\/\\\/drescherjewellery.com\\\/wp-content\\\/uploads\\\/2026\\\/01\\\/Drescher-Jewellery-wpml.png\",\"width\":500,\"height\":500,\"caption\":\"Drescher Jewellery\"},\"image\":{\"@id\":\"https:\\\/\\\/old.drescherjewellery.com\\\/hu\\\/#\\\/schema\\\/logo\\\/image\\\/\"},\"sameAs\":[\"https:\\\/\\\/www.facebook.com\\\/drescherjewellery\",\"https:\\\/\\\/www.instagram.com\\\/drescherjewellery\",\"https:\\\/\\\/www.tiktok.com\\\/@drescherjewellery\"]}]}<\/script>\n<!-- \/ Yoast SEO Premium plugin. -->","yoast_head_json":{"title":"Feh\u00e9r k\u00f6ves sz\u00edves ez\u00fcst bedug\u00f3s f\u00fclbeval\u00f3 med\u00e1llal | Drescher Jewellery","description":"Fedezd fel a leny\u0171g\u00f6z\u0151 Feh\u00e9r k\u00f6ves sz\u00edves ez\u00fcst bedug\u00f3s f\u00fclbeval\u00f3 med\u00e1llal \u00e9kszer\u00fcnket. T\u00f6k\u00e9letes kieg\u00e9sz\u00edt\u0151 mindennapi viselethez \u00e9s k\u00fcl\u00f6nleges alkalmakra egyar\u00e1nt. Rendeld meg most!","robots":{"index":"index","follow":"follow","max-snippet":"max-snippet:-1","max-image-preview":"max-image-preview:large","max-video-preview":"max-video-preview:-1"},"canonical":"https:\/\/old.drescherjewellery.com\/hu\/termek\/feher-koves-szives-ezust-bedugos-fulbevalo-medallal-3\/","og_locale":"hu_HU","og_type":"article","og_title":"Feh\u00e9r k\u00f6ves sz\u00edves ez\u00fcst bedug\u00f3s f\u00fclbeval\u00f3 med\u00e1llal","og_description":"Fedezd fel a leny\u0171g\u00f6z\u0151 Feh\u00e9r k\u00f6ves sz\u00edves ez\u00fcst bedug\u00f3s f\u00fclbeval\u00f3 med\u00e1llal \u00e9kszer\u00fcnket. T\u00f6k\u00e9letes kieg\u00e9sz\u00edt\u0151 mindennapi viselethez \u00e9s k\u00fcl\u00f6nleges alkalmakra egyar\u00e1nt. Rendeld meg most!","og_url":"https:\/\/old.drescherjewellery.com\/hu\/termek\/feher-koves-szives-ezust-bedugos-fulbevalo-medallal-3\/","og_site_name":"Drescher Jewellery","article_publisher":"https:\/\/www.facebook.com\/drescherjewellery","article_modified_time":"2026-06-09T18:52:50+00:00","og_image":[{"width":800,"height":800,"url":"https:\/\/old.drescherjewellery.com\/wp-content\/uploads\/2022\/09\/1-6-compress-scaled.jpg","type":"image\/jpeg"}],"twitter_card":"summary_large_image","twitter_misc":{"Becs\u00fclt olvas\u00e1si id\u0151":"2 perc"},"schema":{"@context":"https:\/\/schema.org","@graph":[{"@type":"WebPage","@id":"https:\/\/old.drescherjewellery.com\/hu\/termek\/feher-koves-szives-ezust-bedugos-fulbevalo-medallal-3\/","url":"https:\/\/old.drescherjewellery.com\/hu\/termek\/feher-koves-szives-ezust-bedugos-fulbevalo-medallal-3\/","name":"Feh\u00e9r k\u00f6ves sz\u00edves ez\u00fcst bedug\u00f3s f\u00fclbeval\u00f3 med\u00e1llal | Drescher Jewellery","isPartOf":{"@id":"https:\/\/old.drescherjewellery.com\/hu\/#website"},"primaryImageOfPage":{"@id":"https:\/\/old.drescherjewellery.com\/hu\/termek\/feher-koves-szives-ezust-bedugos-fulbevalo-medallal-3\/#primaryimage"},"image":{"@id":"https:\/\/old.drescherjewellery.com\/hu\/termek\/feher-koves-szives-ezust-bedugos-fulbevalo-medallal-3\/#primaryimage"},"thumbnailUrl":"https:\/\/old.drescherjewellery.com\/wp-content\/uploads\/2022\/09\/1-6-compress-scaled.jpg","datePublished":"2022-09-30T11:22:54+00:00","dateModified":"2026-06-09T18:52:50+00:00","description":"Fedezd fel a leny\u0171g\u00f6z\u0151 Feh\u00e9r k\u00f6ves sz\u00edves ez\u00fcst bedug\u00f3s f\u00fclbeval\u00f3 med\u00e1llal \u00e9kszer\u00fcnket. T\u00f6k\u00e9letes kieg\u00e9sz\u00edt\u0151 mindennapi viselethez \u00e9s k\u00fcl\u00f6nleges alkalmakra egyar\u00e1nt. Rendeld meg most!","breadcrumb":{"@id":"https:\/\/old.drescherjewellery.com\/hu\/termek\/feher-koves-szives-ezust-bedugos-fulbevalo-medallal-3\/#breadcrumb"},"inLanguage":"hu","potentialAction":[{"@type":"ReadAction","target":["https:\/\/old.drescherjewellery.com\/hu\/termek\/feher-koves-szives-ezust-bedugos-fulbevalo-medallal-3\/"]}]},{"@type":"ImageObject","inLanguage":"hu","@id":"https:\/\/old.drescherjewellery.com\/hu\/termek\/feher-koves-szives-ezust-bedugos-fulbevalo-medallal-3\/#primaryimage","url":"https:\/\/old.drescherjewellery.com\/wp-content\/uploads\/2022\/09\/1-6-compress-scaled.jpg","contentUrl":"https:\/\/old.drescherjewellery.com\/wp-content\/uploads\/2022\/09\/1-6-compress-scaled.jpg","width":800,"height":800},{"@type":"BreadcrumbList","@id":"https:\/\/old.drescherjewellery.com\/hu\/termek\/feher-koves-szives-ezust-bedugos-fulbevalo-medallal-3\/#breadcrumb","itemListElement":[{"@type":"ListItem","position":1,"name":"Kezd\u0151lap","item":"https:\/\/old.drescherjewellery.com\/hu\/"},{"@type":"ListItem","position":2,"name":"Shop","item":"https:\/\/old.drescherjewellery.com\/hu\/shop\/"},{"@type":"ListItem","position":3,"name":"Feh\u00e9r k\u00f6ves sz\u00edves ez\u00fcst bedug\u00f3s f\u00fclbeval\u00f3 med\u00e1llal"}]},{"@type":"WebSite","@id":"https:\/\/old.drescherjewellery.com\/hu\/#website","url":"https:\/\/old.drescherjewellery.com\/hu\/","name":"Drescher Jewellery","description":"Tedd t\u00f6k\u00e9letesebb\u00e9 mindennapjaid a Drescher Jewellery \u00e9kszereivel.","publisher":{"@id":"https:\/\/old.drescherjewellery.com\/hu\/#organization"},"alternateName":"Ez\u00fcst \u00c9kszer Web\u00e1ruh\u00e1z","potentialAction":[{"@type":"SearchAction","target":{"@type":"EntryPoint","urlTemplate":"https:\/\/old.drescherjewellery.com\/hu\/?s={search_term_string}"},"query-input":{"@type":"PropertyValueSpecification","valueRequired":true,"valueName":"search_term_string"}}],"inLanguage":"hu"},{"@type":"Organization","@id":"https:\/\/old.drescherjewellery.com\/hu\/#organization","name":"Drescher Jewellery","url":"https:\/\/old.drescherjewellery.com\/hu\/","logo":{"@type":"ImageObject","inLanguage":"hu","@id":"https:\/\/old.drescherjewellery.com\/hu\/#\/schema\/logo\/image\/","url":"https:\/\/drescherjewellery.com\/wp-content\/uploads\/2026\/01\/Drescher-Jewellery-wpml.png","contentUrl":"https:\/\/drescherjewellery.com\/wp-content\/uploads\/2026\/01\/Drescher-Jewellery-wpml.png","width":500,"height":500,"caption":"Drescher Jewellery"},"image":{"@id":"https:\/\/old.drescherjewellery.com\/hu\/#\/schema\/logo\/image\/"},"sameAs":["https:\/\/www.facebook.com\/drescherjewellery","https:\/\/www.instagram.com\/drescherjewellery","https:\/\/www.tiktok.com\/@drescherjewellery"]}]}},"_links":{"self":[{"href":"https:\/\/old.drescherjewellery.com\/hu\/wp-json\/wp\/v2\/product\/1767","targetHints":{"allow":["GET"]}}],"collection":[{"href":"https:\/\/old.drescherjewellery.com\/hu\/wp-json\/wp\/v2\/product"}],"about":[{"href":"https:\/\/old.drescherjewellery.com\/hu\/wp-json\/wp\/v2\/types\/product"}],"version-history":[{"count":1,"href":"https:\/\/old.drescherjewellery.com\/hu\/wp-json\/wp\/v2\/product\/1767\/revisions"}],"predecessor-version":[{"id":119099,"href":"https:\/\/old.drescherjewellery.com\/hu\/wp-json\/wp\/v2\/product\/1767\/revisions\/119099"}],"wp:featuredmedia":[{"embeddable":true,"href":"https:\/\/old.drescherjewellery.com\/hu\/wp-json\/wp\/v2\/media\/1768"}],"wp:attachment":[{"href":"https:\/\/old.drescherjewellery.com\/hu\/wp-json\/wp\/v2\/media?parent=1767"}],"wp:term":[{"taxonomy":"product_brand","embeddable":true,"href":"https:\/\/old.drescherjewellery.com\/hu\/wp-json\/wp\/v2\/product_brand?post=1767"},{"taxonomy":"product_cat","embeddable":true,"href":"https:\/\/old.drescherjewellery.com\/hu\/wp-json\/wp\/v2\/product_cat?post=1767"},{"taxonomy":"product_tag","embeddable":true,"href":"https:\/\/old.drescherjewellery.com\/hu\/wp-json\/wp\/v2\/product_tag?post=1767"}],"curies":[{"name":"wp","href":"https:\/\/api.w.org\/{rel}","templated":true}]}}