{"id":511,"date":"2022-08-31T13:38:18","date_gmt":"2022-08-31T13:38:18","guid":{"rendered":"https:\/\/dianasilver.hu\/product\/feher-koves-ezust-kerek-fulbevalo\/"},"modified":"2026-04-01T17:19:42","modified_gmt":"2026-04-01T15:19:42","slug":"feher-koves-ezust-kerek-fulbevalo","status":"publish","type":"product","link":"https:\/\/old.drescherjewellery.com\/hu\/termek\/feher-koves-ezust-kerek-fulbevalo\/","title":{"rendered":"Feh\u00e9r k\u00f6ves ez\u00fcst kerek f\u00fclbeval\u00f3"},"content":{"rendered":"<h2 data-start=\"310\" data-end=\"410\">\ud83d\udc8e <strong data-start=\"313\" data-end=\"408\">Feh\u00e9r k\u00f6ves ez\u00fcst kerek f\u00fclbeval\u00f3 \u2013 a letisztult elegancia \u00e9s ragyog\u00e1s t\u00f6k\u00e9letes harm\u00f3ni\u00e1ja<\/strong><\/h2>\n<p data-start=\"412\" data-end=\"678\">Ez a gy\u00f6ny\u00f6r\u0171 <strong data-start=\"426\" data-end=\"464\">AG 925 ez\u00fcstb\u0151l, r\u00f3dium bevonattal<\/strong> k\u00e9sz\u00fclt kerek f\u00fclbeval\u00f3 a letisztult formavil\u00e1g \u00e9s a csillog\u00f3 feh\u00e9r cirk\u00f3nia k\u00f6vek egyed\u00fcl\u00e1ll\u00f3 kombin\u00e1ci\u00f3j\u00e1t ny\u00fajtja. K\u00e9nyelmes, m\u00e9gis felt\u0171n\u0151 \u00e9kszer, amely finom csillog\u00e1s\u00e1val minden szettet eleg\u00e1nss\u00e1 var\u00e1zsol.<\/p>\n<p data-start=\"680\" data-end=\"718\">\u2728 <strong data-start=\"682\" data-end=\"716\">Mit szimboliz\u00e1l a kerek forma?<\/strong><\/p>\n<ul data-start=\"719\" data-end=\"961\">\n<li data-start=\"719\" data-end=\"803\"><strong data-start=\"721\" data-end=\"751\">A teljess\u00e9get \u00e9s harm\u00f3ni\u00e1t<\/strong> \u2013 a kerek alak az egys\u00e9g \u00e9s az egyens\u00faly jelk\u00e9pe.<\/li>\n<li data-start=\"804\" data-end=\"883\"><strong data-start=\"806\" data-end=\"825\">A v\u00e9gtelens\u00e9get<\/strong> \u2013 nincs kezdete \u00e9s v\u00e9ge, \u00edgy az \u00f6r\u00f6k st\u00edlust k\u00e9pviseli.<\/li>\n<li data-start=\"884\" data-end=\"961\"><strong data-start=\"886\" data-end=\"907\">A kifinomults\u00e1got<\/strong> \u2013 klasszikus forma, amely sosem megy ki a divatb\u00f3l.<\/li>\n<\/ul>\n<p data-start=\"963\" data-end=\"1003\">\ud83d\udc96 <strong data-start=\"966\" data-end=\"1001\">Mi\u00e9rt v\u00e1laszd ezt a f\u00fclbeval\u00f3t?<\/strong><\/p>\n<ul data-start=\"1004\" data-end=\"1314\">\n<li data-start=\"1004\" data-end=\"1080\"><strong data-start=\"1006\" data-end=\"1026\">Pr\u00e9mium min\u0151s\u00e9g:<\/strong> <strong data-start=\"1027\" data-end=\"1062\">AG 925 ez\u00fcst, r\u00f3dium bevonattal<\/strong> a tart\u00f3ss\u00e1g\u00e9rt.<\/li>\n<li data-start=\"1081\" data-end=\"1160\"><strong data-start=\"1083\" data-end=\"1105\">Letisztult diz\u00e1jn:<\/strong> A kerek forma eleg\u00e1ns, minimalista st\u00edlust k\u00e9pvisel.<\/li>\n<li data-start=\"1161\" data-end=\"1236\"><strong data-start=\"1163\" data-end=\"1197\">Csillog\u00f3 feh\u00e9r cirk\u00f3nia k\u00f6vek:<\/strong> T\u00f6k\u00e9letes ragyog\u00e1s minden alkalomra.<\/li>\n<li data-start=\"1237\" data-end=\"1314\"><strong data-start=\"1239\" data-end=\"1261\">K\u00e9nyelmes viselet:<\/strong> K\u00f6nnyed, mindennapi \u00e9s \u00fcnnepi \u00f6lt\u00f6z\u00e9khez is illik.<\/li>\n<\/ul>\n<p data-start=\"1316\" data-end=\"1407\" data-is-last-node=\"\">\ud83c\udf81 <strong data-start=\"1319\" data-end=\"1403\">T\u00f6k\u00e9letes aj\u00e1nd\u00e9k mindazoknak, akik szeretik a klasszikus \u00e9s eleg\u00e1ns \u00e9kszereket!<\/strong> \u2728\ud83d\udc96<\/p>\n","protected":false},"excerpt":{"rendered":"<p>\u2728 <strong data-start=\"38\" data-end=\"75\">Feh\u00e9r k\u00f6ves ez\u00fcst kerek f\u00fclbeval\u00f3<\/strong> \u2013 id\u0151tlen ragyog\u00e1s \u00e9s kifinomult elegancia egy \u00e9kszerben! A klasszikus kerek forma \u00e9s a csillog\u00f3 feh\u00e9r cirk\u00f3nia k\u00f6vek t\u00f6k\u00e9letes kieg\u00e9sz\u00edt\u0151v\u00e9 teszik mindennapokra \u00e9s alkalmakra egyar\u00e1nt.<\/p>\n","protected":false},"featured_media":2883,"template":"","meta":[],"product_brand":[],"product_cat":[28],"product_tag":[514,513,532],"class_list":["post-511","product","type-product","status-publish","has-post-thumbnail","product_cat-ezust-fulbevalo","product_tag-gyermek-ezust-ekszer","product_tag-noi-ezust-ekszerek","product_tag-viragos","description-off","first","instock","taxable","shipping-taxable","purchasable","product-type-simple"],"yoast_head":"<!-- This site is optimized with the Yoast SEO Premium plugin v26.8 (Yoast SEO v27.9) - https:\/\/yoast.com\/product\/yoast-seo-premium-wordpress\/ -->\n<title>Feh\u00e9r k\u00f6ves ez\u00fcst kerek f\u00fclbeval\u00f3 | Drescher Jewellery<\/title>\n<meta name=\"description\" content=\"Fedezd fel a leny\u0171g\u00f6z\u0151 Feh\u00e9r k\u00f6ves ez\u00fcst kerek f\u00fclbeval\u00f3 \u00e9kszer\u00fcnket. T\u00f6k\u00e9letes kieg\u00e9sz\u00edt\u0151 mindennapi viselethez \u00e9s k\u00fcl\u00f6nleges alkalmakra egyar\u00e1nt. Rendeld meg most!\" \/>\n<meta name=\"robots\" content=\"index, follow, max-snippet:-1, max-image-preview:large, max-video-preview:-1\" \/>\n<link rel=\"canonical\" href=\"https:\/\/old.drescherjewellery.com\/hu\/termek\/feher-koves-ezust-kerek-fulbevalo\/\" \/>\n<meta property=\"og:locale\" content=\"hu_HU\" \/>\n<meta property=\"og:type\" content=\"article\" \/>\n<meta property=\"og:title\" content=\"Feh\u00e9r k\u00f6ves ez\u00fcst kerek f\u00fclbeval\u00f3\" \/>\n<meta property=\"og:description\" content=\"Fedezd fel a leny\u0171g\u00f6z\u0151 Feh\u00e9r k\u00f6ves ez\u00fcst kerek f\u00fclbeval\u00f3 \u00e9kszer\u00fcnket. T\u00f6k\u00e9letes kieg\u00e9sz\u00edt\u0151 mindennapi viselethez \u00e9s k\u00fcl\u00f6nleges alkalmakra egyar\u00e1nt. Rendeld meg most!\" \/>\n<meta property=\"og:url\" content=\"https:\/\/old.drescherjewellery.com\/hu\/termek\/feher-koves-ezust-kerek-fulbevalo\/\" \/>\n<meta property=\"og:site_name\" content=\"Drescher Jewellery\" \/>\n<meta property=\"article:publisher\" content=\"https:\/\/www.facebook.com\/drescherjewellery\" \/>\n<meta property=\"article:modified_time\" content=\"2026-04-01T15:19:42+00:00\" \/>\n<meta property=\"og:image\" content=\"https:\/\/old.drescherjewellery.com\/wp-content\/uploads\/2022\/08\/feher-koves-ezust-kerek-fulbevalo-2883.jpg\" \/>\n\t<meta property=\"og:image:width\" content=\"800\" \/>\n\t<meta property=\"og:image:height\" content=\"800\" \/>\n\t<meta property=\"og:image:type\" content=\"image\/jpeg\" \/>\n<meta name=\"twitter:card\" content=\"summary_large_image\" \/>\n<meta name=\"twitter:label1\" content=\"Becs\u00fclt olvas\u00e1si id\u0151\" \/>\n\t<meta name=\"twitter:data1\" content=\"1 perc\" \/>\n<script type=\"application\/ld+json\" class=\"yoast-schema-graph\">{\"@context\":\"https:\\\/\\\/schema.org\",\"@graph\":[{\"@type\":\"WebPage\",\"@id\":\"https:\\\/\\\/old.drescherjewellery.com\\\/hu\\\/termek\\\/feher-koves-ezust-kerek-fulbevalo\\\/\",\"url\":\"https:\\\/\\\/old.drescherjewellery.com\\\/hu\\\/termek\\\/feher-koves-ezust-kerek-fulbevalo\\\/\",\"name\":\"Feh\u00e9r k\u00f6ves ez\u00fcst kerek f\u00fclbeval\u00f3 | Drescher Jewellery\",\"isPartOf\":{\"@id\":\"https:\\\/\\\/old.drescherjewellery.com\\\/hu\\\/#website\"},\"primaryImageOfPage\":{\"@id\":\"https:\\\/\\\/old.drescherjewellery.com\\\/hu\\\/termek\\\/feher-koves-ezust-kerek-fulbevalo\\\/#primaryimage\"},\"image\":{\"@id\":\"https:\\\/\\\/old.drescherjewellery.com\\\/hu\\\/termek\\\/feher-koves-ezust-kerek-fulbevalo\\\/#primaryimage\"},\"thumbnailUrl\":\"https:\\\/\\\/old.drescherjewellery.com\\\/wp-content\\\/uploads\\\/2022\\\/08\\\/feher-koves-ezust-kerek-fulbevalo-2883.jpg\",\"datePublished\":\"2022-08-31T13:38:18+00:00\",\"dateModified\":\"2026-04-01T15:19:42+00:00\",\"description\":\"Fedezd fel a leny\u0171g\u00f6z\u0151 Feh\u00e9r k\u00f6ves ez\u00fcst kerek f\u00fclbeval\u00f3 \u00e9kszer\u00fcnket. T\u00f6k\u00e9letes kieg\u00e9sz\u00edt\u0151 mindennapi viselethez \u00e9s k\u00fcl\u00f6nleges alkalmakra egyar\u00e1nt. Rendeld meg most!\",\"breadcrumb\":{\"@id\":\"https:\\\/\\\/old.drescherjewellery.com\\\/hu\\\/termek\\\/feher-koves-ezust-kerek-fulbevalo\\\/#breadcrumb\"},\"inLanguage\":\"hu\",\"potentialAction\":[{\"@type\":\"ReadAction\",\"target\":[\"https:\\\/\\\/old.drescherjewellery.com\\\/hu\\\/termek\\\/feher-koves-ezust-kerek-fulbevalo\\\/\"]}]},{\"@type\":\"ImageObject\",\"inLanguage\":\"hu\",\"@id\":\"https:\\\/\\\/old.drescherjewellery.com\\\/hu\\\/termek\\\/feher-koves-ezust-kerek-fulbevalo\\\/#primaryimage\",\"url\":\"https:\\\/\\\/old.drescherjewellery.com\\\/wp-content\\\/uploads\\\/2022\\\/08\\\/feher-koves-ezust-kerek-fulbevalo-2883.jpg\",\"contentUrl\":\"https:\\\/\\\/old.drescherjewellery.com\\\/wp-content\\\/uploads\\\/2022\\\/08\\\/feher-koves-ezust-kerek-fulbevalo-2883.jpg\",\"width\":800,\"height\":800},{\"@type\":\"BreadcrumbList\",\"@id\":\"https:\\\/\\\/old.drescherjewellery.com\\\/hu\\\/termek\\\/feher-koves-ezust-kerek-fulbevalo\\\/#breadcrumb\",\"itemListElement\":[{\"@type\":\"ListItem\",\"position\":1,\"name\":\"Kezd\u0151lap\",\"item\":\"https:\\\/\\\/old.drescherjewellery.com\\\/hu\\\/\"},{\"@type\":\"ListItem\",\"position\":2,\"name\":\"Shop\",\"item\":\"https:\\\/\\\/old.drescherjewellery.com\\\/hu\\\/shop\\\/\"},{\"@type\":\"ListItem\",\"position\":3,\"name\":\"Feh\u00e9r k\u00f6ves ez\u00fcst kerek f\u00fclbeval\u00f3\"}]},{\"@type\":\"WebSite\",\"@id\":\"https:\\\/\\\/old.drescherjewellery.com\\\/hu\\\/#website\",\"url\":\"https:\\\/\\\/old.drescherjewellery.com\\\/hu\\\/\",\"name\":\"Drescher Jewellery\",\"description\":\"Tedd t\u00f6k\u00e9letesebb\u00e9 mindennapjaid a Drescher Jewellery \u00e9kszereivel.\",\"publisher\":{\"@id\":\"https:\\\/\\\/old.drescherjewellery.com\\\/hu\\\/#organization\"},\"alternateName\":\"Ez\u00fcst \u00c9kszer Web\u00e1ruh\u00e1z\",\"potentialAction\":[{\"@type\":\"SearchAction\",\"target\":{\"@type\":\"EntryPoint\",\"urlTemplate\":\"https:\\\/\\\/old.drescherjewellery.com\\\/hu\\\/?s={search_term_string}\"},\"query-input\":{\"@type\":\"PropertyValueSpecification\",\"valueRequired\":true,\"valueName\":\"search_term_string\"}}],\"inLanguage\":\"hu\"},{\"@type\":\"Organization\",\"@id\":\"https:\\\/\\\/old.drescherjewellery.com\\\/hu\\\/#organization\",\"name\":\"Drescher Jewellery\",\"url\":\"https:\\\/\\\/old.drescherjewellery.com\\\/hu\\\/\",\"logo\":{\"@type\":\"ImageObject\",\"inLanguage\":\"hu\",\"@id\":\"https:\\\/\\\/old.drescherjewellery.com\\\/hu\\\/#\\\/schema\\\/logo\\\/image\\\/\",\"url\":\"https:\\\/\\\/drescherjewellery.com\\\/wp-content\\\/uploads\\\/2026\\\/01\\\/Drescher-Jewellery-wpml.png\",\"contentUrl\":\"https:\\\/\\\/drescherjewellery.com\\\/wp-content\\\/uploads\\\/2026\\\/01\\\/Drescher-Jewellery-wpml.png\",\"width\":500,\"height\":500,\"caption\":\"Drescher Jewellery\"},\"image\":{\"@id\":\"https:\\\/\\\/old.drescherjewellery.com\\\/hu\\\/#\\\/schema\\\/logo\\\/image\\\/\"},\"sameAs\":[\"https:\\\/\\\/www.facebook.com\\\/drescherjewellery\",\"https:\\\/\\\/www.instagram.com\\\/drescherjewellery\",\"https:\\\/\\\/www.tiktok.com\\\/@drescherjewellery\"]}]}<\/script>\n<!-- \/ Yoast SEO Premium plugin. -->","yoast_head_json":{"title":"Feh\u00e9r k\u00f6ves ez\u00fcst kerek f\u00fclbeval\u00f3 | Drescher Jewellery","description":"Fedezd fel a leny\u0171g\u00f6z\u0151 Feh\u00e9r k\u00f6ves ez\u00fcst kerek f\u00fclbeval\u00f3 \u00e9kszer\u00fcnket. T\u00f6k\u00e9letes kieg\u00e9sz\u00edt\u0151 mindennapi viselethez \u00e9s k\u00fcl\u00f6nleges alkalmakra egyar\u00e1nt. Rendeld meg most!","robots":{"index":"index","follow":"follow","max-snippet":"max-snippet:-1","max-image-preview":"max-image-preview:large","max-video-preview":"max-video-preview:-1"},"canonical":"https:\/\/old.drescherjewellery.com\/hu\/termek\/feher-koves-ezust-kerek-fulbevalo\/","og_locale":"hu_HU","og_type":"article","og_title":"Feh\u00e9r k\u00f6ves ez\u00fcst kerek f\u00fclbeval\u00f3","og_description":"Fedezd fel a leny\u0171g\u00f6z\u0151 Feh\u00e9r k\u00f6ves ez\u00fcst kerek f\u00fclbeval\u00f3 \u00e9kszer\u00fcnket. T\u00f6k\u00e9letes kieg\u00e9sz\u00edt\u0151 mindennapi viselethez \u00e9s k\u00fcl\u00f6nleges alkalmakra egyar\u00e1nt. Rendeld meg most!","og_url":"https:\/\/old.drescherjewellery.com\/hu\/termek\/feher-koves-ezust-kerek-fulbevalo\/","og_site_name":"Drescher Jewellery","article_publisher":"https:\/\/www.facebook.com\/drescherjewellery","article_modified_time":"2026-04-01T15:19:42+00:00","og_image":[{"width":800,"height":800,"url":"https:\/\/old.drescherjewellery.com\/wp-content\/uploads\/2022\/08\/feher-koves-ezust-kerek-fulbevalo-2883.jpg","type":"image\/jpeg"}],"twitter_card":"summary_large_image","twitter_misc":{"Becs\u00fclt olvas\u00e1si id\u0151":"1 perc"},"schema":{"@context":"https:\/\/schema.org","@graph":[{"@type":"WebPage","@id":"https:\/\/old.drescherjewellery.com\/hu\/termek\/feher-koves-ezust-kerek-fulbevalo\/","url":"https:\/\/old.drescherjewellery.com\/hu\/termek\/feher-koves-ezust-kerek-fulbevalo\/","name":"Feh\u00e9r k\u00f6ves ez\u00fcst kerek f\u00fclbeval\u00f3 | Drescher Jewellery","isPartOf":{"@id":"https:\/\/old.drescherjewellery.com\/hu\/#website"},"primaryImageOfPage":{"@id":"https:\/\/old.drescherjewellery.com\/hu\/termek\/feher-koves-ezust-kerek-fulbevalo\/#primaryimage"},"image":{"@id":"https:\/\/old.drescherjewellery.com\/hu\/termek\/feher-koves-ezust-kerek-fulbevalo\/#primaryimage"},"thumbnailUrl":"https:\/\/old.drescherjewellery.com\/wp-content\/uploads\/2022\/08\/feher-koves-ezust-kerek-fulbevalo-2883.jpg","datePublished":"2022-08-31T13:38:18+00:00","dateModified":"2026-04-01T15:19:42+00:00","description":"Fedezd fel a leny\u0171g\u00f6z\u0151 Feh\u00e9r k\u00f6ves ez\u00fcst kerek f\u00fclbeval\u00f3 \u00e9kszer\u00fcnket. T\u00f6k\u00e9letes kieg\u00e9sz\u00edt\u0151 mindennapi viselethez \u00e9s k\u00fcl\u00f6nleges alkalmakra egyar\u00e1nt. Rendeld meg most!","breadcrumb":{"@id":"https:\/\/old.drescherjewellery.com\/hu\/termek\/feher-koves-ezust-kerek-fulbevalo\/#breadcrumb"},"inLanguage":"hu","potentialAction":[{"@type":"ReadAction","target":["https:\/\/old.drescherjewellery.com\/hu\/termek\/feher-koves-ezust-kerek-fulbevalo\/"]}]},{"@type":"ImageObject","inLanguage":"hu","@id":"https:\/\/old.drescherjewellery.com\/hu\/termek\/feher-koves-ezust-kerek-fulbevalo\/#primaryimage","url":"https:\/\/old.drescherjewellery.com\/wp-content\/uploads\/2022\/08\/feher-koves-ezust-kerek-fulbevalo-2883.jpg","contentUrl":"https:\/\/old.drescherjewellery.com\/wp-content\/uploads\/2022\/08\/feher-koves-ezust-kerek-fulbevalo-2883.jpg","width":800,"height":800},{"@type":"BreadcrumbList","@id":"https:\/\/old.drescherjewellery.com\/hu\/termek\/feher-koves-ezust-kerek-fulbevalo\/#breadcrumb","itemListElement":[{"@type":"ListItem","position":1,"name":"Kezd\u0151lap","item":"https:\/\/old.drescherjewellery.com\/hu\/"},{"@type":"ListItem","position":2,"name":"Shop","item":"https:\/\/old.drescherjewellery.com\/hu\/shop\/"},{"@type":"ListItem","position":3,"name":"Feh\u00e9r k\u00f6ves ez\u00fcst kerek f\u00fclbeval\u00f3"}]},{"@type":"WebSite","@id":"https:\/\/old.drescherjewellery.com\/hu\/#website","url":"https:\/\/old.drescherjewellery.com\/hu\/","name":"Drescher Jewellery","description":"Tedd t\u00f6k\u00e9letesebb\u00e9 mindennapjaid a Drescher Jewellery \u00e9kszereivel.","publisher":{"@id":"https:\/\/old.drescherjewellery.com\/hu\/#organization"},"alternateName":"Ez\u00fcst \u00c9kszer Web\u00e1ruh\u00e1z","potentialAction":[{"@type":"SearchAction","target":{"@type":"EntryPoint","urlTemplate":"https:\/\/old.drescherjewellery.com\/hu\/?s={search_term_string}"},"query-input":{"@type":"PropertyValueSpecification","valueRequired":true,"valueName":"search_term_string"}}],"inLanguage":"hu"},{"@type":"Organization","@id":"https:\/\/old.drescherjewellery.com\/hu\/#organization","name":"Drescher Jewellery","url":"https:\/\/old.drescherjewellery.com\/hu\/","logo":{"@type":"ImageObject","inLanguage":"hu","@id":"https:\/\/old.drescherjewellery.com\/hu\/#\/schema\/logo\/image\/","url":"https:\/\/drescherjewellery.com\/wp-content\/uploads\/2026\/01\/Drescher-Jewellery-wpml.png","contentUrl":"https:\/\/drescherjewellery.com\/wp-content\/uploads\/2026\/01\/Drescher-Jewellery-wpml.png","width":500,"height":500,"caption":"Drescher Jewellery"},"image":{"@id":"https:\/\/old.drescherjewellery.com\/hu\/#\/schema\/logo\/image\/"},"sameAs":["https:\/\/www.facebook.com\/drescherjewellery","https:\/\/www.instagram.com\/drescherjewellery","https:\/\/www.tiktok.com\/@drescherjewellery"]}]}},"_links":{"self":[{"href":"https:\/\/old.drescherjewellery.com\/hu\/wp-json\/wp\/v2\/product\/511","targetHints":{"allow":["GET"]}}],"collection":[{"href":"https:\/\/old.drescherjewellery.com\/hu\/wp-json\/wp\/v2\/product"}],"about":[{"href":"https:\/\/old.drescherjewellery.com\/hu\/wp-json\/wp\/v2\/types\/product"}],"version-history":[{"count":1,"href":"https:\/\/old.drescherjewellery.com\/hu\/wp-json\/wp\/v2\/product\/511\/revisions"}],"predecessor-version":[{"id":119011,"href":"https:\/\/old.drescherjewellery.com\/hu\/wp-json\/wp\/v2\/product\/511\/revisions\/119011"}],"wp:featuredmedia":[{"embeddable":true,"href":"https:\/\/old.drescherjewellery.com\/hu\/wp-json\/wp\/v2\/media\/2883"}],"wp:attachment":[{"href":"https:\/\/old.drescherjewellery.com\/hu\/wp-json\/wp\/v2\/media?parent=511"}],"wp:term":[{"taxonomy":"product_brand","embeddable":true,"href":"https:\/\/old.drescherjewellery.com\/hu\/wp-json\/wp\/v2\/product_brand?post=511"},{"taxonomy":"product_cat","embeddable":true,"href":"https:\/\/old.drescherjewellery.com\/hu\/wp-json\/wp\/v2\/product_cat?post=511"},{"taxonomy":"product_tag","embeddable":true,"href":"https:\/\/old.drescherjewellery.com\/hu\/wp-json\/wp\/v2\/product_tag?post=511"}],"curies":[{"name":"wp","href":"https:\/\/api.w.org\/{rel}","templated":true}]}}