{"id":875,"date":"2022-08-31T14:46:17","date_gmt":"2022-08-31T14:46:17","guid":{"rendered":"https:\/\/dianasilver.hu\/product\/ezust-feher-koves-karkoto-48\/"},"modified":"2026-09-02T14:38:16","modified_gmt":"2026-09-02T12:38:16","slug":"ezust-feher-koves-hullamos-karkoto-szivecskekkel","status":"publish","type":"product","link":"https:\/\/old.drescherjewellery.com\/hu\/termek\/ezust-feher-koves-hullamos-karkoto-szivecskekkel\/","title":{"rendered":"Ez\u00fcst feh\u00e9r k\u00f6ves hull\u00e1mos kark\u00f6t\u0151 sz\u00edvecsk\u00e9kkel"},"content":{"rendered":"<div class=\"flex-1 overflow-hidden @container\/thread\">\n<div class=\"h-full\">\n<div class=\"react-scroll-to-bottom--css-wtwog-79elbk h-full\">\n<div class=\"react-scroll-to-bottom--css-wtwog-1n7m0yu\">\n<div class=\"flex flex-col text-sm\">\n<article class=\"w-full text-token-text-primary focus-visible:outline-2 focus-visible:outline-offset-[-4px]\" dir=\"auto\" data-testid=\"conversation-turn-621\" data-scroll-anchor=\"true\">\n<div class=\"m-auto text-base py-[18px] px-3 md:px-4 w-full md:px-5 lg:px-4 xl:px-5\">\n<div class=\"mx-auto flex flex-1 gap-4 text-base md:gap-5 lg:gap-6 md:max-w-3xl lg:max-w-[40rem] xl:max-w-[48rem]\">\n<div class=\"group\/conversation-turn relative flex w-full min-w-0 flex-col agent-turn\">\n<div class=\"flex-col gap-1 md:gap-3\">\n<div class=\"flex max-w-full flex-col flex-grow\">\n<div class=\"min-h-8 text-message flex w-full flex-col items-end gap-2 whitespace-normal break-words text-start [.text-message+&amp;]:mt-5\" dir=\"auto\" data-message-author-role=\"assistant\" data-message-id=\"2e5f20bc-e89b-426b-8c17-44d4b4b681ca\" data-message-model-slug=\"gpt-4o\">\n<div class=\"flex w-full flex-col gap-1 empty:hidden first:pt-[3px]\">\n<div class=\"markdown prose w-full break-words dark:prose-invert light\">\n<h2>\ud83d\udc8e <strong>Ez\u00fcst feh\u00e9r k\u00f6ves hull\u00e1mos kark\u00f6t\u0151 sz\u00edvecsk\u00e9kkel \u2013 a romantika \u00e9s elegancia t\u00f6k\u00e9letes tal\u00e1lkoz\u00e1sa<\/strong><\/h2>\n<p>Ez a <strong>925 ez\u00fcstb\u0151l k\u00e9sz\u00fclt kark\u00f6t\u0151<\/strong> gyeng\u00e9den hull\u00e1mz\u00f3 form\u00e1j\u00e1val \u00e9s apr\u00f3 <strong>sz\u00edv d\u00edsz\u00edt\u00e9seivel<\/strong> egyszerre romantikus \u00e9s kifinomult. A <strong>ragyog\u00f3 feh\u00e9r k\u00f6vek<\/strong> extra csillog\u00e1st biztos\u00edtanak, mik\u00f6zben a <strong>r\u00f3dium bevonat<\/strong> gondoskodik az ez\u00fcst \u00e9kszer tart\u00f3s f\u00e9ny\u00e9r\u0151l \u00e9s v\u00e9delm\u00e9r\u0151l.<\/p>\n<p>\ud83d\udc96 <strong>Mit szimboliz\u00e1l ez az \u00e9kszer?<\/strong><\/p>\n<ul>\n<li><strong>A sz\u00edv az \u00f6r\u00f6k szeretet \u00e9s \u00e9rzelmek jelk\u00e9pe.<\/strong><\/li>\n<li><strong>A hull\u00e1mos vonalvezet\u00e9s a harm\u00f3ni\u00e1t \u00e9s az \u00e9let folyamatos \u00e1raml\u00e1s\u00e1t szimboliz\u00e1lja.<\/strong><\/li>\n<li><strong>A feh\u00e9r k\u00f6vek ragyog\u00e1sa pedig az elegancia id\u0151tlen kifejez\u00e9se.<\/strong><\/li>\n<\/ul>\n<p>\u2728 <strong>Mi\u00e9rt v\u00e1laszd ezt a kark\u00f6t\u0151t?<\/strong><\/p>\n<ul>\n<li><strong>Pr\u00e9mium min\u0151s\u00e9g:<\/strong> <strong>AG 925 ez\u00fcst<\/strong>, <strong>r\u00f3dium bevonattal<\/strong> a hosszan tart\u00f3 csillog\u00e1s\u00e9rt.<\/li>\n<li><strong>K\u00fcl\u00f6nleges, hull\u00e1mos diz\u00e1jn:<\/strong> L\u00e9gies \u00e9s romantikus megjelen\u00e9s.<\/li>\n<li><strong>Finom kidolgoz\u00e1s:<\/strong> A prec\u00edz sz\u00edvmot\u00edvumok kiemelik az \u00e9kszer egyedis\u00e9g\u00e9t.<\/li>\n<li><strong>K\u00e9nyelmes viselet:<\/strong> K\u00f6nnyed, m\u00e9gis mutat\u00f3s darab, amely minden alkalomra t\u00f6k\u00e9letes.<\/li>\n<\/ul>\n<p>\ud83c\udf81 <strong>T\u00f6k\u00e9letes aj\u00e1nd\u00e9k szeretteidnek vagy saj\u00e1t magadnak!<\/strong><br \/>\nEz a kark\u00f6t\u0151 egy igaz\u00e1n <strong>k\u00fcl\u00f6nleges \u00e9s sz\u00edvhez sz\u00f3l\u00f3 aj\u00e1nd\u00e9k<\/strong>, amely b\u00e1rmely alkalomra t\u00f6k\u00e9letes v\u00e1laszt\u00e1s.<\/p>\n<p>\ud83d\udcab <strong>Rendeld meg most, \u00e9s viseld az elegancia \u00e9s romantika szimb\u00f3lum\u00e1t!<\/strong> \ud83d\udc96\u2728<\/p>\n<\/div>\n<\/div>\n<\/div>\n<\/div>\n<div class=\"mb-2 flex gap-3 empty:hidden -ml-2\">\n<div class=\"items-center justify-start rounded-xl p-1 flex\">\n<div class=\"flex items-center\"><button class=\"rounded-lg text-token-text-secondary hover:bg-token-main-surface-secondary\" aria-label=\"Read aloud\" data-testid=\"voice-play-turn-action-button\"><\/button><button class=\"rounded-lg text-token-text-secondary hover:bg-token-main-surface-secondary\" aria-label=\"Copy\" data-testid=\"copy-turn-action-button\"><\/button><\/p>\n<div class=\"flex\"><\/div>\n<p><button class=\"rounded-lg text-token-text-secondary hover:bg-token-main-surface-secondary\" aria-label=\"Edit in canvas\"><\/button><\/div>\n<\/div>\n<\/div>\n<div class=\"pr-2 lg:pr-0\"><\/div>\n<div class=\"mt-3 w-full empty:hidden\">\n<div class=\"text-center\"><\/div>\n<\/div>\n<\/div>\n<div class=\"absolute\">\n<div class=\"flex items-center justify-center\"><\/div>\n<\/div>\n<\/div>\n<\/div>\n<\/div>\n<\/article>\n<\/div>\n<\/div>\n<\/div>\n<\/div>\n<\/div>\n<div class=\"md:pt-0 dark:border-white\/20 md:border-transparent md:dark:border-transparent w-full\">\n<div>\n<div class=\"m-auto text-base px-3 md:px-4 w-full md:px-5 lg:px-4 xl:px-5\">\n<div class=\"mx-auto flex flex-1 gap-4 text-base md:gap-5 lg:gap-6 md:max-w-3xl lg:max-w-[40rem] xl:max-w-[48rem]\">\n<div class=\"flex justify-center\"><\/div>\n<\/div>\n<\/div>\n<\/div>\n<\/div>\n","protected":false},"excerpt":{"rendered":"<p><strong>Ez\u00fcst feh\u00e9r k\u00f6ves hull\u00e1mos kark\u00f6t\u0151 sz\u00edvecsk\u00e9kkel \u2013 finom elegancia \u00e9s romantikus ragyog\u00e1s!<\/strong> \ud83d\udc96\u2728<br \/>\nA hull\u00e1mos vonalvezet\u00e9s \u00e9s a csillog\u00f3 feh\u00e9r k\u00f6vek harmonikus egyens\u00falya teszi ezt a kark\u00f6t\u0151t k\u00fcl\u00f6nlegess\u00e9, amely t\u00f6k\u00e9letes v\u00e1laszt\u00e1s mindennapi viseletre \u00e9s romantikus alkalmakra egyar\u00e1nt.<\/p>\n","protected":false},"featured_media":1366,"template":"","meta":[],"product_brand":[],"product_cat":[32],"product_tag":[514,513,531],"class_list":["post-875","product","type-product","status-publish","has-post-thumbnail","product_cat-ezust-karkoto","product_tag-gyermek-ezust-ekszer","product_tag-noi-ezust-ekszerek","product_tag-szivecskes","description-off","first","instock","taxable","shipping-taxable","purchasable","product-type-simple"],"yoast_head":"<!-- This site is optimized with the Yoast SEO Premium plugin v26.8 (Yoast SEO v27.9) - https:\/\/yoast.com\/product\/yoast-seo-premium-wordpress\/ -->\n<title>Ez\u00fcst feh\u00e9r k\u00f6ves hull\u00e1mos kark\u00f6t\u0151 sz\u00edvecsk\u00e9kkel | Drescher Jewellery<\/title>\n<meta name=\"description\" content=\"Fedezd fel a leny\u0171g\u00f6z\u0151 Ez\u00fcst feh\u00e9r k\u00f6ves hull\u00e1mos kark\u00f6t\u0151 sz\u00edvecsk\u00e9kkel \u00e9kszer\u00fcnket. T\u00f6k\u00e9letes kieg\u00e9sz\u00edt\u0151 mindennapi viselethez \u00e9s k\u00fcl\u00f6nleges alkalmakra egyar\u00e1nt. Rendeld meg most!\" \/>\n<meta name=\"robots\" content=\"index, follow, max-snippet:-1, max-image-preview:large, max-video-preview:-1\" \/>\n<link rel=\"canonical\" href=\"https:\/\/old.drescherjewellery.com\/hu\/termek\/ezust-feher-koves-hullamos-karkoto-szivecskekkel\/\" \/>\n<meta property=\"og:locale\" content=\"hu_HU\" \/>\n<meta property=\"og:type\" content=\"article\" \/>\n<meta property=\"og:title\" content=\"Ez\u00fcst feh\u00e9r k\u00f6ves hull\u00e1mos kark\u00f6t\u0151 sz\u00edvecsk\u00e9kkel\" \/>\n<meta property=\"og:description\" content=\"Fedezd fel a leny\u0171g\u00f6z\u0151 Ez\u00fcst feh\u00e9r k\u00f6ves hull\u00e1mos kark\u00f6t\u0151 sz\u00edvecsk\u00e9kkel \u00e9kszer\u00fcnket. T\u00f6k\u00e9letes kieg\u00e9sz\u00edt\u0151 mindennapi viselethez \u00e9s k\u00fcl\u00f6nleges alkalmakra egyar\u00e1nt. Rendeld meg most!\" \/>\n<meta property=\"og:url\" content=\"https:\/\/old.drescherjewellery.com\/hu\/termek\/ezust-feher-koves-hullamos-karkoto-szivecskekkel\/\" \/>\n<meta property=\"og:site_name\" content=\"Drescher Jewellery\" \/>\n<meta property=\"article:publisher\" content=\"https:\/\/www.facebook.com\/drescherjewellery\" \/>\n<meta property=\"article:modified_time\" content=\"2026-09-02T12:38:16+00:00\" \/>\n<meta property=\"og:image\" content=\"https:\/\/old.drescherjewellery.com\/wp-content\/uploads\/2022\/08\/1_eb097467-f53b-45f4-b8ca-02c6c1649363_1024x1024-scaled.jpg\" \/>\n\t<meta property=\"og:image:width\" content=\"800\" \/>\n\t<meta property=\"og:image:height\" content=\"800\" \/>\n\t<meta property=\"og:image:type\" content=\"image\/jpeg\" \/>\n<meta name=\"twitter:card\" content=\"summary_large_image\" \/>\n<meta name=\"twitter:label1\" content=\"Becs\u00fclt olvas\u00e1si id\u0151\" \/>\n\t<meta name=\"twitter:data1\" content=\"2 perc\" \/>\n<script type=\"application\/ld+json\" class=\"yoast-schema-graph\">{\"@context\":\"https:\\\/\\\/schema.org\",\"@graph\":[{\"@type\":\"WebPage\",\"@id\":\"https:\\\/\\\/old.drescherjewellery.com\\\/hu\\\/termek\\\/ezust-feher-koves-hullamos-karkoto-szivecskekkel\\\/\",\"url\":\"https:\\\/\\\/old.drescherjewellery.com\\\/hu\\\/termek\\\/ezust-feher-koves-hullamos-karkoto-szivecskekkel\\\/\",\"name\":\"Ez\u00fcst feh\u00e9r k\u00f6ves hull\u00e1mos kark\u00f6t\u0151 sz\u00edvecsk\u00e9kkel | Drescher Jewellery\",\"isPartOf\":{\"@id\":\"https:\\\/\\\/old.drescherjewellery.com\\\/hu\\\/#website\"},\"primaryImageOfPage\":{\"@id\":\"https:\\\/\\\/old.drescherjewellery.com\\\/hu\\\/termek\\\/ezust-feher-koves-hullamos-karkoto-szivecskekkel\\\/#primaryimage\"},\"image\":{\"@id\":\"https:\\\/\\\/old.drescherjewellery.com\\\/hu\\\/termek\\\/ezust-feher-koves-hullamos-karkoto-szivecskekkel\\\/#primaryimage\"},\"thumbnailUrl\":\"https:\\\/\\\/old.drescherjewellery.com\\\/wp-content\\\/uploads\\\/2022\\\/08\\\/1_eb097467-f53b-45f4-b8ca-02c6c1649363_1024x1024-scaled.jpg\",\"datePublished\":\"2022-08-31T14:46:17+00:00\",\"dateModified\":\"2026-09-02T12:38:16+00:00\",\"description\":\"Fedezd fel a leny\u0171g\u00f6z\u0151 Ez\u00fcst feh\u00e9r k\u00f6ves hull\u00e1mos kark\u00f6t\u0151 sz\u00edvecsk\u00e9kkel \u00e9kszer\u00fcnket. T\u00f6k\u00e9letes kieg\u00e9sz\u00edt\u0151 mindennapi viselethez \u00e9s k\u00fcl\u00f6nleges alkalmakra egyar\u00e1nt. Rendeld meg most!\",\"breadcrumb\":{\"@id\":\"https:\\\/\\\/old.drescherjewellery.com\\\/hu\\\/termek\\\/ezust-feher-koves-hullamos-karkoto-szivecskekkel\\\/#breadcrumb\"},\"inLanguage\":\"hu\",\"potentialAction\":[{\"@type\":\"ReadAction\",\"target\":[\"https:\\\/\\\/old.drescherjewellery.com\\\/hu\\\/termek\\\/ezust-feher-koves-hullamos-karkoto-szivecskekkel\\\/\"]}]},{\"@type\":\"ImageObject\",\"inLanguage\":\"hu\",\"@id\":\"https:\\\/\\\/old.drescherjewellery.com\\\/hu\\\/termek\\\/ezust-feher-koves-hullamos-karkoto-szivecskekkel\\\/#primaryimage\",\"url\":\"https:\\\/\\\/old.drescherjewellery.com\\\/wp-content\\\/uploads\\\/2022\\\/08\\\/1_eb097467-f53b-45f4-b8ca-02c6c1649363_1024x1024-scaled.jpg\",\"contentUrl\":\"https:\\\/\\\/old.drescherjewellery.com\\\/wp-content\\\/uploads\\\/2022\\\/08\\\/1_eb097467-f53b-45f4-b8ca-02c6c1649363_1024x1024-scaled.jpg\",\"width\":800,\"height\":800},{\"@type\":\"BreadcrumbList\",\"@id\":\"https:\\\/\\\/old.drescherjewellery.com\\\/hu\\\/termek\\\/ezust-feher-koves-hullamos-karkoto-szivecskekkel\\\/#breadcrumb\",\"itemListElement\":[{\"@type\":\"ListItem\",\"position\":1,\"name\":\"Kezd\u0151lap\",\"item\":\"https:\\\/\\\/old.drescherjewellery.com\\\/hu\\\/\"},{\"@type\":\"ListItem\",\"position\":2,\"name\":\"Shop\",\"item\":\"https:\\\/\\\/old.drescherjewellery.com\\\/hu\\\/shop\\\/\"},{\"@type\":\"ListItem\",\"position\":3,\"name\":\"Ez\u00fcst feh\u00e9r k\u00f6ves hull\u00e1mos kark\u00f6t\u0151 sz\u00edvecsk\u00e9kkel\"}]},{\"@type\":\"WebSite\",\"@id\":\"https:\\\/\\\/old.drescherjewellery.com\\\/hu\\\/#website\",\"url\":\"https:\\\/\\\/old.drescherjewellery.com\\\/hu\\\/\",\"name\":\"Drescher Jewellery\",\"description\":\"Tedd t\u00f6k\u00e9letesebb\u00e9 mindennapjaid a Drescher Jewellery \u00e9kszereivel.\",\"publisher\":{\"@id\":\"https:\\\/\\\/old.drescherjewellery.com\\\/hu\\\/#organization\"},\"alternateName\":\"Ez\u00fcst \u00c9kszer Web\u00e1ruh\u00e1z\",\"potentialAction\":[{\"@type\":\"SearchAction\",\"target\":{\"@type\":\"EntryPoint\",\"urlTemplate\":\"https:\\\/\\\/old.drescherjewellery.com\\\/hu\\\/?s={search_term_string}\"},\"query-input\":{\"@type\":\"PropertyValueSpecification\",\"valueRequired\":true,\"valueName\":\"search_term_string\"}}],\"inLanguage\":\"hu\"},{\"@type\":\"Organization\",\"@id\":\"https:\\\/\\\/old.drescherjewellery.com\\\/hu\\\/#organization\",\"name\":\"Drescher Jewellery\",\"url\":\"https:\\\/\\\/old.drescherjewellery.com\\\/hu\\\/\",\"logo\":{\"@type\":\"ImageObject\",\"inLanguage\":\"hu\",\"@id\":\"https:\\\/\\\/old.drescherjewellery.com\\\/hu\\\/#\\\/schema\\\/logo\\\/image\\\/\",\"url\":\"https:\\\/\\\/drescherjewellery.com\\\/wp-content\\\/uploads\\\/2026\\\/01\\\/Drescher-Jewellery-wpml.png\",\"contentUrl\":\"https:\\\/\\\/drescherjewellery.com\\\/wp-content\\\/uploads\\\/2026\\\/01\\\/Drescher-Jewellery-wpml.png\",\"width\":500,\"height\":500,\"caption\":\"Drescher Jewellery\"},\"image\":{\"@id\":\"https:\\\/\\\/old.drescherjewellery.com\\\/hu\\\/#\\\/schema\\\/logo\\\/image\\\/\"},\"sameAs\":[\"https:\\\/\\\/www.facebook.com\\\/drescherjewellery\",\"https:\\\/\\\/www.instagram.com\\\/drescherjewellery\",\"https:\\\/\\\/www.tiktok.com\\\/@drescherjewellery\"]}]}<\/script>\n<!-- \/ Yoast SEO Premium plugin. -->","yoast_head_json":{"title":"Ez\u00fcst feh\u00e9r k\u00f6ves hull\u00e1mos kark\u00f6t\u0151 sz\u00edvecsk\u00e9kkel | Drescher Jewellery","description":"Fedezd fel a leny\u0171g\u00f6z\u0151 Ez\u00fcst feh\u00e9r k\u00f6ves hull\u00e1mos kark\u00f6t\u0151 sz\u00edvecsk\u00e9kkel \u00e9kszer\u00fcnket. T\u00f6k\u00e9letes kieg\u00e9sz\u00edt\u0151 mindennapi viselethez \u00e9s k\u00fcl\u00f6nleges alkalmakra egyar\u00e1nt. Rendeld meg most!","robots":{"index":"index","follow":"follow","max-snippet":"max-snippet:-1","max-image-preview":"max-image-preview:large","max-video-preview":"max-video-preview:-1"},"canonical":"https:\/\/old.drescherjewellery.com\/hu\/termek\/ezust-feher-koves-hullamos-karkoto-szivecskekkel\/","og_locale":"hu_HU","og_type":"article","og_title":"Ez\u00fcst feh\u00e9r k\u00f6ves hull\u00e1mos kark\u00f6t\u0151 sz\u00edvecsk\u00e9kkel","og_description":"Fedezd fel a leny\u0171g\u00f6z\u0151 Ez\u00fcst feh\u00e9r k\u00f6ves hull\u00e1mos kark\u00f6t\u0151 sz\u00edvecsk\u00e9kkel \u00e9kszer\u00fcnket. T\u00f6k\u00e9letes kieg\u00e9sz\u00edt\u0151 mindennapi viselethez \u00e9s k\u00fcl\u00f6nleges alkalmakra egyar\u00e1nt. Rendeld meg most!","og_url":"https:\/\/old.drescherjewellery.com\/hu\/termek\/ezust-feher-koves-hullamos-karkoto-szivecskekkel\/","og_site_name":"Drescher Jewellery","article_publisher":"https:\/\/www.facebook.com\/drescherjewellery","article_modified_time":"2026-09-02T12:38:16+00:00","og_image":[{"width":800,"height":800,"url":"https:\/\/old.drescherjewellery.com\/wp-content\/uploads\/2022\/08\/1_eb097467-f53b-45f4-b8ca-02c6c1649363_1024x1024-scaled.jpg","type":"image\/jpeg"}],"twitter_card":"summary_large_image","twitter_misc":{"Becs\u00fclt olvas\u00e1si id\u0151":"2 perc"},"schema":{"@context":"https:\/\/schema.org","@graph":[{"@type":"WebPage","@id":"https:\/\/old.drescherjewellery.com\/hu\/termek\/ezust-feher-koves-hullamos-karkoto-szivecskekkel\/","url":"https:\/\/old.drescherjewellery.com\/hu\/termek\/ezust-feher-koves-hullamos-karkoto-szivecskekkel\/","name":"Ez\u00fcst feh\u00e9r k\u00f6ves hull\u00e1mos kark\u00f6t\u0151 sz\u00edvecsk\u00e9kkel | Drescher Jewellery","isPartOf":{"@id":"https:\/\/old.drescherjewellery.com\/hu\/#website"},"primaryImageOfPage":{"@id":"https:\/\/old.drescherjewellery.com\/hu\/termek\/ezust-feher-koves-hullamos-karkoto-szivecskekkel\/#primaryimage"},"image":{"@id":"https:\/\/old.drescherjewellery.com\/hu\/termek\/ezust-feher-koves-hullamos-karkoto-szivecskekkel\/#primaryimage"},"thumbnailUrl":"https:\/\/old.drescherjewellery.com\/wp-content\/uploads\/2022\/08\/1_eb097467-f53b-45f4-b8ca-02c6c1649363_1024x1024-scaled.jpg","datePublished":"2022-08-31T14:46:17+00:00","dateModified":"2026-09-02T12:38:16+00:00","description":"Fedezd fel a leny\u0171g\u00f6z\u0151 Ez\u00fcst feh\u00e9r k\u00f6ves hull\u00e1mos kark\u00f6t\u0151 sz\u00edvecsk\u00e9kkel \u00e9kszer\u00fcnket. T\u00f6k\u00e9letes kieg\u00e9sz\u00edt\u0151 mindennapi viselethez \u00e9s k\u00fcl\u00f6nleges alkalmakra egyar\u00e1nt. Rendeld meg most!","breadcrumb":{"@id":"https:\/\/old.drescherjewellery.com\/hu\/termek\/ezust-feher-koves-hullamos-karkoto-szivecskekkel\/#breadcrumb"},"inLanguage":"hu","potentialAction":[{"@type":"ReadAction","target":["https:\/\/old.drescherjewellery.com\/hu\/termek\/ezust-feher-koves-hullamos-karkoto-szivecskekkel\/"]}]},{"@type":"ImageObject","inLanguage":"hu","@id":"https:\/\/old.drescherjewellery.com\/hu\/termek\/ezust-feher-koves-hullamos-karkoto-szivecskekkel\/#primaryimage","url":"https:\/\/old.drescherjewellery.com\/wp-content\/uploads\/2022\/08\/1_eb097467-f53b-45f4-b8ca-02c6c1649363_1024x1024-scaled.jpg","contentUrl":"https:\/\/old.drescherjewellery.com\/wp-content\/uploads\/2022\/08\/1_eb097467-f53b-45f4-b8ca-02c6c1649363_1024x1024-scaled.jpg","width":800,"height":800},{"@type":"BreadcrumbList","@id":"https:\/\/old.drescherjewellery.com\/hu\/termek\/ezust-feher-koves-hullamos-karkoto-szivecskekkel\/#breadcrumb","itemListElement":[{"@type":"ListItem","position":1,"name":"Kezd\u0151lap","item":"https:\/\/old.drescherjewellery.com\/hu\/"},{"@type":"ListItem","position":2,"name":"Shop","item":"https:\/\/old.drescherjewellery.com\/hu\/shop\/"},{"@type":"ListItem","position":3,"name":"Ez\u00fcst feh\u00e9r k\u00f6ves hull\u00e1mos kark\u00f6t\u0151 sz\u00edvecsk\u00e9kkel"}]},{"@type":"WebSite","@id":"https:\/\/old.drescherjewellery.com\/hu\/#website","url":"https:\/\/old.drescherjewellery.com\/hu\/","name":"Drescher Jewellery","description":"Tedd t\u00f6k\u00e9letesebb\u00e9 mindennapjaid a Drescher Jewellery \u00e9kszereivel.","publisher":{"@id":"https:\/\/old.drescherjewellery.com\/hu\/#organization"},"alternateName":"Ez\u00fcst \u00c9kszer Web\u00e1ruh\u00e1z","potentialAction":[{"@type":"SearchAction","target":{"@type":"EntryPoint","urlTemplate":"https:\/\/old.drescherjewellery.com\/hu\/?s={search_term_string}"},"query-input":{"@type":"PropertyValueSpecification","valueRequired":true,"valueName":"search_term_string"}}],"inLanguage":"hu"},{"@type":"Organization","@id":"https:\/\/old.drescherjewellery.com\/hu\/#organization","name":"Drescher Jewellery","url":"https:\/\/old.drescherjewellery.com\/hu\/","logo":{"@type":"ImageObject","inLanguage":"hu","@id":"https:\/\/old.drescherjewellery.com\/hu\/#\/schema\/logo\/image\/","url":"https:\/\/drescherjewellery.com\/wp-content\/uploads\/2026\/01\/Drescher-Jewellery-wpml.png","contentUrl":"https:\/\/drescherjewellery.com\/wp-content\/uploads\/2026\/01\/Drescher-Jewellery-wpml.png","width":500,"height":500,"caption":"Drescher Jewellery"},"image":{"@id":"https:\/\/old.drescherjewellery.com\/hu\/#\/schema\/logo\/image\/"},"sameAs":["https:\/\/www.facebook.com\/drescherjewellery","https:\/\/www.instagram.com\/drescherjewellery","https:\/\/www.tiktok.com\/@drescherjewellery"]}]}},"_links":{"self":[{"href":"https:\/\/old.drescherjewellery.com\/hu\/wp-json\/wp\/v2\/product\/875","targetHints":{"allow":["GET"]}}],"collection":[{"href":"https:\/\/old.drescherjewellery.com\/hu\/wp-json\/wp\/v2\/product"}],"about":[{"href":"https:\/\/old.drescherjewellery.com\/hu\/wp-json\/wp\/v2\/types\/product"}],"version-history":[{"count":1,"href":"https:\/\/old.drescherjewellery.com\/hu\/wp-json\/wp\/v2\/product\/875\/revisions"}],"predecessor-version":[{"id":119084,"href":"https:\/\/old.drescherjewellery.com\/hu\/wp-json\/wp\/v2\/product\/875\/revisions\/119084"}],"wp:featuredmedia":[{"embeddable":true,"href":"https:\/\/old.drescherjewellery.com\/hu\/wp-json\/wp\/v2\/media\/1366"}],"wp:attachment":[{"href":"https:\/\/old.drescherjewellery.com\/hu\/wp-json\/wp\/v2\/media?parent=875"}],"wp:term":[{"taxonomy":"product_brand","embeddable":true,"href":"https:\/\/old.drescherjewellery.com\/hu\/wp-json\/wp\/v2\/product_brand?post=875"},{"taxonomy":"product_cat","embeddable":true,"href":"https:\/\/old.drescherjewellery.com\/hu\/wp-json\/wp\/v2\/product_cat?post=875"},{"taxonomy":"product_tag","embeddable":true,"href":"https:\/\/old.drescherjewellery.com\/hu\/wp-json\/wp\/v2\/product_tag?post=875"}],"curies":[{"name":"wp","href":"https:\/\/api.w.org\/{rel}","templated":true}]}}